{"id":79997,"date":"2024-01-16T15:17:42","date_gmt":"2024-01-16T14:17:42","guid":{"rendered":"https:\/\/nivaagaard.dk\/?page_id=79997"},"modified":"2026-04-13T12:42:35","modified_gmt":"2026-04-13T10:42:35","slug":"danish-19th-century-art","status":"publish","type":"page","link":"https:\/\/nivaagaard.dk\/en\/danish-19th-century-art\/","title":{"rendered":"Danish 19th century art"},"content":{"rendered":"<div class=\"brz-root__container brz-reset-all brz\">\n<section id=\"_xeqphcxoczaumuskxsciuyqhdilxgpnahxjr\" class=\"brz-section brz-css-hCNR6 brz-css-dvLqn\">\n<div class=\"brz-slick-slider brz-slick-slider__section\" data-slides-to-show=\"1\" data-slides-to-scroll=\"1\" data-arrows=\"true\" data-dots=\"true\" data-dots-class=\"brz-slick-slider__dots brz-slick-slider__dots--circle\" data-fade=\"false\" data-vertical=\"false\" data-auto-play=\"false\" data-auto-play-speed=\"3000\" data-animation-speed=\"500\" data-swipe=\"true\" data-responsive=\"%5B%7B%22breakpoint%22%3A767%2C%22settings%22%3A%7B%22slidesToShow%22%3A1%2C%22slidesToScroll%22%3A1%7D%7D%5D\">\n<div>\n<div class=\"brz-section__content brz-section--boxed brz-css-sQlx_ brz-css-roXMl\" data-brz-custom-id=\"zmcbfhruaqflgzusqrefwahkkqlrpxgmvwvj\">\n<div class=\"brz-bg\">\n<div class=\"brz-bg-image\"><\/div>\n<div class=\"brz-bg-color\"><\/div>\n<\/div>\n<div class=\"brz-container brz-css-xpDHA\">\n<div class=\"brz-row__container brz-css-tm6iG\" data-brz-custom-id=\"pfgemzxivnjjhdpuzzukgbbjwnasgvojevme\">\n<div class=\"brz-bg\"><\/div>\n<div class=\"brz-row brz-css-pLvvK brz-css-ivmLD\">\n<div class=\"brz-columns brz-css-vDgsP brz-css-aB6zT\" data-brz-custom-id=\"iuyuaeiyjanaqcbvwghsjtcsarzroyxpxtrr\">\n<div class=\"brz-bg\"><\/div>\n<div class=\"brz-column__items brz-css-wuJC5 brz-css-luTfb\">\n<div id=\"\" class=\"brz-css-aSvCu brz-css-xp9sv brz-wrapper\">\n<div class=\"brz-rich-text brz-rich-text__custom brz-css-x_8Cy\" data-brz-custom-id=\"ouzugujsldcypkekibixzkrrhwdghulwizwg\">\n<div data-brz-translate-text=\"1\">\n<h1 class=\"brz-text-xs-center brz-tp-lg-mllouqxbljjoolnbrmvdewujpikjmewomokk brz-ff-zrspyosessrzchpugpaouaphyhhgwgpizzpx brz-ft-upload brz-fs-lg-75 brz-fss-lg-px brz-fw-lg-700 brz-ls-lg-m_1 brz-lh-lg-1_3 brz-text-lg-left brz-css-duzju\" data-uniq-id=\"ceITo\" data-generated-css=\"brz-css-d3xZC\"><span style=\"opacity: 1\" class=\"brz-cp-color8\">Danish 19th century art<\/span><\/h1>\n<\/div>\n<\/div>\n<\/div>\n<\/div>\n<\/div>\n<\/div>\n<\/div>\n<\/div>\n<\/div>\n<\/div>\n<\/div>\n<\/section>\n<section id=\"_lzroibfmjswbkfmbcerhzcqzefvrkcdethga\" class=\"brz-section brz-css-hCNR6\">\n<div class=\"brz-section__content brz-section--boxed brz-css-sQlx_\" data-brz-custom-id=\"qtaisjzzchwaksxqklsrhqmzziyglofgefui\">\n<div class=\"brz-container brz-css-xpDHA\">\n<div id=\"\" class=\"brz-css-aSvCu brz-wrapper\">\n<div class=\"brz-wp-shortcode brz-css-sMGoT\" data-brz-custom-id=\"grovlpwcnpfyurtnodpbcrudaokmnnzhbvqb\">\n<div><!-- Gridbuilder \u1d42\u1d3e Plugin (https:\/\/wpgridbuilder.com) -->\n<div class=\"wp-grid-builder wpgb-grid-4\" data-options=\"{&quot;id&quot;:4,&quot;type&quot;:&quot;masonry&quot;,&quot;source&quot;:&quot;post_type&quot;,&quot;loader&quot;:0,&quot;layout&quot;:&quot;vertical&quot;,&quot;reveal&quot;:0,&quot;isMainQuery&quot;:0,&quot;lazyLoad&quot;:0,&quot;cardSizes&quot;:{&quot;9999&quot;:{&quot;columns&quot;:3,&quot;height&quot;:240,&quot;gutter&quot;:10,&quot;ratio&quot;:&quot;1.33333&quot;},&quot;1200&quot;:{&quot;columns&quot;:3,&quot;height&quot;:240,&quot;gutter&quot;:10,&quot;ratio&quot;:&quot;1.33333&quot;},&quot;992&quot;:{&quot;columns&quot;:3,&quot;height&quot;:220,&quot;gutter&quot;:10,&quot;ratio&quot;:&quot;1.33333&quot;},&quot;768&quot;:{&quot;columns&quot;:3,&quot;height&quot;:220,&quot;gutter&quot;:10,&quot;ratio&quot;:&quot;1.33333&quot;},&quot;576&quot;:{&quot;columns&quot;:2,&quot;height&quot;:200,&quot;gutter&quot;:10,&quot;ratio&quot;:&quot;1.33333&quot;},&quot;320&quot;:{&quot;columns&quot;:1,&quot;height&quot;:200,&quot;gutter&quot;:10,&quot;ratio&quot;:&quot;1.33333&quot;}},&quot;fitRows&quot;:0,&quot;equalRows&quot;:0,&quot;equalColumns&quot;:0,&quot;fillLastRow&quot;:0,&quot;centerLastRow&quot;:0,&quot;horizontalOrder&quot;:0,&quot;fullWidth&quot;:0,&quot;transitionDelay&quot;:100,&quot;gallerySlideshow&quot;:0,&quot;rowsNumber&quot;:1,&quot;slideAlign&quot;:&quot;left&quot;,&quot;groupCells&quot;:1,&quot;draggable&quot;:1,&quot;initialIndex&quot;:0,&quot;contain&quot;:0,&quot;freeScroll&quot;:0,&quot;freeFriction&quot;:&quot;0.075&quot;,&quot;friction&quot;:&quot;0.285&quot;,&quot;attraction&quot;:&quot;0.025&quot;,&quot;autoPlay&quot;:0,&quot;pageDotAriaLabel&quot;:&quot;Page dot %d&quot;,&quot;isPreview&quot;:false,&quot;isGutenberg&quot;:false,&quot;rightToLeft&quot;:false}\"><div class=\"wpgb-svg-icons\" hidden>\n\t<svg viewBox=\"0 0 120 24\" width=\"0\" height=\"0\">\n\t<defs>\n        <polygon id=\"wpgb-star-svg\" points=\"12 2.5 15.1 8.8 22 9.8 17 14.6 18.2 21.5 12 18.3 5.8 21.5 7 14.6 2 9.8 8.9 8.8\"><\/polygon>\n    <\/defs>\n    <symbol id=\"wpgb-rating-stars-svg\">\n        <use xlink:href=\"#wpgb-star-svg\"><\/use>\n        <use xlink:href=\"#wpgb-star-svg\" x=\"24\"><\/use>\n        <use xlink:href=\"#wpgb-star-svg\" x=\"48\"><\/use>\n        <use xlink:href=\"#wpgb-star-svg\" x=\"72\"><\/use>\n        <use xlink:href=\"#wpgb-star-svg\" x=\"96\"><\/use>\n    <\/symbol>\n<\/svg>\n<\/div>\n<div class=\"wpgb-wrapper\">\n\t<div class=\"wpgb-main\">\n\t<div class=\"wpgb-layout\">\n\t<div class=\"wpgb-viewport\">\n\t\t<div class=\"wpgb-masonry\">\n\t\t\t<article class=\"wpgb-card wpgb-card-13 wpgb-post-38035\" data-col=\"1\" data-row=\"1\" data-format=\"standard\" data-fluid><div class=\"wpgb-card-wrapper\"><div class=\"wpgb-card-inner\"><div class=\"wpgb-card-media wpgb-scheme-light\"><svg data-ratio style=\"padding-top:113.93%\" viewBox=\"0 0 768 875\"><\/svg><div class=\"wpgb-card-media-thumbnail\"><a href=\"https:\/\/nivaagaard.dk\/wp-content\/smush-webp\/2024\/03\/0243NMK-scaled-e1711104918855.jpg.webp\" tabindex=\"-1\" class=\"wpgb-handle-lb wpgb-lightbox\" data-type=\"image\" data-rel=\"4\" data-title=\"Foto \u00a9 Torben  Christensen @ Copenhagen\" data-desc=\"Foto \u00a9 Torben  Christensen @ Copenhagen\" title=\"Enlarge photo\" data-smush-webp-fallback=\"{&quot;href&quot;:&quot;https:\\\/\\\/nivaagaard.dk\\\/wp-content\\\/uploads\\\/2024\\\/03\\\/0243NMK-scaled-e1711104918855.jpg&quot;}\"><div style=\"background-image:inherit\" data-bg-image=\"url(https:\/\/nivaagaard.dk\/wp-content\/smush-webp\/2024\/03\/0243NMK-768x875.jpg.webp)\" class=\"lazyload\" data-smush-webp-fallback=\"{&quot;data-bg-image&quot;:&quot;url(https:\\\/\\\/nivaagaard.dk\\\/wp-content\\\/uploads\\\/2024\\\/03\\\/0243NMK-768x875.jpg)&quot;}\"><\/div><noscript><img loading=\"lazy\" decoding=\"async\" class=\"wpgb-noscript-img\" src=\"https:\/\/nivaagaard.dk\/wp-content\/uploads\/2024\/03\/0243NMK-768x875.jpg\" alt=\"\" height=\"875\" width=\"768\"><\/noscript><\/a><\/div><div class=\"wpgb-card-media-content\" data-action><div class=\"wpgb-card-media-content-center\"><a class=\"wpgb-block-1 wpgb-idle-scheme-1\" href=\"https:\/\/nivaagaard.dk\/en\/the-collection\/dajoergen-roed\/\"><p>J\u00d8RGEN ROED<\/p>\n<hr \/>\n<p><em>Portr\u00e6t af Maria Lehmann og datteren Margrethe<\/em>, 1847<\/p><\/a><\/div><a class=\"wpgb-card-layer-link\" href=\"https:\/\/nivaagaard.dk\/en\/the-collection\/dajoergen-roed\/\"><\/a><\/div><\/div><\/div><\/div><\/article><article class=\"wpgb-card wpgb-card-13 wpgb-post-38036\" data-col=\"1\" data-row=\"1\" data-format=\"standard\" data-fluid><div class=\"wpgb-card-wrapper\"><div class=\"wpgb-card-inner\"><div class=\"wpgb-card-media wpgb-scheme-light\"><svg data-ratio style=\"padding-top:71.96%\" viewBox=\"0 0 560 403\"><\/svg><div class=\"wpgb-card-media-thumbnail\"><a href=\"https:\/\/nivaagaard.dk\/wp-content\/smush-webp\/2023\/07\/Wilhelm-Marstrand-Liggende-model-1833.jpg.webp\" tabindex=\"-1\" class=\"wpgb-handle-lb wpgb-lightbox\" data-type=\"image\" data-rel=\"4\" data-title=\"Wilhelm-Marstrand,-Liggende-model,-1833\" title=\"Enlarge photo\" data-smush-webp-fallback=\"{&quot;href&quot;:&quot;https:\\\/\\\/nivaagaard.dk\\\/wp-content\\\/uploads\\\/2023\\\/07\\\/Wilhelm-Marstrand-Liggende-model-1833.jpg&quot;}\"><div style=\"background-image:inherit\" data-bg-image=\"url(https:\/\/nivaagaard.dk\/wp-content\/smush-webp\/2023\/07\/Wilhelm-Marstrand-Liggende-model-1833.jpg.webp)\" class=\"lazyload\" data-smush-webp-fallback=\"{&quot;data-bg-image&quot;:&quot;url(https:\\\/\\\/nivaagaard.dk\\\/wp-content\\\/uploads\\\/2023\\\/07\\\/Wilhelm-Marstrand-Liggende-model-1833.jpg)&quot;}\"><\/div><noscript><img loading=\"lazy\" decoding=\"async\" class=\"wpgb-noscript-img\" src=\"https:\/\/nivaagaard.dk\/wp-content\/uploads\/2023\/07\/Wilhelm-Marstrand-Liggende-model-1833.jpg\" alt=\"\" height=\"403\" width=\"560\"><\/noscript><\/a><\/div><div class=\"wpgb-card-media-content\" data-action><div class=\"wpgb-card-media-content-center\"><a class=\"wpgb-block-1 wpgb-idle-scheme-1\" href=\"https:\/\/nivaagaard.dk\/en\/the-collection\/dawilhelm-marstrand-liggende-modelsvwilhelm-marstrand-liggende-model\/\"><p>Wilhelm Marstrand<\/p>\n<hr \/>\n<p><em>Liggende model<\/em>, 1833<\/p><\/a><\/div><a class=\"wpgb-card-layer-link\" href=\"https:\/\/nivaagaard.dk\/en\/the-collection\/dawilhelm-marstrand-liggende-modelsvwilhelm-marstrand-liggende-model\/\"><\/a><\/div><\/div><\/div><\/div><\/article><article class=\"wpgb-card wpgb-card-13 wpgb-post-37805\" data-col=\"1\" data-row=\"1\" data-format=\"standard\" data-fluid><div class=\"wpgb-card-wrapper\"><div class=\"wpgb-card-inner\"><div class=\"wpgb-card-media wpgb-scheme-light\"><svg data-ratio style=\"padding-top:120.54%\" viewBox=\"0 0 560 675\"><\/svg><div class=\"wpgb-card-media-thumbnail\"><a href=\"https:\/\/nivaagaard.dk\/wp-content\/smush-webp\/2023\/07\/th_Abildgaard_Nicolai.jpg.webp\" tabindex=\"-1\" class=\"wpgb-handle-lb wpgb-lightbox\" data-type=\"image\" data-rel=\"4\" data-title=\"th_Abildgaard_Nicolai\" title=\"Enlarge photo\" data-smush-webp-fallback=\"{&quot;href&quot;:&quot;https:\\\/\\\/nivaagaard.dk\\\/wp-content\\\/uploads\\\/2023\\\/07\\\/th_Abildgaard_Nicolai.jpg&quot;}\"><div style=\"background-image:inherit\" data-bg-image=\"url(https:\/\/nivaagaard.dk\/wp-content\/smush-webp\/2023\/07\/th_Abildgaard_Nicolai.jpg.webp)\" class=\"lazyload\" data-smush-webp-fallback=\"{&quot;data-bg-image&quot;:&quot;url(https:\\\/\\\/nivaagaard.dk\\\/wp-content\\\/uploads\\\/2023\\\/07\\\/th_Abildgaard_Nicolai.jpg)&quot;}\"><\/div><noscript><img loading=\"lazy\" decoding=\"async\" class=\"wpgb-noscript-img\" src=\"https:\/\/nivaagaard.dk\/wp-content\/uploads\/2023\/07\/th_Abildgaard_Nicolai.jpg\" alt=\"\" height=\"675\" width=\"560\"><\/noscript><\/a><\/div><div class=\"wpgb-card-media-content\" data-action><div class=\"wpgb-card-media-content-center\"><a class=\"wpgb-block-1 wpgb-idle-scheme-1\" href=\"https:\/\/nivaagaard.dk\/en\/the-collection\/abildgaard-nicolai\/\"><p>NICOLAI ABILDGAARD<\/p>\n<hr \/>\n<p><em>Cupid and Psyche embrace each other<\/em>,\u00a0n.d.<\/p><\/a><\/div><a class=\"wpgb-card-layer-link\" href=\"https:\/\/nivaagaard.dk\/en\/the-collection\/abildgaard-nicolai\/\"><\/a><\/div><\/div><\/div><\/div><\/article><article class=\"wpgb-card wpgb-card-13 wpgb-post-38000\" data-col=\"1\" data-row=\"1\" data-format=\"standard\" data-fluid><div class=\"wpgb-card-wrapper\"><div class=\"wpgb-card-inner\"><div class=\"wpgb-card-media wpgb-scheme-light\"><svg data-ratio style=\"padding-top:134.11%\" viewBox=\"0 0 560 751\"><\/svg><div class=\"wpgb-card-media-thumbnail\"><a href=\"https:\/\/nivaagaard.dk\/wp-content\/smush-webp\/2023\/07\/Nicolai-Abildgaard-Richard-III-farer-op-af-lejet-skraekslagen-af-droemmesyner.-Shakespeare-5.-akt-9.-scene-u.aa_.jpg.webp\" tabindex=\"-1\" class=\"wpgb-handle-lb wpgb-lightbox\" data-type=\"image\" data-rel=\"4\" data-title=\"Nicolai Abildgaard, Richard III farer op af lejet skr\u00e6kslagen af dr\u00f8mmesyner. Shakespeare 5. akt,  9. scene, u.\u00e5.\" title=\"Enlarge photo\" data-smush-webp-fallback=\"{&quot;href&quot;:&quot;https:\\\/\\\/nivaagaard.dk\\\/wp-content\\\/uploads\\\/2023\\\/07\\\/Nicolai-Abildgaard-Richard-III-farer-op-af-lejet-skraekslagen-af-droemmesyner.-Shakespeare-5.-akt-9.-scene-u.aa_.jpg&quot;}\"><div style=\"background-image:inherit\" data-bg-image=\"url(https:\/\/nivaagaard.dk\/wp-content\/smush-webp\/2023\/07\/Nicolai-Abildgaard-Richard-III-farer-op-af-lejet-skraekslagen-af-droemmesyner.-Shakespeare-5.-akt-9.-scene-u.aa_.jpg.webp)\" class=\"lazyload\" data-smush-webp-fallback=\"{&quot;data-bg-image&quot;:&quot;url(https:\\\/\\\/nivaagaard.dk\\\/wp-content\\\/uploads\\\/2023\\\/07\\\/Nicolai-Abildgaard-Richard-III-farer-op-af-lejet-skraekslagen-af-droemmesyner.-Shakespeare-5.-akt-9.-scene-u.aa_.jpg)&quot;}\"><\/div><noscript><img loading=\"lazy\" decoding=\"async\" class=\"wpgb-noscript-img\" src=\"https:\/\/nivaagaard.dk\/wp-content\/uploads\/2023\/07\/Nicolai-Abildgaard-Richard-III-farer-op-af-lejet-skraekslagen-af-droemmesyner.-Shakespeare-5.-akt-9.-scene-u.aa_.jpg\" alt=\"\" height=\"751\" width=\"560\"><\/noscript><\/a><\/div><div class=\"wpgb-card-media-content\" data-action><div class=\"wpgb-card-media-content-center\"><a class=\"wpgb-block-1 wpgb-idle-scheme-1\" href=\"https:\/\/nivaagaard.dk\/en\/the-collection\/abildgaard-nicolai-2\/\"><p>NICOLAI ABILDGAARD (?)<\/p>\n<hr \/>\n<p><em>Richard III terrified by nightmarish visions. <\/em>Shakespeare, Act 5, Scene 9, n.d.<\/p><\/a><\/div><a class=\"wpgb-card-layer-link\" href=\"https:\/\/nivaagaard.dk\/en\/the-collection\/abildgaard-nicolai-2\/\"><\/a><\/div><\/div><\/div><\/div><\/article><article class=\"wpgb-card wpgb-card-13 wpgb-post-38001\" data-col=\"1\" data-row=\"1\" data-format=\"standard\" data-fluid><div class=\"wpgb-card-wrapper\"><div class=\"wpgb-card-inner\"><div class=\"wpgb-card-media wpgb-scheme-light\"><svg data-ratio style=\"padding-top:81.07%\" viewBox=\"0 0 560 454\"><\/svg><div class=\"wpgb-card-media-thumbnail\"><a href=\"https:\/\/nivaagaard.dk\/wp-content\/smush-webp\/2023\/07\/Nicolai-Abildgaard-En-afskedsscene-u.aa_.jpg.webp\" tabindex=\"-1\" class=\"wpgb-handle-lb wpgb-lightbox\" data-type=\"image\" data-rel=\"4\" data-title=\"Nicolai Abildgaard, En afskedsscene, u.\u00e5.\" title=\"Enlarge photo\" data-smush-webp-fallback=\"{&quot;href&quot;:&quot;https:\\\/\\\/nivaagaard.dk\\\/wp-content\\\/uploads\\\/2023\\\/07\\\/Nicolai-Abildgaard-En-afskedsscene-u.aa_.jpg&quot;}\"><div style=\"background-image:inherit\" data-bg-image=\"url(https:\/\/nivaagaard.dk\/wp-content\/smush-webp\/2023\/07\/Nicolai-Abildgaard-En-afskedsscene-u.aa_.jpg.webp)\" class=\"lazyload\" data-smush-webp-fallback=\"{&quot;data-bg-image&quot;:&quot;url(https:\\\/\\\/nivaagaard.dk\\\/wp-content\\\/uploads\\\/2023\\\/07\\\/Nicolai-Abildgaard-En-afskedsscene-u.aa_.jpg)&quot;}\"><\/div><noscript><img loading=\"lazy\" decoding=\"async\" class=\"wpgb-noscript-img\" src=\"https:\/\/nivaagaard.dk\/wp-content\/uploads\/2023\/07\/Nicolai-Abildgaard-En-afskedsscene-u.aa_.jpg\" alt=\"\" height=\"454\" width=\"560\"><\/noscript><\/a><\/div><div class=\"wpgb-card-media-content\" data-action><div class=\"wpgb-card-media-content-center\"><a class=\"wpgb-block-1 wpgb-idle-scheme-1\" href=\"https:\/\/nivaagaard.dk\/en\/the-collection\/abildgaard-nicolai-3\/\"><p>NICOLAI ABILDGAARD<\/p>\n<hr \/>\n<p><em>A farewell scene<\/em>, n.d.<\/p><\/a><\/div><a class=\"wpgb-card-layer-link\" href=\"https:\/\/nivaagaard.dk\/en\/the-collection\/abildgaard-nicolai-3\/\"><\/a><\/div><\/div><\/div><\/div><\/article><article class=\"wpgb-card wpgb-card-13 wpgb-post-38002\" data-col=\"1\" data-row=\"1\" data-format=\"standard\" data-fluid><div class=\"wpgb-card-wrapper\"><div class=\"wpgb-card-inner\"><div class=\"wpgb-card-media wpgb-scheme-light\"><svg data-ratio style=\"padding-top:128.39%\" viewBox=\"0 0 560 719\"><\/svg><div class=\"wpgb-card-media-thumbnail\"><a href=\"https:\/\/nivaagaard.dk\/wp-content\/smush-webp\/2023\/07\/Nicolai-Abildgaard-Catullus-og-Lesbia-der-i-hans-arme-soeger-troest-for-hendes-spurvs-doed-1809.jpg.webp\" tabindex=\"-1\" class=\"wpgb-handle-lb wpgb-lightbox\" data-type=\"image\" data-rel=\"4\" data-title=\"Nicolai Abildgaard, Catullus og Lesbia, der i hans arme s\u00f8ger tr\u00f8st for hendes spurvs d\u00f8d, 1809\" title=\"Enlarge photo\" data-smush-webp-fallback=\"{&quot;href&quot;:&quot;https:\\\/\\\/nivaagaard.dk\\\/wp-content\\\/uploads\\\/2023\\\/07\\\/Nicolai-Abildgaard-Catullus-og-Lesbia-der-i-hans-arme-soeger-troest-for-hendes-spurvs-doed-1809.jpg&quot;}\"><div style=\"background-image:inherit\" data-bg-image=\"url(https:\/\/nivaagaard.dk\/wp-content\/smush-webp\/2023\/07\/Nicolai-Abildgaard-Catullus-og-Lesbia-der-i-hans-arme-soeger-troest-for-hendes-spurvs-doed-1809.jpg.webp)\" class=\"lazyload\" data-smush-webp-fallback=\"{&quot;data-bg-image&quot;:&quot;url(https:\\\/\\\/nivaagaard.dk\\\/wp-content\\\/uploads\\\/2023\\\/07\\\/Nicolai-Abildgaard-Catullus-og-Lesbia-der-i-hans-arme-soeger-troest-for-hendes-spurvs-doed-1809.jpg)&quot;}\"><\/div><noscript><img loading=\"lazy\" decoding=\"async\" class=\"wpgb-noscript-img\" src=\"https:\/\/nivaagaard.dk\/wp-content\/uploads\/2023\/07\/Nicolai-Abildgaard-Catullus-og-Lesbia-der-i-hans-arme-soeger-troest-for-hendes-spurvs-doed-1809.jpg\" alt=\"\" height=\"719\" width=\"560\"><\/noscript><\/a><\/div><div class=\"wpgb-card-media-content\" data-action><div class=\"wpgb-card-media-content-center\"><a class=\"wpgb-block-1 wpgb-idle-scheme-1\" href=\"https:\/\/nivaagaard.dk\/en\/the-collection\/abildgaard-nicolai-4\/\"><p>NICOLAI ABILDGAARD<\/p>\n<hr \/>\n<p><em>Catullus and Lesbia, who in his arms seeking solace for her spurvs death,<\/em> 1809<\/p><\/a><\/div><a class=\"wpgb-card-layer-link\" href=\"https:\/\/nivaagaard.dk\/en\/the-collection\/abildgaard-nicolai-4\/\"><\/a><\/div><\/div><\/div><\/div><\/article><article class=\"wpgb-card wpgb-card-13 wpgb-post-37997\" data-col=\"1\" data-row=\"1\" data-format=\"standard\" data-fluid><div class=\"wpgb-card-wrapper\"><div class=\"wpgb-card-inner\"><div class=\"wpgb-card-media wpgb-scheme-light\"><svg data-ratio style=\"padding-top:133.57%\" viewBox=\"0 0 560 748\"><\/svg><div class=\"wpgb-card-media-thumbnail\"><a href=\"https:\/\/nivaagaard.dk\/wp-content\/smush-webp\/2023\/07\/Otto-Bache-En-malkepige-1876.jpg.webp\" tabindex=\"-1\" class=\"wpgb-handle-lb wpgb-lightbox\" data-type=\"image\" data-rel=\"4\" data-title=\"Otto Bache, En malkepige, 1876\" title=\"Enlarge photo\" data-smush-webp-fallback=\"{&quot;href&quot;:&quot;https:\\\/\\\/nivaagaard.dk\\\/wp-content\\\/uploads\\\/2023\\\/07\\\/Otto-Bache-En-malkepige-1876.jpg&quot;}\"><div style=\"background-image:inherit\" data-bg-image=\"url(https:\/\/nivaagaard.dk\/wp-content\/smush-webp\/2023\/07\/Otto-Bache-En-malkepige-1876.jpg.webp)\" class=\"lazyload\" data-smush-webp-fallback=\"{&quot;data-bg-image&quot;:&quot;url(https:\\\/\\\/nivaagaard.dk\\\/wp-content\\\/uploads\\\/2023\\\/07\\\/Otto-Bache-En-malkepige-1876.jpg)&quot;}\"><\/div><noscript><img loading=\"lazy\" decoding=\"async\" class=\"wpgb-noscript-img\" src=\"https:\/\/nivaagaard.dk\/wp-content\/uploads\/2023\/07\/Otto-Bache-En-malkepige-1876.jpg\" alt=\"\" height=\"748\" width=\"560\"><\/noscript><\/a><\/div><div class=\"wpgb-card-media-content\" data-action><div class=\"wpgb-card-media-content-center\"><a class=\"wpgb-block-1 wpgb-idle-scheme-1\" href=\"https:\/\/nivaagaard.dk\/en\/the-collection\/bache-otto\/\"><p>OTTO BACHE<\/p>\n<hr \/>\n<p><em>A milkmaid<\/em>, 1876<\/p><\/a><\/div><a class=\"wpgb-card-layer-link\" href=\"https:\/\/nivaagaard.dk\/en\/the-collection\/bache-otto\/\"><\/a><\/div><\/div><\/div><\/div><\/article><article class=\"wpgb-card wpgb-card-13 wpgb-post-37998\" data-col=\"1\" data-row=\"1\" data-format=\"standard\" data-fluid><div class=\"wpgb-card-wrapper\"><div class=\"wpgb-card-inner\"><div class=\"wpgb-card-media wpgb-scheme-light\"><svg data-ratio style=\"padding-top:72.14%\" viewBox=\"0 0 560 404\"><\/svg><div class=\"wpgb-card-media-thumbnail\"><a href=\"https:\/\/nivaagaard.dk\/wp-content\/smush-webp\/2023\/07\/Otto-Bache-En-broholmerhund-ser-paa-en-eghjort-1871.jpg.webp\" tabindex=\"-1\" class=\"wpgb-handle-lb wpgb-lightbox\" data-type=\"image\" data-rel=\"4\" data-title=\"Otto Bache, En broholmerhund ser p\u00e5 en eghjort, 1871\" title=\"Enlarge photo\" data-smush-webp-fallback=\"{&quot;href&quot;:&quot;https:\\\/\\\/nivaagaard.dk\\\/wp-content\\\/uploads\\\/2023\\\/07\\\/Otto-Bache-En-broholmerhund-ser-paa-en-eghjort-1871.jpg&quot;}\"><div style=\"background-image:inherit\" data-bg-image=\"url(https:\/\/nivaagaard.dk\/wp-content\/smush-webp\/2023\/07\/Otto-Bache-En-broholmerhund-ser-paa-en-eghjort-1871.jpg.webp)\" class=\"lazyload\" data-smush-webp-fallback=\"{&quot;data-bg-image&quot;:&quot;url(https:\\\/\\\/nivaagaard.dk\\\/wp-content\\\/uploads\\\/2023\\\/07\\\/Otto-Bache-En-broholmerhund-ser-paa-en-eghjort-1871.jpg)&quot;}\"><\/div><noscript><img loading=\"lazy\" decoding=\"async\" class=\"wpgb-noscript-img\" src=\"https:\/\/nivaagaard.dk\/wp-content\/uploads\/2023\/07\/Otto-Bache-En-broholmerhund-ser-paa-en-eghjort-1871.jpg\" alt=\"\" height=\"404\" width=\"560\"><\/noscript><\/a><\/div><div class=\"wpgb-card-media-content\" data-action><div class=\"wpgb-card-media-content-center\"><a class=\"wpgb-block-1 wpgb-idle-scheme-1\" href=\"https:\/\/nivaagaard.dk\/en\/the-collection\/bache-otto-2\/\"><p>OTTO BACHE<\/p>\n<hr \/>\n<p><em>A Broholmer dog looking at a stag beetle<\/em>, 1871<\/p><\/a><\/div><a class=\"wpgb-card-layer-link\" href=\"https:\/\/nivaagaard.dk\/en\/the-collection\/bache-otto-2\/\"><\/a><\/div><\/div><\/div><\/div><\/article><article class=\"wpgb-card wpgb-card-13 wpgb-post-37988\" data-col=\"1\" data-row=\"1\" data-format=\"standard\" data-fluid><div class=\"wpgb-card-wrapper\"><div class=\"wpgb-card-inner\"><div class=\"wpgb-card-media wpgb-scheme-light\"><svg data-ratio style=\"padding-top:159.11%\" viewBox=\"0 0 560 891\"><\/svg><div class=\"wpgb-card-media-thumbnail\"><a href=\"https:\/\/nivaagaard.dk\/wp-content\/smush-webp\/2023\/07\/Herman-Wilhelm-Bissen-Venus-binder-sit-haar-ca.-1842.jpg.webp\" tabindex=\"-1\" class=\"wpgb-handle-lb wpgb-lightbox\" data-type=\"image\" data-rel=\"4\" data-title=\"Herman Wilhelm Bissen, Venus binder sit h\u00e5r, ca. 1842\" title=\"Enlarge photo\" data-smush-webp-fallback=\"{&quot;href&quot;:&quot;https:\\\/\\\/nivaagaard.dk\\\/wp-content\\\/uploads\\\/2023\\\/07\\\/Herman-Wilhelm-Bissen-Venus-binder-sit-haar-ca.-1842.jpg&quot;}\"><div style=\"background-image:inherit\" data-bg-image=\"url(https:\/\/nivaagaard.dk\/wp-content\/smush-webp\/2023\/07\/Herman-Wilhelm-Bissen-Venus-binder-sit-haar-ca.-1842.jpg.webp)\" class=\"lazyload\" data-smush-webp-fallback=\"{&quot;data-bg-image&quot;:&quot;url(https:\\\/\\\/nivaagaard.dk\\\/wp-content\\\/uploads\\\/2023\\\/07\\\/Herman-Wilhelm-Bissen-Venus-binder-sit-haar-ca.-1842.jpg)&quot;}\"><\/div><noscript><img loading=\"lazy\" decoding=\"async\" class=\"wpgb-noscript-img\" src=\"https:\/\/nivaagaard.dk\/wp-content\/uploads\/2023\/07\/Herman-Wilhelm-Bissen-Venus-binder-sit-haar-ca.-1842.jpg\" alt=\"\" height=\"891\" width=\"560\"><\/noscript><\/a><\/div><div class=\"wpgb-card-media-content\" data-action><div class=\"wpgb-card-media-content-center\"><a class=\"wpgb-block-1 wpgb-idle-scheme-1\" href=\"https:\/\/nivaagaard.dk\/en\/the-collection\/bissen-herman-wilhelm\/\"><p>HERMAN WILHELM BISSEN<\/p>\n<hr \/>\n<p><em>Venus tying up her hair<\/em>, c. 1842<\/p><\/a><\/div><a class=\"wpgb-card-layer-link\" href=\"https:\/\/nivaagaard.dk\/en\/the-collection\/bissen-herman-wilhelm\/\"><\/a><\/div><\/div><\/div><\/div><\/article><article class=\"wpgb-card wpgb-card-13 wpgb-post-37989\" data-col=\"1\" data-row=\"1\" data-format=\"standard\" data-fluid><div class=\"wpgb-card-wrapper\"><div class=\"wpgb-card-inner\"><div class=\"wpgb-card-media wpgb-scheme-light\"><svg data-ratio style=\"padding-top:140.18%\" viewBox=\"0 0 560 785\"><\/svg><div class=\"wpgb-card-media-thumbnail\"><a href=\"https:\/\/nivaagaard.dk\/wp-content\/smush-webp\/2023\/07\/Herman-Wilhelm-Bissen-Marmorbuste-af-Peter-Heise-31.-januar-1862.jpg.webp\" tabindex=\"-1\" class=\"wpgb-handle-lb wpgb-lightbox\" data-type=\"image\" data-rel=\"4\" data-title=\"Herman Wilhelm Bissen, Marmorbuste af Peter Heise, 31. januar 1862\" title=\"Enlarge photo\" data-smush-webp-fallback=\"{&quot;href&quot;:&quot;https:\\\/\\\/nivaagaard.dk\\\/wp-content\\\/uploads\\\/2023\\\/07\\\/Herman-Wilhelm-Bissen-Marmorbuste-af-Peter-Heise-31.-januar-1862.jpg&quot;}\"><div style=\"background-image:inherit\" data-bg-image=\"url(https:\/\/nivaagaard.dk\/wp-content\/smush-webp\/2023\/07\/Herman-Wilhelm-Bissen-Marmorbuste-af-Peter-Heise-31.-januar-1862.jpg.webp)\" class=\"lazyload\" data-smush-webp-fallback=\"{&quot;data-bg-image&quot;:&quot;url(https:\\\/\\\/nivaagaard.dk\\\/wp-content\\\/uploads\\\/2023\\\/07\\\/Herman-Wilhelm-Bissen-Marmorbuste-af-Peter-Heise-31.-januar-1862.jpg)&quot;}\"><\/div><noscript><img loading=\"lazy\" decoding=\"async\" class=\"wpgb-noscript-img\" src=\"https:\/\/nivaagaard.dk\/wp-content\/uploads\/2023\/07\/Herman-Wilhelm-Bissen-Marmorbuste-af-Peter-Heise-31.-januar-1862.jpg\" alt=\"\" height=\"785\" width=\"560\"><\/noscript><\/a><\/div><div class=\"wpgb-card-media-content\" data-action><div class=\"wpgb-card-media-content-center\"><a class=\"wpgb-block-1 wpgb-idle-scheme-1\" href=\"https:\/\/nivaagaard.dk\/en\/the-collection\/bissen-herman-wilhelm-2\/\"><p>HERMAN WILHELM BISSEN<\/p>\n<hr \/>\n<p><em>Marble bust of Peter Heise (1830-79)<\/em>, January 31, 1862<\/p><\/a><\/div><a class=\"wpgb-card-layer-link\" href=\"https:\/\/nivaagaard.dk\/en\/the-collection\/bissen-herman-wilhelm-2\/\"><\/a><\/div><\/div><\/div><\/div><\/article><article class=\"wpgb-card wpgb-card-13 wpgb-post-37990\" data-col=\"1\" data-row=\"1\" data-format=\"standard\" data-fluid><div class=\"wpgb-card-wrapper\"><div class=\"wpgb-card-inner\"><div class=\"wpgb-card-media wpgb-scheme-light\"><svg data-ratio style=\"padding-top:130.18%\" viewBox=\"0 0 560 729\"><\/svg><div class=\"wpgb-card-media-thumbnail\"><a href=\"https:\/\/nivaagaard.dk\/wp-content\/smush-webp\/2023\/07\/Herman-Wilhelm-Bissen-Marmorbuste-af-den-som-barn-afdoede-Hother-Hage-1848.jpg.webp\" tabindex=\"-1\" class=\"wpgb-handle-lb wpgb-lightbox\" data-type=\"image\" data-rel=\"4\" data-title=\"Herman Wilhelm Bissen, Marmorbuste af den som barn afd\u00f8de Hother Hage, 1848\" title=\"Enlarge photo\" data-smush-webp-fallback=\"{&quot;href&quot;:&quot;https:\\\/\\\/nivaagaard.dk\\\/wp-content\\\/uploads\\\/2023\\\/07\\\/Herman-Wilhelm-Bissen-Marmorbuste-af-den-som-barn-afdoede-Hother-Hage-1848.jpg&quot;}\"><div style=\"background-image:inherit\" data-bg-image=\"url(https:\/\/nivaagaard.dk\/wp-content\/smush-webp\/2023\/07\/Herman-Wilhelm-Bissen-Marmorbuste-af-den-som-barn-afdoede-Hother-Hage-1848.jpg.webp)\" class=\"lazyload\" data-smush-webp-fallback=\"{&quot;data-bg-image&quot;:&quot;url(https:\\\/\\\/nivaagaard.dk\\\/wp-content\\\/uploads\\\/2023\\\/07\\\/Herman-Wilhelm-Bissen-Marmorbuste-af-den-som-barn-afdoede-Hother-Hage-1848.jpg)&quot;}\"><\/div><noscript><img loading=\"lazy\" decoding=\"async\" class=\"wpgb-noscript-img\" src=\"https:\/\/nivaagaard.dk\/wp-content\/uploads\/2023\/07\/Herman-Wilhelm-Bissen-Marmorbuste-af-den-som-barn-afdoede-Hother-Hage-1848.jpg\" alt=\"\" height=\"729\" width=\"560\"><\/noscript><\/a><\/div><div class=\"wpgb-card-media-content\" data-action><div class=\"wpgb-card-media-content-center\"><a class=\"wpgb-block-1 wpgb-idle-scheme-1\" href=\"https:\/\/nivaagaard.dk\/en\/the-collection\/bissen-herman-wilhelm-3\/\"><p>HERMAN WILHELM BISSEN<\/p>\n<hr \/>\n<p><em>Marble bust of the late Hother Hage<\/em>, 1848<\/p><\/a><\/div><a class=\"wpgb-card-layer-link\" href=\"https:\/\/nivaagaard.dk\/en\/the-collection\/bissen-herman-wilhelm-3\/\"><\/a><\/div><\/div><\/div><\/div><\/article><article class=\"wpgb-card wpgb-card-13 wpgb-post-37991\" data-col=\"1\" data-row=\"1\" data-format=\"standard\" data-fluid><div class=\"wpgb-card-wrapper\"><div class=\"wpgb-card-inner\"><div class=\"wpgb-card-media wpgb-scheme-light\"><svg data-ratio style=\"padding-top:142.86%\" viewBox=\"0 0 560 800\"><\/svg><div class=\"wpgb-card-media-thumbnail\"><a href=\"https:\/\/nivaagaard.dk\/wp-content\/smush-webp\/2023\/07\/Herman-Wilhelm-Bissen-Marmorbuste-af-Carl-Ploug-21.-december-1857.jpg.webp\" tabindex=\"-1\" class=\"wpgb-handle-lb wpgb-lightbox\" data-type=\"image\" data-rel=\"4\" data-title=\"Herman Wilhelm Bissen, Marmorbuste af Carl Ploug, 21. december 1857\" title=\"Enlarge photo\" data-smush-webp-fallback=\"{&quot;href&quot;:&quot;https:\\\/\\\/nivaagaard.dk\\\/wp-content\\\/uploads\\\/2023\\\/07\\\/Herman-Wilhelm-Bissen-Marmorbuste-af-Carl-Ploug-21.-december-1857.jpg&quot;}\"><div style=\"background-image:inherit\" data-bg-image=\"url(https:\/\/nivaagaard.dk\/wp-content\/smush-webp\/2023\/07\/Herman-Wilhelm-Bissen-Marmorbuste-af-Carl-Ploug-21.-december-1857.jpg.webp)\" class=\"lazyload\" data-smush-webp-fallback=\"{&quot;data-bg-image&quot;:&quot;url(https:\\\/\\\/nivaagaard.dk\\\/wp-content\\\/uploads\\\/2023\\\/07\\\/Herman-Wilhelm-Bissen-Marmorbuste-af-Carl-Ploug-21.-december-1857.jpg)&quot;}\"><\/div><noscript><img loading=\"lazy\" decoding=\"async\" class=\"wpgb-noscript-img\" src=\"https:\/\/nivaagaard.dk\/wp-content\/uploads\/2023\/07\/Herman-Wilhelm-Bissen-Marmorbuste-af-Carl-Ploug-21.-december-1857.jpg\" alt=\"\" height=\"800\" width=\"560\"><\/noscript><\/a><\/div><div class=\"wpgb-card-media-content\" data-action><div class=\"wpgb-card-media-content-center\"><a class=\"wpgb-block-1 wpgb-idle-scheme-1\" href=\"https:\/\/nivaagaard.dk\/en\/the-collection\/bissen-herman-wilhelm-4\/\"><p>HERMAN WILHELM BISSEN<\/p>\n<hr \/>\n<p><em>Marble bust of Carl Ploug (1813-94)<\/em>,\u00a0December 21,\u00a01857<\/p><\/a><\/div><a class=\"wpgb-card-layer-link\" href=\"https:\/\/nivaagaard.dk\/en\/the-collection\/bissen-herman-wilhelm-4\/\"><\/a><\/div><\/div><\/div><\/div><\/article><article class=\"wpgb-card wpgb-card-13 wpgb-post-37992\" data-col=\"1\" data-row=\"1\" data-format=\"standard\" data-fluid><div class=\"wpgb-card-wrapper\"><div class=\"wpgb-card-inner\"><div class=\"wpgb-card-media wpgb-scheme-light\"><svg data-ratio style=\"padding-top:125.89%\" viewBox=\"0 0 560 705\"><\/svg><div class=\"wpgb-card-media-thumbnail\"><a href=\"https:\/\/nivaagaard.dk\/wp-content\/smush-webp\/2023\/07\/Herman-Wilhelm-Bissen-Ludvig-Holberg-u.aa_.jpg.webp\" tabindex=\"-1\" class=\"wpgb-handle-lb wpgb-lightbox\" data-type=\"image\" data-rel=\"4\" data-title=\"Herman Wilhelm Bissen, Ludvig Holberg, u.\u00e5.\" title=\"Enlarge photo\" data-smush-webp-fallback=\"{&quot;href&quot;:&quot;https:\\\/\\\/nivaagaard.dk\\\/wp-content\\\/uploads\\\/2023\\\/07\\\/Herman-Wilhelm-Bissen-Ludvig-Holberg-u.aa_.jpg&quot;}\"><div style=\"background-image:inherit\" data-bg-image=\"url(https:\/\/nivaagaard.dk\/wp-content\/smush-webp\/2023\/07\/Herman-Wilhelm-Bissen-Ludvig-Holberg-u.aa_.jpg.webp)\" class=\"lazyload\" data-smush-webp-fallback=\"{&quot;data-bg-image&quot;:&quot;url(https:\\\/\\\/nivaagaard.dk\\\/wp-content\\\/uploads\\\/2023\\\/07\\\/Herman-Wilhelm-Bissen-Ludvig-Holberg-u.aa_.jpg)&quot;}\"><\/div><noscript><img loading=\"lazy\" decoding=\"async\" class=\"wpgb-noscript-img\" src=\"https:\/\/nivaagaard.dk\/wp-content\/uploads\/2023\/07\/Herman-Wilhelm-Bissen-Ludvig-Holberg-u.aa_.jpg\" alt=\"\" height=\"705\" width=\"560\"><\/noscript><\/a><\/div><div class=\"wpgb-card-media-content\" data-action><div class=\"wpgb-card-media-content-center\"><a class=\"wpgb-block-1 wpgb-idle-scheme-1\" href=\"https:\/\/nivaagaard.dk\/en\/the-collection\/bissen-herman-wilhelm-5\/\"><p>HERMAN WILHELM BISSEN<\/p>\n<hr \/>\n<p><em>Ludvig Holberg (1684-1754)<\/em>,\u00a0n.d.<\/p><\/a><\/div><a class=\"wpgb-card-layer-link\" href=\"https:\/\/nivaagaard.dk\/en\/the-collection\/bissen-herman-wilhelm-5\/\"><\/a><\/div><\/div><\/div><\/div><\/article><article class=\"wpgb-card wpgb-card-13 wpgb-post-37993\" data-col=\"1\" data-row=\"1\" data-format=\"standard\" data-fluid><div class=\"wpgb-card-wrapper\"><div class=\"wpgb-card-inner\"><div class=\"wpgb-card-media wpgb-scheme-light\"><svg data-ratio style=\"padding-top:157.86%\" viewBox=\"0 0 560 884\"><\/svg><div class=\"wpgb-card-media-thumbnail\"><a href=\"https:\/\/nivaagaard.dk\/wp-content\/smush-webp\/2023\/07\/Herman-Wilhelm-Bissen-Buste-af-grosserer-og-politiker-Alfred-Hage-15.-februar-1856.jpg.webp\" tabindex=\"-1\" class=\"wpgb-handle-lb wpgb-lightbox\" data-type=\"image\" data-rel=\"4\" data-title=\"Herman Wilhelm Bissen, Buste af grosserer og politiker Alfred Hage, 15. februar 1856\" title=\"Enlarge photo\" data-smush-webp-fallback=\"{&quot;href&quot;:&quot;https:\\\/\\\/nivaagaard.dk\\\/wp-content\\\/uploads\\\/2023\\\/07\\\/Herman-Wilhelm-Bissen-Buste-af-grosserer-og-politiker-Alfred-Hage-15.-februar-1856.jpg&quot;}\"><div style=\"background-image:inherit\" data-bg-image=\"url(https:\/\/nivaagaard.dk\/wp-content\/smush-webp\/2023\/07\/Herman-Wilhelm-Bissen-Buste-af-grosserer-og-politiker-Alfred-Hage-15.-februar-1856.jpg.webp)\" class=\"lazyload\" data-smush-webp-fallback=\"{&quot;data-bg-image&quot;:&quot;url(https:\\\/\\\/nivaagaard.dk\\\/wp-content\\\/uploads\\\/2023\\\/07\\\/Herman-Wilhelm-Bissen-Buste-af-grosserer-og-politiker-Alfred-Hage-15.-februar-1856.jpg)&quot;}\"><\/div><noscript><img loading=\"lazy\" decoding=\"async\" class=\"wpgb-noscript-img\" src=\"https:\/\/nivaagaard.dk\/wp-content\/uploads\/2023\/07\/Herman-Wilhelm-Bissen-Buste-af-grosserer-og-politiker-Alfred-Hage-15.-februar-1856.jpg\" alt=\"\" height=\"884\" width=\"560\"><\/noscript><\/a><\/div><div class=\"wpgb-card-media-content\" data-action><div class=\"wpgb-card-media-content-center\"><a class=\"wpgb-block-1 wpgb-idle-scheme-1\" href=\"https:\/\/nivaagaard.dk\/en\/the-collection\/bissen-herman-wilhelm-6\/\"><p>HERMAN WILHELM BISSEN<\/p>\n<hr \/>\n<p><em>Bust of the merchant and politician Alfred Hage<\/em>, February 15,\u00a01856<\/p><\/a><\/div><a class=\"wpgb-card-layer-link\" href=\"https:\/\/nivaagaard.dk\/en\/the-collection\/bissen-herman-wilhelm-6\/\"><\/a><\/div><\/div><\/div><\/div><\/article><article class=\"wpgb-card wpgb-card-13 wpgb-post-37994\" data-col=\"1\" data-row=\"1\" data-format=\"standard\" data-fluid><div class=\"wpgb-card-wrapper\"><div class=\"wpgb-card-inner\"><div class=\"wpgb-card-media wpgb-scheme-light\"><svg data-ratio style=\"padding-top:132.86%\" viewBox=\"0 0 560 744\"><\/svg><div class=\"wpgb-card-media-thumbnail\"><a href=\"https:\/\/nivaagaard.dk\/wp-content\/smush-webp\/2023\/07\/Herman-Wilhelm-Bissen-Buste-af-fru-V.-Heise-f.-Hage-20.-november-1860.jpg.webp\" tabindex=\"-1\" class=\"wpgb-handle-lb wpgb-lightbox\" data-type=\"image\" data-rel=\"4\" data-title=\"Herman Wilhelm Bissen, Buste af fru V. Heise, f. Hage, 20. november 1860\" title=\"Enlarge photo\" data-smush-webp-fallback=\"{&quot;href&quot;:&quot;https:\\\/\\\/nivaagaard.dk\\\/wp-content\\\/uploads\\\/2023\\\/07\\\/Herman-Wilhelm-Bissen-Buste-af-fru-V.-Heise-f.-Hage-20.-november-1860.jpg&quot;}\"><div style=\"background-image:inherit\" data-bg-image=\"url(https:\/\/nivaagaard.dk\/wp-content\/smush-webp\/2023\/07\/Herman-Wilhelm-Bissen-Buste-af-fru-V.-Heise-f.-Hage-20.-november-1860.jpg.webp)\" class=\"lazyload\" data-smush-webp-fallback=\"{&quot;data-bg-image&quot;:&quot;url(https:\\\/\\\/nivaagaard.dk\\\/wp-content\\\/uploads\\\/2023\\\/07\\\/Herman-Wilhelm-Bissen-Buste-af-fru-V.-Heise-f.-Hage-20.-november-1860.jpg)&quot;}\"><\/div><noscript><img loading=\"lazy\" decoding=\"async\" class=\"wpgb-noscript-img\" src=\"https:\/\/nivaagaard.dk\/wp-content\/uploads\/2023\/07\/Herman-Wilhelm-Bissen-Buste-af-fru-V.-Heise-f.-Hage-20.-november-1860.jpg\" alt=\"\" height=\"744\" width=\"560\"><\/noscript><\/a><\/div><div class=\"wpgb-card-media-content\" data-action><div class=\"wpgb-card-media-content-center\"><a class=\"wpgb-block-1 wpgb-idle-scheme-1\" href=\"https:\/\/nivaagaard.dk\/en\/the-collection\/bissen-herman-wilhelm-7\/\"><p>HERMAN WILHELM BISSEN<\/p>\n<hr \/>\n<p><em>Bust of Mrs V. Heise, born Hage (1838-1912)<\/em>, November 20,\u00a01860<\/p><\/a><\/div><a class=\"wpgb-card-layer-link\" href=\"https:\/\/nivaagaard.dk\/en\/the-collection\/bissen-herman-wilhelm-7\/\"><\/a><\/div><\/div><\/div><\/div><\/article><article class=\"wpgb-card wpgb-card-13 wpgb-post-37995\" data-col=\"1\" data-row=\"1\" data-format=\"standard\" data-fluid><div class=\"wpgb-card-wrapper\"><div class=\"wpgb-card-inner\"><div class=\"wpgb-card-media wpgb-scheme-light\"><svg data-ratio style=\"padding-top:135.18%\" viewBox=\"0 0 560 757\"><\/svg><div class=\"wpgb-card-media-thumbnail\"><a href=\"https:\/\/nivaagaard.dk\/wp-content\/smush-webp\/2023\/07\/Herman-Wilhelm-Bissen-Buste-af-Adam-Oehlenschlager-u.aa_.jpg.webp\" tabindex=\"-1\" class=\"wpgb-handle-lb wpgb-lightbox\" data-type=\"image\" data-rel=\"4\" data-title=\"Herman Wilhelm Bissen, Buste af Adam Oehlenschlager, u.\u00e5.\" title=\"Enlarge photo\" data-smush-webp-fallback=\"{&quot;href&quot;:&quot;https:\\\/\\\/nivaagaard.dk\\\/wp-content\\\/uploads\\\/2023\\\/07\\\/Herman-Wilhelm-Bissen-Buste-af-Adam-Oehlenschlager-u.aa_.jpg&quot;}\"><div style=\"background-image:inherit\" data-bg-image=\"url(https:\/\/nivaagaard.dk\/wp-content\/smush-webp\/2023\/07\/Herman-Wilhelm-Bissen-Buste-af-Adam-Oehlenschlager-u.aa_.jpg.webp)\" class=\"lazyload\" data-smush-webp-fallback=\"{&quot;data-bg-image&quot;:&quot;url(https:\\\/\\\/nivaagaard.dk\\\/wp-content\\\/uploads\\\/2023\\\/07\\\/Herman-Wilhelm-Bissen-Buste-af-Adam-Oehlenschlager-u.aa_.jpg)&quot;}\"><\/div><noscript><img loading=\"lazy\" decoding=\"async\" class=\"wpgb-noscript-img\" src=\"https:\/\/nivaagaard.dk\/wp-content\/uploads\/2023\/07\/Herman-Wilhelm-Bissen-Buste-af-Adam-Oehlenschlager-u.aa_.jpg\" alt=\"\" height=\"757\" width=\"560\"><\/noscript><\/a><\/div><div class=\"wpgb-card-media-content\" data-action><div class=\"wpgb-card-media-content-center\"><a class=\"wpgb-block-1 wpgb-idle-scheme-1\" href=\"https:\/\/nivaagaard.dk\/en\/the-collection\/bissen-herman-wilhelm-8\/\"><p>HERMAN WILHELM BISSEN<\/p>\n<hr \/>\n<p><em>Bust of Adam Oehlenschlager (1779-1850)<\/em>, n.d.<\/p><\/a><\/div><a class=\"wpgb-card-layer-link\" href=\"https:\/\/nivaagaard.dk\/en\/the-collection\/bissen-herman-wilhelm-8\/\"><\/a><\/div><\/div><\/div><\/div><\/article><article class=\"wpgb-card wpgb-card-13 wpgb-post-37987\" data-col=\"1\" data-row=\"1\" data-format=\"standard\" data-fluid><div class=\"wpgb-card-wrapper\"><div class=\"wpgb-card-inner\"><div class=\"wpgb-card-media wpgb-scheme-light\"><svg data-ratio style=\"padding-top:152.68%\" viewBox=\"0 0 560 855\"><\/svg><div class=\"wpgb-card-media-thumbnail\"><a href=\"https:\/\/nivaagaard.dk\/wp-content\/smush-webp\/2023\/07\/Johanne-Vilhelmine-Bissen-Portraet-af-Johannes-Alfred-Hage-1800-tallet.jpg.webp\" tabindex=\"-1\" class=\"wpgb-handle-lb wpgb-lightbox\" data-type=\"image\" data-rel=\"4\" data-title=\"Johanne Vilhelmine Bissen, Portr\u00e6t af Johannes-Alfred Hage, 1800-tallet\" title=\"Enlarge photo\" data-smush-webp-fallback=\"{&quot;href&quot;:&quot;https:\\\/\\\/nivaagaard.dk\\\/wp-content\\\/uploads\\\/2023\\\/07\\\/Johanne-Vilhelmine-Bissen-Portraet-af-Johannes-Alfred-Hage-1800-tallet.jpg&quot;}\"><div style=\"background-image:inherit\" data-bg-image=\"url(https:\/\/nivaagaard.dk\/wp-content\/smush-webp\/2023\/07\/Johanne-Vilhelmine-Bissen-Portraet-af-Johannes-Alfred-Hage-1800-tallet.jpg.webp)\" class=\"lazyload\" data-smush-webp-fallback=\"{&quot;data-bg-image&quot;:&quot;url(https:\\\/\\\/nivaagaard.dk\\\/wp-content\\\/uploads\\\/2023\\\/07\\\/Johanne-Vilhelmine-Bissen-Portraet-af-Johannes-Alfred-Hage-1800-tallet.jpg)&quot;}\"><\/div><noscript><img loading=\"lazy\" decoding=\"async\" class=\"wpgb-noscript-img\" src=\"https:\/\/nivaagaard.dk\/wp-content\/uploads\/2023\/07\/Johanne-Vilhelmine-Bissen-Portraet-af-Johannes-Alfred-Hage-1800-tallet.jpg\" alt=\"\" height=\"855\" width=\"560\"><\/noscript><\/a><\/div><div class=\"wpgb-card-media-content\" data-action><div class=\"wpgb-card-media-content-center\"><a class=\"wpgb-block-1 wpgb-idle-scheme-1\" href=\"https:\/\/nivaagaard.dk\/en\/the-collection\/bissen-johanne-vilhelmine\/\"><p>JOHANNE VILHELMINE BISSEN<\/p>\n<hr \/>\n<p><em>Portrait of Alfred Hage<\/em>, 1800s<\/p><\/a><\/div><a class=\"wpgb-card-layer-link\" href=\"https:\/\/nivaagaard.dk\/en\/the-collection\/bissen-johanne-vilhelmine\/\"><\/a><\/div><\/div><\/div><\/div><\/article><article class=\"wpgb-card wpgb-card-13 wpgb-post-38019\" data-col=\"1\" data-row=\"1\" data-format=\"standard\" data-fluid><div class=\"wpgb-card-wrapper\"><div class=\"wpgb-card-inner\"><div class=\"wpgb-card-media wpgb-scheme-light\"><svg data-ratio style=\"padding-top:126.25%\" viewBox=\"0 0 560 707\"><\/svg><div class=\"wpgb-card-media-thumbnail\"><a href=\"https:\/\/nivaagaard.dk\/wp-content\/smush-webp\/2023\/07\/Johanne-Vilhelmine-Bissen-Portraet-af-Johannes-Alfred-Hage-1800-tallet.-0230NMK.jpg.webp\" tabindex=\"-1\" class=\"wpgb-handle-lb wpgb-lightbox\" data-type=\"image\" data-rel=\"4\" data-title=\"Johanne Vilhelmine Bissen, Portr\u00e6t af Johannes-Alfred Hage, 1800-tallet. 0230NMK\" title=\"Enlarge photo\" data-smush-webp-fallback=\"{&quot;href&quot;:&quot;https:\\\/\\\/nivaagaard.dk\\\/wp-content\\\/uploads\\\/2023\\\/07\\\/Johanne-Vilhelmine-Bissen-Portraet-af-Johannes-Alfred-Hage-1800-tallet.-0230NMK.jpg&quot;}\"><div style=\"background-image:inherit\" data-bg-image=\"url(https:\/\/nivaagaard.dk\/wp-content\/smush-webp\/2023\/07\/Johanne-Vilhelmine-Bissen-Portraet-af-Johannes-Alfred-Hage-1800-tallet.-0230NMK.jpg.webp)\" class=\"lazyload\" data-smush-webp-fallback=\"{&quot;data-bg-image&quot;:&quot;url(https:\\\/\\\/nivaagaard.dk\\\/wp-content\\\/uploads\\\/2023\\\/07\\\/Johanne-Vilhelmine-Bissen-Portraet-af-Johannes-Alfred-Hage-1800-tallet.-0230NMK.jpg)&quot;}\"><\/div><noscript><img loading=\"lazy\" decoding=\"async\" class=\"wpgb-noscript-img\" src=\"https:\/\/nivaagaard.dk\/wp-content\/uploads\/2023\/07\/Johanne-Vilhelmine-Bissen-Portraet-af-Johannes-Alfred-Hage-1800-tallet.-0230NMK.jpg\" alt=\"\" height=\"707\" width=\"560\"><\/noscript><\/a><\/div><div class=\"wpgb-card-media-content\" data-action><div class=\"wpgb-card-media-content-center\"><a class=\"wpgb-block-1 wpgb-idle-scheme-1\" href=\"https:\/\/nivaagaard.dk\/en\/the-collection\/bissen-johanne-vilhelmine-2\/\"><p>JOHANNE VILHELMINE BISSEN<\/p>\n<hr \/>\n<p><em>Portrait of Johannes Hage<\/em>, 1800s<\/p><\/a><\/div><a class=\"wpgb-card-layer-link\" href=\"https:\/\/nivaagaard.dk\/en\/the-collection\/bissen-johanne-vilhelmine-2\/\"><\/a><\/div><\/div><\/div><\/div><\/article><article class=\"wpgb-card wpgb-card-13 wpgb-post-37996\" data-col=\"1\" data-row=\"1\" data-format=\"standard\" data-fluid><div class=\"wpgb-card-wrapper\"><div class=\"wpgb-card-inner\"><div class=\"wpgb-card-media wpgb-scheme-light\"><svg data-ratio style=\"padding-top:148.57%\" viewBox=\"0 0 560 832\"><\/svg><div class=\"wpgb-card-media-thumbnail\"><a href=\"https:\/\/nivaagaard.dk\/wp-content\/smush-webp\/2023\/07\/Vilhelm-Bissen-Pottemalersken-1883.jpg.webp\" tabindex=\"-1\" class=\"wpgb-handle-lb wpgb-lightbox\" data-type=\"image\" data-rel=\"4\" data-title=\"Vilhelm Bissen, Pottemalersken, 1883\" title=\"Enlarge photo\" data-smush-webp-fallback=\"{&quot;href&quot;:&quot;https:\\\/\\\/nivaagaard.dk\\\/wp-content\\\/uploads\\\/2023\\\/07\\\/Vilhelm-Bissen-Pottemalersken-1883.jpg&quot;}\"><div style=\"background-image:inherit\" data-bg-image=\"url(https:\/\/nivaagaard.dk\/wp-content\/smush-webp\/2023\/07\/Vilhelm-Bissen-Pottemalersken-1883.jpg.webp)\" class=\"lazyload\" data-smush-webp-fallback=\"{&quot;data-bg-image&quot;:&quot;url(https:\\\/\\\/nivaagaard.dk\\\/wp-content\\\/uploads\\\/2023\\\/07\\\/Vilhelm-Bissen-Pottemalersken-1883.jpg)&quot;}\"><\/div><noscript><img loading=\"lazy\" decoding=\"async\" class=\"wpgb-noscript-img\" src=\"https:\/\/nivaagaard.dk\/wp-content\/uploads\/2023\/07\/Vilhelm-Bissen-Pottemalersken-1883.jpg\" alt=\"\" height=\"832\" width=\"560\"><\/noscript><\/a><\/div><div class=\"wpgb-card-media-content\" data-action><div class=\"wpgb-card-media-content-center\"><a class=\"wpgb-block-1 wpgb-idle-scheme-1\" href=\"https:\/\/nivaagaard.dk\/en\/the-collection\/bissen-vilhelm\/\"><p>VILHELM BISSEN<\/p>\n<hr \/>\n<p><em>The pottery painter<\/em>, 1883<\/p><\/a><\/div><a class=\"wpgb-card-layer-link\" href=\"https:\/\/nivaagaard.dk\/en\/the-collection\/bissen-vilhelm\/\"><\/a><\/div><\/div><\/div><\/div><\/article><article class=\"wpgb-card wpgb-card-13 wpgb-post-37985\" data-col=\"1\" data-row=\"1\" data-format=\"standard\" data-fluid><div class=\"wpgb-card-wrapper\"><div class=\"wpgb-card-inner\"><div class=\"wpgb-card-media wpgb-scheme-light\"><svg data-ratio style=\"padding-top:133.39%\" viewBox=\"0 0 560 747\"><\/svg><div class=\"wpgb-card-media-thumbnail\"><a href=\"https:\/\/nivaagaard.dk\/wp-content\/smush-webp\/2023\/07\/Carl-Bloch-To-koner-der-taler-sammen-1874.jpg.webp\" tabindex=\"-1\" class=\"wpgb-handle-lb wpgb-lightbox\" data-type=\"image\" data-rel=\"4\" data-title=\"Carl Bloch, To koner, der taler sammen, 1874\" title=\"Enlarge photo\" data-smush-webp-fallback=\"{&quot;href&quot;:&quot;https:\\\/\\\/nivaagaard.dk\\\/wp-content\\\/uploads\\\/2023\\\/07\\\/Carl-Bloch-To-koner-der-taler-sammen-1874.jpg&quot;}\"><div style=\"background-image:inherit\" data-bg-image=\"url(https:\/\/nivaagaard.dk\/wp-content\/smush-webp\/2023\/07\/Carl-Bloch-To-koner-der-taler-sammen-1874.jpg.webp)\" class=\"lazyload\" data-smush-webp-fallback=\"{&quot;data-bg-image&quot;:&quot;url(https:\\\/\\\/nivaagaard.dk\\\/wp-content\\\/uploads\\\/2023\\\/07\\\/Carl-Bloch-To-koner-der-taler-sammen-1874.jpg)&quot;}\"><\/div><noscript><img loading=\"lazy\" decoding=\"async\" class=\"wpgb-noscript-img\" src=\"https:\/\/nivaagaard.dk\/wp-content\/uploads\/2023\/07\/Carl-Bloch-To-koner-der-taler-sammen-1874.jpg\" alt=\"\" height=\"747\" width=\"560\"><\/noscript><\/a><\/div><div class=\"wpgb-card-media-content\" data-action><div class=\"wpgb-card-media-content-center\"><a class=\"wpgb-block-1 wpgb-idle-scheme-1\" href=\"https:\/\/nivaagaard.dk\/en\/the-collection\/bloch-carl\/\"><p>CARL BLOCH<\/p>\n<hr \/>\n<p><em>Two women talking<\/em>, 1874<\/p><\/a><\/div><a class=\"wpgb-card-layer-link\" href=\"https:\/\/nivaagaard.dk\/en\/the-collection\/bloch-carl\/\"><\/a><\/div><\/div><\/div><\/div><\/article><article class=\"wpgb-card wpgb-card-13 wpgb-post-37986\" data-col=\"1\" data-row=\"1\" data-format=\"standard\" data-fluid><div class=\"wpgb-card-wrapper\"><div class=\"wpgb-card-inner\"><div class=\"wpgb-card-media wpgb-scheme-light\"><svg data-ratio style=\"padding-top:130.71%\" viewBox=\"0 0 560 732\"><\/svg><div class=\"wpgb-card-media-thumbnail\"><a href=\"https:\/\/nivaagaard.dk\/wp-content\/smush-webp\/2023\/07\/Carl-Bloch-En-munk-der-spejler-sig-1875.jpg.webp\" tabindex=\"-1\" class=\"wpgb-handle-lb wpgb-lightbox\" data-type=\"image\" data-rel=\"4\" data-title=\"Carl Bloch, En munk, der spejler sig, 1875\" title=\"Enlarge photo\" data-smush-webp-fallback=\"{&quot;href&quot;:&quot;https:\\\/\\\/nivaagaard.dk\\\/wp-content\\\/uploads\\\/2023\\\/07\\\/Carl-Bloch-En-munk-der-spejler-sig-1875.jpg&quot;}\"><div style=\"background-image:inherit\" data-bg-image=\"url(https:\/\/nivaagaard.dk\/wp-content\/smush-webp\/2023\/07\/Carl-Bloch-En-munk-der-spejler-sig-1875.jpg.webp)\" class=\"lazyload\" data-smush-webp-fallback=\"{&quot;data-bg-image&quot;:&quot;url(https:\\\/\\\/nivaagaard.dk\\\/wp-content\\\/uploads\\\/2023\\\/07\\\/Carl-Bloch-En-munk-der-spejler-sig-1875.jpg)&quot;}\"><\/div><noscript><img loading=\"lazy\" decoding=\"async\" class=\"wpgb-noscript-img\" src=\"https:\/\/nivaagaard.dk\/wp-content\/uploads\/2023\/07\/Carl-Bloch-En-munk-der-spejler-sig-1875.jpg\" alt=\"\" height=\"732\" width=\"560\"><\/noscript><\/a><\/div><div class=\"wpgb-card-media-content\" data-action><div class=\"wpgb-card-media-content-center\"><a class=\"wpgb-block-1 wpgb-idle-scheme-1\" href=\"https:\/\/nivaagaard.dk\/en\/the-collection\/bloch-carl-2\/\"><p>CARL BLOCH<\/p>\n<hr \/>\n<p><em>A monk examines himself in a mirror<\/em>, 1875<\/p><\/a><\/div><a class=\"wpgb-card-layer-link\" href=\"https:\/\/nivaagaard.dk\/en\/the-collection\/bloch-carl-2\/\"><\/a><\/div><\/div><\/div><\/div><\/article><article class=\"wpgb-card wpgb-card-13 wpgb-post-130040\" data-col=\"1\" data-row=\"1\" data-format=\"standard\" data-fluid><div class=\"wpgb-card-wrapper\"><div class=\"wpgb-card-inner\"><div class=\"wpgb-card-media wpgb-scheme-light\"><svg data-ratio style=\"padding-top:131.12%\" viewBox=\"0 0 768 1007\"><\/svg><div class=\"wpgb-card-media-thumbnail\"><a href=\"https:\/\/nivaagaard.dk\/wp-content\/smush-webp\/2024\/11\/Bloch-Carl-Portraet-af-H.C.-Andersen-1869-0258NMK.jpg.webp\" tabindex=\"-1\" class=\"wpgb-handle-lb wpgb-lightbox\" data-type=\"image\" data-rel=\"4\" data-title=\"Bloch, Carl &#8211; Portr\u00e6t af H.C. Andersen, 1869 0258NMK\" title=\"Enlarge photo\" data-smush-webp-fallback=\"{&quot;href&quot;:&quot;https:\\\/\\\/nivaagaard.dk\\\/wp-content\\\/uploads\\\/2024\\\/11\\\/Bloch-Carl-Portraet-af-H.C.-Andersen-1869-0258NMK.jpg&quot;}\"><div style=\"background-image:inherit\" data-bg-image=\"url(https:\/\/nivaagaard.dk\/wp-content\/smush-webp\/2024\/11\/Bloch-Carl-Portraet-af-H.C.-Andersen-1869-0258NMK-768x1007.jpg.webp)\" class=\"lazyload\" data-smush-webp-fallback=\"{&quot;data-bg-image&quot;:&quot;url(https:\\\/\\\/nivaagaard.dk\\\/wp-content\\\/uploads\\\/2024\\\/11\\\/Bloch-Carl-Portraet-af-H.C.-Andersen-1869-0258NMK-768x1007.jpg)&quot;}\"><\/div><noscript><img loading=\"lazy\" decoding=\"async\" class=\"wpgb-noscript-img\" src=\"https:\/\/nivaagaard.dk\/wp-content\/uploads\/2024\/11\/Bloch-Carl-Portraet-af-H.C.-Andersen-1869-0258NMK-768x1007.jpg\" alt=\"\" height=\"1007\" width=\"768\"><\/noscript><\/a><\/div><div class=\"wpgb-card-media-content\" data-action><div class=\"wpgb-card-media-content-center\"><a class=\"wpgb-block-1 wpgb-idle-scheme-1\" href=\"https:\/\/nivaagaard.dk\/en\/the-collection\/bloch-carl-3\/\"><p>CARL BLOCH<\/p>\n<hr \/>\n<p><em>Portr\u00e6t af H.C. Andersen, <\/em>1869<\/p><\/a><\/div><a class=\"wpgb-card-layer-link\" href=\"https:\/\/nivaagaard.dk\/en\/the-collection\/bloch-carl-3\/\"><\/a><\/div><\/div><\/div><\/div><\/article><article class=\"wpgb-card wpgb-card-13 wpgb-post-37984\" data-col=\"1\" data-row=\"1\" data-format=\"standard\" data-fluid><div class=\"wpgb-card-wrapper\"><div class=\"wpgb-card-inner\"><div class=\"wpgb-card-media wpgb-scheme-light\"><svg data-ratio style=\"padding-top:78.04%\" viewBox=\"0 0 560 437\"><\/svg><div class=\"wpgb-card-media-thumbnail\"><a href=\"https:\/\/nivaagaard.dk\/wp-content\/smush-webp\/2023\/07\/Ditlev-Blunck-Mareridt-1846.jpg.webp\" tabindex=\"-1\" class=\"wpgb-handle-lb wpgb-lightbox\" data-type=\"image\" data-rel=\"4\" data-title=\"Ditlev Blunck, Mareridt, 1846\" title=\"Enlarge photo\" data-smush-webp-fallback=\"{&quot;href&quot;:&quot;https:\\\/\\\/nivaagaard.dk\\\/wp-content\\\/uploads\\\/2023\\\/07\\\/Ditlev-Blunck-Mareridt-1846.jpg&quot;}\"><div style=\"background-image:inherit\" data-bg-image=\"url(https:\/\/nivaagaard.dk\/wp-content\/smush-webp\/2023\/07\/Ditlev-Blunck-Mareridt-1846.jpg.webp)\" class=\"lazyload\" data-smush-webp-fallback=\"{&quot;data-bg-image&quot;:&quot;url(https:\\\/\\\/nivaagaard.dk\\\/wp-content\\\/uploads\\\/2023\\\/07\\\/Ditlev-Blunck-Mareridt-1846.jpg)&quot;}\"><\/div><noscript><img loading=\"lazy\" decoding=\"async\" class=\"wpgb-noscript-img\" src=\"https:\/\/nivaagaard.dk\/wp-content\/uploads\/2023\/07\/Ditlev-Blunck-Mareridt-1846.jpg\" alt=\"\" height=\"437\" width=\"560\"><\/noscript><\/a><\/div><div class=\"wpgb-card-media-content\" data-action><div class=\"wpgb-card-media-content-center\"><a class=\"wpgb-block-1 wpgb-idle-scheme-1\" href=\"https:\/\/nivaagaard.dk\/en\/the-collection\/blunck-ditlev\/\"><p>DITLEV BLUNCK<\/p>\n<hr \/>\n<p><em>Nightmare<\/em>, 1846<\/p><\/a><\/div><a class=\"wpgb-card-layer-link\" href=\"https:\/\/nivaagaard.dk\/en\/the-collection\/blunck-ditlev\/\"><\/a><\/div><\/div><\/div><\/div><\/article><article class=\"wpgb-card wpgb-card-13 wpgb-post-38003\" data-col=\"1\" data-row=\"1\" data-format=\"standard\" data-fluid><div class=\"wpgb-card-wrapper\"><div class=\"wpgb-card-inner\"><div class=\"wpgb-card-media wpgb-scheme-light\"><svg data-ratio style=\"padding-top:129.46%\" viewBox=\"0 0 560 725\"><\/svg><div class=\"wpgb-card-media-thumbnail\"><a href=\"https:\/\/nivaagaard.dk\/wp-content\/smush-webp\/2023\/07\/Ditlev-Blunck-Selvportraet-som-friskarer-1848.-Nivaagaards-Malerisamling_hjemmeside.jpg.webp\" tabindex=\"-1\" class=\"wpgb-handle-lb wpgb-lightbox\" data-type=\"image\" data-rel=\"4\" data-title=\"Ditlev Blunck, Selvportr\u00e6t som friskarer, 1848. Nivaagaards Malerisamling_hjemmeside\" title=\"Enlarge photo\" data-smush-webp-fallback=\"{&quot;href&quot;:&quot;https:\\\/\\\/nivaagaard.dk\\\/wp-content\\\/uploads\\\/2023\\\/07\\\/Ditlev-Blunck-Selvportraet-som-friskarer-1848.-Nivaagaards-Malerisamling_hjemmeside.jpg&quot;}\"><div style=\"background-image:inherit\" data-bg-image=\"url(https:\/\/nivaagaard.dk\/wp-content\/smush-webp\/2023\/07\/Ditlev-Blunck-Selvportraet-som-friskarer-1848.-Nivaagaards-Malerisamling_hjemmeside.jpg.webp)\" class=\"lazyload\" data-smush-webp-fallback=\"{&quot;data-bg-image&quot;:&quot;url(https:\\\/\\\/nivaagaard.dk\\\/wp-content\\\/uploads\\\/2023\\\/07\\\/Ditlev-Blunck-Selvportraet-som-friskarer-1848.-Nivaagaards-Malerisamling_hjemmeside.jpg)&quot;}\"><\/div><noscript><img loading=\"lazy\" decoding=\"async\" class=\"wpgb-noscript-img\" src=\"https:\/\/nivaagaard.dk\/wp-content\/uploads\/2023\/07\/Ditlev-Blunck-Selvportraet-som-friskarer-1848.-Nivaagaards-Malerisamling_hjemmeside.jpg\" alt=\"\" height=\"725\" width=\"560\"><\/noscript><\/a><\/div><div class=\"wpgb-card-media-content\" data-action><div class=\"wpgb-card-media-content-center\"><a class=\"wpgb-block-1 wpgb-idle-scheme-1\" href=\"https:\/\/nivaagaard.dk\/en\/the-collection\/blunck-ditlev-2\/\"><p>DITLEV BLUNCK<\/p>\n<hr \/>\n<p><em>Self-Portrait as Legionnaire,<\/em> 1848<\/p><\/a><\/div><a class=\"wpgb-card-layer-link\" href=\"https:\/\/nivaagaard.dk\/en\/the-collection\/blunck-ditlev-2\/\"><\/a><\/div><\/div><\/div><\/div><\/article><article class=\"wpgb-card wpgb-card-13 wpgb-post-38018\" data-col=\"1\" data-row=\"1\" data-format=\"standard\" data-fluid><div class=\"wpgb-card-wrapper\"><div class=\"wpgb-card-inner\"><div class=\"wpgb-card-media wpgb-scheme-light\"><svg data-ratio style=\"padding-top:73.21%\" viewBox=\"0 0 560 410\"><\/svg><div class=\"wpgb-card-media-thumbnail\"><a href=\"https:\/\/nivaagaard.dk\/wp-content\/smush-webp\/2023\/07\/Willem-Johan-Boogaard-Heste-i-en-stald-u.aa_.-0229NMK.jpg.webp\" tabindex=\"-1\" class=\"wpgb-handle-lb wpgb-lightbox\" data-type=\"image\" data-rel=\"4\" data-title=\"Willem Johan Boogaard, Heste i en stald, u.\u00e5. 0229NMK\" title=\"Enlarge photo\" data-smush-webp-fallback=\"{&quot;href&quot;:&quot;https:\\\/\\\/nivaagaard.dk\\\/wp-content\\\/uploads\\\/2023\\\/07\\\/Willem-Johan-Boogaard-Heste-i-en-stald-u.aa_.-0229NMK.jpg&quot;}\"><div style=\"background-image:inherit\" data-bg-image=\"url(https:\/\/nivaagaard.dk\/wp-content\/smush-webp\/2023\/07\/Willem-Johan-Boogaard-Heste-i-en-stald-u.aa_.-0229NMK.jpg.webp)\" class=\"lazyload\" data-smush-webp-fallback=\"{&quot;data-bg-image&quot;:&quot;url(https:\\\/\\\/nivaagaard.dk\\\/wp-content\\\/uploads\\\/2023\\\/07\\\/Willem-Johan-Boogaard-Heste-i-en-stald-u.aa_.-0229NMK.jpg)&quot;}\"><\/div><noscript><img loading=\"lazy\" decoding=\"async\" class=\"wpgb-noscript-img\" src=\"https:\/\/nivaagaard.dk\/wp-content\/uploads\/2023\/07\/Willem-Johan-Boogaard-Heste-i-en-stald-u.aa_.-0229NMK.jpg\" alt=\"\" height=\"410\" width=\"560\"><\/noscript><\/a><\/div><div class=\"wpgb-card-media-content\" data-action><div class=\"wpgb-card-media-content-center\"><a class=\"wpgb-block-1 wpgb-idle-scheme-1\" href=\"https:\/\/nivaagaard.dk\/en\/the-collection\/boogaard-willem-johan\/\"><p>WILLEM JOHAN BOOGAARD<\/p>\n<hr \/>\n<p><em>Horses in a stable<\/em>, u.\u00e5.<\/p><\/a><\/div><a class=\"wpgb-card-layer-link\" href=\"https:\/\/nivaagaard.dk\/en\/the-collection\/boogaard-willem-johan\/\"><\/a><\/div><\/div><\/div><\/div><\/article><article class=\"wpgb-card wpgb-card-13 wpgb-post-37979\" data-col=\"1\" data-row=\"1\" data-format=\"standard\" data-fluid><div class=\"wpgb-card-wrapper\"><div class=\"wpgb-card-inner\"><div class=\"wpgb-card-media wpgb-scheme-light\"><svg data-ratio style=\"padding-top:137.68%\" viewBox=\"0 0 560 771\"><\/svg><div class=\"wpgb-card-media-thumbnail\"><a href=\"https:\/\/nivaagaard.dk\/wp-content\/smush-webp\/2023\/07\/Ludvig-Brandstrup-Godsejer-Johannes-Hage-1842-1823-1918.jpg.webp\" tabindex=\"-1\" class=\"wpgb-handle-lb wpgb-lightbox\" data-type=\"image\" data-rel=\"4\" data-title=\"Malerier, Kunst, Nivaagaard\" data-desc=\"Ludvig Brandstrup, Godsejer Johannes Hage (1842-1823), 1918\" title=\"Enlarge photo\" data-smush-webp-fallback=\"{&quot;href&quot;:&quot;https:\\\/\\\/nivaagaard.dk\\\/wp-content\\\/uploads\\\/2023\\\/07\\\/Ludvig-Brandstrup-Godsejer-Johannes-Hage-1842-1823-1918.jpg&quot;}\"><div style=\"background-image:inherit\" data-bg-image=\"url(https:\/\/nivaagaard.dk\/wp-content\/smush-webp\/2023\/07\/Ludvig-Brandstrup-Godsejer-Johannes-Hage-1842-1823-1918.jpg.webp)\" class=\"lazyload\" data-smush-webp-fallback=\"{&quot;data-bg-image&quot;:&quot;url(https:\\\/\\\/nivaagaard.dk\\\/wp-content\\\/uploads\\\/2023\\\/07\\\/Ludvig-Brandstrup-Godsejer-Johannes-Hage-1842-1823-1918.jpg)&quot;}\"><\/div><noscript><img loading=\"lazy\" decoding=\"async\" class=\"wpgb-noscript-img\" src=\"https:\/\/nivaagaard.dk\/wp-content\/uploads\/2023\/07\/Ludvig-Brandstrup-Godsejer-Johannes-Hage-1842-1823-1918.jpg\" alt=\"\" height=\"771\" width=\"560\"><\/noscript><\/a><\/div><div class=\"wpgb-card-media-content\" data-action><div class=\"wpgb-card-media-content-center\"><a class=\"wpgb-block-1 wpgb-idle-scheme-1\" href=\"https:\/\/nivaagaard.dk\/en\/the-collection\/brandstrup-ludvig\/\"><p>LUDVIG BRANDSTRUP<\/p>\n<hr \/>\n<p><em>Johannes Hage (1842-1923<\/em>), 1918<\/p><\/a><\/div><a class=\"wpgb-card-layer-link\" href=\"https:\/\/nivaagaard.dk\/en\/the-collection\/brandstrup-ludvig\/\"><\/a><\/div><\/div><\/div><\/div><\/article><article class=\"wpgb-card wpgb-card-13 wpgb-post-136033\" data-col=\"1\" data-row=\"1\" data-format=\"standard\" data-fluid><div class=\"wpgb-card-wrapper\"><div class=\"wpgb-card-inner\"><div class=\"wpgb-card-media wpgb-scheme-light\"><svg data-ratio style=\"padding-top:120.96%\" viewBox=\"0 0 768 929\"><\/svg><div class=\"wpgb-card-media-thumbnail\"><a href=\"https:\/\/nivaagaard.dk\/wp-content\/smush-webp\/2025\/12\/C.A.-Jensen-Portraet-af-Rudolf-Puggaard-1838.jpg.webp\" tabindex=\"-1\" class=\"wpgb-handle-lb wpgb-lightbox\" data-type=\"image\" data-rel=\"4\" data-title=\"CA Jensen, Portr\u00e6t af Rudolf Puggaard, 1838\" data-desc=\"CA Jensen, Portr\u00e6t af Rudolf Puggaard, 1838\" title=\"Enlarge photo\" data-smush-webp-fallback=\"{&quot;href&quot;:&quot;https:\\\/\\\/nivaagaard.dk\\\/wp-content\\\/uploads\\\/2025\\\/12\\\/C.A.-Jensen-Portraet-af-Rudolf-Puggaard-1838.jpg&quot;}\"><div style=\"background-image:inherit\" data-bg-image=\"url(https:\/\/nivaagaard.dk\/wp-content\/smush-webp\/2025\/12\/C.A.-Jensen-Portraet-af-Rudolf-Puggaard-1838-768x929.jpg.webp)\" class=\"lazyload\" data-smush-webp-fallback=\"{&quot;data-bg-image&quot;:&quot;url(https:\\\/\\\/nivaagaard.dk\\\/wp-content\\\/uploads\\\/2025\\\/12\\\/C.A.-Jensen-Portraet-af-Rudolf-Puggaard-1838-768x929.jpg)&quot;}\"><\/div><noscript><img loading=\"lazy\" decoding=\"async\" class=\"wpgb-noscript-img\" src=\"https:\/\/nivaagaard.dk\/wp-content\/uploads\/2025\/12\/C.A.-Jensen-Portraet-af-Rudolf-Puggaard-1838-768x929.jpg\" alt=\"\" height=\"929\" width=\"768\"><\/noscript><\/a><\/div><div class=\"wpgb-card-media-content\" data-action><div class=\"wpgb-card-media-content-center\"><a class=\"wpgb-block-1 wpgb-idle-scheme-1\" href=\"https:\/\/nivaagaard.dk\/en\/the-collection\/c-a-jensen\/\"><p>C.A. JENSEN<\/p>\n<hr \/>\n<p><em>Portrait of Rudolf Puggaard<\/em>, 1838<\/p><\/a><\/div><a class=\"wpgb-card-layer-link\" href=\"https:\/\/nivaagaard.dk\/en\/the-collection\/c-a-jensen\/\"><\/a><\/div><\/div><\/div><\/div><\/article><article class=\"wpgb-card wpgb-card-13 wpgb-post-136400\" data-col=\"1\" data-row=\"1\" data-format=\"standard\" data-fluid><div class=\"wpgb-card-wrapper\"><div class=\"wpgb-card-inner\"><div class=\"wpgb-card-media wpgb-scheme-light\"><svg data-ratio style=\"padding-top:126.56%\" viewBox=\"0 0 768 972\"><\/svg><div class=\"wpgb-card-media-thumbnail\"><a href=\"https:\/\/nivaagaard.dk\/wp-content\/smush-webp\/2025\/12\/0269NMK-scaled.jpeg.webp\" tabindex=\"-1\" class=\"wpgb-handle-lb wpgb-lightbox\" data-type=\"image\" data-rel=\"4\" data-title=\"C.A. Jensen, Portr\u00e6t af Christopher Friedenreich Hage, 1834\" data-desc=\"C.A. Jensen, Portr\u00e6t af Christopher Friedenreich Hage, 1834\" title=\"Enlarge photo\" data-smush-webp-fallback=\"{&quot;href&quot;:&quot;https:\\\/\\\/nivaagaard.dk\\\/wp-content\\\/uploads\\\/2025\\\/12\\\/0269NMK-scaled.jpeg&quot;}\"><div style=\"background-image:inherit\" data-bg-image=\"url(https:\/\/nivaagaard.dk\/wp-content\/smush-webp\/2025\/12\/0269NMK-768x972.jpeg.webp)\" class=\"lazyload\" data-smush-webp-fallback=\"{&quot;data-bg-image&quot;:&quot;url(https:\\\/\\\/nivaagaard.dk\\\/wp-content\\\/uploads\\\/2025\\\/12\\\/0269NMK-768x972.jpeg)&quot;}\"><\/div><noscript><img loading=\"lazy\" decoding=\"async\" class=\"wpgb-noscript-img\" src=\"https:\/\/nivaagaard.dk\/wp-content\/uploads\/2025\/12\/0269NMK-768x972.jpeg\" alt=\"\" height=\"972\" width=\"768\"><\/noscript><\/a><\/div><div class=\"wpgb-card-media-content\" data-action><div class=\"wpgb-card-media-content-center\"><a class=\"wpgb-block-1 wpgb-idle-scheme-1\" href=\"https:\/\/nivaagaard.dk\/en\/the-collection\/c-a-jensen-2\/\"><p>C.A. JENSEN<\/p>\n<hr \/>\n<p><em>Portrait of Christopher Friedenreich Hage (1759-1849)<\/em>, 1834<\/p><\/a><\/div><a class=\"wpgb-card-layer-link\" href=\"https:\/\/nivaagaard.dk\/en\/the-collection\/c-a-jensen-2\/\"><\/a><\/div><\/div><\/div><\/div><\/article><article class=\"wpgb-card wpgb-card-13 wpgb-post-136007\" data-col=\"1\" data-row=\"1\" data-format=\"standard\" data-fluid><div class=\"wpgb-card-wrapper\"><div class=\"wpgb-card-inner\"><div class=\"wpgb-card-media wpgb-scheme-light\"><svg data-ratio style=\"padding-top:116.54%\" viewBox=\"0 0 768 895\"><\/svg><div class=\"wpgb-card-media-thumbnail\"><a href=\"https:\/\/nivaagaard.dk\/wp-content\/smush-webp\/2025\/12\/Eckersberg-C.W.-Amor-og-Psyche-ca.-1809.-0254NMK-scaled.jpg.webp\" tabindex=\"-1\" class=\"wpgb-handle-lb wpgb-lightbox\" data-type=\"image\" data-rel=\"4\" data-title=\"C.W. Eckersberg,  Amor og Psyche, ca. 1809\" data-desc=\"C.W. Eckersberg,  Amor og Psyche, ca. 1809\" title=\"Enlarge photo\" data-smush-webp-fallback=\"{&quot;href&quot;:&quot;https:\\\/\\\/nivaagaard.dk\\\/wp-content\\\/uploads\\\/2025\\\/12\\\/Eckersberg-C.W.-Amor-og-Psyche-ca.-1809.-0254NMK-scaled.jpg&quot;}\"><div style=\"background-image:inherit\" data-bg-image=\"url(https:\/\/nivaagaard.dk\/wp-content\/smush-webp\/2025\/12\/Eckersberg-C.W.-Amor-og-Psyche-ca.-1809.-0254NMK-768x895.jpg.webp)\" class=\"lazyload\" data-smush-webp-fallback=\"{&quot;data-bg-image&quot;:&quot;url(https:\\\/\\\/nivaagaard.dk\\\/wp-content\\\/uploads\\\/2025\\\/12\\\/Eckersberg-C.W.-Amor-og-Psyche-ca.-1809.-0254NMK-768x895.jpg)&quot;}\"><\/div><noscript><img loading=\"lazy\" decoding=\"async\" class=\"wpgb-noscript-img\" src=\"https:\/\/nivaagaard.dk\/wp-content\/uploads\/2025\/12\/Eckersberg-C.W.-Amor-og-Psyche-ca.-1809.-0254NMK-768x895.jpg\" alt=\"\" height=\"895\" width=\"768\"><\/noscript><\/a><\/div><div class=\"wpgb-card-media-content\" data-action><div class=\"wpgb-card-media-content-center\"><a class=\"wpgb-block-1 wpgb-idle-scheme-1\" href=\"https:\/\/nivaagaard.dk\/en\/the-collection\/c-w-eckersberg\/\"><p>C.W. ECKERSBERG<\/p>\n<hr \/>\n<p><em>Amor and<\/em> Psyche, c. 1809<\/p><\/a><\/div><a class=\"wpgb-card-layer-link\" href=\"https:\/\/nivaagaard.dk\/en\/the-collection\/c-w-eckersberg\/\"><\/a><\/div><\/div><\/div><\/div><\/article><article class=\"wpgb-card wpgb-card-13 wpgb-post-136026\" data-col=\"1\" data-row=\"1\" data-format=\"standard\" data-fluid><div class=\"wpgb-card-wrapper\"><div class=\"wpgb-card-inner\"><div class=\"wpgb-card-media wpgb-scheme-light\"><svg data-ratio style=\"padding-top:156.25%\" viewBox=\"0 0 768 1200\"><\/svg><div class=\"wpgb-card-media-thumbnail\"><a href=\"https:\/\/nivaagaard.dk\/wp-content\/smush-webp\/2025\/12\/Carl-Bloch-Portraet-af-Margrethe-Lehmann-u.aa_.jpg.webp\" tabindex=\"-1\" class=\"wpgb-handle-lb wpgb-lightbox\" data-type=\"image\" data-rel=\"4\" data-title=\"Carl Bloch, Portr\u00e6t af Margrethe Lehmann, u.\u00e5.\" data-desc=\"Carl Bloch, Portr\u00e6t af Margrethe Lehmann, u.\u00e5.\" title=\"Enlarge photo\" data-smush-webp-fallback=\"{&quot;href&quot;:&quot;https:\\\/\\\/nivaagaard.dk\\\/wp-content\\\/uploads\\\/2025\\\/12\\\/Carl-Bloch-Portraet-af-Margrethe-Lehmann-u.aa_.jpg&quot;}\"><div style=\"background-image:inherit\" data-bg-image=\"url(https:\/\/nivaagaard.dk\/wp-content\/smush-webp\/2025\/12\/Carl-Bloch-Portraet-af-Margrethe-Lehmann-u.aa_-768x1200.jpg.webp)\" class=\"lazyload\" data-smush-webp-fallback=\"{&quot;data-bg-image&quot;:&quot;url(https:\\\/\\\/nivaagaard.dk\\\/wp-content\\\/uploads\\\/2025\\\/12\\\/Carl-Bloch-Portraet-af-Margrethe-Lehmann-u.aa_-768x1200.jpg)&quot;}\"><\/div><noscript><img loading=\"lazy\" decoding=\"async\" class=\"wpgb-noscript-img\" src=\"https:\/\/nivaagaard.dk\/wp-content\/uploads\/2025\/12\/Carl-Bloch-Portraet-af-Margrethe-Lehmann-u.aa_-768x1200.jpg\" alt=\"\" height=\"1200\" width=\"768\"><\/noscript><\/a><\/div><div class=\"wpgb-card-media-content\" data-action><div class=\"wpgb-card-media-content-center\"><a class=\"wpgb-block-1 wpgb-idle-scheme-1\" href=\"https:\/\/nivaagaard.dk\/en\/the-collection\/carl-bloch\/\"><p>CARL BLOCH<\/p>\n<hr \/>\n<p><em>Portrait of Margrethe Lehmann<\/em>, n.d.<\/p><\/a><\/div><a class=\"wpgb-card-layer-link\" href=\"https:\/\/nivaagaard.dk\/en\/the-collection\/carl-bloch\/\"><\/a><\/div><\/div><\/div><\/div><\/article><article class=\"wpgb-card wpgb-card-13 wpgb-post-38039\" data-col=\"1\" data-row=\"1\" data-format=\"standard\" data-fluid><div class=\"wpgb-card-wrapper\"><div class=\"wpgb-card-inner\"><div class=\"wpgb-card-media wpgb-scheme-light\"><svg data-ratio style=\"padding-top:120.89%\" viewBox=\"0 0 560 677\"><\/svg><div class=\"wpgb-card-media-thumbnail\"><a href=\"https:\/\/nivaagaard.dk\/wp-content\/smush-webp\/2023\/07\/Christen-Koebke-Portraet-af-Margrethe-Hahn-g.-Stougaard-1810\u20131882-1829.jpg.webp\" tabindex=\"-1\" class=\"wpgb-handle-lb wpgb-lightbox\" data-type=\"image\" data-rel=\"4\" data-title=\"Christen K\u00f8bke, Portr\u00e6t af Margrethe Hahn, g. Stougaard (1810\u20131882), 1829\" title=\"Enlarge photo\" data-smush-webp-fallback=\"{&quot;href&quot;:&quot;https:\\\/\\\/nivaagaard.dk\\\/wp-content\\\/uploads\\\/2023\\\/07\\\/Christen-Koebke-Portraet-af-Margrethe-Hahn-g.-Stougaard-1810\\u20131882-1829.jpg&quot;}\"><div style=\"background-image:inherit\" data-bg-image=\"url(https:\/\/nivaagaard.dk\/wp-content\/smush-webp\/2023\/07\/Christen-Koebke-Portraet-af-Margrethe-Hahn-g.-Stougaard-1810\u20131882-1829.jpg.webp)\" class=\"lazyload\" data-smush-webp-fallback=\"{&quot;data-bg-image&quot;:&quot;url(https:\\\/\\\/nivaagaard.dk\\\/wp-content\\\/uploads\\\/2023\\\/07\\\/Christen-Koebke-Portraet-af-Margrethe-Hahn-g.-Stougaard-1810\\u20131882-1829.jpg)&quot;}\"><\/div><noscript><img loading=\"lazy\" decoding=\"async\" class=\"wpgb-noscript-img\" src=\"https:\/\/nivaagaard.dk\/wp-content\/uploads\/2023\/07\/Christen-Koebke-Portraet-af-Margrethe-Hahn-g.-Stougaard-1810\u20131882-1829.jpg\" alt=\"\" height=\"677\" width=\"560\"><\/noscript><\/a><\/div><div class=\"wpgb-card-media-content\" data-action><div class=\"wpgb-card-media-content-center\"><a class=\"wpgb-block-1 wpgb-idle-scheme-1\" href=\"https:\/\/nivaagaard.dk\/en\/the-collection\/christen-koebke-portrait-of-margrethe-hahn-married-stougaard\/\"><p>CHRISTEN K\u00d8BKE<\/p>\n<hr \/>\n<p><em>Portrait of Margrethe Hahn married Stougaard (1810\u20131882)<\/em>, 1829<\/p><\/a><\/div><a class=\"wpgb-card-layer-link\" href=\"https:\/\/nivaagaard.dk\/en\/the-collection\/christen-koebke-portrait-of-margrethe-hahn-married-stougaard\/\"><\/a><\/div><\/div><\/div><\/div><\/article><article class=\"wpgb-card wpgb-card-13 wpgb-post-37976\" data-col=\"1\" data-row=\"1\" data-format=\"standard\" data-fluid><div class=\"wpgb-card-wrapper\"><div class=\"wpgb-card-inner\"><div class=\"wpgb-card-media wpgb-scheme-light\"><svg data-ratio style=\"padding-top:64.58%\" viewBox=\"0 0 768 496\"><\/svg><div class=\"wpgb-card-media-thumbnail\"><a href=\"https:\/\/nivaagaard.dk\/wp-content\/smush-webp\/2016\/07\/0074NMK-scaled.jpeg.webp\" tabindex=\"-1\" class=\"wpgb-handle-lb wpgb-lightbox\" data-type=\"image\" data-rel=\"4\" data-title=\"Foto: Torben Christensen \/ torbenfoto@gmail.com\" data-desc=\"Foto: Torben Christensen \/ torbenfoto@gmail.com\" title=\"Enlarge photo\" data-smush-webp-fallback=\"{&quot;href&quot;:&quot;https:\\\/\\\/nivaagaard.dk\\\/wp-content\\\/uploads\\\/2016\\\/07\\\/0074NMK-scaled.jpeg&quot;}\"><div style=\"background-image:inherit\" data-bg-image=\"url(https:\/\/nivaagaard.dk\/wp-content\/smush-webp\/2016\/07\/0074NMK-768x496.jpeg.webp)\" class=\"lazyload\" data-smush-webp-fallback=\"{&quot;data-bg-image&quot;:&quot;url(https:\\\/\\\/nivaagaard.dk\\\/wp-content\\\/uploads\\\/2016\\\/07\\\/0074NMK-768x496.jpeg)&quot;}\"><\/div><noscript><img loading=\"lazy\" decoding=\"async\" class=\"wpgb-noscript-img\" src=\"https:\/\/nivaagaard.dk\/wp-content\/uploads\/2016\/07\/0074NMK-768x496.jpeg\" alt=\"\" height=\"496\" width=\"768\"><\/noscript><\/a><\/div><div class=\"wpgb-card-media-content\" data-action><div class=\"wpgb-card-media-content-center\"><a class=\"wpgb-block-1 wpgb-idle-scheme-1\" href=\"https:\/\/nivaagaard.dk\/en\/the-collection\/cour-janus-la\/\"><p>JANUS LA COUR<\/p>\n<hr \/>\n<p><em>The Castle of Chillon on Lake Geneva<\/em>, 1876<\/p><\/a><\/div><a class=\"wpgb-card-layer-link\" href=\"https:\/\/nivaagaard.dk\/en\/the-collection\/cour-janus-la\/\"><\/a><\/div><\/div><\/div><\/div><\/article><article class=\"wpgb-card wpgb-card-13 wpgb-post-37972\" data-col=\"1\" data-row=\"1\" data-format=\"standard\" data-fluid><div class=\"wpgb-card-wrapper\"><div class=\"wpgb-card-inner\"><div class=\"wpgb-card-media wpgb-scheme-light\"><svg data-ratio style=\"padding-top:69.64%\" viewBox=\"0 0 560 390\"><\/svg><div class=\"wpgb-card-media-thumbnail\"><a href=\"https:\/\/nivaagaard.dk\/wp-content\/smush-webp\/2023\/07\/J.C.-Dahl-Frederiksborg-Slot-i-maaneskin-1817.jpg.webp\" tabindex=\"-1\" class=\"wpgb-handle-lb wpgb-lightbox\" data-type=\"image\" data-rel=\"4\" data-title=\"neek_fig_05 001\" data-desc=\"neek_fig_05 001\" title=\"Enlarge photo\" data-smush-webp-fallback=\"{&quot;href&quot;:&quot;https:\\\/\\\/nivaagaard.dk\\\/wp-content\\\/uploads\\\/2023\\\/07\\\/J.C.-Dahl-Frederiksborg-Slot-i-maaneskin-1817.jpg&quot;}\"><div style=\"background-image:inherit\" data-bg-image=\"url(https:\/\/nivaagaard.dk\/wp-content\/smush-webp\/2023\/07\/J.C.-Dahl-Frederiksborg-Slot-i-maaneskin-1817.jpg.webp)\" class=\"lazyload\" data-smush-webp-fallback=\"{&quot;data-bg-image&quot;:&quot;url(https:\\\/\\\/nivaagaard.dk\\\/wp-content\\\/uploads\\\/2023\\\/07\\\/J.C.-Dahl-Frederiksborg-Slot-i-maaneskin-1817.jpg)&quot;}\"><\/div><noscript><img loading=\"lazy\" decoding=\"async\" class=\"wpgb-noscript-img\" src=\"https:\/\/nivaagaard.dk\/wp-content\/uploads\/2023\/07\/J.C.-Dahl-Frederiksborg-Slot-i-maaneskin-1817.jpg\" alt=\"\" height=\"390\" width=\"560\"><\/noscript><\/a><\/div><div class=\"wpgb-card-media-content\" data-action><div class=\"wpgb-card-media-content-center\"><a class=\"wpgb-block-1 wpgb-idle-scheme-1\" href=\"https:\/\/nivaagaard.dk\/en\/the-collection\/dahl-j-c\/\"><p>J. C. DAHL<\/p>\n<hr \/>\n<p><em>Frederiksborg Castle by moonlight<\/em>, 1817<\/p><\/a><\/div><a class=\"wpgb-card-layer-link\" href=\"https:\/\/nivaagaard.dk\/en\/the-collection\/dahl-j-c\/\"><\/a><\/div><\/div><\/div><\/div><\/article><article class=\"wpgb-card wpgb-card-13 wpgb-post-38009\" data-col=\"1\" data-row=\"1\" data-format=\"standard\" data-fluid><div class=\"wpgb-card-wrapper\"><div class=\"wpgb-card-inner\"><div class=\"wpgb-card-media wpgb-scheme-light\"><svg data-ratio style=\"padding-top:70%\" viewBox=\"0 0 560 392\"><\/svg><div class=\"wpgb-card-media-thumbnail\"><a href=\"https:\/\/nivaagaard.dk\/wp-content\/smush-webp\/2023\/07\/J.C.-Dahl-Skovridergaarden-Skovlyst-ved-Hilleroed-1812-1813.jpg.webp\" tabindex=\"-1\" class=\"wpgb-handle-lb wpgb-lightbox\" data-type=\"image\" data-rel=\"4\" data-title=\"J.C. Dahl, Skovriderg\u00e5rden \u201cSkovlyst\u201d ved Hiller\u00f8d, 1812-1813\" data-desc=\"J.C. Dahl, Skovriderg\u00e5rden \u201cSkovlyst\u201d ved Hiller\u00f8d, 1812-1813\" title=\"Enlarge photo\" data-smush-webp-fallback=\"{&quot;href&quot;:&quot;https:\\\/\\\/nivaagaard.dk\\\/wp-content\\\/uploads\\\/2023\\\/07\\\/J.C.-Dahl-Skovridergaarden-Skovlyst-ved-Hilleroed-1812-1813.jpg&quot;}\"><div style=\"background-image:inherit\" data-bg-image=\"url(https:\/\/nivaagaard.dk\/wp-content\/smush-webp\/2023\/07\/J.C.-Dahl-Skovridergaarden-Skovlyst-ved-Hilleroed-1812-1813.jpg.webp)\" class=\"lazyload\" data-smush-webp-fallback=\"{&quot;data-bg-image&quot;:&quot;url(https:\\\/\\\/nivaagaard.dk\\\/wp-content\\\/uploads\\\/2023\\\/07\\\/J.C.-Dahl-Skovridergaarden-Skovlyst-ved-Hilleroed-1812-1813.jpg)&quot;}\"><\/div><noscript><img loading=\"lazy\" decoding=\"async\" class=\"wpgb-noscript-img\" src=\"https:\/\/nivaagaard.dk\/wp-content\/uploads\/2023\/07\/J.C.-Dahl-Skovridergaarden-Skovlyst-ved-Hilleroed-1812-1813.jpg\" alt=\"\" height=\"392\" width=\"560\"><\/noscript><\/a><\/div><div class=\"wpgb-card-media-content\" data-action><div class=\"wpgb-card-media-content-center\"><a class=\"wpgb-block-1 wpgb-idle-scheme-1\" href=\"https:\/\/nivaagaard.dk\/en\/the-collection\/dahl-j-c-2\/\"><p>J.C. DAHL<\/p>\n<hr \/>\n<p><em>\u201cSkovlyst\u201d. A forester&#8217;s house, Hiller\u00f8d<\/em>, 1812-1813<\/p><\/a><\/div><a class=\"wpgb-card-layer-link\" href=\"https:\/\/nivaagaard.dk\/en\/the-collection\/dahl-j-c-2\/\"><\/a><\/div><\/div><\/div><\/div><\/article><article class=\"wpgb-card wpgb-card-13 wpgb-post-37960\" data-col=\"1\" data-row=\"1\" data-format=\"standard\" data-fluid><div class=\"wpgb-card-wrapper\"><div class=\"wpgb-card-inner\"><div class=\"wpgb-card-media wpgb-scheme-light\"><svg data-ratio style=\"padding-top:80.71%\" viewBox=\"0 0 560 452\"><\/svg><div class=\"wpgb-card-media-thumbnail\"><a href=\"https:\/\/nivaagaard.dk\/wp-content\/smush-webp\/2023\/07\/C.W.-Eckersberg-Vesta-templet-i-Rom-1814-1816-1.jpg.webp\" tabindex=\"-1\" class=\"wpgb-handle-lb wpgb-lightbox\" data-type=\"image\" data-rel=\"4\" data-title=\"C.W. Eckersberg, Vesta-templet i Rom, 1814-1816\" data-desc=\"SOTHEBY&#8217;S LONDON &#8211; JUNE 13, 2006\" title=\"Enlarge photo\" data-smush-webp-fallback=\"{&quot;href&quot;:&quot;https:\\\/\\\/nivaagaard.dk\\\/wp-content\\\/uploads\\\/2023\\\/07\\\/C.W.-Eckersberg-Vesta-templet-i-Rom-1814-1816-1.jpg&quot;}\"><div style=\"background-image:inherit\" data-bg-image=\"url(https:\/\/nivaagaard.dk\/wp-content\/smush-webp\/2023\/07\/C.W.-Eckersberg-Vesta-templet-i-Rom-1814-1816-1.jpg.webp)\" class=\"lazyload\" data-smush-webp-fallback=\"{&quot;data-bg-image&quot;:&quot;url(https:\\\/\\\/nivaagaard.dk\\\/wp-content\\\/uploads\\\/2023\\\/07\\\/C.W.-Eckersberg-Vesta-templet-i-Rom-1814-1816-1.jpg)&quot;}\"><\/div><noscript><img loading=\"lazy\" decoding=\"async\" class=\"wpgb-noscript-img\" src=\"https:\/\/nivaagaard.dk\/wp-content\/uploads\/2023\/07\/C.W.-Eckersberg-Vesta-templet-i-Rom-1814-1816-1.jpg\" alt=\"\" height=\"452\" width=\"560\"><\/noscript><\/a><\/div><div class=\"wpgb-card-media-content\" data-action><div class=\"wpgb-card-media-content-center\"><a class=\"wpgb-block-1 wpgb-idle-scheme-1\" href=\"https:\/\/nivaagaard.dk\/en\/the-collection\/eckersberg-c-w\/\"><p>C. W. ECKERSBERG<\/p>\n<hr \/>\n<p><em>Vesta Temple in Rome,<\/em> 1814-1816<\/p><\/a><\/div><a class=\"wpgb-card-layer-link\" href=\"https:\/\/nivaagaard.dk\/en\/the-collection\/eckersberg-c-w\/\"><\/a><\/div><\/div><\/div><\/div><\/article><article class=\"wpgb-card wpgb-card-13 wpgb-post-37961\" data-col=\"1\" data-row=\"1\" data-format=\"standard\" data-fluid><div class=\"wpgb-card-wrapper\"><div class=\"wpgb-card-inner\"><div class=\"wpgb-card-media wpgb-scheme-light\"><svg data-ratio style=\"padding-top:68.75%\" viewBox=\"0 0 560 385\"><\/svg><div class=\"wpgb-card-media-thumbnail\"><a href=\"https:\/\/nivaagaard.dk\/wp-content\/smush-webp\/2023\/07\/C.W.-Eckersberg-Soestykke-med-oeen-Hjelm-og-den-jyske-kyst-1827-1845.jpg.webp\" tabindex=\"-1\" class=\"wpgb-handle-lb wpgb-lightbox\" data-type=\"image\" data-rel=\"4\" data-title=\"C.W. Eckersberg, S\u00f8stykke med \u00f8en Hjelm og den jyske kyst, 1827-1845\" title=\"Enlarge photo\" data-smush-webp-fallback=\"{&quot;href&quot;:&quot;https:\\\/\\\/nivaagaard.dk\\\/wp-content\\\/uploads\\\/2023\\\/07\\\/C.W.-Eckersberg-Soestykke-med-oeen-Hjelm-og-den-jyske-kyst-1827-1845.jpg&quot;}\"><div style=\"background-image:inherit\" data-bg-image=\"url(https:\/\/nivaagaard.dk\/wp-content\/smush-webp\/2023\/07\/C.W.-Eckersberg-Soestykke-med-oeen-Hjelm-og-den-jyske-kyst-1827-1845.jpg.webp)\" class=\"lazyload\" data-smush-webp-fallback=\"{&quot;data-bg-image&quot;:&quot;url(https:\\\/\\\/nivaagaard.dk\\\/wp-content\\\/uploads\\\/2023\\\/07\\\/C.W.-Eckersberg-Soestykke-med-oeen-Hjelm-og-den-jyske-kyst-1827-1845.jpg)&quot;}\"><\/div><noscript><img loading=\"lazy\" decoding=\"async\" class=\"wpgb-noscript-img\" src=\"https:\/\/nivaagaard.dk\/wp-content\/uploads\/2023\/07\/C.W.-Eckersberg-Soestykke-med-oeen-Hjelm-og-den-jyske-kyst-1827-1845.jpg\" alt=\"\" height=\"385\" width=\"560\"><\/noscript><\/a><\/div><div class=\"wpgb-card-media-content\" data-action><div class=\"wpgb-card-media-content-center\"><a class=\"wpgb-block-1 wpgb-idle-scheme-1\" href=\"https:\/\/nivaagaard.dk\/en\/the-collection\/eckersberg-c-w-2\/\"><p>C. W. ECKERSBERG<\/p>\n<hr \/>\n<p><em>Seascape with the island of Hjelm and the coast of Jutland<\/em>, 1827-45<\/p><\/a><\/div><a class=\"wpgb-card-layer-link\" href=\"https:\/\/nivaagaard.dk\/en\/the-collection\/eckersberg-c-w-2\/\"><\/a><\/div><\/div><\/div><\/div><\/article><article class=\"wpgb-card wpgb-card-13 wpgb-post-37962\" data-col=\"1\" data-row=\"1\" data-format=\"standard\" data-fluid><div class=\"wpgb-card-wrapper\"><div class=\"wpgb-card-inner\"><div class=\"wpgb-card-media wpgb-scheme-light\"><svg data-ratio style=\"padding-top:68.39%\" viewBox=\"0 0 560 383\"><\/svg><div class=\"wpgb-card-media-thumbnail\"><a href=\"https:\/\/nivaagaard.dk\/wp-content\/smush-webp\/2023\/07\/C.W.-Eckersberg-Regnbue-paa-soeen-en-krydsende-jagt-med-nogle-andre-skibe-1836.jpg.webp\" tabindex=\"-1\" class=\"wpgb-handle-lb wpgb-lightbox\" data-type=\"image\" data-rel=\"4\" data-title=\"C.W. Eckersberg, Regnbue p\u00e5 s\u00f8en, en krydsende jagt med nogle andre skibe, 1836\" title=\"Enlarge photo\" data-smush-webp-fallback=\"{&quot;href&quot;:&quot;https:\\\/\\\/nivaagaard.dk\\\/wp-content\\\/uploads\\\/2023\\\/07\\\/C.W.-Eckersberg-Regnbue-paa-soeen-en-krydsende-jagt-med-nogle-andre-skibe-1836.jpg&quot;}\"><div style=\"background-image:inherit\" data-bg-image=\"url(https:\/\/nivaagaard.dk\/wp-content\/smush-webp\/2023\/07\/C.W.-Eckersberg-Regnbue-paa-soeen-en-krydsende-jagt-med-nogle-andre-skibe-1836.jpg.webp)\" class=\"lazyload\" data-smush-webp-fallback=\"{&quot;data-bg-image&quot;:&quot;url(https:\\\/\\\/nivaagaard.dk\\\/wp-content\\\/uploads\\\/2023\\\/07\\\/C.W.-Eckersberg-Regnbue-paa-soeen-en-krydsende-jagt-med-nogle-andre-skibe-1836.jpg)&quot;}\"><\/div><noscript><img loading=\"lazy\" decoding=\"async\" class=\"wpgb-noscript-img\" src=\"https:\/\/nivaagaard.dk\/wp-content\/uploads\/2023\/07\/C.W.-Eckersberg-Regnbue-paa-soeen-en-krydsende-jagt-med-nogle-andre-skibe-1836.jpg\" alt=\"\" height=\"383\" width=\"560\"><\/noscript><\/a><\/div><div class=\"wpgb-card-media-content\" data-action><div class=\"wpgb-card-media-content-center\"><a class=\"wpgb-block-1 wpgb-idle-scheme-1\" href=\"https:\/\/nivaagaard.dk\/en\/the-collection\/eckersberg-c-w-3\/\"><p>C. W. ECKERSBERG<\/p>\n<hr \/>\n<p><em>Rainbow at Sea and a Crossing Hunt with other Ships,<\/em> 1836<\/p><\/a><\/div><a class=\"wpgb-card-layer-link\" href=\"https:\/\/nivaagaard.dk\/en\/the-collection\/eckersberg-c-w-3\/\"><\/a><\/div><\/div><\/div><\/div><\/article><article class=\"wpgb-card wpgb-card-13 wpgb-post-37963\" data-col=\"1\" data-row=\"1\" data-format=\"standard\" data-fluid><div class=\"wpgb-card-wrapper\"><div class=\"wpgb-card-inner\"><div class=\"wpgb-card-media wpgb-scheme-light\"><svg data-ratio style=\"padding-top:73.39%\" viewBox=\"0 0 560 411\"><\/svg><div class=\"wpgb-card-media-thumbnail\"><a href=\"https:\/\/nivaagaard.dk\/wp-content\/smush-webp\/2023\/07\/C.W.-Eckersberg-Maaneskinsbillede-1821.jpg.webp\" tabindex=\"-1\" class=\"wpgb-handle-lb wpgb-lightbox\" data-type=\"image\" data-rel=\"4\" data-title=\"C.W. Eckersberg, M\u00e5neskinsbillede, 1821\" title=\"Enlarge photo\" data-smush-webp-fallback=\"{&quot;href&quot;:&quot;https:\\\/\\\/nivaagaard.dk\\\/wp-content\\\/uploads\\\/2023\\\/07\\\/C.W.-Eckersberg-Maaneskinsbillede-1821.jpg&quot;}\"><div style=\"background-image:inherit\" data-bg-image=\"url(https:\/\/nivaagaard.dk\/wp-content\/smush-webp\/2023\/07\/C.W.-Eckersberg-Maaneskinsbillede-1821.jpg.webp)\" class=\"lazyload\" data-smush-webp-fallback=\"{&quot;data-bg-image&quot;:&quot;url(https:\\\/\\\/nivaagaard.dk\\\/wp-content\\\/uploads\\\/2023\\\/07\\\/C.W.-Eckersberg-Maaneskinsbillede-1821.jpg)&quot;}\"><\/div><noscript><img loading=\"lazy\" decoding=\"async\" class=\"wpgb-noscript-img\" src=\"https:\/\/nivaagaard.dk\/wp-content\/uploads\/2023\/07\/C.W.-Eckersberg-Maaneskinsbillede-1821.jpg\" alt=\"\" height=\"411\" width=\"560\"><\/noscript><\/a><\/div><div class=\"wpgb-card-media-content\" data-action><div class=\"wpgb-card-media-content-center\"><a class=\"wpgb-block-1 wpgb-idle-scheme-1\" href=\"https:\/\/nivaagaard.dk\/en\/the-collection\/eckersberg-c-w-4\/\"><p>C. W. ECKERSBERG<\/p>\n<hr \/>\n<p><em>Moonlight Picture,<\/em> 1821<\/p><\/a><\/div><a class=\"wpgb-card-layer-link\" href=\"https:\/\/nivaagaard.dk\/en\/the-collection\/eckersberg-c-w-4\/\"><\/a><\/div><\/div><\/div><\/div><\/article><article class=\"wpgb-card wpgb-card-13 wpgb-post-37964\" data-col=\"1\" data-row=\"1\" data-format=\"standard\" data-fluid><div class=\"wpgb-card-wrapper\"><div class=\"wpgb-card-inner\"><div class=\"wpgb-card-media wpgb-scheme-light\"><svg data-ratio style=\"padding-top:85.89%\" viewBox=\"0 0 560 481\"><\/svg><div class=\"wpgb-card-media-thumbnail\"><a href=\"https:\/\/nivaagaard.dk\/wp-content\/smush-webp\/2023\/07\/C.W.-Eckersberg-Korvetten-Najaden-i-sundet-venter-fregatten-Bellona-ca.-1834.jpg.webp\" tabindex=\"-1\" class=\"wpgb-handle-lb wpgb-lightbox\" data-type=\"image\" data-rel=\"4\" data-title=\"C.W. Eckersberg, Korvetten Najaden i sundet venter fregatten Bellona, ca. 1834\" title=\"Enlarge photo\" data-smush-webp-fallback=\"{&quot;href&quot;:&quot;https:\\\/\\\/nivaagaard.dk\\\/wp-content\\\/uploads\\\/2023\\\/07\\\/C.W.-Eckersberg-Korvetten-Najaden-i-sundet-venter-fregatten-Bellona-ca.-1834.jpg&quot;}\"><div style=\"background-image:inherit\" data-bg-image=\"url(https:\/\/nivaagaard.dk\/wp-content\/smush-webp\/2023\/07\/C.W.-Eckersberg-Korvetten-Najaden-i-sundet-venter-fregatten-Bellona-ca.-1834.jpg.webp)\" class=\"lazyload\" data-smush-webp-fallback=\"{&quot;data-bg-image&quot;:&quot;url(https:\\\/\\\/nivaagaard.dk\\\/wp-content\\\/uploads\\\/2023\\\/07\\\/C.W.-Eckersberg-Korvetten-Najaden-i-sundet-venter-fregatten-Bellona-ca.-1834.jpg)&quot;}\"><\/div><noscript><img loading=\"lazy\" decoding=\"async\" class=\"wpgb-noscript-img\" src=\"https:\/\/nivaagaard.dk\/wp-content\/uploads\/2023\/07\/C.W.-Eckersberg-Korvetten-Najaden-i-sundet-venter-fregatten-Bellona-ca.-1834.jpg\" alt=\"\" height=\"481\" width=\"560\"><\/noscript><\/a><\/div><div class=\"wpgb-card-media-content\" data-action><div class=\"wpgb-card-media-content-center\"><a class=\"wpgb-block-1 wpgb-idle-scheme-1\" href=\"https:\/\/nivaagaard.dk\/en\/the-collection\/eckersberg-c-w-5\/\"><p>C. W. ECKERSBERG<\/p>\n<hr \/>\n<p><em>The Corvette Najaden under Sail,<\/em> ca. 1834<\/p><\/a><\/div><a class=\"wpgb-card-layer-link\" href=\"https:\/\/nivaagaard.dk\/en\/the-collection\/eckersberg-c-w-5\/\"><\/a><\/div><\/div><\/div><\/div><\/article><article class=\"wpgb-card wpgb-card-13 wpgb-post-37965\" data-col=\"1\" data-row=\"1\" data-format=\"standard\" data-fluid><div class=\"wpgb-card-wrapper\"><div class=\"wpgb-card-inner\"><div class=\"wpgb-card-media wpgb-scheme-light\"><svg data-ratio style=\"padding-top:79.46%\" viewBox=\"0 0 560 445\"><\/svg><div class=\"wpgb-card-media-thumbnail\"><a href=\"https:\/\/nivaagaard.dk\/wp-content\/smush-webp\/2023\/07\/C.W.-Eckersberg-Hagar-og-Ismael-i-oerkenen-1812.jpg.webp\" tabindex=\"-1\" class=\"wpgb-handle-lb wpgb-lightbox\" data-type=\"image\" data-rel=\"4\" data-title=\"C.W. Eckersberg, Hagar og Ismael i \u00f8rkenen, 1812\" title=\"Enlarge photo\" data-smush-webp-fallback=\"{&quot;href&quot;:&quot;https:\\\/\\\/nivaagaard.dk\\\/wp-content\\\/uploads\\\/2023\\\/07\\\/C.W.-Eckersberg-Hagar-og-Ismael-i-oerkenen-1812.jpg&quot;}\"><div style=\"background-image:inherit\" data-bg-image=\"url(https:\/\/nivaagaard.dk\/wp-content\/smush-webp\/2023\/07\/C.W.-Eckersberg-Hagar-og-Ismael-i-oerkenen-1812.jpg.webp)\" class=\"lazyload\" data-smush-webp-fallback=\"{&quot;data-bg-image&quot;:&quot;url(https:\\\/\\\/nivaagaard.dk\\\/wp-content\\\/uploads\\\/2023\\\/07\\\/C.W.-Eckersberg-Hagar-og-Ismael-i-oerkenen-1812.jpg)&quot;}\"><\/div><noscript><img loading=\"lazy\" decoding=\"async\" class=\"wpgb-noscript-img\" src=\"https:\/\/nivaagaard.dk\/wp-content\/uploads\/2023\/07\/C.W.-Eckersberg-Hagar-og-Ismael-i-oerkenen-1812.jpg\" alt=\"\" height=\"445\" width=\"560\"><\/noscript><\/a><\/div><div class=\"wpgb-card-media-content\" data-action><div class=\"wpgb-card-media-content-center\"><a class=\"wpgb-block-1 wpgb-idle-scheme-1\" href=\"https:\/\/nivaagaard.dk\/en\/the-collection\/eckersberg-c-w-6\/\"><p>C. W. ECKERSBERG<\/p>\n<hr \/>\n<p><em>Hagar and Ismael in the Desert,<\/em> 1812<\/p><\/a><\/div><a class=\"wpgb-card-layer-link\" href=\"https:\/\/nivaagaard.dk\/en\/the-collection\/eckersberg-c-w-6\/\"><\/a><\/div><\/div><\/div><\/div><\/article><article class=\"wpgb-card wpgb-card-13 wpgb-post-37966\" data-col=\"1\" data-row=\"1\" data-format=\"standard\" data-fluid><div class=\"wpgb-card-wrapper\"><div class=\"wpgb-card-inner\"><div class=\"wpgb-card-media wpgb-scheme-light\"><svg data-ratio style=\"padding-top:115%\" viewBox=\"0 0 560 644\"><\/svg><div class=\"wpgb-card-media-thumbnail\"><a href=\"https:\/\/nivaagaard.dk\/wp-content\/smush-webp\/2023\/07\/C.W.-Eckersberg-Andagt-ved-den-hellige-port-i-Peterskirken-ca.-1814-1.jpg.webp\" tabindex=\"-1\" class=\"wpgb-handle-lb wpgb-lightbox\" data-type=\"image\" data-rel=\"4\" data-title=\"C.W. Eckersberg, Andagt ved den hellige port i Peterskirken, ca. 1814\" data-desc=\"C.W. Eckersberg, Andagt ved den hellige port i Peterskirken, ca. 1814\" title=\"Enlarge photo\" data-smush-webp-fallback=\"{&quot;href&quot;:&quot;https:\\\/\\\/nivaagaard.dk\\\/wp-content\\\/uploads\\\/2023\\\/07\\\/C.W.-Eckersberg-Andagt-ved-den-hellige-port-i-Peterskirken-ca.-1814-1.jpg&quot;}\"><div style=\"background-image:inherit\" data-bg-image=\"url(https:\/\/nivaagaard.dk\/wp-content\/smush-webp\/2023\/07\/C.W.-Eckersberg-Andagt-ved-den-hellige-port-i-Peterskirken-ca.-1814-1.jpg.webp)\" class=\"lazyload\" data-smush-webp-fallback=\"{&quot;data-bg-image&quot;:&quot;url(https:\\\/\\\/nivaagaard.dk\\\/wp-content\\\/uploads\\\/2023\\\/07\\\/C.W.-Eckersberg-Andagt-ved-den-hellige-port-i-Peterskirken-ca.-1814-1.jpg)&quot;}\"><\/div><noscript><img loading=\"lazy\" decoding=\"async\" class=\"wpgb-noscript-img\" src=\"https:\/\/nivaagaard.dk\/wp-content\/uploads\/2023\/07\/C.W.-Eckersberg-Andagt-ved-den-hellige-port-i-Peterskirken-ca.-1814-1.jpg\" alt=\"\" height=\"644\" width=\"560\"><\/noscript><\/a><\/div><div class=\"wpgb-card-media-content\" data-action><div class=\"wpgb-card-media-content-center\"><a class=\"wpgb-block-1 wpgb-idle-scheme-1\" href=\"https:\/\/nivaagaard.dk\/en\/the-collection\/eckersberg-c-w-7\/\"><p>C. W. ECKERSBERG<\/p>\n<hr \/>\n<p><em>Devotion by the Holy Door of St. Peter&#8217;s Basilica<\/em>, ca. 1814<\/p><\/a><\/div><a class=\"wpgb-card-layer-link\" href=\"https:\/\/nivaagaard.dk\/en\/the-collection\/eckersberg-c-w-7\/\"><\/a><\/div><\/div><\/div><\/div><\/article><article class=\"wpgb-card wpgb-card-13 wpgb-post-37959\" data-col=\"1\" data-row=\"1\" data-format=\"standard\" data-fluid><div class=\"wpgb-card-wrapper\"><div class=\"wpgb-card-inner\"><div class=\"wpgb-card-media wpgb-scheme-light\"><svg data-ratio style=\"padding-top:68.39%\" viewBox=\"0 0 560 383\"><\/svg><div class=\"wpgb-card-media-thumbnail\"><a href=\"https:\/\/nivaagaard.dk\/wp-content\/smush-webp\/2023\/07\/Harald-Foss-Sommermorgen-1873.jpg.webp\" tabindex=\"-1\" class=\"wpgb-handle-lb wpgb-lightbox\" data-type=\"image\" data-rel=\"4\" data-title=\"Harald Foss, Sommermorgen, 1873\" title=\"Enlarge photo\" data-smush-webp-fallback=\"{&quot;href&quot;:&quot;https:\\\/\\\/nivaagaard.dk\\\/wp-content\\\/uploads\\\/2023\\\/07\\\/Harald-Foss-Sommermorgen-1873.jpg&quot;}\"><div style=\"background-image:inherit\" data-bg-image=\"url(https:\/\/nivaagaard.dk\/wp-content\/smush-webp\/2023\/07\/Harald-Foss-Sommermorgen-1873.jpg.webp)\" class=\"lazyload\" data-smush-webp-fallback=\"{&quot;data-bg-image&quot;:&quot;url(https:\\\/\\\/nivaagaard.dk\\\/wp-content\\\/uploads\\\/2023\\\/07\\\/Harald-Foss-Sommermorgen-1873.jpg)&quot;}\"><\/div><noscript><img loading=\"lazy\" decoding=\"async\" class=\"wpgb-noscript-img\" src=\"https:\/\/nivaagaard.dk\/wp-content\/uploads\/2023\/07\/Harald-Foss-Sommermorgen-1873.jpg\" alt=\"\" height=\"383\" width=\"560\"><\/noscript><\/a><\/div><div class=\"wpgb-card-media-content\" data-action><div class=\"wpgb-card-media-content-center\"><a class=\"wpgb-block-1 wpgb-idle-scheme-1\" href=\"https:\/\/nivaagaard.dk\/en\/the-collection\/foss-harald\/\"><p>HARALD FOSS<\/p>\n<hr \/>\n<p><em>Summer morning<\/em>, 1873<\/p><\/a><\/div><a class=\"wpgb-card-layer-link\" href=\"https:\/\/nivaagaard.dk\/en\/the-collection\/foss-harald\/\"><\/a><\/div><\/div><\/div><\/div><\/article><article class=\"wpgb-card wpgb-card-13 wpgb-post-38038\" data-col=\"1\" data-row=\"1\" data-format=\"standard\" data-fluid><div class=\"wpgb-card-wrapper\"><div class=\"wpgb-card-inner\"><div class=\"wpgb-card-media wpgb-scheme-light\"><svg data-ratio style=\"padding-top:125.18%\" viewBox=\"0 0 560 701\"><\/svg><div class=\"wpgb-card-media-thumbnail\"><a href=\"https:\/\/nivaagaard.dk\/wp-content\/smush-webp\/2023\/07\/Frederik-Vermehren-Portraet-af-Alfred-Hage-1876-0245NMK.jpg.webp\" tabindex=\"-1\" class=\"wpgb-handle-lb wpgb-lightbox\" data-type=\"image\" data-rel=\"4\" data-title=\"Frederik Vermehren, Portr\u00e6t af Alfred Hage, 1876\" data-desc=\"Frederik Vermehren, Portr\u00e6t af Alfred Hage, 1876\" title=\"Enlarge photo\" data-smush-webp-fallback=\"{&quot;href&quot;:&quot;https:\\\/\\\/nivaagaard.dk\\\/wp-content\\\/uploads\\\/2023\\\/07\\\/Frederik-Vermehren-Portraet-af-Alfred-Hage-1876-0245NMK.jpg&quot;}\"><div style=\"background-image:inherit\" data-bg-image=\"url(https:\/\/nivaagaard.dk\/wp-content\/smush-webp\/2023\/07\/Frederik-Vermehren-Portraet-af-Alfred-Hage-1876-0245NMK.jpg.webp)\" class=\"lazyload\" data-smush-webp-fallback=\"{&quot;data-bg-image&quot;:&quot;url(https:\\\/\\\/nivaagaard.dk\\\/wp-content\\\/uploads\\\/2023\\\/07\\\/Frederik-Vermehren-Portraet-af-Alfred-Hage-1876-0245NMK.jpg)&quot;}\"><\/div><noscript><img loading=\"lazy\" decoding=\"async\" class=\"wpgb-noscript-img\" src=\"https:\/\/nivaagaard.dk\/wp-content\/uploads\/2023\/07\/Frederik-Vermehren-Portraet-af-Alfred-Hage-1876-0245NMK.jpg\" alt=\"\" height=\"701\" width=\"560\"><\/noscript><\/a><\/div><div class=\"wpgb-card-media-content\" data-action><div class=\"wpgb-card-media-content-center\"><a class=\"wpgb-block-1 wpgb-idle-scheme-1\" href=\"https:\/\/nivaagaard.dk\/en\/the-collection\/frederik-vermehren-portraet-af-alfred-hage\/\"><p>FREDERIK VERMEHREN<\/p>\n<hr \/>\n<p><em>Portrait of Alfred Hage<\/em>, 1876<\/p><\/a><\/div><a class=\"wpgb-card-layer-link\" href=\"https:\/\/nivaagaard.dk\/en\/the-collection\/frederik-vermehren-portraet-af-alfred-hage\/\"><\/a><\/div><\/div><\/div><\/div><\/article><article class=\"wpgb-card wpgb-card-13 wpgb-post-37958\" data-col=\"1\" data-row=\"1\" data-format=\"standard\" data-fluid><div class=\"wpgb-card-wrapper\"><div class=\"wpgb-card-inner\"><div class=\"wpgb-card-media wpgb-scheme-light\"><svg data-ratio style=\"padding-top:135.54%\" viewBox=\"0 0 560 759\"><\/svg><div class=\"wpgb-card-media-thumbnail\"><a href=\"https:\/\/nivaagaard.dk\/wp-content\/smush-webp\/2023\/07\/Georg-Christian-Freund-En-moder-med-sit-barn-1877.jpg.webp\" tabindex=\"-1\" class=\"wpgb-handle-lb wpgb-lightbox\" data-type=\"image\" data-rel=\"4\" data-title=\"Georg Christian Freund, En moder med sit barn, 1877\" title=\"Enlarge photo\" data-smush-webp-fallback=\"{&quot;href&quot;:&quot;https:\\\/\\\/nivaagaard.dk\\\/wp-content\\\/uploads\\\/2023\\\/07\\\/Georg-Christian-Freund-En-moder-med-sit-barn-1877.jpg&quot;}\"><div style=\"background-image:inherit\" data-bg-image=\"url(https:\/\/nivaagaard.dk\/wp-content\/smush-webp\/2023\/07\/Georg-Christian-Freund-En-moder-med-sit-barn-1877.jpg.webp)\" class=\"lazyload\" data-smush-webp-fallback=\"{&quot;data-bg-image&quot;:&quot;url(https:\\\/\\\/nivaagaard.dk\\\/wp-content\\\/uploads\\\/2023\\\/07\\\/Georg-Christian-Freund-En-moder-med-sit-barn-1877.jpg)&quot;}\"><\/div><noscript><img loading=\"lazy\" decoding=\"async\" class=\"wpgb-noscript-img\" src=\"https:\/\/nivaagaard.dk\/wp-content\/uploads\/2023\/07\/Georg-Christian-Freund-En-moder-med-sit-barn-1877.jpg\" alt=\"\" height=\"759\" width=\"560\"><\/noscript><\/a><\/div><div class=\"wpgb-card-media-content\" data-action><div class=\"wpgb-card-media-content-center\"><a class=\"wpgb-block-1 wpgb-idle-scheme-1\" href=\"https:\/\/nivaagaard.dk\/en\/the-collection\/freund-georg-christian\/\"><p>GEORG CHRISTIAN FREUND<\/p>\n<hr \/>\n<p><em>Mother and child<\/em>, 1877<\/p><\/a><\/div><a class=\"wpgb-card-layer-link\" href=\"https:\/\/nivaagaard.dk\/en\/the-collection\/freund-georg-christian\/\"><\/a><\/div><\/div><\/div><\/div><\/article><article class=\"wpgb-card wpgb-card-13 wpgb-post-38027\" data-col=\"1\" data-row=\"1\" data-format=\"standard\" data-fluid><div class=\"wpgb-card-wrapper\"><div class=\"wpgb-card-inner\"><div class=\"wpgb-card-media wpgb-scheme-light\"><svg data-ratio style=\"padding-top:143.75%\" viewBox=\"0 0 560 805\"><\/svg><div class=\"wpgb-card-media-thumbnail\"><a href=\"https:\/\/nivaagaard.dk\/wp-content\/smush-webp\/2023\/07\/Hage-Arnette-f.-Just-Portraet-af-konsul-Alfred-Hage-1830erne.jpg.webp\" tabindex=\"-1\" class=\"wpgb-handle-lb wpgb-lightbox\" data-type=\"image\" data-rel=\"4\" data-title=\"Photo \u00a9 Torben  Christensen @ Copenhagen\" data-desc=\"Photo \u00a9 Torben  Christensen @ Copenhagen\" title=\"Enlarge photo\" data-smush-webp-fallback=\"{&quot;href&quot;:&quot;https:\\\/\\\/nivaagaard.dk\\\/wp-content\\\/uploads\\\/2023\\\/07\\\/Hage-Arnette-f.-Just-Portraet-af-konsul-Alfred-Hage-1830erne.jpg&quot;}\"><div style=\"background-image:inherit\" data-bg-image=\"url(https:\/\/nivaagaard.dk\/wp-content\/smush-webp\/2023\/07\/Hage-Arnette-f.-Just-Portraet-af-konsul-Alfred-Hage-1830erne.jpg.webp)\" class=\"lazyload\" data-smush-webp-fallback=\"{&quot;data-bg-image&quot;:&quot;url(https:\\\/\\\/nivaagaard.dk\\\/wp-content\\\/uploads\\\/2023\\\/07\\\/Hage-Arnette-f.-Just-Portraet-af-konsul-Alfred-Hage-1830erne.jpg)&quot;}\"><\/div><noscript><img loading=\"lazy\" decoding=\"async\" class=\"wpgb-noscript-img\" src=\"https:\/\/nivaagaard.dk\/wp-content\/uploads\/2023\/07\/Hage-Arnette-f.-Just-Portraet-af-konsul-Alfred-Hage-1830erne.jpg\" alt=\"\" height=\"805\" width=\"560\"><\/noscript><\/a><\/div><div class=\"wpgb-card-media-content\" data-action><div class=\"wpgb-card-media-content-center\"><a class=\"wpgb-block-1 wpgb-idle-scheme-1\" href=\"https:\/\/nivaagaard.dk\/en\/the-collection\/hage-arnette-f-just\/\"><p>ARNETTE HAGE (F. JUST)<\/p>\n<hr \/>\n<p><em>Portrait of Consul Alfred Hage<\/em>, 1830s<\/p><\/a><\/div><a class=\"wpgb-card-layer-link\" href=\"https:\/\/nivaagaard.dk\/en\/the-collection\/hage-arnette-f-just\/\"><\/a><\/div><\/div><\/div><\/div><\/article><article class=\"wpgb-card wpgb-card-13 wpgb-post-37952\" data-col=\"1\" data-row=\"1\" data-format=\"standard\" data-fluid><div class=\"wpgb-card-wrapper\"><div class=\"wpgb-card-inner\"><div class=\"wpgb-card-media wpgb-scheme-light\"><svg data-ratio style=\"padding-top:133.39%\" viewBox=\"0 0 560 747\"><\/svg><div class=\"wpgb-card-media-thumbnail\"><a href=\"https:\/\/nivaagaard.dk\/wp-content\/smush-webp\/2023\/07\/Constantin-Hansen-Portraet-af-godsejer-Alfred-Hage-ca.-1856.jpg.webp\" tabindex=\"-1\" class=\"wpgb-handle-lb wpgb-lightbox\" data-type=\"image\" data-rel=\"4\" data-title=\"Constantin Hansen, Portr\u00e6t af godsejer Alfred Hage, ca. 1856\" title=\"Enlarge photo\" data-smush-webp-fallback=\"{&quot;href&quot;:&quot;https:\\\/\\\/nivaagaard.dk\\\/wp-content\\\/uploads\\\/2023\\\/07\\\/Constantin-Hansen-Portraet-af-godsejer-Alfred-Hage-ca.-1856.jpg&quot;}\"><div style=\"background-image:inherit\" data-bg-image=\"url(https:\/\/nivaagaard.dk\/wp-content\/smush-webp\/2023\/07\/Constantin-Hansen-Portraet-af-godsejer-Alfred-Hage-ca.-1856.jpg.webp)\" class=\"lazyload\" data-smush-webp-fallback=\"{&quot;data-bg-image&quot;:&quot;url(https:\\\/\\\/nivaagaard.dk\\\/wp-content\\\/uploads\\\/2023\\\/07\\\/Constantin-Hansen-Portraet-af-godsejer-Alfred-Hage-ca.-1856.jpg)&quot;}\"><\/div><noscript><img loading=\"lazy\" decoding=\"async\" class=\"wpgb-noscript-img\" src=\"https:\/\/nivaagaard.dk\/wp-content\/uploads\/2023\/07\/Constantin-Hansen-Portraet-af-godsejer-Alfred-Hage-ca.-1856.jpg\" alt=\"\" height=\"747\" width=\"560\"><\/noscript><\/a><\/div><div class=\"wpgb-card-media-content\" data-action><div class=\"wpgb-card-media-content-center\"><a class=\"wpgb-block-1 wpgb-idle-scheme-1\" href=\"https:\/\/nivaagaard.dk\/en\/the-collection\/hansen-constantin\/\"><p>CONSTANTIN HANSEN<\/p>\n<hr \/>\n<p><em>Portrait of the squire Alfred Hage (1803-1872<\/em>), ca. 1856<\/p><\/a><\/div><a class=\"wpgb-card-layer-link\" href=\"https:\/\/nivaagaard.dk\/en\/the-collection\/hansen-constantin\/\"><\/a><\/div><\/div><\/div><\/div><\/article><article class=\"wpgb-card wpgb-card-13 wpgb-post-37953\" data-col=\"1\" data-row=\"1\" data-format=\"standard\" data-fluid><div class=\"wpgb-card-wrapper\"><div class=\"wpgb-card-inner\"><div class=\"wpgb-card-media wpgb-scheme-light\"><svg data-ratio style=\"padding-top:124.82%\" viewBox=\"0 0 560 699\"><\/svg><div class=\"wpgb-card-media-thumbnail\"><a href=\"https:\/\/nivaagaard.dk\/wp-content\/smush-webp\/2023\/07\/Constantin-Hansen-Portraet-af-Frederikke-Vilhelmine-Hage-f.-Faber-1836.jpg.webp\" tabindex=\"-1\" class=\"wpgb-handle-lb wpgb-lightbox\" data-type=\"image\" data-rel=\"4\" data-title=\"Constantin Hansen, Portr\u00e6t af Frederikke Vilhelmine Hage, f. Faber, 1836\" title=\"Enlarge photo\" data-smush-webp-fallback=\"{&quot;href&quot;:&quot;https:\\\/\\\/nivaagaard.dk\\\/wp-content\\\/uploads\\\/2023\\\/07\\\/Constantin-Hansen-Portraet-af-Frederikke-Vilhelmine-Hage-f.-Faber-1836.jpg&quot;}\"><div style=\"background-image:inherit\" data-bg-image=\"url(https:\/\/nivaagaard.dk\/wp-content\/smush-webp\/2023\/07\/Constantin-Hansen-Portraet-af-Frederikke-Vilhelmine-Hage-f.-Faber-1836.jpg.webp)\" class=\"lazyload\" data-smush-webp-fallback=\"{&quot;data-bg-image&quot;:&quot;url(https:\\\/\\\/nivaagaard.dk\\\/wp-content\\\/uploads\\\/2023\\\/07\\\/Constantin-Hansen-Portraet-af-Frederikke-Vilhelmine-Hage-f.-Faber-1836.jpg)&quot;}\"><\/div><noscript><img loading=\"lazy\" decoding=\"async\" class=\"wpgb-noscript-img\" src=\"https:\/\/nivaagaard.dk\/wp-content\/uploads\/2023\/07\/Constantin-Hansen-Portraet-af-Frederikke-Vilhelmine-Hage-f.-Faber-1836.jpg\" alt=\"\" height=\"699\" width=\"560\"><\/noscript><\/a><\/div><div class=\"wpgb-card-media-content\" data-action><div class=\"wpgb-card-media-content-center\"><a class=\"wpgb-block-1 wpgb-idle-scheme-1\" href=\"https:\/\/nivaagaard.dk\/en\/the-collection\/hansen-constantin-2\/\"><p>CONSTANTIN HANSEN<\/p>\n<hr \/>\n<p><em>Portrait of Frederikke Vilhelmine Hage, born Faber<\/em>, 1851<\/p><\/a><\/div><a class=\"wpgb-card-layer-link\" href=\"https:\/\/nivaagaard.dk\/en\/the-collection\/hansen-constantin-2\/\"><\/a><\/div><\/div><\/div><\/div><\/article><article class=\"wpgb-card wpgb-card-13 wpgb-post-37954\" data-col=\"1\" data-row=\"1\" data-format=\"standard\" data-fluid><div class=\"wpgb-card-wrapper\"><div class=\"wpgb-card-inner\"><div class=\"wpgb-card-media wpgb-scheme-light\"><svg data-ratio style=\"padding-top:104.82%\" viewBox=\"0 0 560 587\"><\/svg><div class=\"wpgb-card-media-thumbnail\"><a href=\"https:\/\/nivaagaard.dk\/wp-content\/smush-webp\/2023\/07\/Constantin-Hansen-Det-indre-af-kirken-S.-Maria-sopra-Minerva-i-Rom-1839.jpg.webp\" tabindex=\"-1\" class=\"wpgb-handle-lb wpgb-lightbox\" data-type=\"image\" data-rel=\"4\" data-title=\"Constantin Hansen, Det indre af kirken S. Maria sopra Minerva i Rom, 1839\" title=\"Enlarge photo\" data-smush-webp-fallback=\"{&quot;href&quot;:&quot;https:\\\/\\\/nivaagaard.dk\\\/wp-content\\\/uploads\\\/2023\\\/07\\\/Constantin-Hansen-Det-indre-af-kirken-S.-Maria-sopra-Minerva-i-Rom-1839.jpg&quot;}\"><div style=\"background-image:inherit\" data-bg-image=\"url(https:\/\/nivaagaard.dk\/wp-content\/smush-webp\/2023\/07\/Constantin-Hansen-Det-indre-af-kirken-S.-Maria-sopra-Minerva-i-Rom-1839.jpg.webp)\" class=\"lazyload\" data-smush-webp-fallback=\"{&quot;data-bg-image&quot;:&quot;url(https:\\\/\\\/nivaagaard.dk\\\/wp-content\\\/uploads\\\/2023\\\/07\\\/Constantin-Hansen-Det-indre-af-kirken-S.-Maria-sopra-Minerva-i-Rom-1839.jpg)&quot;}\"><\/div><noscript><img loading=\"lazy\" decoding=\"async\" class=\"wpgb-noscript-img\" src=\"https:\/\/nivaagaard.dk\/wp-content\/uploads\/2023\/07\/Constantin-Hansen-Det-indre-af-kirken-S.-Maria-sopra-Minerva-i-Rom-1839.jpg\" alt=\"\" height=\"587\" width=\"560\"><\/noscript><\/a><\/div><div class=\"wpgb-card-media-content\" data-action><div class=\"wpgb-card-media-content-center\"><a class=\"wpgb-block-1 wpgb-idle-scheme-1\" href=\"https:\/\/nivaagaard.dk\/en\/the-collection\/hansen-constantin-3\/\"><p>CONSTANTIN HANSEN<\/p>\n<hr \/>\n<p><em>The interior of S. Maria sopra Minerva in Rome<\/em>, 1839<\/p><\/a><\/div><a class=\"wpgb-card-layer-link\" href=\"https:\/\/nivaagaard.dk\/en\/the-collection\/hansen-constantin-3\/\"><\/a><\/div><\/div><\/div><\/div><\/article><article class=\"wpgb-card wpgb-card-13 wpgb-post-38032\" data-col=\"1\" data-row=\"1\" data-format=\"standard\" data-fluid><div class=\"wpgb-card-wrapper\"><div class=\"wpgb-card-inner\"><div class=\"wpgb-card-media wpgb-scheme-light\"><svg data-ratio style=\"padding-top:122.32%\" viewBox=\"0 0 560 685\"><\/svg><div class=\"wpgb-card-media-thumbnail\"><a href=\"https:\/\/nivaagaard.dk\/wp-content\/smush-webp\/2023\/07\/Constantin-Hansen-Portraet-af-Alfred-Hage-1851-0187NMK.jpg.webp\" tabindex=\"-1\" class=\"wpgb-handle-lb wpgb-lightbox\" data-type=\"image\" data-rel=\"4\" data-title=\"Hansen, Constantin &#8211; Portr\u00e6t af Alfred Hage, 1851. 0187NMK\" data-desc=\"Hansen, Constantin &#8211; Portr\u00e6t af Alfred Hage, 1851. 0187NMK\" title=\"Enlarge photo\" data-smush-webp-fallback=\"{&quot;href&quot;:&quot;https:\\\/\\\/nivaagaard.dk\\\/wp-content\\\/uploads\\\/2023\\\/07\\\/Constantin-Hansen-Portraet-af-Alfred-Hage-1851-0187NMK.jpg&quot;}\"><div style=\"background-image:inherit\" data-bg-image=\"url(https:\/\/nivaagaard.dk\/wp-content\/smush-webp\/2023\/07\/Constantin-Hansen-Portraet-af-Alfred-Hage-1851-0187NMK.jpg.webp)\" class=\"lazyload\" data-smush-webp-fallback=\"{&quot;data-bg-image&quot;:&quot;url(https:\\\/\\\/nivaagaard.dk\\\/wp-content\\\/uploads\\\/2023\\\/07\\\/Constantin-Hansen-Portraet-af-Alfred-Hage-1851-0187NMK.jpg)&quot;}\"><\/div><noscript><img loading=\"lazy\" decoding=\"async\" class=\"wpgb-noscript-img\" src=\"https:\/\/nivaagaard.dk\/wp-content\/uploads\/2023\/07\/Constantin-Hansen-Portraet-af-Alfred-Hage-1851-0187NMK.jpg\" alt=\"\" height=\"685\" width=\"560\"><\/noscript><\/a><\/div><div class=\"wpgb-card-media-content\" data-action><div class=\"wpgb-card-media-content-center\"><a class=\"wpgb-block-1 wpgb-idle-scheme-1\" href=\"https:\/\/nivaagaard.dk\/en\/the-collection\/hansen-constantin-4\/\"><p>CONSTANTIN HANSEN<\/p>\n<hr \/>\n<p><em>Portrait of Alfred Hage<\/em>, 1851<\/p><\/a><\/div><a class=\"wpgb-card-layer-link\" href=\"https:\/\/nivaagaard.dk\/en\/the-collection\/hansen-constantin-4\/\"><\/a><\/div><\/div><\/div><\/div><\/article><article class=\"wpgb-card wpgb-card-13 wpgb-post-37950\" data-col=\"1\" data-row=\"1\" data-format=\"standard\" data-fluid><div class=\"wpgb-card-wrapper\"><div class=\"wpgb-card-inner\"><div class=\"wpgb-card-media wpgb-scheme-light\"><svg data-ratio style=\"padding-top:65.18%\" viewBox=\"0 0 560 365\"><\/svg><div class=\"wpgb-card-media-thumbnail\"><a href=\"https:\/\/nivaagaard.dk\/wp-content\/smush-webp\/2023\/07\/Heinrich-Hansen-Riddersalen-paa-Frederiksborg-Slot-under-Christian-IV-1859.jpg.webp\" tabindex=\"-1\" class=\"wpgb-handle-lb wpgb-lightbox\" data-type=\"image\" data-rel=\"4\" data-title=\"Heinrich Hansen, Riddersalen p\u00e5 Frederiksborg Slot under Christian IV, 1859\" title=\"Enlarge photo\" data-smush-webp-fallback=\"{&quot;href&quot;:&quot;https:\\\/\\\/nivaagaard.dk\\\/wp-content\\\/uploads\\\/2023\\\/07\\\/Heinrich-Hansen-Riddersalen-paa-Frederiksborg-Slot-under-Christian-IV-1859.jpg&quot;}\"><div style=\"background-image:inherit\" data-bg-image=\"url(https:\/\/nivaagaard.dk\/wp-content\/smush-webp\/2023\/07\/Heinrich-Hansen-Riddersalen-paa-Frederiksborg-Slot-under-Christian-IV-1859.jpg.webp)\" class=\"lazyload\" data-smush-webp-fallback=\"{&quot;data-bg-image&quot;:&quot;url(https:\\\/\\\/nivaagaard.dk\\\/wp-content\\\/uploads\\\/2023\\\/07\\\/Heinrich-Hansen-Riddersalen-paa-Frederiksborg-Slot-under-Christian-IV-1859.jpg)&quot;}\"><\/div><noscript><img loading=\"lazy\" decoding=\"async\" class=\"wpgb-noscript-img\" src=\"https:\/\/nivaagaard.dk\/wp-content\/uploads\/2023\/07\/Heinrich-Hansen-Riddersalen-paa-Frederiksborg-Slot-under-Christian-IV-1859.jpg\" alt=\"\" height=\"365\" width=\"560\"><\/noscript><\/a><\/div><div class=\"wpgb-card-media-content\" data-action><div class=\"wpgb-card-media-content-center\"><a class=\"wpgb-block-1 wpgb-idle-scheme-1\" href=\"https:\/\/nivaagaard.dk\/en\/the-collection\/hansen-heinrich\/\"><p>HEINRICH HANSEN<\/p>\n<hr \/>\n<p><em>The Great Hall at Frederiksborg Castle during the Reign of Christian IV<\/em>, 1859<\/p><\/a><\/div><a class=\"wpgb-card-layer-link\" href=\"https:\/\/nivaagaard.dk\/en\/the-collection\/hansen-heinrich\/\"><\/a><\/div><\/div><\/div><\/div><\/article><article class=\"wpgb-card wpgb-card-13 wpgb-post-37951\" data-col=\"1\" data-row=\"1\" data-format=\"standard\" data-fluid><div class=\"wpgb-card-wrapper\"><div class=\"wpgb-card-inner\"><div class=\"wpgb-card-media wpgb-scheme-light\"><svg data-ratio style=\"padding-top:124.64%\" viewBox=\"0 0 560 698\"><\/svg><div class=\"wpgb-card-media-thumbnail\"><a href=\"https:\/\/nivaagaard.dk\/wp-content\/smush-webp\/2023\/07\/Heinrich-Hansen-Fra-Santa-Maria-delle-Grazie-kirken-i-Milano-1874.jpg.webp\" tabindex=\"-1\" class=\"wpgb-handle-lb wpgb-lightbox\" data-type=\"image\" data-rel=\"4\" data-title=\"Heinrich Hansen, Fra Santa Maria delle Grazie kirken i Milano, 1874\" title=\"Enlarge photo\" data-smush-webp-fallback=\"{&quot;href&quot;:&quot;https:\\\/\\\/nivaagaard.dk\\\/wp-content\\\/uploads\\\/2023\\\/07\\\/Heinrich-Hansen-Fra-Santa-Maria-delle-Grazie-kirken-i-Milano-1874.jpg&quot;}\"><div style=\"background-image:inherit\" data-bg-image=\"url(https:\/\/nivaagaard.dk\/wp-content\/smush-webp\/2023\/07\/Heinrich-Hansen-Fra-Santa-Maria-delle-Grazie-kirken-i-Milano-1874.jpg.webp)\" class=\"lazyload\" data-smush-webp-fallback=\"{&quot;data-bg-image&quot;:&quot;url(https:\\\/\\\/nivaagaard.dk\\\/wp-content\\\/uploads\\\/2023\\\/07\\\/Heinrich-Hansen-Fra-Santa-Maria-delle-Grazie-kirken-i-Milano-1874.jpg)&quot;}\"><\/div><noscript><img loading=\"lazy\" decoding=\"async\" class=\"wpgb-noscript-img\" src=\"https:\/\/nivaagaard.dk\/wp-content\/uploads\/2023\/07\/Heinrich-Hansen-Fra-Santa-Maria-delle-Grazie-kirken-i-Milano-1874.jpg\" alt=\"\" height=\"698\" width=\"560\"><\/noscript><\/a><\/div><div class=\"wpgb-card-media-content\" data-action><div class=\"wpgb-card-media-content-center\"><a class=\"wpgb-block-1 wpgb-idle-scheme-1\" href=\"https:\/\/nivaagaard.dk\/en\/the-collection\/hansen-heinrich-2\/\"><p>HEINRICH HANSEN<\/p>\n<hr \/>\n<p><em>The interior of the church of Santa Maria Sopra Minerva in Rome<\/em>, 1874<\/p><\/a><\/div><a class=\"wpgb-card-layer-link\" href=\"https:\/\/nivaagaard.dk\/en\/the-collection\/hansen-heinrich-2\/\"><\/a><\/div><\/div><\/div><\/div><\/article><article class=\"wpgb-card wpgb-card-13 wpgb-post-38029\" data-col=\"1\" data-row=\"1\" data-format=\"standard\" data-fluid><div class=\"wpgb-card-wrapper\"><div class=\"wpgb-card-inner\"><div class=\"wpgb-card-media wpgb-scheme-light\"><svg data-ratio style=\"padding-top:78.57%\" viewBox=\"0 0 560 440\"><\/svg><div class=\"wpgb-card-media-thumbnail\"><a href=\"https:\/\/nivaagaard.dk\/wp-content\/smush-webp\/2023\/07\/Hansen-Heinrich-Interioer-fra-Scoula-St.-Rocco-Venedig-1852.jpg.webp\" tabindex=\"-1\" class=\"wpgb-handle-lb wpgb-lightbox\" data-type=\"image\" data-rel=\"4\" data-title=\"Hansen, Heinrich &#8211; Interi\u00f8r fra Scoula St. Rocco, Venedig, 1852\" data-desc=\"Hansen, Heinrich &#8211; Interi\u00f8r fra Scoula St. Rocco, Venedig, 1852\" title=\"Enlarge photo\" data-smush-webp-fallback=\"{&quot;href&quot;:&quot;https:\\\/\\\/nivaagaard.dk\\\/wp-content\\\/uploads\\\/2023\\\/07\\\/Hansen-Heinrich-Interioer-fra-Scoula-St.-Rocco-Venedig-1852.jpg&quot;}\"><div style=\"background-image:inherit\" data-bg-image=\"url(https:\/\/nivaagaard.dk\/wp-content\/smush-webp\/2023\/07\/Hansen-Heinrich-Interioer-fra-Scoula-St.-Rocco-Venedig-1852.jpg.webp)\" class=\"lazyload\" data-smush-webp-fallback=\"{&quot;data-bg-image&quot;:&quot;url(https:\\\/\\\/nivaagaard.dk\\\/wp-content\\\/uploads\\\/2023\\\/07\\\/Hansen-Heinrich-Interioer-fra-Scoula-St.-Rocco-Venedig-1852.jpg)&quot;}\"><\/div><noscript><img loading=\"lazy\" decoding=\"async\" class=\"wpgb-noscript-img\" src=\"https:\/\/nivaagaard.dk\/wp-content\/uploads\/2023\/07\/Hansen-Heinrich-Interioer-fra-Scoula-St.-Rocco-Venedig-1852.jpg\" alt=\"\" height=\"440\" width=\"560\"><\/noscript><\/a><\/div><div class=\"wpgb-card-media-content\" data-action><div class=\"wpgb-card-media-content-center\"><a class=\"wpgb-block-1 wpgb-idle-scheme-1\" href=\"https:\/\/nivaagaard.dk\/en\/the-collection\/hansen-heinrich-3\/\"><p>HEINRICH HANSEN<\/p>\n<hr \/>\n<p>Interior from Scoula St. Rocco, Venice, 1852<\/p><\/a><\/div><a class=\"wpgb-card-layer-link\" href=\"https:\/\/nivaagaard.dk\/en\/the-collection\/hansen-heinrich-3\/\"><\/a><\/div><\/div><\/div><\/div><\/article><article class=\"wpgb-card wpgb-card-13 wpgb-post-137042\" data-col=\"1\" data-row=\"1\" data-format=\"standard\" data-fluid><div class=\"wpgb-card-wrapper\"><div class=\"wpgb-card-inner\"><div class=\"wpgb-card-media wpgb-scheme-light\"><svg data-ratio style=\"padding-top:66.93%\" viewBox=\"0 0 768 514\"><\/svg><div class=\"wpgb-card-media-thumbnail\"><a href=\"https:\/\/nivaagaard.dk\/wp-content\/smush-webp\/2026\/01\/0270NMK-scaled.jpg.webp\" tabindex=\"-1\" class=\"wpgb-handle-lb wpgb-lightbox\" data-type=\"image\" data-rel=\"4\" data-title=\"Cour, Janus la, Helgen\u00e6s-kyst med sten, 1875\" data-desc=\"Cour, Janus la, Helgen\u00e6s-kyst med sten, 1875\" title=\"Enlarge photo\" data-smush-webp-fallback=\"{&quot;href&quot;:&quot;https:\\\/\\\/nivaagaard.dk\\\/wp-content\\\/uploads\\\/2026\\\/01\\\/0270NMK-scaled.jpg&quot;}\"><div style=\"background-image:inherit\" data-bg-image=\"url(https:\/\/nivaagaard.dk\/wp-content\/smush-webp\/2026\/01\/0270NMK-768x514.jpg.webp)\" class=\"lazyload\" data-smush-webp-fallback=\"{&quot;data-bg-image&quot;:&quot;url(https:\\\/\\\/nivaagaard.dk\\\/wp-content\\\/uploads\\\/2026\\\/01\\\/0270NMK-768x514.jpg)&quot;}\"><\/div><noscript><img loading=\"lazy\" decoding=\"async\" class=\"wpgb-noscript-img\" src=\"https:\/\/nivaagaard.dk\/wp-content\/uploads\/2026\/01\/0270NMK-768x514.jpg\" alt=\"\" height=\"514\" width=\"768\"><\/noscript><\/a><\/div><div class=\"wpgb-card-media-content\" data-action><div class=\"wpgb-card-media-content-center\"><a class=\"wpgb-block-1 wpgb-idle-scheme-1\" href=\"https:\/\/nivaagaard.dk\/en\/the-collection\/janus-la-cour\/\"><p>JANUS LA COUR<\/p>\n<hr \/>\n<p><em>Helgen\u00e6s Coast with Stones<\/em>, 1875<\/p><\/a><\/div><a class=\"wpgb-card-layer-link\" href=\"https:\/\/nivaagaard.dk\/en\/the-collection\/janus-la-cour\/\"><\/a><\/div><\/div><\/div><\/div><\/article><article class=\"wpgb-card wpgb-card-13 wpgb-post-137046\" data-col=\"1\" data-row=\"1\" data-format=\"standard\" data-fluid><div class=\"wpgb-card-wrapper\"><div class=\"wpgb-card-inner\"><div class=\"wpgb-card-media wpgb-scheme-light\"><svg data-ratio style=\"padding-top:64.58%\" viewBox=\"0 0 768 496\"><\/svg><div class=\"wpgb-card-media-thumbnail\"><a href=\"https:\/\/nivaagaard.dk\/wp-content\/smush-webp\/2026\/01\/0271NMK.jpg.webp\" tabindex=\"-1\" class=\"wpgb-handle-lb wpgb-lightbox\" data-type=\"image\" data-rel=\"4\" data-title=\"Cour, Janus la, Kysten ved Sorrento I, 1866\" data-desc=\"Cour, Janus la, Kysten ved Sorrento I, 1866\" title=\"Enlarge photo\" data-smush-webp-fallback=\"{&quot;href&quot;:&quot;https:\\\/\\\/nivaagaard.dk\\\/wp-content\\\/uploads\\\/2026\\\/01\\\/0271NMK.jpg&quot;}\"><div style=\"background-image:inherit\" data-bg-image=\"url(https:\/\/nivaagaard.dk\/wp-content\/smush-webp\/2026\/01\/0271NMK-768x496.jpg.webp)\" class=\"lazyload\" data-smush-webp-fallback=\"{&quot;data-bg-image&quot;:&quot;url(https:\\\/\\\/nivaagaard.dk\\\/wp-content\\\/uploads\\\/2026\\\/01\\\/0271NMK-768x496.jpg)&quot;}\"><\/div><noscript><img loading=\"lazy\" decoding=\"async\" class=\"wpgb-noscript-img\" src=\"https:\/\/nivaagaard.dk\/wp-content\/uploads\/2026\/01\/0271NMK-768x496.jpg\" alt=\"\" height=\"496\" width=\"768\"><\/noscript><\/a><\/div><div class=\"wpgb-card-media-content\" data-action><div class=\"wpgb-card-media-content-center\"><a class=\"wpgb-block-1 wpgb-idle-scheme-1\" href=\"https:\/\/nivaagaard.dk\/en\/the-collection\/janus-la-cour-2\/\"><p>JANUS LA COUR<\/p>\n<hr \/>\n<p><em>Coast of Sorrento I<\/em>, 1866<\/p><\/a><\/div><a class=\"wpgb-card-layer-link\" href=\"https:\/\/nivaagaard.dk\/en\/the-collection\/janus-la-cour-2\/\"><\/a><\/div><\/div><\/div><\/div><\/article><article class=\"wpgb-card wpgb-card-13 wpgb-post-37945\" data-col=\"1\" data-row=\"1\" data-format=\"standard\" data-fluid><div class=\"wpgb-card-wrapper\"><div class=\"wpgb-card-inner\"><div class=\"wpgb-card-media wpgb-scheme-light\"><svg data-ratio style=\"padding-top:130.36%\" viewBox=\"0 0 560 730\"><\/svg><div class=\"wpgb-card-media-thumbnail\"><a href=\"https:\/\/nivaagaard.dk\/wp-content\/smush-webp\/2023\/07\/Christian-Albrecht-Jensen-Portraet-af-Johannes-Dam-Hage-redaktoer-ved-Faedrelandet-1837.jpg.webp\" tabindex=\"-1\" class=\"wpgb-handle-lb wpgb-lightbox\" data-type=\"image\" data-rel=\"4\" data-title=\"Christian Albrecht Jensen, Portr\u00e6t af Johannes Dam Hage, redakt\u00f8r ved F\u00e6drelandet, 1837\" title=\"Enlarge photo\" data-smush-webp-fallback=\"{&quot;href&quot;:&quot;https:\\\/\\\/nivaagaard.dk\\\/wp-content\\\/uploads\\\/2023\\\/07\\\/Christian-Albrecht-Jensen-Portraet-af-Johannes-Dam-Hage-redaktoer-ved-Faedrelandet-1837.jpg&quot;}\"><div style=\"background-image:inherit\" data-bg-image=\"url(https:\/\/nivaagaard.dk\/wp-content\/smush-webp\/2023\/07\/Christian-Albrecht-Jensen-Portraet-af-Johannes-Dam-Hage-redaktoer-ved-Faedrelandet-1837.jpg.webp)\" class=\"lazyload\" data-smush-webp-fallback=\"{&quot;data-bg-image&quot;:&quot;url(https:\\\/\\\/nivaagaard.dk\\\/wp-content\\\/uploads\\\/2023\\\/07\\\/Christian-Albrecht-Jensen-Portraet-af-Johannes-Dam-Hage-redaktoer-ved-Faedrelandet-1837.jpg)&quot;}\"><\/div><noscript><img loading=\"lazy\" decoding=\"async\" class=\"wpgb-noscript-img\" src=\"https:\/\/nivaagaard.dk\/wp-content\/uploads\/2023\/07\/Christian-Albrecht-Jensen-Portraet-af-Johannes-Dam-Hage-redaktoer-ved-Faedrelandet-1837.jpg\" alt=\"\" height=\"730\" width=\"560\"><\/noscript><\/a><\/div><div class=\"wpgb-card-media-content\" data-action><div class=\"wpgb-card-media-content-center\"><a class=\"wpgb-block-1 wpgb-idle-scheme-1\" href=\"https:\/\/nivaagaard.dk\/en\/the-collection\/jensen-christian-albrecht\/\"><p>CHRISTIAN ALBRECHT JENSEN<\/p>\n<hr \/>\n<p><em>Portrait of Johannes Dam Hage (1800-1837), editor of &#8220;F\u00e6drelandet&#8221; (The Fatherland<\/em>), 1837<\/p><\/a><\/div><a class=\"wpgb-card-layer-link\" href=\"https:\/\/nivaagaard.dk\/en\/the-collection\/jensen-christian-albrecht\/\"><\/a><\/div><\/div><\/div><\/div><\/article><article class=\"wpgb-card wpgb-card-13 wpgb-post-38024\" data-col=\"1\" data-row=\"1\" data-format=\"standard\" data-fluid><div class=\"wpgb-card-wrapper\"><div class=\"wpgb-card-inner\"><div class=\"wpgb-card-media wpgb-scheme-light\"><svg data-ratio style=\"padding-top:126.25%\" viewBox=\"0 0 560 707\"><\/svg><div class=\"wpgb-card-media-thumbnail\"><a href=\"https:\/\/nivaagaard.dk\/wp-content\/smush-webp\/2023\/07\/Jensen-Christian-Albrecht-Hans-og-Bolette-Puggaards-tre-boern-1827.jpg.webp\" tabindex=\"-1\" class=\"wpgb-handle-lb wpgb-lightbox\" data-type=\"image\" data-rel=\"4\" data-title=\"Jensen, Christian Albrecht &#8211; Hans og Bolette Puggaards tre b\u00f8rn, 1827\" data-desc=\"Jensen, Christian Albrecht &#8211; Hans og Bolette Puggaards tre b\u00f8rn, 1827\" title=\"Enlarge photo\" data-smush-webp-fallback=\"{&quot;href&quot;:&quot;https:\\\/\\\/nivaagaard.dk\\\/wp-content\\\/uploads\\\/2023\\\/07\\\/Jensen-Christian-Albrecht-Hans-og-Bolette-Puggaards-tre-boern-1827.jpg&quot;}\"><div style=\"background-image:inherit\" data-bg-image=\"url(https:\/\/nivaagaard.dk\/wp-content\/smush-webp\/2023\/07\/Jensen-Christian-Albrecht-Hans-og-Bolette-Puggaards-tre-boern-1827.jpg.webp)\" class=\"lazyload\" data-smush-webp-fallback=\"{&quot;data-bg-image&quot;:&quot;url(https:\\\/\\\/nivaagaard.dk\\\/wp-content\\\/uploads\\\/2023\\\/07\\\/Jensen-Christian-Albrecht-Hans-og-Bolette-Puggaards-tre-boern-1827.jpg)&quot;}\"><\/div><noscript><img loading=\"lazy\" decoding=\"async\" class=\"wpgb-noscript-img\" src=\"https:\/\/nivaagaard.dk\/wp-content\/uploads\/2023\/07\/Jensen-Christian-Albrecht-Hans-og-Bolette-Puggaards-tre-boern-1827.jpg\" alt=\"\" height=\"707\" width=\"560\"><\/noscript><\/a><\/div><div class=\"wpgb-card-media-content\" data-action><div class=\"wpgb-card-media-content-center\"><a class=\"wpgb-block-1 wpgb-idle-scheme-1\" href=\"https:\/\/nivaagaard.dk\/en\/the-collection\/jensen-christian-albrecht-2\/\"><p>CHRISTIAN ALBRECHT JENSEN<\/p>\n<hr \/>\n<p><em>Hans and Bolette Puggaards three children<\/em>, 1827<\/p><\/a><\/div><a class=\"wpgb-card-layer-link\" href=\"https:\/\/nivaagaard.dk\/en\/the-collection\/jensen-christian-albrecht-2\/\"><\/a><\/div><\/div><\/div><\/div><\/article><article class=\"wpgb-card wpgb-card-13 wpgb-post-38008\" data-col=\"1\" data-row=\"1\" data-format=\"standard\" data-fluid><div class=\"wpgb-card-wrapper\"><div class=\"wpgb-card-inner\"><div class=\"wpgb-card-media wpgb-scheme-light\"><svg data-ratio style=\"padding-top:78.21%\" viewBox=\"0 0 560 438\"><\/svg><div class=\"wpgb-card-media-thumbnail\"><a href=\"https:\/\/nivaagaard.dk\/wp-content\/smush-webp\/2023\/07\/J.L.-Jensen-Granataeble-groenne-og-blaa-druer-paa-stenkarm-1833.jpg.webp\" tabindex=\"-1\" class=\"wpgb-handle-lb wpgb-lightbox\" data-type=\"image\" data-rel=\"4\" data-title=\"J.L. Jensen, Granat\u00e6ble, gr\u00f8nne og bl\u00e5 druer p\u00e5 stenkarm , 1833\" data-desc=\"J.L. Jensen, Granat\u00e6ble, gr\u00f8nne og bl\u00e5 druer p\u00e5 stenkarm , 1833\" title=\"Enlarge photo\" data-smush-webp-fallback=\"{&quot;href&quot;:&quot;https:\\\/\\\/nivaagaard.dk\\\/wp-content\\\/uploads\\\/2023\\\/07\\\/J.L.-Jensen-Granataeble-groenne-og-blaa-druer-paa-stenkarm-1833.jpg&quot;}\"><div style=\"background-image:inherit\" data-bg-image=\"url(https:\/\/nivaagaard.dk\/wp-content\/smush-webp\/2023\/07\/J.L.-Jensen-Granataeble-groenne-og-blaa-druer-paa-stenkarm-1833.jpg.webp)\" class=\"lazyload\" data-smush-webp-fallback=\"{&quot;data-bg-image&quot;:&quot;url(https:\\\/\\\/nivaagaard.dk\\\/wp-content\\\/uploads\\\/2023\\\/07\\\/J.L.-Jensen-Granataeble-groenne-og-blaa-druer-paa-stenkarm-1833.jpg)&quot;}\"><\/div><noscript><img loading=\"lazy\" decoding=\"async\" class=\"wpgb-noscript-img\" src=\"https:\/\/nivaagaard.dk\/wp-content\/uploads\/2023\/07\/J.L.-Jensen-Granataeble-groenne-og-blaa-druer-paa-stenkarm-1833.jpg\" alt=\"\" height=\"438\" width=\"560\"><\/noscript><\/a><\/div><div class=\"wpgb-card-media-content\" data-action><div class=\"wpgb-card-media-content-center\"><a class=\"wpgb-block-1 wpgb-idle-scheme-1\" href=\"https:\/\/nivaagaard.dk\/en\/the-collection\/jensen-j-l\/\"><p>J.L. JENSEN<\/p>\n<hr \/>\n<p><em>Pomegranates and green and blue grapes on a marble frame<\/em>, 1833<\/p><\/a><\/div><a class=\"wpgb-card-layer-link\" href=\"https:\/\/nivaagaard.dk\/en\/the-collection\/jensen-j-l\/\"><\/a><\/div><\/div><\/div><\/div><\/article><article class=\"wpgb-card wpgb-card-13 wpgb-post-38011\" data-col=\"1\" data-row=\"1\" data-format=\"standard\" data-fluid><div class=\"wpgb-card-wrapper\"><div class=\"wpgb-card-inner\"><div class=\"wpgb-card-media wpgb-scheme-light\"><svg data-ratio style=\"padding-top:77.5%\" viewBox=\"0 0 560 434\"><\/svg><div class=\"wpgb-card-media-thumbnail\"><a href=\"https:\/\/nivaagaard.dk\/wp-content\/smush-webp\/2023\/07\/J.L.-Jensen-Blomster-i-en-opsats-paa-marmorkarm-med-boegegren-1846.jpg.webp\" tabindex=\"-1\" class=\"wpgb-handle-lb wpgb-lightbox\" data-type=\"image\" data-rel=\"4\" data-title=\"J.L. Jensen, Blomster i en opsats p\u00e5 marmorkarm med b\u00f8gegren, 1846\" title=\"Enlarge photo\" data-smush-webp-fallback=\"{&quot;href&quot;:&quot;https:\\\/\\\/nivaagaard.dk\\\/wp-content\\\/uploads\\\/2023\\\/07\\\/J.L.-Jensen-Blomster-i-en-opsats-paa-marmorkarm-med-boegegren-1846.jpg&quot;}\"><div style=\"background-image:inherit\" data-bg-image=\"url(https:\/\/nivaagaard.dk\/wp-content\/smush-webp\/2023\/07\/J.L.-Jensen-Blomster-i-en-opsats-paa-marmorkarm-med-boegegren-1846.jpg.webp)\" class=\"lazyload\" data-smush-webp-fallback=\"{&quot;data-bg-image&quot;:&quot;url(https:\\\/\\\/nivaagaard.dk\\\/wp-content\\\/uploads\\\/2023\\\/07\\\/J.L.-Jensen-Blomster-i-en-opsats-paa-marmorkarm-med-boegegren-1846.jpg)&quot;}\"><\/div><noscript><img loading=\"lazy\" decoding=\"async\" class=\"wpgb-noscript-img\" src=\"https:\/\/nivaagaard.dk\/wp-content\/uploads\/2023\/07\/J.L.-Jensen-Blomster-i-en-opsats-paa-marmorkarm-med-boegegren-1846.jpg\" alt=\"\" height=\"434\" width=\"560\"><\/noscript><\/a><\/div><div class=\"wpgb-card-media-content\" data-action><div class=\"wpgb-card-media-content-center\"><a class=\"wpgb-block-1 wpgb-idle-scheme-1\" href=\"https:\/\/nivaagaard.dk\/en\/the-collection\/jensen-j-l-2\/\"><p>J.L. JENSEN<\/p>\n<hr \/>\n<p><em>Flowers in a centrepiece on a marble windowsill with a beech branch<\/em>, 1846<\/p><\/a><\/div><a class=\"wpgb-card-layer-link\" href=\"https:\/\/nivaagaard.dk\/en\/the-collection\/jensen-j-l-2\/\"><\/a><\/div><\/div><\/div><\/div><\/article><article class=\"wpgb-card wpgb-card-13 wpgb-post-37944\" data-col=\"1\" data-row=\"1\" data-format=\"standard\" data-fluid><div class=\"wpgb-card-wrapper\"><div class=\"wpgb-card-inner\"><div class=\"wpgb-card-media wpgb-scheme-light\"><svg data-ratio style=\"padding-top:72.68%\" viewBox=\"0 0 560 407\"><\/svg><div class=\"wpgb-card-media-thumbnail\"><a href=\"https:\/\/nivaagaard.dk\/wp-content\/smush-webp\/2023\/07\/Harald-Jerichau-Landskabsparti-fra-Rom-Villa-dei-Quintilli-ved-Via-Appia-1870.jpg.webp\" tabindex=\"-1\" class=\"wpgb-handle-lb wpgb-lightbox\" data-type=\"image\" data-rel=\"4\" data-title=\"Harald Jerichau, Landskabsparti fra Rom, Villa dei Quintilli ved Via Appia, 1870\" title=\"Enlarge photo\" data-smush-webp-fallback=\"{&quot;href&quot;:&quot;https:\\\/\\\/nivaagaard.dk\\\/wp-content\\\/uploads\\\/2023\\\/07\\\/Harald-Jerichau-Landskabsparti-fra-Rom-Villa-dei-Quintilli-ved-Via-Appia-1870.jpg&quot;}\"><div style=\"background-image:inherit\" data-bg-image=\"url(https:\/\/nivaagaard.dk\/wp-content\/smush-webp\/2023\/07\/Harald-Jerichau-Landskabsparti-fra-Rom-Villa-dei-Quintilli-ved-Via-Appia-1870.jpg.webp)\" class=\"lazyload\" data-smush-webp-fallback=\"{&quot;data-bg-image&quot;:&quot;url(https:\\\/\\\/nivaagaard.dk\\\/wp-content\\\/uploads\\\/2023\\\/07\\\/Harald-Jerichau-Landskabsparti-fra-Rom-Villa-dei-Quintilli-ved-Via-Appia-1870.jpg)&quot;}\"><\/div><noscript><img loading=\"lazy\" decoding=\"async\" class=\"wpgb-noscript-img\" src=\"https:\/\/nivaagaard.dk\/wp-content\/uploads\/2023\/07\/Harald-Jerichau-Landskabsparti-fra-Rom-Villa-dei-Quintilli-ved-Via-Appia-1870.jpg\" alt=\"\" height=\"407\" width=\"560\"><\/noscript><\/a><\/div><div class=\"wpgb-card-media-content\" data-action><div class=\"wpgb-card-media-content-center\"><a class=\"wpgb-block-1 wpgb-idle-scheme-1\" href=\"https:\/\/nivaagaard.dk\/en\/the-collection\/jerichau-harald\/\"><p>HARALD JERICHAU<\/p>\n<hr \/>\n<p><em>Landscape from Rome, Villa dei Quintili near Via Appia<\/em>, 1870<\/p><\/a><\/div><a class=\"wpgb-card-layer-link\" href=\"https:\/\/nivaagaard.dk\/en\/the-collection\/jerichau-harald\/\"><\/a><\/div><\/div><\/div><\/div><\/article><article class=\"wpgb-card wpgb-card-13 wpgb-post-37943\" data-col=\"1\" data-row=\"1\" data-format=\"standard\" data-fluid><div class=\"wpgb-card-wrapper\"><div class=\"wpgb-card-inner\"><div class=\"wpgb-card-media wpgb-scheme-light\"><svg data-ratio style=\"padding-top:67.14%\" viewBox=\"0 0 560 376\"><\/svg><div class=\"wpgb-card-media-thumbnail\"><a href=\"https:\/\/nivaagaard.dk\/wp-content\/smush-webp\/2023\/07\/J.A.-Jerichau-Kopi-efter-Rafael-Skolen-i-Athen-1912.jpg.webp\" tabindex=\"-1\" class=\"wpgb-handle-lb wpgb-lightbox\" data-type=\"image\" data-rel=\"4\" data-title=\"J.A. Jerichau, Kopi efter Rafael, Skolen i Athen, 1912\" title=\"Enlarge photo\" data-smush-webp-fallback=\"{&quot;href&quot;:&quot;https:\\\/\\\/nivaagaard.dk\\\/wp-content\\\/uploads\\\/2023\\\/07\\\/J.A.-Jerichau-Kopi-efter-Rafael-Skolen-i-Athen-1912.jpg&quot;}\"><div style=\"background-image:inherit\" data-bg-image=\"url(https:\/\/nivaagaard.dk\/wp-content\/smush-webp\/2023\/07\/J.A.-Jerichau-Kopi-efter-Rafael-Skolen-i-Athen-1912.jpg.webp)\" class=\"lazyload\" data-smush-webp-fallback=\"{&quot;data-bg-image&quot;:&quot;url(https:\\\/\\\/nivaagaard.dk\\\/wp-content\\\/uploads\\\/2023\\\/07\\\/J.A.-Jerichau-Kopi-efter-Rafael-Skolen-i-Athen-1912.jpg)&quot;}\"><\/div><noscript><img loading=\"lazy\" decoding=\"async\" class=\"wpgb-noscript-img\" src=\"https:\/\/nivaagaard.dk\/wp-content\/uploads\/2023\/07\/J.A.-Jerichau-Kopi-efter-Rafael-Skolen-i-Athen-1912.jpg\" alt=\"\" height=\"376\" width=\"560\"><\/noscript><\/a><\/div><div class=\"wpgb-card-media-content\" data-action><div class=\"wpgb-card-media-content-center\"><a class=\"wpgb-block-1 wpgb-idle-scheme-1\" href=\"https:\/\/nivaagaard.dk\/en\/the-collection\/jerichau-jens-adolf\/\"><p>JENS ADOLF JERICHAU<\/p>\n<hr \/>\n<p>Copy after Rafael: <em>The school of Athens<\/em>, 1912<\/p><\/a><\/div><a class=\"wpgb-card-layer-link\" href=\"https:\/\/nivaagaard.dk\/en\/the-collection\/jerichau-jens-adolf\/\"><\/a><\/div><\/div><\/div><\/div><\/article><article class=\"wpgb-card wpgb-card-13 wpgb-post-37941\" data-col=\"1\" data-row=\"1\" data-format=\"standard\" data-fluid><div class=\"wpgb-card-wrapper\"><div class=\"wpgb-card-inner\"><div class=\"wpgb-card-media wpgb-scheme-light\"><svg data-ratio style=\"padding-top:131.07%\" viewBox=\"0 0 560 734\"><\/svg><div class=\"wpgb-card-media-thumbnail\"><a href=\"https:\/\/nivaagaard.dk\/wp-content\/smush-webp\/2023\/07\/Jens-Juel-Portraet-af-Peter-Tutein-med-sin-yngste-soen-Louis-Alexander-ca.-1800.jpg.webp\" tabindex=\"-1\" class=\"wpgb-handle-lb wpgb-lightbox\" data-type=\"image\" data-rel=\"4\" data-title=\"Jens Juel, Portr\u00e6t af Peter Tutein med sin yngste s\u00f8n Louis Alexander, ca. 1800\" title=\"Enlarge photo\" data-smush-webp-fallback=\"{&quot;href&quot;:&quot;https:\\\/\\\/nivaagaard.dk\\\/wp-content\\\/uploads\\\/2023\\\/07\\\/Jens-Juel-Portraet-af-Peter-Tutein-med-sin-yngste-soen-Louis-Alexander-ca.-1800.jpg&quot;}\"><div style=\"background-image:inherit\" data-bg-image=\"url(https:\/\/nivaagaard.dk\/wp-content\/smush-webp\/2023\/07\/Jens-Juel-Portraet-af-Peter-Tutein-med-sin-yngste-soen-Louis-Alexander-ca.-1800.jpg.webp)\" class=\"lazyload\" data-smush-webp-fallback=\"{&quot;data-bg-image&quot;:&quot;url(https:\\\/\\\/nivaagaard.dk\\\/wp-content\\\/uploads\\\/2023\\\/07\\\/Jens-Juel-Portraet-af-Peter-Tutein-med-sin-yngste-soen-Louis-Alexander-ca.-1800.jpg)&quot;}\"><\/div><noscript><img loading=\"lazy\" decoding=\"async\" class=\"wpgb-noscript-img\" src=\"https:\/\/nivaagaard.dk\/wp-content\/uploads\/2023\/07\/Jens-Juel-Portraet-af-Peter-Tutein-med-sin-yngste-soen-Louis-Alexander-ca.-1800.jpg\" alt=\"\" height=\"734\" width=\"560\"><\/noscript><\/a><\/div><div class=\"wpgb-card-media-content\" data-action><div class=\"wpgb-card-media-content-center\"><a class=\"wpgb-block-1 wpgb-idle-scheme-1\" href=\"https:\/\/nivaagaard.dk\/en\/the-collection\/juel-jens\/\"><p>JENS JUEL<\/p>\n<hr \/>\n<p><em>Peter Tutein with his Youngest Son Louis Alexander,<\/em> c. 1800<\/p><\/a><\/div><a class=\"wpgb-card-layer-link\" href=\"https:\/\/nivaagaard.dk\/en\/the-collection\/juel-jens\/\"><\/a><\/div><\/div><\/div><\/div><\/article><article class=\"wpgb-card wpgb-card-13 wpgb-post-37942\" data-col=\"1\" data-row=\"1\" data-format=\"standard\" data-fluid><div class=\"wpgb-card-wrapper\"><div class=\"wpgb-card-inner\"><div class=\"wpgb-card-media wpgb-scheme-light\"><svg data-ratio style=\"padding-top:72.5%\" viewBox=\"0 0 560 406\"><\/svg><div class=\"wpgb-card-media-thumbnail\"><a href=\"https:\/\/nivaagaard.dk\/wp-content\/smush-webp\/2023\/07\/Jens-Juel-Landskab-ved-Oeresund.-ca.-1800.jpg.webp\" tabindex=\"-1\" class=\"wpgb-handle-lb wpgb-lightbox\" data-type=\"image\" data-rel=\"4\" data-title=\"Jens Juel, Landskab ved \u00d8resund. ca. 1800\" title=\"Enlarge photo\" data-smush-webp-fallback=\"{&quot;href&quot;:&quot;https:\\\/\\\/nivaagaard.dk\\\/wp-content\\\/uploads\\\/2023\\\/07\\\/Jens-Juel-Landskab-ved-Oeresund.-ca.-1800.jpg&quot;}\"><div style=\"background-image:inherit\" data-bg-image=\"url(https:\/\/nivaagaard.dk\/wp-content\/smush-webp\/2023\/07\/Jens-Juel-Landskab-ved-Oeresund.-ca.-1800.jpg.webp)\" class=\"lazyload\" data-smush-webp-fallback=\"{&quot;data-bg-image&quot;:&quot;url(https:\\\/\\\/nivaagaard.dk\\\/wp-content\\\/uploads\\\/2023\\\/07\\\/Jens-Juel-Landskab-ved-Oeresund.-ca.-1800.jpg)&quot;}\"><\/div><noscript><img loading=\"lazy\" decoding=\"async\" class=\"wpgb-noscript-img\" src=\"https:\/\/nivaagaard.dk\/wp-content\/uploads\/2023\/07\/Jens-Juel-Landskab-ved-Oeresund.-ca.-1800.jpg\" alt=\"\" height=\"406\" width=\"560\"><\/noscript><\/a><\/div><div class=\"wpgb-card-media-content\" data-action><div class=\"wpgb-card-media-content-center\"><a class=\"wpgb-block-1 wpgb-idle-scheme-1\" href=\"https:\/\/nivaagaard.dk\/en\/the-collection\/juel-jens-2\/\"><p>JENS JUEL<\/p>\n<hr \/>\n<p><em>Landscape by the Sound,<\/em> ca. 1800<\/p><\/a><\/div><a class=\"wpgb-card-layer-link\" href=\"https:\/\/nivaagaard.dk\/en\/the-collection\/juel-jens-2\/\"><\/a><\/div><\/div><\/div><\/div><\/article><article class=\"wpgb-card wpgb-card-13 wpgb-post-37940\" data-col=\"1\" data-row=\"1\" data-format=\"standard\" data-fluid><div class=\"wpgb-card-wrapper\"><div class=\"wpgb-card-inner\"><div class=\"wpgb-card-media wpgb-scheme-light\"><svg data-ratio style=\"padding-top:112.86%\" viewBox=\"0 0 560 632\"><\/svg><div class=\"wpgb-card-media-thumbnail\"><a href=\"https:\/\/nivaagaard.dk\/wp-content\/smush-webp\/2023\/07\/H.C.-Kofoed-Bondekone-fra-Bretagne-ca.-1886.jpg.webp\" tabindex=\"-1\" class=\"wpgb-handle-lb wpgb-lightbox\" data-type=\"image\" data-rel=\"4\" data-title=\"H.C. Kofoed, Bondekone fra Bretagne, ca. 1886\" title=\"Enlarge photo\" data-smush-webp-fallback=\"{&quot;href&quot;:&quot;https:\\\/\\\/nivaagaard.dk\\\/wp-content\\\/uploads\\\/2023\\\/07\\\/H.C.-Kofoed-Bondekone-fra-Bretagne-ca.-1886.jpg&quot;}\"><div style=\"background-image:inherit\" data-bg-image=\"url(https:\/\/nivaagaard.dk\/wp-content\/smush-webp\/2023\/07\/H.C.-Kofoed-Bondekone-fra-Bretagne-ca.-1886.jpg.webp)\" class=\"lazyload\" data-smush-webp-fallback=\"{&quot;data-bg-image&quot;:&quot;url(https:\\\/\\\/nivaagaard.dk\\\/wp-content\\\/uploads\\\/2023\\\/07\\\/H.C.-Kofoed-Bondekone-fra-Bretagne-ca.-1886.jpg)&quot;}\"><\/div><noscript><img loading=\"lazy\" decoding=\"async\" class=\"wpgb-noscript-img\" src=\"https:\/\/nivaagaard.dk\/wp-content\/uploads\/2023\/07\/H.C.-Kofoed-Bondekone-fra-Bretagne-ca.-1886.jpg\" alt=\"\" height=\"632\" width=\"560\"><\/noscript><\/a><\/div><div class=\"wpgb-card-media-content\" data-action><div class=\"wpgb-card-media-content-center\"><a class=\"wpgb-block-1 wpgb-idle-scheme-1\" href=\"https:\/\/nivaagaard.dk\/en\/the-collection\/koefoed-hans-christian\/\"><p>HANS CHRISTIAN KOEFOED<\/p>\n<hr \/>\n<p><em>Peasant woman from Brittany<\/em>, c. 1886<\/p><\/a><\/div><a class=\"wpgb-card-layer-link\" href=\"https:\/\/nivaagaard.dk\/en\/the-collection\/koefoed-hans-christian\/\"><\/a><\/div><\/div><\/div><\/div><\/article><article class=\"wpgb-card wpgb-card-13 wpgb-post-37801\" data-col=\"1\" data-row=\"1\" data-format=\"standard\" data-fluid><div class=\"wpgb-card-wrapper\"><div class=\"wpgb-card-inner\"><div class=\"wpgb-card-media wpgb-scheme-light\"><svg data-ratio style=\"padding-top:61.79%\" viewBox=\"0 0 560 346\"><\/svg><div class=\"wpgb-card-media-thumbnail\"><a href=\"https:\/\/nivaagaard.dk\/wp-content\/smush-webp\/2023\/07\/Koebke_Christen.jpg.webp\" tabindex=\"-1\" class=\"wpgb-handle-lb wpgb-lightbox\" data-type=\"image\" data-rel=\"4\" data-title=\"Koebke_Christen\" title=\"Enlarge photo\" data-smush-webp-fallback=\"{&quot;href&quot;:&quot;https:\\\/\\\/nivaagaard.dk\\\/wp-content\\\/uploads\\\/2023\\\/07\\\/Koebke_Christen.jpg&quot;}\"><div style=\"background-image:inherit\" data-bg-image=\"url(https:\/\/nivaagaard.dk\/wp-content\/smush-webp\/2023\/07\/Koebke_Christen.jpg.webp)\" class=\"lazyload\" data-smush-webp-fallback=\"{&quot;data-bg-image&quot;:&quot;url(https:\\\/\\\/nivaagaard.dk\\\/wp-content\\\/uploads\\\/2023\\\/07\\\/Koebke_Christen.jpg)&quot;}\"><\/div><noscript><img loading=\"lazy\" decoding=\"async\" class=\"wpgb-noscript-img\" src=\"https:\/\/nivaagaard.dk\/wp-content\/uploads\/2023\/07\/Koebke_Christen.jpg\" alt=\"\" height=\"346\" width=\"560\"><\/noscript><\/a><\/div><div class=\"wpgb-card-media-content\" data-action><div class=\"wpgb-card-media-content-center\"><a class=\"wpgb-block-1 wpgb-idle-scheme-1\" href=\"https:\/\/nivaagaard.dk\/en\/the-collection\/koebke-christen\/\"><p>CHRISTEN K\u00d8BKE<\/p>\n<hr \/>\n<p><em>Section near the Lime Kiln with a View towards Copenhagen<\/em>,\u00a01836<\/p><\/a><\/div><a class=\"wpgb-card-layer-link\" href=\"https:\/\/nivaagaard.dk\/en\/the-collection\/koebke-christen\/\"><\/a><\/div><\/div><\/div><\/div><\/article><article class=\"wpgb-card wpgb-card-13 wpgb-post-37938\" data-col=\"1\" data-row=\"1\" data-format=\"standard\" data-fluid><div class=\"wpgb-card-wrapper\"><div class=\"wpgb-card-inner\"><div class=\"wpgb-card-media wpgb-scheme-light\"><svg data-ratio style=\"padding-top:119.64%\" viewBox=\"0 0 560 670\"><\/svg><div class=\"wpgb-card-media-thumbnail\"><a href=\"https:\/\/nivaagaard.dk\/wp-content\/smush-webp\/2023\/07\/C.A.-Koelle-Via-San-Nicola-di-Tolentino-i-Rom-1871.jpg.webp\" tabindex=\"-1\" class=\"wpgb-handle-lb wpgb-lightbox\" data-type=\"image\" data-rel=\"4\" data-title=\"C.A. K\u00f8lle, Via San Nicola di Tolentino i Rom, 1871\" title=\"Enlarge photo\" data-smush-webp-fallback=\"{&quot;href&quot;:&quot;https:\\\/\\\/nivaagaard.dk\\\/wp-content\\\/uploads\\\/2023\\\/07\\\/C.A.-Koelle-Via-San-Nicola-di-Tolentino-i-Rom-1871.jpg&quot;}\"><div style=\"background-image:inherit\" data-bg-image=\"url(https:\/\/nivaagaard.dk\/wp-content\/smush-webp\/2023\/07\/C.A.-Koelle-Via-San-Nicola-di-Tolentino-i-Rom-1871.jpg.webp)\" class=\"lazyload\" data-smush-webp-fallback=\"{&quot;data-bg-image&quot;:&quot;url(https:\\\/\\\/nivaagaard.dk\\\/wp-content\\\/uploads\\\/2023\\\/07\\\/C.A.-Koelle-Via-San-Nicola-di-Tolentino-i-Rom-1871.jpg)&quot;}\"><\/div><noscript><img loading=\"lazy\" decoding=\"async\" class=\"wpgb-noscript-img\" src=\"https:\/\/nivaagaard.dk\/wp-content\/uploads\/2023\/07\/C.A.-Koelle-Via-San-Nicola-di-Tolentino-i-Rom-1871.jpg\" alt=\"\" height=\"670\" width=\"560\"><\/noscript><\/a><\/div><div class=\"wpgb-card-media-content\" data-action><div class=\"wpgb-card-media-content-center\"><a class=\"wpgb-block-1 wpgb-idle-scheme-1\" href=\"https:\/\/nivaagaard.dk\/en\/the-collection\/koelle-c-a\/\"><p>C. A. K\u00d8LLE<\/p>\n<hr \/>\n<p><em>Via San Nicola di Tolentino in Rome<\/em>, 1871<\/p><\/a><\/div><a class=\"wpgb-card-layer-link\" href=\"https:\/\/nivaagaard.dk\/en\/the-collection\/koelle-c-a\/\"><\/a><\/div><\/div><\/div><\/div><\/article><article class=\"wpgb-card wpgb-card-13 wpgb-post-37939\" data-col=\"1\" data-row=\"1\" data-format=\"standard\" data-fluid><div class=\"wpgb-card-wrapper\"><div class=\"wpgb-card-inner\"><div class=\"wpgb-card-media wpgb-scheme-light\"><svg data-ratio style=\"padding-top:85.18%\" viewBox=\"0 0 560 477\"><\/svg><div class=\"wpgb-card-media-thumbnail\"><a href=\"https:\/\/nivaagaard.dk\/wp-content\/smush-webp\/2023\/07\/P.S.-Kroeyer-Dobbeltportraet-af-kgl.-skuespiller-Emil-Poulsen-og-hans-hustru-Anna-f.-Naeser-1885.jpg.webp\" tabindex=\"-1\" class=\"wpgb-handle-lb wpgb-lightbox\" data-type=\"image\" data-rel=\"4\" data-title=\"P.S. Kr\u00f8yer, Dobbeltportr\u00e6t af kgl. skuespiller Emil Poulsen og hans hustru Anna, f. N\u00e6ser, 1885\" title=\"Enlarge photo\" data-smush-webp-fallback=\"{&quot;href&quot;:&quot;https:\\\/\\\/nivaagaard.dk\\\/wp-content\\\/uploads\\\/2023\\\/07\\\/P.S.-Kroeyer-Dobbeltportraet-af-kgl.-skuespiller-Emil-Poulsen-og-hans-hustru-Anna-f.-Naeser-1885.jpg&quot;}\"><div style=\"background-image:inherit\" data-bg-image=\"url(https:\/\/nivaagaard.dk\/wp-content\/smush-webp\/2023\/07\/P.S.-Kroeyer-Dobbeltportraet-af-kgl.-skuespiller-Emil-Poulsen-og-hans-hustru-Anna-f.-Naeser-1885.jpg.webp)\" class=\"lazyload\" data-smush-webp-fallback=\"{&quot;data-bg-image&quot;:&quot;url(https:\\\/\\\/nivaagaard.dk\\\/wp-content\\\/uploads\\\/2023\\\/07\\\/P.S.-Kroeyer-Dobbeltportraet-af-kgl.-skuespiller-Emil-Poulsen-og-hans-hustru-Anna-f.-Naeser-1885.jpg)&quot;}\"><\/div><noscript><img loading=\"lazy\" decoding=\"async\" class=\"wpgb-noscript-img\" src=\"https:\/\/nivaagaard.dk\/wp-content\/uploads\/2023\/07\/P.S.-Kroeyer-Dobbeltportraet-af-kgl.-skuespiller-Emil-Poulsen-og-hans-hustru-Anna-f.-Naeser-1885.jpg\" alt=\"\" height=\"477\" width=\"560\"><\/noscript><\/a><\/div><div class=\"wpgb-card-media-content\" data-action><div class=\"wpgb-card-media-content-center\"><a class=\"wpgb-block-1 wpgb-idle-scheme-1\" href=\"https:\/\/nivaagaard.dk\/en\/the-collection\/kroeyer-p-s\/\"><p>P. S. KR\u00d8YER<\/p>\n<hr \/>\n<p><em>Double portrait of royal actor Emil Poulsen (1842-1911) and\u00a0his wife Anna, born N\u00e6ser (1849-1934<\/em><em>)<\/em>, 1885<\/p><\/a><\/div><a class=\"wpgb-card-layer-link\" href=\"https:\/\/nivaagaard.dk\/en\/the-collection\/kroeyer-p-s\/\"><\/a><\/div><\/div><\/div><\/div><\/article><article class=\"wpgb-card wpgb-card-13 wpgb-post-37933\" data-col=\"1\" data-row=\"1\" data-format=\"standard\" data-fluid><div class=\"wpgb-card-wrapper\"><div class=\"wpgb-card-inner\"><div class=\"wpgb-card-media wpgb-scheme-light\"><svg data-ratio style=\"padding-top:129.46%\" viewBox=\"0 0 560 725\"><\/svg><div class=\"wpgb-card-media-thumbnail\"><a href=\"https:\/\/nivaagaard.dk\/wp-content\/smush-webp\/2023\/07\/Johan-Ludvig-Lund-Brystbillede-af-bedende-kvinde.-Kopi-efter-maleri-af-Perugino-u.aa_.jpg.webp\" tabindex=\"-1\" class=\"wpgb-handle-lb wpgb-lightbox\" data-type=\"image\" data-rel=\"4\" data-title=\"Johan Ludvig Lund, Brystbillede af bedende kvinde. Kopi efter maleri af Perugino, u.\u00e5.\" title=\"Enlarge photo\" data-smush-webp-fallback=\"{&quot;href&quot;:&quot;https:\\\/\\\/nivaagaard.dk\\\/wp-content\\\/uploads\\\/2023\\\/07\\\/Johan-Ludvig-Lund-Brystbillede-af-bedende-kvinde.-Kopi-efter-maleri-af-Perugino-u.aa_.jpg&quot;}\"><div style=\"background-image:inherit\" data-bg-image=\"url(https:\/\/nivaagaard.dk\/wp-content\/smush-webp\/2023\/07\/Johan-Ludvig-Lund-Brystbillede-af-bedende-kvinde.-Kopi-efter-maleri-af-Perugino-u.aa_.jpg.webp)\" class=\"lazyload\" data-smush-webp-fallback=\"{&quot;data-bg-image&quot;:&quot;url(https:\\\/\\\/nivaagaard.dk\\\/wp-content\\\/uploads\\\/2023\\\/07\\\/Johan-Ludvig-Lund-Brystbillede-af-bedende-kvinde.-Kopi-efter-maleri-af-Perugino-u.aa_.jpg)&quot;}\"><\/div><noscript><img loading=\"lazy\" decoding=\"async\" class=\"wpgb-noscript-img\" src=\"https:\/\/nivaagaard.dk\/wp-content\/uploads\/2023\/07\/Johan-Ludvig-Lund-Brystbillede-af-bedende-kvinde.-Kopi-efter-maleri-af-Perugino-u.aa_.jpg\" alt=\"\" height=\"725\" width=\"560\"><\/noscript><\/a><\/div><div class=\"wpgb-card-media-content\" data-action><div class=\"wpgb-card-media-content-center\"><a class=\"wpgb-block-1 wpgb-idle-scheme-1\" href=\"https:\/\/nivaagaard.dk\/en\/the-collection\/lund-johan-ludvig\/\"><p>JOHAN LUDVIG LUND<\/p>\n<hr \/>\n<p><em>Head and shoulders portrait of a praying woman<\/em>. Copy of a painting by Perugino, n.d.<\/p><\/a><\/div><a class=\"wpgb-card-layer-link\" href=\"https:\/\/nivaagaard.dk\/en\/the-collection\/lund-johan-ludvig\/\"><\/a><\/div><\/div><\/div><\/div><\/article><article class=\"wpgb-card wpgb-card-13 wpgb-post-38007\" data-col=\"1\" data-row=\"1\" data-format=\"standard\" data-fluid><div class=\"wpgb-card-wrapper\"><div class=\"wpgb-card-inner\"><div class=\"wpgb-card-media wpgb-scheme-light\"><svg data-ratio style=\"padding-top:140.54%\" viewBox=\"0 0 560 787\"><\/svg><div class=\"wpgb-card-media-thumbnail\"><a href=\"https:\/\/nivaagaard.dk\/wp-content\/smush-webp\/2023\/07\/Johan-Ludvig-Lund-Englen-ved-Kristi-grav-1846-1.jpg.webp\" tabindex=\"-1\" class=\"wpgb-handle-lb wpgb-lightbox\" data-type=\"image\" data-rel=\"4\" data-title=\"Johan Ludvig Lund, Englen ved Kristi grav, 1846\" title=\"Enlarge photo\" data-smush-webp-fallback=\"{&quot;href&quot;:&quot;https:\\\/\\\/nivaagaard.dk\\\/wp-content\\\/uploads\\\/2023\\\/07\\\/Johan-Ludvig-Lund-Englen-ved-Kristi-grav-1846-1.jpg&quot;}\"><div style=\"background-image:inherit\" data-bg-image=\"url(https:\/\/nivaagaard.dk\/wp-content\/smush-webp\/2023\/07\/Johan-Ludvig-Lund-Englen-ved-Kristi-grav-1846-1.jpg.webp)\" class=\"lazyload\" data-smush-webp-fallback=\"{&quot;data-bg-image&quot;:&quot;url(https:\\\/\\\/nivaagaard.dk\\\/wp-content\\\/uploads\\\/2023\\\/07\\\/Johan-Ludvig-Lund-Englen-ved-Kristi-grav-1846-1.jpg)&quot;}\"><\/div><noscript><img loading=\"lazy\" decoding=\"async\" class=\"wpgb-noscript-img\" src=\"https:\/\/nivaagaard.dk\/wp-content\/uploads\/2023\/07\/Johan-Ludvig-Lund-Englen-ved-Kristi-grav-1846-1.jpg\" alt=\"\" height=\"787\" width=\"560\"><\/noscript><\/a><\/div><div class=\"wpgb-card-media-content\" data-action><div class=\"wpgb-card-media-content-center\"><a class=\"wpgb-block-1 wpgb-idle-scheme-1\" href=\"https:\/\/nivaagaard.dk\/en\/the-collection\/lund-johan-ludvig-2\/\"><p>JOHAN LUDVIG LUND<\/p>\n<hr \/>\n<p><em>The Angel at the Tomb of Christ<\/em>, 1846<\/p><\/a><\/div><a class=\"wpgb-card-layer-link\" href=\"https:\/\/nivaagaard.dk\/en\/the-collection\/lund-johan-ludvig-2\/\"><\/a><\/div><\/div><\/div><\/div><\/article><article class=\"wpgb-card wpgb-card-13 wpgb-post-37930\" data-col=\"1\" data-row=\"1\" data-format=\"standard\" data-fluid><div class=\"wpgb-card-wrapper\"><div class=\"wpgb-card-inner\"><div class=\"wpgb-card-media wpgb-scheme-light\"><svg data-ratio style=\"padding-top:56.07%\" viewBox=\"0 0 560 314\"><\/svg><div class=\"wpgb-card-media-thumbnail\"><a href=\"https:\/\/nivaagaard.dk\/wp-content\/smush-webp\/2023\/07\/J.-Th.-Lundbye-Udenfor-kostalden-1847.jpg.webp\" tabindex=\"-1\" class=\"wpgb-handle-lb wpgb-lightbox\" data-type=\"image\" data-rel=\"4\" data-title=\"J. Th. Lundbye, Udenfor kostalden, 1847\" title=\"Enlarge photo\" data-smush-webp-fallback=\"{&quot;href&quot;:&quot;https:\\\/\\\/nivaagaard.dk\\\/wp-content\\\/uploads\\\/2023\\\/07\\\/J.-Th.-Lundbye-Udenfor-kostalden-1847.jpg&quot;}\"><div style=\"background-image:inherit\" data-bg-image=\"url(https:\/\/nivaagaard.dk\/wp-content\/smush-webp\/2023\/07\/J.-Th.-Lundbye-Udenfor-kostalden-1847.jpg.webp)\" class=\"lazyload\" data-smush-webp-fallback=\"{&quot;data-bg-image&quot;:&quot;url(https:\\\/\\\/nivaagaard.dk\\\/wp-content\\\/uploads\\\/2023\\\/07\\\/J.-Th.-Lundbye-Udenfor-kostalden-1847.jpg)&quot;}\"><\/div><noscript><img loading=\"lazy\" decoding=\"async\" class=\"wpgb-noscript-img\" src=\"https:\/\/nivaagaard.dk\/wp-content\/uploads\/2023\/07\/J.-Th.-Lundbye-Udenfor-kostalden-1847.jpg\" alt=\"\" height=\"314\" width=\"560\"><\/noscript><\/a><\/div><div class=\"wpgb-card-media-content\" data-action><div class=\"wpgb-card-media-content-center\"><a class=\"wpgb-block-1 wpgb-idle-scheme-1\" href=\"https:\/\/nivaagaard.dk\/en\/the-collection\/lundbye-j-th\/\"><p>J. TH. LUNDBYE<\/p>\n<hr \/>\n<p><em>Outside the cowshed<\/em>, 1847<\/p><\/a><\/div><a class=\"wpgb-card-layer-link\" href=\"https:\/\/nivaagaard.dk\/en\/the-collection\/lundbye-j-th\/\"><\/a><\/div><\/div><\/div><\/div><\/article><article class=\"wpgb-card wpgb-card-13 wpgb-post-37931\" data-col=\"1\" data-row=\"1\" data-format=\"standard\" data-fluid><div class=\"wpgb-card-wrapper\"><div class=\"wpgb-card-inner\"><div class=\"wpgb-card-media wpgb-scheme-light\"><svg data-ratio style=\"padding-top:73.75%\" viewBox=\"0 0 560 413\"><\/svg><div class=\"wpgb-card-media-thumbnail\"><a href=\"https:\/\/nivaagaard.dk\/wp-content\/smush-webp\/2023\/07\/J.-Th.-Lundbye-Vinterlandskab-i-nordsjaellandsk-karakter-1841.jpg.webp\" tabindex=\"-1\" class=\"wpgb-handle-lb wpgb-lightbox\" data-type=\"image\" data-rel=\"4\" data-title=\"J. Th. Lundbye, Vinterlandskab i nordsj\u00e6llandsk karakter, 1841\" title=\"Enlarge photo\" data-smush-webp-fallback=\"{&quot;href&quot;:&quot;https:\\\/\\\/nivaagaard.dk\\\/wp-content\\\/uploads\\\/2023\\\/07\\\/J.-Th.-Lundbye-Vinterlandskab-i-nordsjaellandsk-karakter-1841.jpg&quot;}\"><div style=\"background-image:inherit\" data-bg-image=\"url(https:\/\/nivaagaard.dk\/wp-content\/smush-webp\/2023\/07\/J.-Th.-Lundbye-Vinterlandskab-i-nordsjaellandsk-karakter-1841.jpg.webp)\" class=\"lazyload\" data-smush-webp-fallback=\"{&quot;data-bg-image&quot;:&quot;url(https:\\\/\\\/nivaagaard.dk\\\/wp-content\\\/uploads\\\/2023\\\/07\\\/J.-Th.-Lundbye-Vinterlandskab-i-nordsjaellandsk-karakter-1841.jpg)&quot;}\"><\/div><noscript><img loading=\"lazy\" decoding=\"async\" class=\"wpgb-noscript-img\" src=\"https:\/\/nivaagaard.dk\/wp-content\/uploads\/2023\/07\/J.-Th.-Lundbye-Vinterlandskab-i-nordsjaellandsk-karakter-1841.jpg\" alt=\"\" height=\"413\" width=\"560\"><\/noscript><\/a><\/div><div class=\"wpgb-card-media-content\" data-action><div class=\"wpgb-card-media-content-center\"><a class=\"wpgb-block-1 wpgb-idle-scheme-1\" href=\"https:\/\/nivaagaard.dk\/en\/the-collection\/lundbye-j-th-2\/\"><p>J. TH. LUNDBYE<\/p>\n<hr \/>\n<p><em>Winter landscape with Northern Zealand character<\/em>, 1841<\/p><\/a><\/div><a class=\"wpgb-card-layer-link\" href=\"https:\/\/nivaagaard.dk\/en\/the-collection\/lundbye-j-th-2\/\"><\/a><\/div><\/div><\/div><\/div><\/article><article class=\"wpgb-card wpgb-card-13 wpgb-post-37932\" data-col=\"1\" data-row=\"1\" data-format=\"standard\" data-fluid><div class=\"wpgb-card-wrapper\"><div class=\"wpgb-card-inner\"><div class=\"wpgb-card-media wpgb-scheme-light\"><svg data-ratio style=\"padding-top:79.64%\" viewBox=\"0 0 560 446\"><\/svg><div class=\"wpgb-card-media-thumbnail\"><a href=\"https:\/\/nivaagaard.dk\/wp-content\/smush-webp\/2023\/07\/J.-Th.-Lundbye-Broelende-koeer-ved-et-staenge-1847.jpg.webp\" tabindex=\"-1\" class=\"wpgb-handle-lb wpgb-lightbox\" data-type=\"image\" data-rel=\"4\" data-title=\"J. Th. Lundbye, Br\u00f8lende k\u00f8er ved et st\u00e6nge, 1847\" title=\"Enlarge photo\" data-smush-webp-fallback=\"{&quot;href&quot;:&quot;https:\\\/\\\/nivaagaard.dk\\\/wp-content\\\/uploads\\\/2023\\\/07\\\/J.-Th.-Lundbye-Broelende-koeer-ved-et-staenge-1847.jpg&quot;}\"><div style=\"background-image:inherit\" data-bg-image=\"url(https:\/\/nivaagaard.dk\/wp-content\/smush-webp\/2023\/07\/J.-Th.-Lundbye-Broelende-koeer-ved-et-staenge-1847.jpg.webp)\" class=\"lazyload\" data-smush-webp-fallback=\"{&quot;data-bg-image&quot;:&quot;url(https:\\\/\\\/nivaagaard.dk\\\/wp-content\\\/uploads\\\/2023\\\/07\\\/J.-Th.-Lundbye-Broelende-koeer-ved-et-staenge-1847.jpg)&quot;}\"><\/div><noscript><img loading=\"lazy\" decoding=\"async\" class=\"wpgb-noscript-img\" src=\"https:\/\/nivaagaard.dk\/wp-content\/uploads\/2023\/07\/J.-Th.-Lundbye-Broelende-koeer-ved-et-staenge-1847.jpg\" alt=\"\" height=\"446\" width=\"560\"><\/noscript><\/a><\/div><div class=\"wpgb-card-media-content\" data-action><div class=\"wpgb-card-media-content-center\"><a class=\"wpgb-block-1 wpgb-idle-scheme-1\" href=\"https:\/\/nivaagaard.dk\/en\/the-collection\/lundbye-j-th-3\/\"><p>J. TH. LUNDBYE<\/p>\n<hr \/>\n<p><em>Bellowing cows by the fence gate<\/em>, 1847<\/p><\/a><\/div><a class=\"wpgb-card-layer-link\" href=\"https:\/\/nivaagaard.dk\/en\/the-collection\/lundbye-j-th-3\/\"><\/a><\/div><\/div><\/div><\/div><\/article><article class=\"wpgb-card wpgb-card-13 wpgb-post-37929\" data-col=\"1\" data-row=\"1\" data-format=\"standard\" data-fluid><div class=\"wpgb-card-wrapper\"><div class=\"wpgb-card-inner\"><div class=\"wpgb-card-media wpgb-scheme-light\"><svg data-ratio style=\"padding-top:77.5%\" viewBox=\"0 0 560 434\"><\/svg><div class=\"wpgb-card-media-thumbnail\"><a href=\"https:\/\/nivaagaard.dk\/wp-content\/smush-webp\/2023\/07\/Vilhelm-Lundstroem-Kopi-efter-Rubens-Konsul-Decius-Mus-doed-Prado-Madrid-ca.-1920.jpg.webp\" tabindex=\"-1\" class=\"wpgb-handle-lb wpgb-lightbox\" data-type=\"image\" data-rel=\"4\" data-title=\"Vilhelm Lundstr\u00f8m, Kopi efter Rubens, Konsul Decius Mus&#8217; d\u00f8d (Prado, Madrid) ca. 1920\" title=\"Enlarge photo\" data-smush-webp-fallback=\"{&quot;href&quot;:&quot;https:\\\/\\\/nivaagaard.dk\\\/wp-content\\\/uploads\\\/2023\\\/07\\\/Vilhelm-Lundstroem-Kopi-efter-Rubens-Konsul-Decius-Mus-doed-Prado-Madrid-ca.-1920.jpg&quot;}\"><div style=\"background-image:inherit\" data-bg-image=\"url(https:\/\/nivaagaard.dk\/wp-content\/smush-webp\/2023\/07\/Vilhelm-Lundstroem-Kopi-efter-Rubens-Konsul-Decius-Mus-doed-Prado-Madrid-ca.-1920.jpg.webp)\" class=\"lazyload\" data-smush-webp-fallback=\"{&quot;data-bg-image&quot;:&quot;url(https:\\\/\\\/nivaagaard.dk\\\/wp-content\\\/uploads\\\/2023\\\/07\\\/Vilhelm-Lundstroem-Kopi-efter-Rubens-Konsul-Decius-Mus-doed-Prado-Madrid-ca.-1920.jpg)&quot;}\"><\/div><noscript><img loading=\"lazy\" decoding=\"async\" class=\"wpgb-noscript-img\" src=\"https:\/\/nivaagaard.dk\/wp-content\/uploads\/2023\/07\/Vilhelm-Lundstroem-Kopi-efter-Rubens-Konsul-Decius-Mus-doed-Prado-Madrid-ca.-1920.jpg\" alt=\"\" height=\"434\" width=\"560\"><\/noscript><\/a><\/div><div class=\"wpgb-card-media-content\" data-action><div class=\"wpgb-card-media-content-center\"><a class=\"wpgb-block-1 wpgb-idle-scheme-1\" href=\"https:\/\/nivaagaard.dk\/en\/the-collection\/lundstroem-vilhelm\/\"><p>VILHELM LUNDSTR\u00d8M<\/p>\n<hr \/>\n<p>Copy after Rubens: <em>The death of Decius Mus (Prado, Madrid<\/em>), c. 1920<\/p><\/a><\/div><a class=\"wpgb-card-layer-link\" href=\"https:\/\/nivaagaard.dk\/en\/the-collection\/lundstroem-vilhelm\/\"><\/a><\/div><\/div><\/div><\/div><\/article><article class=\"wpgb-card wpgb-card-13 wpgb-post-37896\" data-col=\"1\" data-row=\"1\" data-format=\"standard\" data-fluid><div class=\"wpgb-card-wrapper\"><div class=\"wpgb-card-inner\"><div class=\"wpgb-card-media wpgb-scheme-light\"><svg data-ratio style=\"padding-top:75.36%\" viewBox=\"0 0 560 422\"><\/svg><div class=\"wpgb-card-media-thumbnail\"><a href=\"https:\/\/nivaagaard.dk\/wp-content\/smush-webp\/2023\/07\/Wilhelm-Marstrand-Vielgeschreys-genvordigheder.-Scene-fra-L.-Holbergs-Den-stundesloese-1.-akt-6.-scene-Skitse-foer-1850.jpg.webp\" tabindex=\"-1\" class=\"wpgb-handle-lb wpgb-lightbox\" data-type=\"image\" data-rel=\"4\" data-title=\"Wilhelm Marstrand, Vielgeschreys genvordigheder. Scene fra L. Holbergs Den stundesl\u00f8se, 1. akt, 6. scene (Skitse), f\u00f8r 1850\" title=\"Enlarge photo\" data-smush-webp-fallback=\"{&quot;href&quot;:&quot;https:\\\/\\\/nivaagaard.dk\\\/wp-content\\\/uploads\\\/2023\\\/07\\\/Wilhelm-Marstrand-Vielgeschreys-genvordigheder.-Scene-fra-L.-Holbergs-Den-stundesloese-1.-akt-6.-scene-Skitse-foer-1850.jpg&quot;}\"><div style=\"background-image:inherit\" data-bg-image=\"url(https:\/\/nivaagaard.dk\/wp-content\/smush-webp\/2023\/07\/Wilhelm-Marstrand-Vielgeschreys-genvordigheder.-Scene-fra-L.-Holbergs-Den-stundesloese-1.-akt-6.-scene-Skitse-foer-1850.jpg.webp)\" class=\"lazyload\" data-smush-webp-fallback=\"{&quot;data-bg-image&quot;:&quot;url(https:\\\/\\\/nivaagaard.dk\\\/wp-content\\\/uploads\\\/2023\\\/07\\\/Wilhelm-Marstrand-Vielgeschreys-genvordigheder.-Scene-fra-L.-Holbergs-Den-stundesloese-1.-akt-6.-scene-Skitse-foer-1850.jpg)&quot;}\"><\/div><noscript><img loading=\"lazy\" decoding=\"async\" class=\"wpgb-noscript-img\" src=\"https:\/\/nivaagaard.dk\/wp-content\/uploads\/2023\/07\/Wilhelm-Marstrand-Vielgeschreys-genvordigheder.-Scene-fra-L.-Holbergs-Den-stundesloese-1.-akt-6.-scene-Skitse-foer-1850.jpg\" alt=\"\" height=\"422\" width=\"560\"><\/noscript><\/a><\/div><div class=\"wpgb-card-media-content\" data-action><div class=\"wpgb-card-media-content-center\"><a class=\"wpgb-block-1 wpgb-idle-scheme-1\" href=\"https:\/\/nivaagaard.dk\/en\/the-collection\/marstrand-wilhelm\/\"><p>WILHELM MARSTRAND<\/p>\n<hr \/>\n<p><em>Vielgeschrey&#8217;s hardships, <\/em>scene from L. Holberg\u2019s &#8220;Den stundesl\u00f8se,&#8221; Act 1, Scene 6 (sketch), before 1850<\/p><\/a><\/div><a class=\"wpgb-card-layer-link\" href=\"https:\/\/nivaagaard.dk\/en\/the-collection\/marstrand-wilhelm\/\"><\/a><\/div><\/div><\/div><\/div><\/article><article class=\"wpgb-card wpgb-card-13 wpgb-post-37897\" data-col=\"1\" data-row=\"1\" data-format=\"standard\" data-fluid><div class=\"wpgb-card-wrapper\"><div class=\"wpgb-card-inner\"><div class=\"wpgb-card-media wpgb-scheme-light\"><svg data-ratio style=\"padding-top:101.67%\" viewBox=\"0 0 300 305\"><\/svg><div class=\"wpgb-card-media-thumbnail\"><a href=\"https:\/\/nivaagaard.dk\/wp-content\/smush-webp\/2023\/07\/Wilhelm-Marstrand-Venetianske-piger-i-en-kirke-ca.-1853-e1642090875442.jpg.webp\" tabindex=\"-1\" class=\"wpgb-handle-lb wpgb-lightbox\" data-type=\"image\" data-rel=\"4\" data-title=\"Wilhelm Marstrand, Venetianske piger i en kirke, ca. 1853\" title=\"Enlarge photo\" data-smush-webp-fallback=\"{&quot;href&quot;:&quot;https:\\\/\\\/nivaagaard.dk\\\/wp-content\\\/uploads\\\/2023\\\/07\\\/Wilhelm-Marstrand-Venetianske-piger-i-en-kirke-ca.-1853-e1642090875442.jpg&quot;}\"><div style=\"background-image:inherit\" data-bg-image=\"url(https:\/\/nivaagaard.dk\/wp-content\/smush-webp\/2023\/07\/Wilhelm-Marstrand-Venetianske-piger-i-en-kirke-ca.-1853-e1642090875442.jpg.webp)\" class=\"lazyload\" data-smush-webp-fallback=\"{&quot;data-bg-image&quot;:&quot;url(https:\\\/\\\/nivaagaard.dk\\\/wp-content\\\/uploads\\\/2023\\\/07\\\/Wilhelm-Marstrand-Venetianske-piger-i-en-kirke-ca.-1853-e1642090875442.jpg)&quot;}\"><\/div><noscript><img loading=\"lazy\" decoding=\"async\" class=\"wpgb-noscript-img\" src=\"https:\/\/nivaagaard.dk\/wp-content\/uploads\/2023\/07\/Wilhelm-Marstrand-Venetianske-piger-i-en-kirke-ca.-1853-e1642090875442.jpg\" alt=\"\" height=\"305\" width=\"300\"><\/noscript><\/a><\/div><div class=\"wpgb-card-media-content\" data-action><div class=\"wpgb-card-media-content-center\"><a class=\"wpgb-block-1 wpgb-idle-scheme-1\" href=\"https:\/\/nivaagaard.dk\/en\/the-collection\/marstrand-wilhelm-2\/\"><p>WILHELM MARSTRAND<\/p>\n<hr \/>\n<p><em>Venetian women in a church<\/em> (outline for a painting with the same title, 1854), ca. 1853<\/p><\/a><\/div><a class=\"wpgb-card-layer-link\" href=\"https:\/\/nivaagaard.dk\/en\/the-collection\/marstrand-wilhelm-2\/\"><\/a><\/div><\/div><\/div><\/div><\/article><article class=\"wpgb-card wpgb-card-13 wpgb-post-37898\" data-col=\"1\" data-row=\"1\" data-format=\"standard\" data-fluid><div class=\"wpgb-card-wrapper\"><div class=\"wpgb-card-inner\"><div class=\"wpgb-card-media wpgb-scheme-light\"><svg data-ratio style=\"padding-top:133.75%\" viewBox=\"0 0 560 749\"><\/svg><div class=\"wpgb-card-media-thumbnail\"><a href=\"https:\/\/nivaagaard.dk\/wp-content\/smush-webp\/2023\/07\/Wilhelm-Marstrand-Venetianerinde-ved-toilettet-ca.-1854.jpg.webp\" tabindex=\"-1\" class=\"wpgb-handle-lb wpgb-lightbox\" data-type=\"image\" data-rel=\"4\" data-title=\"Wilhelm Marstrand, Venetianerinde ved toilettet, ca. 1854\" title=\"Enlarge photo\" data-smush-webp-fallback=\"{&quot;href&quot;:&quot;https:\\\/\\\/nivaagaard.dk\\\/wp-content\\\/uploads\\\/2023\\\/07\\\/Wilhelm-Marstrand-Venetianerinde-ved-toilettet-ca.-1854.jpg&quot;}\"><div style=\"background-image:inherit\" data-bg-image=\"url(https:\/\/nivaagaard.dk\/wp-content\/smush-webp\/2023\/07\/Wilhelm-Marstrand-Venetianerinde-ved-toilettet-ca.-1854.jpg.webp)\" class=\"lazyload\" data-smush-webp-fallback=\"{&quot;data-bg-image&quot;:&quot;url(https:\\\/\\\/nivaagaard.dk\\\/wp-content\\\/uploads\\\/2023\\\/07\\\/Wilhelm-Marstrand-Venetianerinde-ved-toilettet-ca.-1854.jpg)&quot;}\"><\/div><noscript><img loading=\"lazy\" decoding=\"async\" class=\"wpgb-noscript-img\" src=\"https:\/\/nivaagaard.dk\/wp-content\/uploads\/2023\/07\/Wilhelm-Marstrand-Venetianerinde-ved-toilettet-ca.-1854.jpg\" alt=\"\" height=\"749\" width=\"560\"><\/noscript><\/a><\/div><div class=\"wpgb-card-media-content\" data-action><div class=\"wpgb-card-media-content-center\"><a class=\"wpgb-block-1 wpgb-idle-scheme-1\" href=\"https:\/\/nivaagaard.dk\/en\/the-collection\/marstrand-wilhelm-3\/\"><p>WILHELM MARSTRAND<\/p>\n<hr \/>\n<p><em>Venetian woman in the restroom<\/em>, 1854<\/p><\/a><\/div><a class=\"wpgb-card-layer-link\" href=\"https:\/\/nivaagaard.dk\/en\/the-collection\/marstrand-wilhelm-3\/\"><\/a><\/div><\/div><\/div><\/div><\/article><article class=\"wpgb-card wpgb-card-13 wpgb-post-37899\" data-col=\"1\" data-row=\"1\" data-format=\"standard\" data-fluid><div class=\"wpgb-card-wrapper\"><div class=\"wpgb-card-inner\"><div class=\"wpgb-card-media wpgb-scheme-light\"><svg data-ratio style=\"padding-top:144.64%\" viewBox=\"0 0 560 810\"><\/svg><div class=\"wpgb-card-media-thumbnail\"><a href=\"https:\/\/nivaagaard.dk\/wp-content\/smush-webp\/2023\/07\/Wilhelm-Marstrand-Ung-kampagnol-u.aa_.jpg.webp\" tabindex=\"-1\" class=\"wpgb-handle-lb wpgb-lightbox\" data-type=\"image\" data-rel=\"4\" data-title=\"Wilhelm Marstrand, Ung kampagnol, u.\u00e5.\" title=\"Enlarge photo\" data-smush-webp-fallback=\"{&quot;href&quot;:&quot;https:\\\/\\\/nivaagaard.dk\\\/wp-content\\\/uploads\\\/2023\\\/07\\\/Wilhelm-Marstrand-Ung-kampagnol-u.aa_.jpg&quot;}\"><div style=\"background-image:inherit\" data-bg-image=\"url(https:\/\/nivaagaard.dk\/wp-content\/smush-webp\/2023\/07\/Wilhelm-Marstrand-Ung-kampagnol-u.aa_.jpg.webp)\" class=\"lazyload\" data-smush-webp-fallback=\"{&quot;data-bg-image&quot;:&quot;url(https:\\\/\\\/nivaagaard.dk\\\/wp-content\\\/uploads\\\/2023\\\/07\\\/Wilhelm-Marstrand-Ung-kampagnol-u.aa_.jpg)&quot;}\"><\/div><noscript><img loading=\"lazy\" decoding=\"async\" class=\"wpgb-noscript-img\" src=\"https:\/\/nivaagaard.dk\/wp-content\/uploads\/2023\/07\/Wilhelm-Marstrand-Ung-kampagnol-u.aa_.jpg\" alt=\"\" height=\"810\" width=\"560\"><\/noscript><\/a><\/div><div class=\"wpgb-card-media-content\" data-action><div class=\"wpgb-card-media-content-center\"><a class=\"wpgb-block-1 wpgb-idle-scheme-1\" href=\"https:\/\/nivaagaard.dk\/en\/the-collection\/marstrand-wilhelm-4\/\"><p>WILHELM MARSTRAND<\/p>\n<hr \/>\n<p><em>Young campagnol<\/em>, n.d. (1845-1848)<\/p><\/a><\/div><a class=\"wpgb-card-layer-link\" href=\"https:\/\/nivaagaard.dk\/en\/the-collection\/marstrand-wilhelm-4\/\"><\/a><\/div><\/div><\/div><\/div><\/article><article class=\"wpgb-card wpgb-card-13 wpgb-post-37900\" data-col=\"1\" data-row=\"1\" data-format=\"standard\" data-fluid><div class=\"wpgb-card-wrapper\"><div class=\"wpgb-card-inner\"><div class=\"wpgb-card-media wpgb-scheme-light\"><svg data-ratio style=\"padding-top:80.71%\" viewBox=\"0 0 560 452\"><\/svg><div class=\"wpgb-card-media-thumbnail\"><a href=\"https:\/\/nivaagaard.dk\/wp-content\/smush-webp\/2023\/07\/Wilhelm-Marstrand-Tegnet-forstudie-til-Dansende-romerinde-1838.jpg.webp\" tabindex=\"-1\" class=\"wpgb-handle-lb wpgb-lightbox\" data-type=\"image\" data-rel=\"4\" data-title=\"Wilhelm Marstrand, Tegnet forstudie til Dansende romerinde, 1838\" title=\"Enlarge photo\" data-smush-webp-fallback=\"{&quot;href&quot;:&quot;https:\\\/\\\/nivaagaard.dk\\\/wp-content\\\/uploads\\\/2023\\\/07\\\/Wilhelm-Marstrand-Tegnet-forstudie-til-Dansende-romerinde-1838.jpg&quot;}\"><div style=\"background-image:inherit\" data-bg-image=\"url(https:\/\/nivaagaard.dk\/wp-content\/smush-webp\/2023\/07\/Wilhelm-Marstrand-Tegnet-forstudie-til-Dansende-romerinde-1838.jpg.webp)\" class=\"lazyload\" data-smush-webp-fallback=\"{&quot;data-bg-image&quot;:&quot;url(https:\\\/\\\/nivaagaard.dk\\\/wp-content\\\/uploads\\\/2023\\\/07\\\/Wilhelm-Marstrand-Tegnet-forstudie-til-Dansende-romerinde-1838.jpg)&quot;}\"><\/div><noscript><img loading=\"lazy\" decoding=\"async\" class=\"wpgb-noscript-img\" src=\"https:\/\/nivaagaard.dk\/wp-content\/uploads\/2023\/07\/Wilhelm-Marstrand-Tegnet-forstudie-til-Dansende-romerinde-1838.jpg\" alt=\"\" height=\"452\" width=\"560\"><\/noscript><\/a><\/div><div class=\"wpgb-card-media-content\" data-action><div class=\"wpgb-card-media-content-center\"><a class=\"wpgb-block-1 wpgb-idle-scheme-1\" href=\"https:\/\/nivaagaard.dk\/en\/the-collection\/marstrand-wilhelm-5\/\"><p>WILHELM MARSTRAND<\/p>\n<hr \/>\n<p>Figure study for <em>Dancing Roman Woman<\/em>, before 1838<\/p><\/a><\/div><a class=\"wpgb-card-layer-link\" href=\"https:\/\/nivaagaard.dk\/en\/the-collection\/marstrand-wilhelm-5\/\"><\/a><\/div><\/div><\/div><\/div><\/article><article class=\"wpgb-card wpgb-card-13 wpgb-post-37901\" data-col=\"1\" data-row=\"1\" data-format=\"standard\" data-fluid><div class=\"wpgb-card-wrapper\"><div class=\"wpgb-card-inner\"><div class=\"wpgb-card-media wpgb-scheme-light\"><svg data-ratio style=\"padding-top:113.75%\" viewBox=\"0 0 560 637\"><\/svg><div class=\"wpgb-card-media-thumbnail\"><a href=\"https:\/\/nivaagaard.dk\/wp-content\/smush-webp\/2023\/07\/Wilhelm-Marstrand-Scene-af-det-napolitanske-folkeliv.-Studie-ca.-1839.jpg.webp\" tabindex=\"-1\" class=\"wpgb-handle-lb wpgb-lightbox\" data-type=\"image\" data-rel=\"4\" data-title=\"Wilhelm Marstrand, Scene af det napolitanske folkeliv. Studie, ca. 1839\" title=\"Enlarge photo\" data-smush-webp-fallback=\"{&quot;href&quot;:&quot;https:\\\/\\\/nivaagaard.dk\\\/wp-content\\\/uploads\\\/2023\\\/07\\\/Wilhelm-Marstrand-Scene-af-det-napolitanske-folkeliv.-Studie-ca.-1839.jpg&quot;}\"><div style=\"background-image:inherit\" data-bg-image=\"url(https:\/\/nivaagaard.dk\/wp-content\/smush-webp\/2023\/07\/Wilhelm-Marstrand-Scene-af-det-napolitanske-folkeliv.-Studie-ca.-1839.jpg.webp)\" class=\"lazyload\" data-smush-webp-fallback=\"{&quot;data-bg-image&quot;:&quot;url(https:\\\/\\\/nivaagaard.dk\\\/wp-content\\\/uploads\\\/2023\\\/07\\\/Wilhelm-Marstrand-Scene-af-det-napolitanske-folkeliv.-Studie-ca.-1839.jpg)&quot;}\"><\/div><noscript><img loading=\"lazy\" decoding=\"async\" class=\"wpgb-noscript-img\" src=\"https:\/\/nivaagaard.dk\/wp-content\/uploads\/2023\/07\/Wilhelm-Marstrand-Scene-af-det-napolitanske-folkeliv.-Studie-ca.-1839.jpg\" alt=\"\" height=\"637\" width=\"560\"><\/noscript><\/a><\/div><div class=\"wpgb-card-media-content\" data-action><div class=\"wpgb-card-media-content-center\"><a class=\"wpgb-block-1 wpgb-idle-scheme-1\" href=\"https:\/\/nivaagaard.dk\/en\/the-collection\/marstrand-wilhelm-6\/\"><p>WILHELM MARSTRAND<\/p>\n<hr \/>\n<p><em>Neapolitan way of life. <\/em>Study, c. 1839<\/p><\/a><\/div><a class=\"wpgb-card-layer-link\" href=\"https:\/\/nivaagaard.dk\/en\/the-collection\/marstrand-wilhelm-6\/\"><\/a><\/div><\/div><\/div><\/div><\/article><article class=\"wpgb-card wpgb-card-13 wpgb-post-37902\" data-col=\"1\" data-row=\"1\" data-format=\"standard\" data-fluid><div class=\"wpgb-card-wrapper\"><div class=\"wpgb-card-inner\"><div class=\"wpgb-card-media wpgb-scheme-light\"><svg data-ratio style=\"padding-top:67.32%\" viewBox=\"0 0 560 377\"><\/svg><div class=\"wpgb-card-media-thumbnail\"><a href=\"https:\/\/nivaagaard.dk\/wp-content\/smush-webp\/2023\/07\/Wilhelm-Marstrand-Rosinante-Studie-af-gammel-staaende-hest-ca.-1847.jpg.webp\" tabindex=\"-1\" class=\"wpgb-handle-lb wpgb-lightbox\" data-type=\"image\" data-rel=\"4\" data-title=\"Wilhelm Marstrand, Rosinante, Studie af gammel, st\u00e5ende hest, ca. 1847\" title=\"Enlarge photo\" data-smush-webp-fallback=\"{&quot;href&quot;:&quot;https:\\\/\\\/nivaagaard.dk\\\/wp-content\\\/uploads\\\/2023\\\/07\\\/Wilhelm-Marstrand-Rosinante-Studie-af-gammel-staaende-hest-ca.-1847.jpg&quot;}\"><div style=\"background-image:inherit\" data-bg-image=\"url(https:\/\/nivaagaard.dk\/wp-content\/smush-webp\/2023\/07\/Wilhelm-Marstrand-Rosinante-Studie-af-gammel-staaende-hest-ca.-1847.jpg.webp)\" class=\"lazyload\" data-smush-webp-fallback=\"{&quot;data-bg-image&quot;:&quot;url(https:\\\/\\\/nivaagaard.dk\\\/wp-content\\\/uploads\\\/2023\\\/07\\\/Wilhelm-Marstrand-Rosinante-Studie-af-gammel-staaende-hest-ca.-1847.jpg)&quot;}\"><\/div><noscript><img loading=\"lazy\" decoding=\"async\" class=\"wpgb-noscript-img\" src=\"https:\/\/nivaagaard.dk\/wp-content\/uploads\/2023\/07\/Wilhelm-Marstrand-Rosinante-Studie-af-gammel-staaende-hest-ca.-1847.jpg\" alt=\"\" height=\"377\" width=\"560\"><\/noscript><\/a><\/div><div class=\"wpgb-card-media-content\" data-action><div class=\"wpgb-card-media-content-center\"><a class=\"wpgb-block-1 wpgb-idle-scheme-1\" href=\"https:\/\/nivaagaard.dk\/en\/the-collection\/marstrand-wilhelm-7\/\"><p>WILHELM MARSTRAND<\/p>\n<hr \/>\n<p><em>Rosinante (Study of an old standing horse)<\/em>, c. 1847<\/p><\/a><\/div><a class=\"wpgb-card-layer-link\" href=\"https:\/\/nivaagaard.dk\/en\/the-collection\/marstrand-wilhelm-7\/\"><\/a><\/div><\/div><\/div><\/div><\/article><article class=\"wpgb-card wpgb-card-13 wpgb-post-37903\" data-col=\"1\" data-row=\"1\" data-format=\"standard\" data-fluid><div class=\"wpgb-card-wrapper\"><div class=\"wpgb-card-inner\"><div class=\"wpgb-card-media wpgb-scheme-light\"><svg data-ratio style=\"padding-top:73.75%\" viewBox=\"0 0 560 413\"><\/svg><div class=\"wpgb-card-media-thumbnail\"><a href=\"https:\/\/nivaagaard.dk\/wp-content\/smush-webp\/2023\/07\/Wilhelm-Marstrand-Romerske-borgere-forsamlede-til-lystighed-i-et-osteri-1839.jpg.webp\" tabindex=\"-1\" class=\"wpgb-handle-lb wpgb-lightbox\" data-type=\"image\" data-rel=\"4\" data-title=\"Wilhelm Marstrand, Romerske borgere forsamlede til lystighed i et osteri, 1839\" title=\"Enlarge photo\" data-smush-webp-fallback=\"{&quot;href&quot;:&quot;https:\\\/\\\/nivaagaard.dk\\\/wp-content\\\/uploads\\\/2023\\\/07\\\/Wilhelm-Marstrand-Romerske-borgere-forsamlede-til-lystighed-i-et-osteri-1839.jpg&quot;}\"><div style=\"background-image:inherit\" data-bg-image=\"url(https:\/\/nivaagaard.dk\/wp-content\/smush-webp\/2023\/07\/Wilhelm-Marstrand-Romerske-borgere-forsamlede-til-lystighed-i-et-osteri-1839.jpg.webp)\" class=\"lazyload\" data-smush-webp-fallback=\"{&quot;data-bg-image&quot;:&quot;url(https:\\\/\\\/nivaagaard.dk\\\/wp-content\\\/uploads\\\/2023\\\/07\\\/Wilhelm-Marstrand-Romerske-borgere-forsamlede-til-lystighed-i-et-osteri-1839.jpg)&quot;}\"><\/div><noscript><img loading=\"lazy\" decoding=\"async\" class=\"wpgb-noscript-img\" src=\"https:\/\/nivaagaard.dk\/wp-content\/uploads\/2023\/07\/Wilhelm-Marstrand-Romerske-borgere-forsamlede-til-lystighed-i-et-osteri-1839.jpg\" alt=\"\" height=\"413\" width=\"560\"><\/noscript><\/a><\/div><div class=\"wpgb-card-media-content\" data-action><div class=\"wpgb-card-media-content-center\"><a class=\"wpgb-block-1 wpgb-idle-scheme-1\" href=\"https:\/\/nivaagaard.dk\/en\/the-collection\/marstrand-wilhelm-8\/\"><p>WILHELM MARSTRAND<\/p>\n<hr \/>\n<p><em>Romans Gathered for Merriment at an Osteria,<\/em> 1839<\/p><\/a><\/div><a class=\"wpgb-card-layer-link\" href=\"https:\/\/nivaagaard.dk\/en\/the-collection\/marstrand-wilhelm-8\/\"><\/a><\/div><\/div><\/div><\/div><\/article><article class=\"wpgb-card wpgb-card-13 wpgb-post-37904\" data-col=\"1\" data-row=\"1\" data-format=\"standard\" data-fluid><div class=\"wpgb-card-wrapper\"><div class=\"wpgb-card-inner\"><div class=\"wpgb-card-media wpgb-scheme-light\"><svg data-ratio style=\"padding-top:182.5%\" viewBox=\"0 0 560 1022\"><\/svg><div class=\"wpgb-card-media-thumbnail\"><a href=\"https:\/\/nivaagaard.dk\/wp-content\/smush-webp\/2023\/07\/Wilhelm-Marstrand-Romerinde-med-et-barn.-Studie-til-Skt.-Antonius-festen-ca.-1838.jpg.webp\" tabindex=\"-1\" class=\"wpgb-handle-lb wpgb-lightbox\" data-type=\"image\" data-rel=\"4\" data-title=\"Wilhelm Marstrand, Romerinde med et barn. Studie til Skt. Antonius-festen, ca. 1838\" title=\"Enlarge photo\" data-smush-webp-fallback=\"{&quot;href&quot;:&quot;https:\\\/\\\/nivaagaard.dk\\\/wp-content\\\/uploads\\\/2023\\\/07\\\/Wilhelm-Marstrand-Romerinde-med-et-barn.-Studie-til-Skt.-Antonius-festen-ca.-1838.jpg&quot;}\"><div style=\"background-image:inherit\" data-bg-image=\"url(https:\/\/nivaagaard.dk\/wp-content\/smush-webp\/2023\/07\/Wilhelm-Marstrand-Romerinde-med-et-barn.-Studie-til-Skt.-Antonius-festen-ca.-1838.jpg.webp)\" class=\"lazyload\" data-smush-webp-fallback=\"{&quot;data-bg-image&quot;:&quot;url(https:\\\/\\\/nivaagaard.dk\\\/wp-content\\\/uploads\\\/2023\\\/07\\\/Wilhelm-Marstrand-Romerinde-med-et-barn.-Studie-til-Skt.-Antonius-festen-ca.-1838.jpg)&quot;}\"><\/div><noscript><img loading=\"lazy\" decoding=\"async\" class=\"wpgb-noscript-img\" src=\"https:\/\/nivaagaard.dk\/wp-content\/uploads\/2023\/07\/Wilhelm-Marstrand-Romerinde-med-et-barn.-Studie-til-Skt.-Antonius-festen-ca.-1838.jpg\" alt=\"\" height=\"1022\" width=\"560\"><\/noscript><\/a><\/div><div class=\"wpgb-card-media-content\" data-action><div class=\"wpgb-card-media-content-center\"><a class=\"wpgb-block-1 wpgb-idle-scheme-1\" href=\"https:\/\/nivaagaard.dk\/en\/the-collection\/marstrand-wilhelm-9\/\"><p>WILHELM MARSTRAND<\/p>\n<hr \/>\n<p><em>Roman woman with a child<\/em>. Study for <em>The St. Anthony Feast Day in Rome<\/em>, c. 1838<\/p><\/a><\/div><a class=\"wpgb-card-layer-link\" href=\"https:\/\/nivaagaard.dk\/en\/the-collection\/marstrand-wilhelm-9\/\"><\/a><\/div><\/div><\/div><\/div><\/article><article class=\"wpgb-card wpgb-card-13 wpgb-post-37905\" data-col=\"1\" data-row=\"1\" data-format=\"standard\" data-fluid><div class=\"wpgb-card-wrapper\"><div class=\"wpgb-card-inner\"><div class=\"wpgb-card-media wpgb-scheme-light\"><svg data-ratio style=\"padding-top:135.54%\" viewBox=\"0 0 560 759\"><\/svg><div class=\"wpgb-card-media-thumbnail\"><a href=\"https:\/\/nivaagaard.dk\/wp-content\/smush-webp\/2023\/07\/Wilhelm-Marstrand-Portraet-af-Vilhelmine-Ville-Hage-senere-fru-Heise-1853.jpg.webp\" tabindex=\"-1\" class=\"wpgb-handle-lb wpgb-lightbox\" data-type=\"image\" data-rel=\"4\" data-title=\"Wilhelm Marstrand, Portr\u00e6t af Vilhelmine (Ville) Hage, senere fru Heise, 1853\" title=\"Enlarge photo\" data-smush-webp-fallback=\"{&quot;href&quot;:&quot;https:\\\/\\\/nivaagaard.dk\\\/wp-content\\\/uploads\\\/2023\\\/07\\\/Wilhelm-Marstrand-Portraet-af-Vilhelmine-Ville-Hage-senere-fru-Heise-1853.jpg&quot;}\"><div style=\"background-image:inherit\" data-bg-image=\"url(https:\/\/nivaagaard.dk\/wp-content\/smush-webp\/2023\/07\/Wilhelm-Marstrand-Portraet-af-Vilhelmine-Ville-Hage-senere-fru-Heise-1853.jpg.webp)\" class=\"lazyload\" data-smush-webp-fallback=\"{&quot;data-bg-image&quot;:&quot;url(https:\\\/\\\/nivaagaard.dk\\\/wp-content\\\/uploads\\\/2023\\\/07\\\/Wilhelm-Marstrand-Portraet-af-Vilhelmine-Ville-Hage-senere-fru-Heise-1853.jpg)&quot;}\"><\/div><noscript><img loading=\"lazy\" decoding=\"async\" class=\"wpgb-noscript-img\" src=\"https:\/\/nivaagaard.dk\/wp-content\/uploads\/2023\/07\/Wilhelm-Marstrand-Portraet-af-Vilhelmine-Ville-Hage-senere-fru-Heise-1853.jpg\" alt=\"\" height=\"759\" width=\"560\"><\/noscript><\/a><\/div><div class=\"wpgb-card-media-content\" data-action><div class=\"wpgb-card-media-content-center\"><a class=\"wpgb-block-1 wpgb-idle-scheme-1\" href=\"https:\/\/nivaagaard.dk\/en\/the-collection\/marstrand-wilhelm-10\/\"><p>WILHELM MARSTRAND<\/p>\n<hr \/>\n<p><em>Portrait of Miss Vilhelmine (Ville) Hage, later Mrs. Heise (1838-1912)<\/em>, 1853<\/p><\/a><\/div><a class=\"wpgb-card-layer-link\" href=\"https:\/\/nivaagaard.dk\/en\/the-collection\/marstrand-wilhelm-10\/\"><\/a><\/div><\/div><\/div><\/div><\/article><article class=\"wpgb-card wpgb-card-13 wpgb-post-37906\" data-col=\"1\" data-row=\"1\" data-format=\"standard\" data-fluid><div class=\"wpgb-card-wrapper\"><div class=\"wpgb-card-inner\"><div class=\"wpgb-card-media wpgb-scheme-light\"><svg data-ratio style=\"padding-top:126.79%\" viewBox=\"0 0 560 710\"><\/svg><div class=\"wpgb-card-media-thumbnail\"><a href=\"https:\/\/nivaagaard.dk\/wp-content\/smush-webp\/2023\/07\/Wilhelm-Marstrand-Portraet-af-fru-Vilhelmine-Heise-f.-Hage-1856.jpg.webp\" tabindex=\"-1\" class=\"wpgb-handle-lb wpgb-lightbox\" data-type=\"image\" data-rel=\"4\" data-title=\"hage_fig_13 001\" data-desc=\"hage_fig_13 001\" title=\"Enlarge photo\" data-smush-webp-fallback=\"{&quot;href&quot;:&quot;https:\\\/\\\/nivaagaard.dk\\\/wp-content\\\/uploads\\\/2023\\\/07\\\/Wilhelm-Marstrand-Portraet-af-fru-Vilhelmine-Heise-f.-Hage-1856.jpg&quot;}\"><div style=\"background-image:inherit\" data-bg-image=\"url(https:\/\/nivaagaard.dk\/wp-content\/smush-webp\/2023\/07\/Wilhelm-Marstrand-Portraet-af-fru-Vilhelmine-Heise-f.-Hage-1856.jpg.webp)\" class=\"lazyload\" data-smush-webp-fallback=\"{&quot;data-bg-image&quot;:&quot;url(https:\\\/\\\/nivaagaard.dk\\\/wp-content\\\/uploads\\\/2023\\\/07\\\/Wilhelm-Marstrand-Portraet-af-fru-Vilhelmine-Heise-f.-Hage-1856.jpg)&quot;}\"><\/div><noscript><img loading=\"lazy\" decoding=\"async\" class=\"wpgb-noscript-img\" src=\"https:\/\/nivaagaard.dk\/wp-content\/uploads\/2023\/07\/Wilhelm-Marstrand-Portraet-af-fru-Vilhelmine-Heise-f.-Hage-1856.jpg\" alt=\"\" height=\"710\" width=\"560\"><\/noscript><\/a><\/div><div class=\"wpgb-card-media-content\" data-action><div class=\"wpgb-card-media-content-center\"><a class=\"wpgb-block-1 wpgb-idle-scheme-1\" href=\"https:\/\/nivaagaard.dk\/en\/the-collection\/marstrand-wilhelm-11\/\"><p>WILHELM MARSTRAND<\/p>\n<hr \/>\n<p><em>Portrait of Mrs. Vilhelmine <\/em><em>Heise, born Hage (1838-1912)<\/em>, 1856<\/p><\/a><\/div><a class=\"wpgb-card-layer-link\" href=\"https:\/\/nivaagaard.dk\/en\/the-collection\/marstrand-wilhelm-11\/\"><\/a><\/div><\/div><\/div><\/div><\/article><article class=\"wpgb-card wpgb-card-13 wpgb-post-37907\" data-col=\"1\" data-row=\"1\" data-format=\"standard\" data-fluid><div class=\"wpgb-card-wrapper\"><div class=\"wpgb-card-inner\"><div class=\"wpgb-card-media wpgb-scheme-light\"><svg data-ratio style=\"padding-top:70%\" viewBox=\"0 0 560 392\"><\/svg><div class=\"wpgb-card-media-thumbnail\"><a href=\"https:\/\/nivaagaard.dk\/wp-content\/smush-webp\/2023\/07\/Wilhelm-Marstrand-Philemon-og-hans-anklagere.-Scene-fra-L.-Holbergs-Det-lykkelige-skibbrud-5.-akt-9.-scene-Skitse-til-maleri-med-samme-motiv-1859-ca.-1859.jpg.webp\" tabindex=\"-1\" class=\"wpgb-handle-lb wpgb-lightbox\" data-type=\"image\" data-rel=\"4\" data-title=\"Wilhelm Marstrand, Philemon og hans anklagere. Scene fra L. Holbergs Det lykkelige skibbrud, 5. akt, 9. scene (Skitse til maleri med samme motiv, 1859), ca. 1859\" title=\"Enlarge photo\" data-smush-webp-fallback=\"{&quot;href&quot;:&quot;https:\\\/\\\/nivaagaard.dk\\\/wp-content\\\/uploads\\\/2023\\\/07\\\/Wilhelm-Marstrand-Philemon-og-hans-anklagere.-Scene-fra-L.-Holbergs-Det-lykkelige-skibbrud-5.-akt-9.-scene-Skitse-til-maleri-med-samme-motiv-1859-ca.-1859.jpg&quot;}\"><div style=\"background-image:inherit\" data-bg-image=\"url(https:\/\/nivaagaard.dk\/wp-content\/smush-webp\/2023\/07\/Wilhelm-Marstrand-Philemon-og-hans-anklagere.-Scene-fra-L.-Holbergs-Det-lykkelige-skibbrud-5.-akt-9.-scene-Skitse-til-maleri-med-samme-motiv-1859-ca.-1859.jpg.webp)\" class=\"lazyload\" data-smush-webp-fallback=\"{&quot;data-bg-image&quot;:&quot;url(https:\\\/\\\/nivaagaard.dk\\\/wp-content\\\/uploads\\\/2023\\\/07\\\/Wilhelm-Marstrand-Philemon-og-hans-anklagere.-Scene-fra-L.-Holbergs-Det-lykkelige-skibbrud-5.-akt-9.-scene-Skitse-til-maleri-med-samme-motiv-1859-ca.-1859.jpg)&quot;}\"><\/div><noscript><img loading=\"lazy\" decoding=\"async\" class=\"wpgb-noscript-img\" src=\"https:\/\/nivaagaard.dk\/wp-content\/uploads\/2023\/07\/Wilhelm-Marstrand-Philemon-og-hans-anklagere.-Scene-fra-L.-Holbergs-Det-lykkelige-skibbrud-5.-akt-9.-scene-Skitse-til-maleri-med-samme-motiv-1859-ca.-1859.jpg\" alt=\"\" height=\"392\" width=\"560\"><\/noscript><\/a><\/div><div class=\"wpgb-card-media-content\" data-action><div class=\"wpgb-card-media-content-center\"><a class=\"wpgb-block-1 wpgb-idle-scheme-1\" href=\"https:\/\/nivaagaard.dk\/en\/the-collection\/marstrand-wilhelm-12\/\"><p>WILHELM MARSTRAND<\/p>\n<hr \/>\n<p><em>Philemon and his prosecutors<\/em>. Scene from <em>Det lykkelige skibbrud<\/em> by Holberg, Act 5, Scene 9 (sketch for painting with the same subject, 1859), c. 1859<\/p><\/a><\/div><a class=\"wpgb-card-layer-link\" href=\"https:\/\/nivaagaard.dk\/en\/the-collection\/marstrand-wilhelm-12\/\"><\/a><\/div><\/div><\/div><\/div><\/article><article class=\"wpgb-card wpgb-card-13 wpgb-post-37908\" data-col=\"1\" data-row=\"1\" data-format=\"standard\" data-fluid><div class=\"wpgb-card-wrapper\"><div class=\"wpgb-card-inner\"><div class=\"wpgb-card-media wpgb-scheme-light\"><svg data-ratio style=\"padding-top:54.11%\" viewBox=\"0 0 560 303\"><\/svg><div class=\"wpgb-card-media-thumbnail\"><a href=\"https:\/\/nivaagaard.dk\/wp-content\/smush-webp\/2023\/07\/Wilhelm-Marstrand-Napolitansk-dreng-og-hund.-Studie-til-Scene-af-det-napolitanske-folkeliv-ca.-1839.jpg.webp\" tabindex=\"-1\" class=\"wpgb-handle-lb wpgb-lightbox\" data-type=\"image\" data-rel=\"4\" data-title=\"Wilhelm Marstrand, Napolitansk dreng og hund. Studie til Scene af det napolitanske folkeliv, ca. 1839\" title=\"Enlarge photo\" data-smush-webp-fallback=\"{&quot;href&quot;:&quot;https:\\\/\\\/nivaagaard.dk\\\/wp-content\\\/uploads\\\/2023\\\/07\\\/Wilhelm-Marstrand-Napolitansk-dreng-og-hund.-Studie-til-Scene-af-det-napolitanske-folkeliv-ca.-1839.jpg&quot;}\"><div style=\"background-image:inherit\" data-bg-image=\"url(https:\/\/nivaagaard.dk\/wp-content\/smush-webp\/2023\/07\/Wilhelm-Marstrand-Napolitansk-dreng-og-hund.-Studie-til-Scene-af-det-napolitanske-folkeliv-ca.-1839.jpg.webp)\" class=\"lazyload\" data-smush-webp-fallback=\"{&quot;data-bg-image&quot;:&quot;url(https:\\\/\\\/nivaagaard.dk\\\/wp-content\\\/uploads\\\/2023\\\/07\\\/Wilhelm-Marstrand-Napolitansk-dreng-og-hund.-Studie-til-Scene-af-det-napolitanske-folkeliv-ca.-1839.jpg)&quot;}\"><\/div><noscript><img loading=\"lazy\" decoding=\"async\" class=\"wpgb-noscript-img\" src=\"https:\/\/nivaagaard.dk\/wp-content\/uploads\/2023\/07\/Wilhelm-Marstrand-Napolitansk-dreng-og-hund.-Studie-til-Scene-af-det-napolitanske-folkeliv-ca.-1839.jpg\" alt=\"\" height=\"303\" width=\"560\"><\/noscript><\/a><\/div><div class=\"wpgb-card-media-content\" data-action><div class=\"wpgb-card-media-content-center\"><a class=\"wpgb-block-1 wpgb-idle-scheme-1\" href=\"https:\/\/nivaagaard.dk\/en\/the-collection\/marstrand-wilhelm-13\/\"><p>WILHELM MARSTRAND<\/p>\n<hr \/>\n<p><em>Neapolitan boy and dog.<\/em> Study for <em>The Neapolitan way of life,<\/em> c. 1839<\/p><\/a><\/div><a class=\"wpgb-card-layer-link\" href=\"https:\/\/nivaagaard.dk\/en\/the-collection\/marstrand-wilhelm-13\/\"><\/a><\/div><\/div><\/div><\/div><\/article><article class=\"wpgb-card wpgb-card-13 wpgb-post-37909\" data-col=\"1\" data-row=\"1\" data-format=\"standard\" data-fluid><div class=\"wpgb-card-wrapper\"><div class=\"wpgb-card-inner\"><div class=\"wpgb-card-media wpgb-scheme-light\"><svg data-ratio style=\"padding-top:73.93%\" viewBox=\"0 0 560 414\"><\/svg><div class=\"wpgb-card-media-thumbnail\"><a href=\"https:\/\/nivaagaard.dk\/wp-content\/smush-webp\/2023\/07\/Wilhelm-Marstrand-Landskab-med-ruiner-ca.-1838.jpg.webp\" tabindex=\"-1\" class=\"wpgb-handle-lb wpgb-lightbox\" data-type=\"image\" data-rel=\"4\" data-title=\"Wilhelm Marstrand, Landskab med ruiner, ca. 1838\" title=\"Enlarge photo\" data-smush-webp-fallback=\"{&quot;href&quot;:&quot;https:\\\/\\\/nivaagaard.dk\\\/wp-content\\\/uploads\\\/2023\\\/07\\\/Wilhelm-Marstrand-Landskab-med-ruiner-ca.-1838.jpg&quot;}\"><div style=\"background-image:inherit\" data-bg-image=\"url(https:\/\/nivaagaard.dk\/wp-content\/smush-webp\/2023\/07\/Wilhelm-Marstrand-Landskab-med-ruiner-ca.-1838.jpg.webp)\" class=\"lazyload\" data-smush-webp-fallback=\"{&quot;data-bg-image&quot;:&quot;url(https:\\\/\\\/nivaagaard.dk\\\/wp-content\\\/uploads\\\/2023\\\/07\\\/Wilhelm-Marstrand-Landskab-med-ruiner-ca.-1838.jpg)&quot;}\"><\/div><noscript><img loading=\"lazy\" decoding=\"async\" class=\"wpgb-noscript-img\" src=\"https:\/\/nivaagaard.dk\/wp-content\/uploads\/2023\/07\/Wilhelm-Marstrand-Landskab-med-ruiner-ca.-1838.jpg\" alt=\"\" height=\"414\" width=\"560\"><\/noscript><\/a><\/div><div class=\"wpgb-card-media-content\" data-action><div class=\"wpgb-card-media-content-center\"><a class=\"wpgb-block-1 wpgb-idle-scheme-1\" href=\"https:\/\/nivaagaard.dk\/en\/the-collection\/marstrand-wilhelm-14\/\"><p>WILHELM MARSTRAND<\/p>\n<hr \/>\n<p><em>Landscape with ruins<\/em>, c. 1838<\/p><\/a><\/div><a class=\"wpgb-card-layer-link\" href=\"https:\/\/nivaagaard.dk\/en\/the-collection\/marstrand-wilhelm-14\/\"><\/a><\/div><\/div><\/div><\/div><\/article><article class=\"wpgb-card wpgb-card-13 wpgb-post-37910\" data-col=\"1\" data-row=\"1\" data-format=\"standard\" data-fluid><div class=\"wpgb-card-wrapper\"><div class=\"wpgb-card-inner\"><div class=\"wpgb-card-media wpgb-scheme-light\"><svg data-ratio style=\"padding-top:109.11%\" viewBox=\"0 0 560 611\"><\/svg><div class=\"wpgb-card-media-thumbnail\"><a href=\"https:\/\/nivaagaard.dk\/wp-content\/smush-webp\/2023\/07\/Wilhelm-Marstrand-Kardinalen-i-kirkedoeren-velsigner-tiggere-u.aa_.jpg.webp\" tabindex=\"-1\" class=\"wpgb-handle-lb wpgb-lightbox\" data-type=\"image\" data-rel=\"4\" data-title=\"Wilhelm Marstrand, Kardinalen i kirked\u00f8ren velsigner tiggere, u.\u00e5.\" title=\"Enlarge photo\" data-smush-webp-fallback=\"{&quot;href&quot;:&quot;https:\\\/\\\/nivaagaard.dk\\\/wp-content\\\/uploads\\\/2023\\\/07\\\/Wilhelm-Marstrand-Kardinalen-i-kirkedoeren-velsigner-tiggere-u.aa_.jpg&quot;}\"><div style=\"background-image:inherit\" data-bg-image=\"url(https:\/\/nivaagaard.dk\/wp-content\/smush-webp\/2023\/07\/Wilhelm-Marstrand-Kardinalen-i-kirkedoeren-velsigner-tiggere-u.aa_.jpg.webp)\" class=\"lazyload\" data-smush-webp-fallback=\"{&quot;data-bg-image&quot;:&quot;url(https:\\\/\\\/nivaagaard.dk\\\/wp-content\\\/uploads\\\/2023\\\/07\\\/Wilhelm-Marstrand-Kardinalen-i-kirkedoeren-velsigner-tiggere-u.aa_.jpg)&quot;}\"><\/div><noscript><img loading=\"lazy\" decoding=\"async\" class=\"wpgb-noscript-img\" src=\"https:\/\/nivaagaard.dk\/wp-content\/uploads\/2023\/07\/Wilhelm-Marstrand-Kardinalen-i-kirkedoeren-velsigner-tiggere-u.aa_.jpg\" alt=\"\" height=\"611\" width=\"560\"><\/noscript><\/a><\/div><div class=\"wpgb-card-media-content\" data-action><div class=\"wpgb-card-media-content-center\"><a class=\"wpgb-block-1 wpgb-idle-scheme-1\" href=\"https:\/\/nivaagaard.dk\/en\/the-collection\/marstrand-wilhelm-15\/\"><p>WILHELM MARSTRAND<\/p>\n<hr \/>\n<p><em>Cardinal blessing beggars at the church doors<\/em>, n.d. (after 1860)<\/p><\/a><\/div><a class=\"wpgb-card-layer-link\" href=\"https:\/\/nivaagaard.dk\/en\/the-collection\/marstrand-wilhelm-15\/\"><\/a><\/div><\/div><\/div><\/div><\/article><article class=\"wpgb-card wpgb-card-13 wpgb-post-37911\" data-col=\"1\" data-row=\"1\" data-format=\"standard\" data-fluid><div class=\"wpgb-card-wrapper\"><div class=\"wpgb-card-inner\"><div class=\"wpgb-card-media wpgb-scheme-light\"><svg data-ratio style=\"padding-top:110.54%\" viewBox=\"0 0 560 619\"><\/svg><div class=\"wpgb-card-media-thumbnail\"><a href=\"https:\/\/nivaagaard.dk\/wp-content\/smush-webp\/2023\/07\/Wilhelm-Marstrand-Judaskysset-u.aa_.jpg.webp\" tabindex=\"-1\" class=\"wpgb-handle-lb wpgb-lightbox\" data-type=\"image\" data-rel=\"4\" data-title=\"Wilhelm Marstrand, Judaskysset, u.\u00e5.\" title=\"Enlarge photo\" data-smush-webp-fallback=\"{&quot;href&quot;:&quot;https:\\\/\\\/nivaagaard.dk\\\/wp-content\\\/uploads\\\/2023\\\/07\\\/Wilhelm-Marstrand-Judaskysset-u.aa_.jpg&quot;}\"><div style=\"background-image:inherit\" data-bg-image=\"url(https:\/\/nivaagaard.dk\/wp-content\/smush-webp\/2023\/07\/Wilhelm-Marstrand-Judaskysset-u.aa_.jpg.webp)\" class=\"lazyload\" data-smush-webp-fallback=\"{&quot;data-bg-image&quot;:&quot;url(https:\\\/\\\/nivaagaard.dk\\\/wp-content\\\/uploads\\\/2023\\\/07\\\/Wilhelm-Marstrand-Judaskysset-u.aa_.jpg)&quot;}\"><\/div><noscript><img loading=\"lazy\" decoding=\"async\" class=\"wpgb-noscript-img\" src=\"https:\/\/nivaagaard.dk\/wp-content\/uploads\/2023\/07\/Wilhelm-Marstrand-Judaskysset-u.aa_.jpg\" alt=\"\" height=\"619\" width=\"560\"><\/noscript><\/a><\/div><div class=\"wpgb-card-media-content\" data-action><div class=\"wpgb-card-media-content-center\"><a class=\"wpgb-block-1 wpgb-idle-scheme-1\" href=\"https:\/\/nivaagaard.dk\/en\/the-collection\/marstrand-wilhelm-16\/\"><p>WILHELM MARSTRAND<\/p>\n<hr \/>\n<p><em>Kiss of Judas<\/em>, n.d. (after 1860)<\/p><\/a><\/div><a class=\"wpgb-card-layer-link\" href=\"https:\/\/nivaagaard.dk\/en\/the-collection\/marstrand-wilhelm-16\/\"><\/a><\/div><\/div><\/div><\/div><\/article><article class=\"wpgb-card wpgb-card-13 wpgb-post-37912\" data-col=\"1\" data-row=\"1\" data-format=\"standard\" data-fluid><div class=\"wpgb-card-wrapper\"><div class=\"wpgb-card-inner\"><div class=\"wpgb-card-media wpgb-scheme-light\"><svg data-ratio style=\"padding-top:135.54%\" viewBox=\"0 0 560 759\"><\/svg><div class=\"wpgb-card-media-thumbnail\"><a href=\"https:\/\/nivaagaard.dk\/wp-content\/smush-webp\/2023\/07\/Wilhelm-Marstrand-Italienerinde-med-blaa-tamburin-u.aa_.jpg.webp\" tabindex=\"-1\" class=\"wpgb-handle-lb wpgb-lightbox\" data-type=\"image\" data-rel=\"4\" data-title=\"Wilhelm Marstrand, Italienerinde med bl\u00e5 tamburin, u.\u00e5.\" title=\"Enlarge photo\" data-smush-webp-fallback=\"{&quot;href&quot;:&quot;https:\\\/\\\/nivaagaard.dk\\\/wp-content\\\/uploads\\\/2023\\\/07\\\/Wilhelm-Marstrand-Italienerinde-med-blaa-tamburin-u.aa_.jpg&quot;}\"><div style=\"background-image:inherit\" data-bg-image=\"url(https:\/\/nivaagaard.dk\/wp-content\/smush-webp\/2023\/07\/Wilhelm-Marstrand-Italienerinde-med-blaa-tamburin-u.aa_.jpg.webp)\" class=\"lazyload\" data-smush-webp-fallback=\"{&quot;data-bg-image&quot;:&quot;url(https:\\\/\\\/nivaagaard.dk\\\/wp-content\\\/uploads\\\/2023\\\/07\\\/Wilhelm-Marstrand-Italienerinde-med-blaa-tamburin-u.aa_.jpg)&quot;}\"><\/div><noscript><img loading=\"lazy\" decoding=\"async\" class=\"wpgb-noscript-img\" src=\"https:\/\/nivaagaard.dk\/wp-content\/uploads\/2023\/07\/Wilhelm-Marstrand-Italienerinde-med-blaa-tamburin-u.aa_.jpg\" alt=\"\" height=\"759\" width=\"560\"><\/noscript><\/a><\/div><div class=\"wpgb-card-media-content\" data-action><div class=\"wpgb-card-media-content-center\"><a class=\"wpgb-block-1 wpgb-idle-scheme-1\" href=\"https:\/\/nivaagaard.dk\/en\/the-collection\/marstrand-wilhelm-17\/\"><p>WILHELM MARSTRAND<\/p>\n<hr \/>\n<p><em>Italian girl with a blue tambourine<\/em>, n.d. (after 1860)<\/p><\/a><\/div><a class=\"wpgb-card-layer-link\" href=\"https:\/\/nivaagaard.dk\/en\/the-collection\/marstrand-wilhelm-17\/\"><\/a><\/div><\/div><\/div><\/div><\/article><article class=\"wpgb-card wpgb-card-13 wpgb-post-37913\" data-col=\"1\" data-row=\"1\" data-format=\"standard\" data-fluid><div class=\"wpgb-card-wrapper\"><div class=\"wpgb-card-inner\"><div class=\"wpgb-card-media wpgb-scheme-light\"><svg data-ratio style=\"padding-top:133.04%\" viewBox=\"0 0 560 745\"><\/svg><div class=\"wpgb-card-media-thumbnail\"><a href=\"https:\/\/nivaagaard.dk\/wp-content\/smush-webp\/2023\/07\/Wilhelm-Marstrand-Italienerinde-der-hilser-fra-et-vindue-u.aa_.jpg.webp\" tabindex=\"-1\" class=\"wpgb-handle-lb wpgb-lightbox\" data-type=\"image\" data-rel=\"4\" data-title=\"Wilhelm Marstrand, Italienerinde, der hilser fra et vindue, u.\u00e5.\" title=\"Enlarge photo\" data-smush-webp-fallback=\"{&quot;href&quot;:&quot;https:\\\/\\\/nivaagaard.dk\\\/wp-content\\\/uploads\\\/2023\\\/07\\\/Wilhelm-Marstrand-Italienerinde-der-hilser-fra-et-vindue-u.aa_.jpg&quot;}\"><div style=\"background-image:inherit\" data-bg-image=\"url(https:\/\/nivaagaard.dk\/wp-content\/smush-webp\/2023\/07\/Wilhelm-Marstrand-Italienerinde-der-hilser-fra-et-vindue-u.aa_.jpg.webp)\" class=\"lazyload\" data-smush-webp-fallback=\"{&quot;data-bg-image&quot;:&quot;url(https:\\\/\\\/nivaagaard.dk\\\/wp-content\\\/uploads\\\/2023\\\/07\\\/Wilhelm-Marstrand-Italienerinde-der-hilser-fra-et-vindue-u.aa_.jpg)&quot;}\"><\/div><noscript><img loading=\"lazy\" decoding=\"async\" class=\"wpgb-noscript-img\" src=\"https:\/\/nivaagaard.dk\/wp-content\/uploads\/2023\/07\/Wilhelm-Marstrand-Italienerinde-der-hilser-fra-et-vindue-u.aa_.jpg\" alt=\"\" height=\"745\" width=\"560\"><\/noscript><\/a><\/div><div class=\"wpgb-card-media-content\" data-action><div class=\"wpgb-card-media-content-center\"><a class=\"wpgb-block-1 wpgb-idle-scheme-1\" href=\"https:\/\/nivaagaard.dk\/en\/the-collection\/marstrand-wilhelm-18\/\"><p>WILHELM MARSTRAND<\/p>\n<hr \/>\n<p><em>Italian woman waving from a window<\/em>, end of the 1850s<\/p><\/a><\/div><a class=\"wpgb-card-layer-link\" href=\"https:\/\/nivaagaard.dk\/en\/the-collection\/marstrand-wilhelm-18\/\"><\/a><\/div><\/div><\/div><\/div><\/article><article class=\"wpgb-card wpgb-card-13 wpgb-post-37914\" data-col=\"1\" data-row=\"1\" data-format=\"standard\" data-fluid><div class=\"wpgb-card-wrapper\"><div class=\"wpgb-card-inner\"><div class=\"wpgb-card-media wpgb-scheme-light\"><svg data-ratio style=\"padding-top:185.36%\" viewBox=\"0 0 560 1038\"><\/svg><div class=\"wpgb-card-media-thumbnail\"><a href=\"https:\/\/nivaagaard.dk\/wp-content\/smush-webp\/2023\/07\/Wilhelm-Marstrand-Italiener.-Studie-til-Skt.-Antonius-festen-ca.-1838.jpg.webp\" tabindex=\"-1\" class=\"wpgb-handle-lb wpgb-lightbox\" data-type=\"image\" data-rel=\"4\" data-title=\"Wilhelm Marstrand, Italiener. Studie til Skt. Antonius-festen, ca. 1838\" title=\"Enlarge photo\" data-smush-webp-fallback=\"{&quot;href&quot;:&quot;https:\\\/\\\/nivaagaard.dk\\\/wp-content\\\/uploads\\\/2023\\\/07\\\/Wilhelm-Marstrand-Italiener.-Studie-til-Skt.-Antonius-festen-ca.-1838.jpg&quot;}\"><div style=\"background-image:inherit\" data-bg-image=\"url(https:\/\/nivaagaard.dk\/wp-content\/smush-webp\/2023\/07\/Wilhelm-Marstrand-Italiener.-Studie-til-Skt.-Antonius-festen-ca.-1838.jpg.webp)\" class=\"lazyload\" data-smush-webp-fallback=\"{&quot;data-bg-image&quot;:&quot;url(https:\\\/\\\/nivaagaard.dk\\\/wp-content\\\/uploads\\\/2023\\\/07\\\/Wilhelm-Marstrand-Italiener.-Studie-til-Skt.-Antonius-festen-ca.-1838.jpg)&quot;}\"><\/div><noscript><img loading=\"lazy\" decoding=\"async\" class=\"wpgb-noscript-img\" src=\"https:\/\/nivaagaard.dk\/wp-content\/uploads\/2023\/07\/Wilhelm-Marstrand-Italiener.-Studie-til-Skt.-Antonius-festen-ca.-1838.jpg\" alt=\"\" height=\"1038\" width=\"560\"><\/noscript><\/a><\/div><div class=\"wpgb-card-media-content\" data-action><div class=\"wpgb-card-media-content-center\"><a class=\"wpgb-block-1 wpgb-idle-scheme-1\" href=\"https:\/\/nivaagaard.dk\/en\/the-collection\/marstrand-wilhelm-19\/\"><p>WILHELM MARSTRAND<\/p>\n<hr \/>\n<p><em>Italian<\/em>. Study for <em>The St. Anthony Feast Day in Rome<\/em>, c. 1838<\/p><\/a><\/div><a class=\"wpgb-card-layer-link\" href=\"https:\/\/nivaagaard.dk\/en\/the-collection\/marstrand-wilhelm-19\/\"><\/a><\/div><\/div><\/div><\/div><\/article><article class=\"wpgb-card wpgb-card-13 wpgb-post-37915\" data-col=\"1\" data-row=\"1\" data-format=\"standard\" data-fluid><div class=\"wpgb-card-wrapper\"><div class=\"wpgb-card-inner\"><div class=\"wpgb-card-media wpgb-scheme-light\"><svg data-ratio style=\"padding-top:90%\" viewBox=\"0 0 560 504\"><\/svg><div class=\"wpgb-card-media-thumbnail\"><a href=\"https:\/\/nivaagaard.dk\/wp-content\/smush-webp\/2023\/07\/Wilhelm-Marstrand-Frk.-Annette-Hage-viser-sin-brodersoen-Hother-Hage-en-bog-med-planteafbildninger-1856.jpg.webp\" tabindex=\"-1\" class=\"wpgb-handle-lb wpgb-lightbox\" data-type=\"image\" data-rel=\"4\" data-title=\"Wilhelm Marstrand, Frk. Annette Hage viser sin broders\u00f8n Hother Hage en bog med planteafbildninger, 1856\" title=\"Enlarge photo\" data-smush-webp-fallback=\"{&quot;href&quot;:&quot;https:\\\/\\\/nivaagaard.dk\\\/wp-content\\\/uploads\\\/2023\\\/07\\\/Wilhelm-Marstrand-Frk.-Annette-Hage-viser-sin-brodersoen-Hother-Hage-en-bog-med-planteafbildninger-1856.jpg&quot;}\"><div style=\"background-image:inherit\" data-bg-image=\"url(https:\/\/nivaagaard.dk\/wp-content\/smush-webp\/2023\/07\/Wilhelm-Marstrand-Frk.-Annette-Hage-viser-sin-brodersoen-Hother-Hage-en-bog-med-planteafbildninger-1856.jpg.webp)\" class=\"lazyload\" data-smush-webp-fallback=\"{&quot;data-bg-image&quot;:&quot;url(https:\\\/\\\/nivaagaard.dk\\\/wp-content\\\/uploads\\\/2023\\\/07\\\/Wilhelm-Marstrand-Frk.-Annette-Hage-viser-sin-brodersoen-Hother-Hage-en-bog-med-planteafbildninger-1856.jpg)&quot;}\"><\/div><noscript><img loading=\"lazy\" decoding=\"async\" class=\"wpgb-noscript-img\" src=\"https:\/\/nivaagaard.dk\/wp-content\/uploads\/2023\/07\/Wilhelm-Marstrand-Frk.-Annette-Hage-viser-sin-brodersoen-Hother-Hage-en-bog-med-planteafbildninger-1856.jpg\" alt=\"\" height=\"504\" width=\"560\"><\/noscript><\/a><\/div><div class=\"wpgb-card-media-content\" data-action><div class=\"wpgb-card-media-content-center\"><a class=\"wpgb-block-1 wpgb-idle-scheme-1\" href=\"https:\/\/nivaagaard.dk\/en\/the-collection\/marstrand-wilhelm-20\/\"><p>WILHELM MARSTRAND<\/p>\n<hr \/>\n<p><em>Miss Annette Hage (1814-1857) shows her nephew Hother Hage (1849-1904) a book on plants<\/em>, 1856<\/p><\/a><\/div><a class=\"wpgb-card-layer-link\" href=\"https:\/\/nivaagaard.dk\/en\/the-collection\/marstrand-wilhelm-20\/\"><\/a><\/div><\/div><\/div><\/div><\/article><article class=\"wpgb-card wpgb-card-13 wpgb-post-37916\" data-col=\"1\" data-row=\"1\" data-format=\"standard\" data-fluid><div class=\"wpgb-card-wrapper\"><div class=\"wpgb-card-inner\"><div class=\"wpgb-card-media wpgb-scheme-light\"><svg data-ratio style=\"padding-top:191.25%\" viewBox=\"0 0 560 1071\"><\/svg><div class=\"wpgb-card-media-thumbnail\"><a href=\"https:\/\/nivaagaard.dk\/wp-content\/smush-webp\/2023\/07\/Wilhelm-Marstrand-Faderglaede-ca.-1839.jpg.webp\" tabindex=\"-1\" class=\"wpgb-handle-lb wpgb-lightbox\" data-type=\"image\" data-rel=\"4\" data-title=\"Wilhelm Marstrand, Fadergl\u00e6de, ca. 1839\" title=\"Enlarge photo\" data-smush-webp-fallback=\"{&quot;href&quot;:&quot;https:\\\/\\\/nivaagaard.dk\\\/wp-content\\\/uploads\\\/2023\\\/07\\\/Wilhelm-Marstrand-Faderglaede-ca.-1839.jpg&quot;}\"><div style=\"background-image:inherit\" data-bg-image=\"url(https:\/\/nivaagaard.dk\/wp-content\/smush-webp\/2023\/07\/Wilhelm-Marstrand-Faderglaede-ca.-1839.jpg.webp)\" class=\"lazyload\" data-smush-webp-fallback=\"{&quot;data-bg-image&quot;:&quot;url(https:\\\/\\\/nivaagaard.dk\\\/wp-content\\\/uploads\\\/2023\\\/07\\\/Wilhelm-Marstrand-Faderglaede-ca.-1839.jpg)&quot;}\"><\/div><noscript><img loading=\"lazy\" decoding=\"async\" class=\"wpgb-noscript-img\" src=\"https:\/\/nivaagaard.dk\/wp-content\/uploads\/2023\/07\/Wilhelm-Marstrand-Faderglaede-ca.-1839.jpg\" alt=\"\" height=\"1071\" width=\"560\"><\/noscript><\/a><\/div><div class=\"wpgb-card-media-content\" data-action><div class=\"wpgb-card-media-content-center\"><a class=\"wpgb-block-1 wpgb-idle-scheme-1\" href=\"https:\/\/nivaagaard.dk\/en\/the-collection\/marstrand-wilhelm-21\/\"><p>WILHELM MARSTRAND<\/p>\n<hr \/>\n<p><em>Father\u2019s love<\/em>, c. 1839<\/p><\/a><\/div><a class=\"wpgb-card-layer-link\" href=\"https:\/\/nivaagaard.dk\/en\/the-collection\/marstrand-wilhelm-21\/\"><\/a><\/div><\/div><\/div><\/div><\/article><article class=\"wpgb-card wpgb-card-13 wpgb-post-37917\" data-col=\"1\" data-row=\"1\" data-format=\"standard\" data-fluid><div class=\"wpgb-card-wrapper\"><div class=\"wpgb-card-inner\"><div class=\"wpgb-card-media wpgb-scheme-light\"><svg data-ratio style=\"padding-top:137.14%\" viewBox=\"0 0 560 768\"><\/svg><div class=\"wpgb-card-media-thumbnail\"><a href=\"https:\/\/nivaagaard.dk\/wp-content\/smush-webp\/2023\/07\/Wilhelm-Marstrand-En-ung-pige-og-to-fiskere-ca.-1853.jpg.webp\" tabindex=\"-1\" class=\"wpgb-handle-lb wpgb-lightbox\" data-type=\"image\" data-rel=\"4\" data-title=\"Wilhelm Marstrand, En ung pige og to fiskere, ca. 1853\" title=\"Enlarge photo\" data-smush-webp-fallback=\"{&quot;href&quot;:&quot;https:\\\/\\\/nivaagaard.dk\\\/wp-content\\\/uploads\\\/2023\\\/07\\\/Wilhelm-Marstrand-En-ung-pige-og-to-fiskere-ca.-1853.jpg&quot;}\"><div style=\"background-image:inherit\" data-bg-image=\"url(https:\/\/nivaagaard.dk\/wp-content\/smush-webp\/2023\/07\/Wilhelm-Marstrand-En-ung-pige-og-to-fiskere-ca.-1853.jpg.webp)\" class=\"lazyload\" data-smush-webp-fallback=\"{&quot;data-bg-image&quot;:&quot;url(https:\\\/\\\/nivaagaard.dk\\\/wp-content\\\/uploads\\\/2023\\\/07\\\/Wilhelm-Marstrand-En-ung-pige-og-to-fiskere-ca.-1853.jpg)&quot;}\"><\/div><noscript><img loading=\"lazy\" decoding=\"async\" class=\"wpgb-noscript-img\" src=\"https:\/\/nivaagaard.dk\/wp-content\/uploads\/2023\/07\/Wilhelm-Marstrand-En-ung-pige-og-to-fiskere-ca.-1853.jpg\" alt=\"\" height=\"768\" width=\"560\"><\/noscript><\/a><\/div><div class=\"wpgb-card-media-content\" data-action><div class=\"wpgb-card-media-content-center\"><a class=\"wpgb-block-1 wpgb-idle-scheme-1\" href=\"https:\/\/nivaagaard.dk\/en\/the-collection\/marstrand-wilhelm-22\/\"><p>WILHELM MARSTRAND<\/p>\n<hr \/>\n<p><em>A young girl and two fishermen<\/em>, c. 1853<\/p><\/a><\/div><a class=\"wpgb-card-layer-link\" href=\"https:\/\/nivaagaard.dk\/en\/the-collection\/marstrand-wilhelm-22\/\"><\/a><\/div><\/div><\/div><\/div><\/article><article class=\"wpgb-card wpgb-card-13 wpgb-post-37918\" data-col=\"1\" data-row=\"1\" data-format=\"standard\" data-fluid><div class=\"wpgb-card-wrapper\"><div class=\"wpgb-card-inner\"><div class=\"wpgb-card-media wpgb-scheme-light\"><svg data-ratio style=\"padding-top:125.71%\" viewBox=\"0 0 560 704\"><\/svg><div class=\"wpgb-card-media-thumbnail\"><a href=\"https:\/\/nivaagaard.dk\/wp-content\/smush-webp\/2023\/07\/Wilhelm-Marstrand-En-faengselsscene-i-Rom-1837-1.jpg.webp\" tabindex=\"-1\" class=\"wpgb-handle-lb wpgb-lightbox\" data-type=\"image\" data-rel=\"4\" data-title=\"Wilhelm Marstrand, En f\u00e6ngselsscene i Rom, 1837\" data-desc=\"Wilhelm Marstrand, En f\u00e6ngselsscene i Rom, 1837\" title=\"Enlarge photo\" data-smush-webp-fallback=\"{&quot;href&quot;:&quot;https:\\\/\\\/nivaagaard.dk\\\/wp-content\\\/uploads\\\/2023\\\/07\\\/Wilhelm-Marstrand-En-faengselsscene-i-Rom-1837-1.jpg&quot;}\"><div style=\"background-image:inherit\" data-bg-image=\"url(https:\/\/nivaagaard.dk\/wp-content\/smush-webp\/2023\/07\/Wilhelm-Marstrand-En-faengselsscene-i-Rom-1837-1.jpg.webp)\" class=\"lazyload\" data-smush-webp-fallback=\"{&quot;data-bg-image&quot;:&quot;url(https:\\\/\\\/nivaagaard.dk\\\/wp-content\\\/uploads\\\/2023\\\/07\\\/Wilhelm-Marstrand-En-faengselsscene-i-Rom-1837-1.jpg)&quot;}\"><\/div><noscript><img loading=\"lazy\" decoding=\"async\" class=\"wpgb-noscript-img\" src=\"https:\/\/nivaagaard.dk\/wp-content\/uploads\/2023\/07\/Wilhelm-Marstrand-En-faengselsscene-i-Rom-1837-1.jpg\" alt=\"\" height=\"704\" width=\"560\"><\/noscript><\/a><\/div><div class=\"wpgb-card-media-content\" data-action><div class=\"wpgb-card-media-content-center\"><a class=\"wpgb-block-1 wpgb-idle-scheme-1\" href=\"https:\/\/nivaagaard.dk\/en\/the-collection\/marstrand-wilhelm-23\/\"><p>WILHELM MARSTRAND<\/p>\n<hr \/>\n<p><em>Prison Scene in Rome,<\/em> 1837<\/p><\/a><\/div><a class=\"wpgb-card-layer-link\" href=\"https:\/\/nivaagaard.dk\/en\/the-collection\/marstrand-wilhelm-23\/\"><\/a><\/div><\/div><\/div><\/div><\/article><article class=\"wpgb-card wpgb-card-13 wpgb-post-37919\" data-col=\"1\" data-row=\"1\" data-format=\"standard\" data-fluid><div class=\"wpgb-card-wrapper\"><div class=\"wpgb-card-inner\"><div class=\"wpgb-card-media wpgb-scheme-light\"><svg data-ratio style=\"padding-top:87.32%\" viewBox=\"0 0 560 489\"><\/svg><div class=\"wpgb-card-media-thumbnail\"><a href=\"https:\/\/nivaagaard.dk\/wp-content\/smush-webp\/2023\/07\/Wilhelm-Marstrand-En-flyttedagsscene-1831_Nivaagaards-Malerisamling.jpg.webp\" tabindex=\"-1\" class=\"wpgb-handle-lb wpgb-lightbox\" data-type=\"image\" data-rel=\"4\" data-title=\"Wilhelm Marstrand, En flyttedagsscene, 1831_Nivaagaards Malerisamling\" title=\"Enlarge photo\" data-smush-webp-fallback=\"{&quot;href&quot;:&quot;https:\\\/\\\/nivaagaard.dk\\\/wp-content\\\/uploads\\\/2023\\\/07\\\/Wilhelm-Marstrand-En-flyttedagsscene-1831_Nivaagaards-Malerisamling.jpg&quot;}\"><div style=\"background-image:inherit\" data-bg-image=\"url(https:\/\/nivaagaard.dk\/wp-content\/smush-webp\/2023\/07\/Wilhelm-Marstrand-En-flyttedagsscene-1831_Nivaagaards-Malerisamling.jpg.webp)\" class=\"lazyload\" data-smush-webp-fallback=\"{&quot;data-bg-image&quot;:&quot;url(https:\\\/\\\/nivaagaard.dk\\\/wp-content\\\/uploads\\\/2023\\\/07\\\/Wilhelm-Marstrand-En-flyttedagsscene-1831_Nivaagaards-Malerisamling.jpg)&quot;}\"><\/div><noscript><img loading=\"lazy\" decoding=\"async\" class=\"wpgb-noscript-img\" src=\"https:\/\/nivaagaard.dk\/wp-content\/uploads\/2023\/07\/Wilhelm-Marstrand-En-flyttedagsscene-1831_Nivaagaards-Malerisamling.jpg\" alt=\"\" height=\"489\" width=\"560\"><\/noscript><\/a><\/div><div class=\"wpgb-card-media-content\" data-action><div class=\"wpgb-card-media-content-center\"><a class=\"wpgb-block-1 wpgb-idle-scheme-1\" href=\"https:\/\/nivaagaard.dk\/en\/the-collection\/marstrand-wilhelm-24\/\"><p>WILHELM MARSTRAND<\/p>\n<hr \/>\n<p><em>Moving Day Scene,<\/em> 1831<\/p><\/a><\/div><a class=\"wpgb-card-layer-link\" href=\"https:\/\/nivaagaard.dk\/en\/the-collection\/marstrand-wilhelm-24\/\"><\/a><\/div><\/div><\/div><\/div><\/article><article class=\"wpgb-card wpgb-card-13 wpgb-post-37920\" data-col=\"1\" data-row=\"1\" data-format=\"standard\" data-fluid><div class=\"wpgb-card-wrapper\"><div class=\"wpgb-card-inner\"><div class=\"wpgb-card-media wpgb-scheme-light\"><svg data-ratio style=\"padding-top:65%\" viewBox=\"0 0 560 364\"><\/svg><div class=\"wpgb-card-media-thumbnail\"><a href=\"https:\/\/nivaagaard.dk\/wp-content\/smush-webp\/2023\/07\/Wilhelm-Marstrand-En-auktionsscene-1835.jpg.webp\" tabindex=\"-1\" class=\"wpgb-handle-lb wpgb-lightbox\" data-type=\"image\" data-rel=\"4\" data-title=\"Wilhelm Marstrand, En auktionsscene, 1835\" title=\"Enlarge photo\" data-smush-webp-fallback=\"{&quot;href&quot;:&quot;https:\\\/\\\/nivaagaard.dk\\\/wp-content\\\/uploads\\\/2023\\\/07\\\/Wilhelm-Marstrand-En-auktionsscene-1835.jpg&quot;}\"><div style=\"background-image:inherit\" data-bg-image=\"url(https:\/\/nivaagaard.dk\/wp-content\/smush-webp\/2023\/07\/Wilhelm-Marstrand-En-auktionsscene-1835.jpg.webp)\" class=\"lazyload\" data-smush-webp-fallback=\"{&quot;data-bg-image&quot;:&quot;url(https:\\\/\\\/nivaagaard.dk\\\/wp-content\\\/uploads\\\/2023\\\/07\\\/Wilhelm-Marstrand-En-auktionsscene-1835.jpg)&quot;}\"><\/div><noscript><img loading=\"lazy\" decoding=\"async\" class=\"wpgb-noscript-img\" src=\"https:\/\/nivaagaard.dk\/wp-content\/uploads\/2023\/07\/Wilhelm-Marstrand-En-auktionsscene-1835.jpg\" alt=\"\" height=\"364\" width=\"560\"><\/noscript><\/a><\/div><div class=\"wpgb-card-media-content\" data-action><div class=\"wpgb-card-media-content-center\"><a class=\"wpgb-block-1 wpgb-idle-scheme-1\" href=\"https:\/\/nivaagaard.dk\/en\/the-collection\/marstrand-wilhelm-25\/\"><p>WILHELM MARSTRAND<\/p>\n<hr \/>\n<p><em>Scene from an auction,<\/em> 1835<\/p><\/a><\/div><a class=\"wpgb-card-layer-link\" href=\"https:\/\/nivaagaard.dk\/en\/the-collection\/marstrand-wilhelm-25\/\"><\/a><\/div><\/div><\/div><\/div><\/article><article class=\"wpgb-card wpgb-card-13 wpgb-post-37921\" data-col=\"1\" data-row=\"1\" data-format=\"standard\" data-fluid><div class=\"wpgb-card-wrapper\"><div class=\"wpgb-card-inner\"><div class=\"wpgb-card-media wpgb-scheme-light\"><svg data-ratio style=\"padding-top:67.14%\" viewBox=\"0 0 560 376\"><\/svg><div class=\"wpgb-card-media-thumbnail\"><a href=\"https:\/\/nivaagaard.dk\/wp-content\/smush-webp\/2023\/07\/Wilhelm-Marstrand-Don-Quixote-og-Sancho-Panza-ved-en-skillevej-u.aa_.-efter-1847.jpg.webp\" tabindex=\"-1\" class=\"wpgb-handle-lb wpgb-lightbox\" data-type=\"image\" data-rel=\"4\" data-title=\"Wilhelm Marstrand, Don Quixote og Sancho Panza ved en skillevej, u.\u00e5. (efter 1847)\" title=\"Enlarge photo\" data-smush-webp-fallback=\"{&quot;href&quot;:&quot;https:\\\/\\\/nivaagaard.dk\\\/wp-content\\\/uploads\\\/2023\\\/07\\\/Wilhelm-Marstrand-Don-Quixote-og-Sancho-Panza-ved-en-skillevej-u.aa_.-efter-1847.jpg&quot;}\"><div style=\"background-image:inherit\" data-bg-image=\"url(https:\/\/nivaagaard.dk\/wp-content\/smush-webp\/2023\/07\/Wilhelm-Marstrand-Don-Quixote-og-Sancho-Panza-ved-en-skillevej-u.aa_.-efter-1847.jpg.webp)\" class=\"lazyload\" data-smush-webp-fallback=\"{&quot;data-bg-image&quot;:&quot;url(https:\\\/\\\/nivaagaard.dk\\\/wp-content\\\/uploads\\\/2023\\\/07\\\/Wilhelm-Marstrand-Don-Quixote-og-Sancho-Panza-ved-en-skillevej-u.aa_.-efter-1847.jpg)&quot;}\"><\/div><noscript><img loading=\"lazy\" decoding=\"async\" class=\"wpgb-noscript-img\" src=\"https:\/\/nivaagaard.dk\/wp-content\/uploads\/2023\/07\/Wilhelm-Marstrand-Don-Quixote-og-Sancho-Panza-ved-en-skillevej-u.aa_.-efter-1847.jpg\" alt=\"\" height=\"376\" width=\"560\"><\/noscript><\/a><\/div><div class=\"wpgb-card-media-content\" data-action><div class=\"wpgb-card-media-content-center\"><a class=\"wpgb-block-1 wpgb-idle-scheme-1\" href=\"https:\/\/nivaagaard.dk\/en\/the-collection\/marstrand-wilhelm-26\/\"><p>WILHELM MARSTRAND<\/p>\n<hr \/>\n<p><em>Don Quixote and Sancho Panza at a crossroad<\/em>, n.d. (after 1847)<\/p><\/a><\/div><a class=\"wpgb-card-layer-link\" href=\"https:\/\/nivaagaard.dk\/en\/the-collection\/marstrand-wilhelm-26\/\"><\/a><\/div><\/div><\/div><\/div><\/article><article class=\"wpgb-card wpgb-card-13 wpgb-post-37922\" data-col=\"1\" data-row=\"1\" data-format=\"standard\" data-fluid><div class=\"wpgb-card-wrapper\"><div class=\"wpgb-card-inner\"><div class=\"wpgb-card-media wpgb-scheme-light\"><svg data-ratio style=\"padding-top:67.5%\" viewBox=\"0 0 560 378\"><\/svg><div class=\"wpgb-card-media-thumbnail\"><a href=\"https:\/\/nivaagaard.dk\/wp-content\/smush-webp\/2023\/07\/Wilhelm-Marstrand-Don-Quixotes-foerste-hjemtog-u.aa_.-efter-1847.jpg.webp\" tabindex=\"-1\" class=\"wpgb-handle-lb wpgb-lightbox\" data-type=\"image\" data-rel=\"4\" data-title=\"Wilhelm Marstrand, Don Quixotes f\u00f8rste hjemtog, u.\u00e5. (efter 1847)\" title=\"Enlarge photo\" data-smush-webp-fallback=\"{&quot;href&quot;:&quot;https:\\\/\\\/nivaagaard.dk\\\/wp-content\\\/uploads\\\/2023\\\/07\\\/Wilhelm-Marstrand-Don-Quixotes-foerste-hjemtog-u.aa_.-efter-1847.jpg&quot;}\"><div style=\"background-image:inherit\" data-bg-image=\"url(https:\/\/nivaagaard.dk\/wp-content\/smush-webp\/2023\/07\/Wilhelm-Marstrand-Don-Quixotes-foerste-hjemtog-u.aa_.-efter-1847.jpg.webp)\" class=\"lazyload\" data-smush-webp-fallback=\"{&quot;data-bg-image&quot;:&quot;url(https:\\\/\\\/nivaagaard.dk\\\/wp-content\\\/uploads\\\/2023\\\/07\\\/Wilhelm-Marstrand-Don-Quixotes-foerste-hjemtog-u.aa_.-efter-1847.jpg)&quot;}\"><\/div><noscript><img loading=\"lazy\" decoding=\"async\" class=\"wpgb-noscript-img\" src=\"https:\/\/nivaagaard.dk\/wp-content\/uploads\/2023\/07\/Wilhelm-Marstrand-Don-Quixotes-foerste-hjemtog-u.aa_.-efter-1847.jpg\" alt=\"\" height=\"378\" width=\"560\"><\/noscript><\/a><\/div><div class=\"wpgb-card-media-content\" data-action><div class=\"wpgb-card-media-content-center\"><a class=\"wpgb-block-1 wpgb-idle-scheme-1\" href=\"https:\/\/nivaagaard.dk\/en\/the-collection\/marstrand-wilhelm-27\/\"><p>WILHELM MARSTRAND<\/p>\n<hr \/>\n<p><em>Don Quixote\u2019s first ride home<\/em>, n.d. (after 1847)<\/p><\/a><\/div><a class=\"wpgb-card-layer-link\" href=\"https:\/\/nivaagaard.dk\/en\/the-collection\/marstrand-wilhelm-27\/\"><\/a><\/div><\/div><\/div><\/div><\/article><article class=\"wpgb-card wpgb-card-13 wpgb-post-37923\" data-col=\"1\" data-row=\"1\" data-format=\"standard\" data-fluid><div class=\"wpgb-card-wrapper\"><div class=\"wpgb-card-inner\"><div class=\"wpgb-card-media wpgb-scheme-light\"><svg data-ratio style=\"padding-top:143.04%\" viewBox=\"0 0 560 801\"><\/svg><div class=\"wpgb-card-media-thumbnail\"><a href=\"https:\/\/nivaagaard.dk\/wp-content\/smush-webp\/2023\/07\/Wilhelm-Marstrand-Don-Quixote-u.aa_.jpg.webp\" tabindex=\"-1\" class=\"wpgb-handle-lb wpgb-lightbox\" data-type=\"image\" data-rel=\"4\" data-title=\"Wilhelm Marstrand, Don Quixote, u.\u00e5.\" title=\"Enlarge photo\" data-smush-webp-fallback=\"{&quot;href&quot;:&quot;https:\\\/\\\/nivaagaard.dk\\\/wp-content\\\/uploads\\\/2023\\\/07\\\/Wilhelm-Marstrand-Don-Quixote-u.aa_.jpg&quot;}\"><div style=\"background-image:inherit\" data-bg-image=\"url(https:\/\/nivaagaard.dk\/wp-content\/smush-webp\/2023\/07\/Wilhelm-Marstrand-Don-Quixote-u.aa_.jpg.webp)\" class=\"lazyload\" data-smush-webp-fallback=\"{&quot;data-bg-image&quot;:&quot;url(https:\\\/\\\/nivaagaard.dk\\\/wp-content\\\/uploads\\\/2023\\\/07\\\/Wilhelm-Marstrand-Don-Quixote-u.aa_.jpg)&quot;}\"><\/div><noscript><img loading=\"lazy\" decoding=\"async\" class=\"wpgb-noscript-img\" src=\"https:\/\/nivaagaard.dk\/wp-content\/uploads\/2023\/07\/Wilhelm-Marstrand-Don-Quixote-u.aa_.jpg\" alt=\"\" height=\"801\" width=\"560\"><\/noscript><\/a><\/div><div class=\"wpgb-card-media-content\" data-action><div class=\"wpgb-card-media-content-center\"><a class=\"wpgb-block-1 wpgb-idle-scheme-1\" href=\"https:\/\/nivaagaard.dk\/en\/the-collection\/marstrand-wilhelm-28\/\"><p>WILHELM MARSTRAND<\/p>\n<hr \/>\n<p><em>Don Quixote<\/em>, n.d. (after 1860)<\/p><\/a><\/div><a class=\"wpgb-card-layer-link\" href=\"https:\/\/nivaagaard.dk\/en\/the-collection\/marstrand-wilhelm-28\/\"><\/a><\/div><\/div><\/div><\/div><\/article><article class=\"wpgb-card wpgb-card-13 wpgb-post-37924\" data-col=\"1\" data-row=\"1\" data-format=\"standard\" data-fluid><div class=\"wpgb-card-wrapper\"><div class=\"wpgb-card-inner\"><div class=\"wpgb-card-media wpgb-scheme-light\"><svg data-ratio style=\"padding-top:122.14%\" viewBox=\"0 0 560 684\"><\/svg><div class=\"wpgb-card-media-thumbnail\"><a href=\"https:\/\/nivaagaard.dk\/wp-content\/smush-webp\/2023\/07\/Wilhelm-Marstrand-Dobbeltportraet-af-koebmand-Christopher-Friedenreich-Hage-1759-1849-og-hans-hustru-Arnette-f.-Just-1778-1866-Maa-jeg-laane-de-to-brune-heste-1849-1852.jpg.webp\" tabindex=\"-1\" class=\"wpgb-handle-lb wpgb-lightbox\" data-type=\"image\" data-rel=\"4\" data-title=\"Wilhelm Marstrand, Dobbeltportr\u00e6t af k\u00f8bmand Christopher Friedenreich Hage (1759-1849) og hans hustru, Arnette, f. Just (1778-1866) M\u00e5 jeg l\u00e5ne de to brune heste, 1849-1852\" title=\"Enlarge photo\" data-smush-webp-fallback=\"{&quot;href&quot;:&quot;https:\\\/\\\/nivaagaard.dk\\\/wp-content\\\/uploads\\\/2023\\\/07\\\/Wilhelm-Marstrand-Dobbeltportraet-af-koebmand-Christopher-Friedenreich-Hage-1759-1849-og-hans-hustru-Arnette-f.-Just-1778-1866-Maa-jeg-laane-de-to-brune-heste-1849-1852.jpg&quot;}\"><div style=\"background-image:inherit\" data-bg-image=\"url(https:\/\/nivaagaard.dk\/wp-content\/smush-webp\/2023\/07\/Wilhelm-Marstrand-Dobbeltportraet-af-koebmand-Christopher-Friedenreich-Hage-1759-1849-og-hans-hustru-Arnette-f.-Just-1778-1866-Maa-jeg-laane-de-to-brune-heste-1849-1852.jpg.webp)\" class=\"lazyload\" data-smush-webp-fallback=\"{&quot;data-bg-image&quot;:&quot;url(https:\\\/\\\/nivaagaard.dk\\\/wp-content\\\/uploads\\\/2023\\\/07\\\/Wilhelm-Marstrand-Dobbeltportraet-af-koebmand-Christopher-Friedenreich-Hage-1759-1849-og-hans-hustru-Arnette-f.-Just-1778-1866-Maa-jeg-laane-de-to-brune-heste-1849-1852.jpg)&quot;}\"><\/div><noscript><img loading=\"lazy\" decoding=\"async\" class=\"wpgb-noscript-img\" src=\"https:\/\/nivaagaard.dk\/wp-content\/uploads\/2023\/07\/Wilhelm-Marstrand-Dobbeltportraet-af-koebmand-Christopher-Friedenreich-Hage-1759-1849-og-hans-hustru-Arnette-f.-Just-1778-1866-Maa-jeg-laane-de-to-brune-heste-1849-1852.jpg\" alt=\"\" height=\"684\" width=\"560\"><\/noscript><\/a><\/div><div class=\"wpgb-card-media-content\" data-action><div class=\"wpgb-card-media-content-center\"><a class=\"wpgb-block-1 wpgb-idle-scheme-1\" href=\"https:\/\/nivaagaard.dk\/en\/the-collection\/marstrand-wilhelm-29\/\"><p>WILHELM MARSTRAND<\/p>\n<hr \/>\n<p><em>Double portrait of the merchant Christopher Friedenreich Hage (1759-1849) and his wife Arnette, born Just (1778-1866) &#8220;May I borrow the two brown horses?&#8221;<\/em>, 1849-1852<\/p><\/a><\/div><a class=\"wpgb-card-layer-link\" href=\"https:\/\/nivaagaard.dk\/en\/the-collection\/marstrand-wilhelm-29\/\"><\/a><\/div><\/div><\/div><\/div><\/article><article class=\"wpgb-card wpgb-card-13 wpgb-post-37925\" data-col=\"1\" data-row=\"1\" data-format=\"standard\" data-fluid><div class=\"wpgb-card-wrapper\"><div class=\"wpgb-card-inner\"><div class=\"wpgb-card-media wpgb-scheme-light\"><svg data-ratio style=\"padding-top:148.93%\" viewBox=\"0 0 560 834\"><\/svg><div class=\"wpgb-card-media-thumbnail\"><a href=\"https:\/\/nivaagaard.dk\/wp-content\/smush-webp\/2023\/07\/Wilhelm-Marstrand-Dansende-romerinde-foer-1838.jpg.webp\" tabindex=\"-1\" class=\"wpgb-handle-lb wpgb-lightbox\" data-type=\"image\" data-rel=\"4\" data-title=\"Wilhelm Marstrand, Dansende romerinde, f\u00f8r 1838\" title=\"Enlarge photo\" data-smush-webp-fallback=\"{&quot;href&quot;:&quot;https:\\\/\\\/nivaagaard.dk\\\/wp-content\\\/uploads\\\/2023\\\/07\\\/Wilhelm-Marstrand-Dansende-romerinde-foer-1838.jpg&quot;}\"><div style=\"background-image:inherit\" data-bg-image=\"url(https:\/\/nivaagaard.dk\/wp-content\/smush-webp\/2023\/07\/Wilhelm-Marstrand-Dansende-romerinde-foer-1838.jpg.webp)\" class=\"lazyload\" data-smush-webp-fallback=\"{&quot;data-bg-image&quot;:&quot;url(https:\\\/\\\/nivaagaard.dk\\\/wp-content\\\/uploads\\\/2023\\\/07\\\/Wilhelm-Marstrand-Dansende-romerinde-foer-1838.jpg)&quot;}\"><\/div><noscript><img loading=\"lazy\" decoding=\"async\" class=\"wpgb-noscript-img\" src=\"https:\/\/nivaagaard.dk\/wp-content\/uploads\/2023\/07\/Wilhelm-Marstrand-Dansende-romerinde-foer-1838.jpg\" alt=\"\" height=\"834\" width=\"560\"><\/noscript><\/a><\/div><div class=\"wpgb-card-media-content\" data-action><div class=\"wpgb-card-media-content-center\"><a class=\"wpgb-block-1 wpgb-idle-scheme-1\" href=\"https:\/\/nivaagaard.dk\/en\/the-collection\/marstrand-wilhelm-30\/\"><p>WILHELM MARSTRAND<\/p>\n<hr \/>\n<p><em>Dancing Roman Woman. <\/em>Study for<em> Romans Gathered for Merriment at an Osteria,<\/em> before 1838<\/p><\/a><\/div><a class=\"wpgb-card-layer-link\" href=\"https:\/\/nivaagaard.dk\/en\/the-collection\/marstrand-wilhelm-30\/\"><\/a><\/div><\/div><\/div><\/div><\/article><article class=\"wpgb-card wpgb-card-13 wpgb-post-37926\" data-col=\"1\" data-row=\"1\" data-format=\"standard\" data-fluid><div class=\"wpgb-card-wrapper\"><div class=\"wpgb-card-inner\"><div class=\"wpgb-card-media wpgb-scheme-light\"><svg data-ratio style=\"padding-top:146.07%\" viewBox=\"0 0 560 818\"><\/svg><div class=\"wpgb-card-media-thumbnail\"><a href=\"https:\/\/nivaagaard.dk\/wp-content\/smush-webp\/2023\/07\/Wilhelm-Marstrand-Dansende-italiener-ca.-1839.jpg.webp\" tabindex=\"-1\" class=\"wpgb-handle-lb wpgb-lightbox\" data-type=\"image\" data-rel=\"4\" data-title=\"Wilhelm Marstrand, Dansende italiener, ca. 1839\" title=\"Enlarge photo\" data-smush-webp-fallback=\"{&quot;href&quot;:&quot;https:\\\/\\\/nivaagaard.dk\\\/wp-content\\\/uploads\\\/2023\\\/07\\\/Wilhelm-Marstrand-Dansende-italiener-ca.-1839.jpg&quot;}\"><div style=\"background-image:inherit\" data-bg-image=\"url(https:\/\/nivaagaard.dk\/wp-content\/smush-webp\/2023\/07\/Wilhelm-Marstrand-Dansende-italiener-ca.-1839.jpg.webp)\" class=\"lazyload\" data-smush-webp-fallback=\"{&quot;data-bg-image&quot;:&quot;url(https:\\\/\\\/nivaagaard.dk\\\/wp-content\\\/uploads\\\/2023\\\/07\\\/Wilhelm-Marstrand-Dansende-italiener-ca.-1839.jpg)&quot;}\"><\/div><noscript><img loading=\"lazy\" decoding=\"async\" class=\"wpgb-noscript-img\" src=\"https:\/\/nivaagaard.dk\/wp-content\/uploads\/2023\/07\/Wilhelm-Marstrand-Dansende-italiener-ca.-1839.jpg\" alt=\"\" height=\"818\" width=\"560\"><\/noscript><\/a><\/div><div class=\"wpgb-card-media-content\" data-action><div class=\"wpgb-card-media-content-center\"><a class=\"wpgb-block-1 wpgb-idle-scheme-1\" href=\"https:\/\/nivaagaard.dk\/en\/the-collection\/marstrand-wilhelm-31\/\"><p>WILHELM MARSTRAND<\/p>\n<hr \/>\n<p><em>Dancing Italian<\/em>, c. 1839<\/p><\/a><\/div><a class=\"wpgb-card-layer-link\" href=\"https:\/\/nivaagaard.dk\/en\/the-collection\/marstrand-wilhelm-31\/\"><\/a><\/div><\/div><\/div><\/div><\/article><article class=\"wpgb-card wpgb-card-13 wpgb-post-37927\" data-col=\"1\" data-row=\"1\" data-format=\"standard\" data-fluid><div class=\"wpgb-card-wrapper\"><div class=\"wpgb-card-inner\"><div class=\"wpgb-card-media wpgb-scheme-light\"><svg data-ratio style=\"padding-top:76.43%\" viewBox=\"0 0 560 428\"><\/svg><div class=\"wpgb-card-media-thumbnail\"><a href=\"https:\/\/nivaagaard.dk\/wp-content\/smush-webp\/2023\/07\/Wilhelm-Marstrand-Dans-i-et-osteri-ca.-1860.jpg.webp\" tabindex=\"-1\" class=\"wpgb-handle-lb wpgb-lightbox\" data-type=\"image\" data-rel=\"4\" data-title=\"Wilhelm Marstrand, Dans i et osteri, ca. 1860\" title=\"Enlarge photo\" data-smush-webp-fallback=\"{&quot;href&quot;:&quot;https:\\\/\\\/nivaagaard.dk\\\/wp-content\\\/uploads\\\/2023\\\/07\\\/Wilhelm-Marstrand-Dans-i-et-osteri-ca.-1860.jpg&quot;}\"><div style=\"background-image:inherit\" data-bg-image=\"url(https:\/\/nivaagaard.dk\/wp-content\/smush-webp\/2023\/07\/Wilhelm-Marstrand-Dans-i-et-osteri-ca.-1860.jpg.webp)\" class=\"lazyload\" data-smush-webp-fallback=\"{&quot;data-bg-image&quot;:&quot;url(https:\\\/\\\/nivaagaard.dk\\\/wp-content\\\/uploads\\\/2023\\\/07\\\/Wilhelm-Marstrand-Dans-i-et-osteri-ca.-1860.jpg)&quot;}\"><\/div><noscript><img loading=\"lazy\" decoding=\"async\" class=\"wpgb-noscript-img\" src=\"https:\/\/nivaagaard.dk\/wp-content\/uploads\/2023\/07\/Wilhelm-Marstrand-Dans-i-et-osteri-ca.-1860.jpg\" alt=\"\" height=\"428\" width=\"560\"><\/noscript><\/a><\/div><div class=\"wpgb-card-media-content\" data-action><div class=\"wpgb-card-media-content-center\"><a class=\"wpgb-block-1 wpgb-idle-scheme-1\" href=\"https:\/\/nivaagaard.dk\/en\/the-collection\/marstrand-wilhelm-32\/\"><p>WILHELM MARSTRAND<\/p>\n<hr \/>\n<p><em>Dance in an Osteria<\/em>, c. 1860<\/p><\/a><\/div><a class=\"wpgb-card-layer-link\" href=\"https:\/\/nivaagaard.dk\/en\/the-collection\/marstrand-wilhelm-32\/\"><\/a><\/div><\/div><\/div><\/div><\/article><article class=\"wpgb-card wpgb-card-13 wpgb-post-37928\" data-col=\"1\" data-row=\"1\" data-format=\"standard\" data-fluid><div class=\"wpgb-card-wrapper\"><div class=\"wpgb-card-inner\"><div class=\"wpgb-card-media wpgb-scheme-light\"><svg data-ratio style=\"padding-top:78.57%\" viewBox=\"0 0 560 440\"><\/svg><div class=\"wpgb-card-media-thumbnail\"><a href=\"https:\/\/nivaagaard.dk\/wp-content\/smush-webp\/2023\/07\/Wilhelm-Marstrand-Barnet-laerer-at-gaa-foer-1859.jpg.webp\" tabindex=\"-1\" class=\"wpgb-handle-lb wpgb-lightbox\" data-type=\"image\" data-rel=\"4\" data-title=\"Wilhelm Marstrand, Barnet l\u00e6rer at g\u00e5, f\u00f8r 1859\" title=\"Enlarge photo\" data-smush-webp-fallback=\"{&quot;href&quot;:&quot;https:\\\/\\\/nivaagaard.dk\\\/wp-content\\\/uploads\\\/2023\\\/07\\\/Wilhelm-Marstrand-Barnet-laerer-at-gaa-foer-1859.jpg&quot;}\"><div style=\"background-image:inherit\" data-bg-image=\"url(https:\/\/nivaagaard.dk\/wp-content\/smush-webp\/2023\/07\/Wilhelm-Marstrand-Barnet-laerer-at-gaa-foer-1859.jpg.webp)\" class=\"lazyload\" data-smush-webp-fallback=\"{&quot;data-bg-image&quot;:&quot;url(https:\\\/\\\/nivaagaard.dk\\\/wp-content\\\/uploads\\\/2023\\\/07\\\/Wilhelm-Marstrand-Barnet-laerer-at-gaa-foer-1859.jpg)&quot;}\"><\/div><noscript><img loading=\"lazy\" decoding=\"async\" class=\"wpgb-noscript-img\" src=\"https:\/\/nivaagaard.dk\/wp-content\/uploads\/2023\/07\/Wilhelm-Marstrand-Barnet-laerer-at-gaa-foer-1859.jpg\" alt=\"\" height=\"440\" width=\"560\"><\/noscript><\/a><\/div><div class=\"wpgb-card-media-content\" data-action><div class=\"wpgb-card-media-content-center\"><a class=\"wpgb-block-1 wpgb-idle-scheme-1\" href=\"https:\/\/nivaagaard.dk\/en\/the-collection\/marstrand-wilhelm-33\/\"><p>WILHELM MARSTRAND<\/p>\n<hr \/>\n<p><em>Child learning to walk<\/em>, before 1859<\/p><\/a><\/div><a class=\"wpgb-card-layer-link\" href=\"https:\/\/nivaagaard.dk\/en\/the-collection\/marstrand-wilhelm-33\/\"><\/a><\/div><\/div><\/div><\/div><\/article><article class=\"wpgb-card wpgb-card-13 wpgb-post-38005\" data-col=\"1\" data-row=\"1\" data-format=\"standard\" data-fluid><div class=\"wpgb-card-wrapper\"><div class=\"wpgb-card-inner\"><div class=\"wpgb-card-media wpgb-scheme-light\"><svg data-ratio style=\"padding-top:134.29%\" viewBox=\"0 0 560 752\"><\/svg><div class=\"wpgb-card-media-thumbnail\"><a href=\"https:\/\/nivaagaard.dk\/wp-content\/smush-webp\/2023\/07\/Wilhelm-Marstrand-En-staaende-italienerinde.-Studie-til-En-gedevogter-som-saelger-maelk-ca.-1840.jpg.webp\" tabindex=\"-1\" class=\"wpgb-handle-lb wpgb-lightbox\" data-type=\"image\" data-rel=\"4\" data-title=\"Wilhelm Marstrand, En st\u00e5ende italienerinde. Studie til En gedevogter, som s\u00e6lger m\u00e6lk, ca. 1840\" title=\"Enlarge photo\" data-smush-webp-fallback=\"{&quot;href&quot;:&quot;https:\\\/\\\/nivaagaard.dk\\\/wp-content\\\/uploads\\\/2023\\\/07\\\/Wilhelm-Marstrand-En-staaende-italienerinde.-Studie-til-En-gedevogter-som-saelger-maelk-ca.-1840.jpg&quot;}\"><div style=\"background-image:inherit\" data-bg-image=\"url(https:\/\/nivaagaard.dk\/wp-content\/smush-webp\/2023\/07\/Wilhelm-Marstrand-En-staaende-italienerinde.-Studie-til-En-gedevogter-som-saelger-maelk-ca.-1840.jpg.webp)\" class=\"lazyload\" data-smush-webp-fallback=\"{&quot;data-bg-image&quot;:&quot;url(https:\\\/\\\/nivaagaard.dk\\\/wp-content\\\/uploads\\\/2023\\\/07\\\/Wilhelm-Marstrand-En-staaende-italienerinde.-Studie-til-En-gedevogter-som-saelger-maelk-ca.-1840.jpg)&quot;}\"><\/div><noscript><img loading=\"lazy\" decoding=\"async\" class=\"wpgb-noscript-img\" src=\"https:\/\/nivaagaard.dk\/wp-content\/uploads\/2023\/07\/Wilhelm-Marstrand-En-staaende-italienerinde.-Studie-til-En-gedevogter-som-saelger-maelk-ca.-1840.jpg\" alt=\"\" height=\"752\" width=\"560\"><\/noscript><\/a><\/div><div class=\"wpgb-card-media-content\" data-action><div class=\"wpgb-card-media-content-center\"><a class=\"wpgb-block-1 wpgb-idle-scheme-1\" href=\"https:\/\/nivaagaard.dk\/en\/the-collection\/marstrand-wilhelm-34\/\"><p>WILHELM MARSTRAND<\/p>\n<hr \/>\n<p><em>Standing Italian Woman<\/em>. Study for <em>A Goatherd Selling Milk<\/em>, c. 1840<\/p><\/a><\/div><a class=\"wpgb-card-layer-link\" href=\"https:\/\/nivaagaard.dk\/en\/the-collection\/marstrand-wilhelm-34\/\"><\/a><\/div><\/div><\/div><\/div><\/article><article class=\"wpgb-card wpgb-card-13 wpgb-post-38006\" data-col=\"1\" data-row=\"1\" data-format=\"standard\" data-fluid><div class=\"wpgb-card-wrapper\"><div class=\"wpgb-card-inner\"><div class=\"wpgb-card-media wpgb-scheme-light\"><svg data-ratio style=\"padding-top:69.11%\" viewBox=\"0 0 560 387\"><\/svg><div class=\"wpgb-card-media-thumbnail\"><a href=\"https:\/\/nivaagaard.dk\/wp-content\/smush-webp\/2023\/07\/Wilhelm-Marstrand-Fra-et-romersk-osteria-piberygende-jaegere-serveres-for-af-italierinder-.jpg.webp\" tabindex=\"-1\" class=\"wpgb-handle-lb wpgb-lightbox\" data-type=\"image\" data-rel=\"4\" data-title=\"Wilhelm Marstrand, Fra et romersk osteria, piberygende j\u00e6gere serveres for af italierinder (&#8230;)\" title=\"Enlarge photo\" data-smush-webp-fallback=\"{&quot;href&quot;:&quot;https:\\\/\\\/nivaagaard.dk\\\/wp-content\\\/uploads\\\/2023\\\/07\\\/Wilhelm-Marstrand-Fra-et-romersk-osteria-piberygende-jaegere-serveres-for-af-italierinder-.jpg&quot;}\"><div style=\"background-image:inherit\" data-bg-image=\"url(https:\/\/nivaagaard.dk\/wp-content\/smush-webp\/2023\/07\/Wilhelm-Marstrand-Fra-et-romersk-osteria-piberygende-jaegere-serveres-for-af-italierinder-.jpg.webp)\" class=\"lazyload\" data-smush-webp-fallback=\"{&quot;data-bg-image&quot;:&quot;url(https:\\\/\\\/nivaagaard.dk\\\/wp-content\\\/uploads\\\/2023\\\/07\\\/Wilhelm-Marstrand-Fra-et-romersk-osteria-piberygende-jaegere-serveres-for-af-italierinder-.jpg)&quot;}\"><\/div><noscript><img loading=\"lazy\" decoding=\"async\" class=\"wpgb-noscript-img\" src=\"https:\/\/nivaagaard.dk\/wp-content\/uploads\/2023\/07\/Wilhelm-Marstrand-Fra-et-romersk-osteria-piberygende-jaegere-serveres-for-af-italierinder-.jpg\" alt=\"\" height=\"387\" width=\"560\"><\/noscript><\/a><\/div><div class=\"wpgb-card-media-content\" data-action><div class=\"wpgb-card-media-content-center\"><a class=\"wpgb-block-1 wpgb-idle-scheme-1\" href=\"https:\/\/nivaagaard.dk\/en\/the-collection\/marstrand-wilhelm-35\/\"><p>WILHELM MARSTRAND<\/p>\n<hr \/>\n<p><em>From a Roman Osteria. Pipe-Smoking Hunters and Italian Women<\/em><\/p><\/a><\/div><a class=\"wpgb-card-layer-link\" href=\"https:\/\/nivaagaard.dk\/en\/the-collection\/marstrand-wilhelm-35\/\"><\/a><\/div><\/div><\/div><\/div><\/article><article class=\"wpgb-card wpgb-card-13 wpgb-post-38015\" data-col=\"1\" data-row=\"1\" data-format=\"standard\" data-fluid><div class=\"wpgb-card-wrapper\"><div class=\"wpgb-card-inner\"><div class=\"wpgb-card-media wpgb-scheme-light\"><svg data-ratio style=\"padding-top:79.64%\" viewBox=\"0 0 560 446\"><\/svg><div class=\"wpgb-card-media-thumbnail\"><a href=\"https:\/\/nivaagaard.dk\/wp-content\/smush-webp\/2023\/07\/Wilhelm-Marstrand-Den-hellige-familie-paa-flugten.-Skitse-u.aa_.-0227NMK.jpg.webp\" tabindex=\"-1\" class=\"wpgb-handle-lb wpgb-lightbox\" data-type=\"image\" data-rel=\"4\" data-title=\"Wilhelm Marstrand, Den hellige familie p\u00e5 flugten. Skitse, u.\u00e5. 0227NMK\" title=\"Enlarge photo\" data-smush-webp-fallback=\"{&quot;href&quot;:&quot;https:\\\/\\\/nivaagaard.dk\\\/wp-content\\\/uploads\\\/2023\\\/07\\\/Wilhelm-Marstrand-Den-hellige-familie-paa-flugten.-Skitse-u.aa_.-0227NMK.jpg&quot;}\"><div style=\"background-image:inherit\" data-bg-image=\"url(https:\/\/nivaagaard.dk\/wp-content\/smush-webp\/2023\/07\/Wilhelm-Marstrand-Den-hellige-familie-paa-flugten.-Skitse-u.aa_.-0227NMK.jpg.webp)\" class=\"lazyload\" data-smush-webp-fallback=\"{&quot;data-bg-image&quot;:&quot;url(https:\\\/\\\/nivaagaard.dk\\\/wp-content\\\/uploads\\\/2023\\\/07\\\/Wilhelm-Marstrand-Den-hellige-familie-paa-flugten.-Skitse-u.aa_.-0227NMK.jpg)&quot;}\"><\/div><noscript><img loading=\"lazy\" decoding=\"async\" class=\"wpgb-noscript-img\" src=\"https:\/\/nivaagaard.dk\/wp-content\/uploads\/2023\/07\/Wilhelm-Marstrand-Den-hellige-familie-paa-flugten.-Skitse-u.aa_.-0227NMK.jpg\" alt=\"\" height=\"446\" width=\"560\"><\/noscript><\/a><\/div><div class=\"wpgb-card-media-content\" data-action><div class=\"wpgb-card-media-content-center\"><a class=\"wpgb-block-1 wpgb-idle-scheme-1\" href=\"https:\/\/nivaagaard.dk\/en\/the-collection\/marstrand-wilhelm-36\/\"><p>WILHELM MARSTRAND<\/p>\n<hr \/>\n<p><em>The Holy Family on the run.<\/em> Sketch, n.d. (before 1841)<\/p><\/a><\/div><a class=\"wpgb-card-layer-link\" href=\"https:\/\/nivaagaard.dk\/en\/the-collection\/marstrand-wilhelm-36\/\"><\/a><\/div><\/div><\/div><\/div><\/article><article class=\"wpgb-card wpgb-card-13 wpgb-post-38016\" data-col=\"1\" data-row=\"1\" data-format=\"standard\" data-fluid><div class=\"wpgb-card-wrapper\"><div class=\"wpgb-card-inner\"><div class=\"wpgb-card-media wpgb-scheme-light\"><svg data-ratio style=\"padding-top:120.89%\" viewBox=\"0 0 560 677\"><\/svg><div class=\"wpgb-card-media-thumbnail\"><a href=\"https:\/\/nivaagaard.dk\/wp-content\/smush-webp\/2023\/07\/Wilhelm-Marstrand-Portraet-af-fru-Ville-Heise-1838-1912-u.aa_.-0228NMK.jpg.webp\" tabindex=\"-1\" class=\"wpgb-handle-lb wpgb-lightbox\" data-type=\"image\" data-rel=\"4\" data-title=\"Wilhelm Marstrand, Portr\u00e6t af fru Ville Heise (1838-1912), u.\u00e5. 0228NMK\" title=\"Enlarge photo\" data-smush-webp-fallback=\"{&quot;href&quot;:&quot;https:\\\/\\\/nivaagaard.dk\\\/wp-content\\\/uploads\\\/2023\\\/07\\\/Wilhelm-Marstrand-Portraet-af-fru-Ville-Heise-1838-1912-u.aa_.-0228NMK.jpg&quot;}\"><div style=\"background-image:inherit\" data-bg-image=\"url(https:\/\/nivaagaard.dk\/wp-content\/smush-webp\/2023\/07\/Wilhelm-Marstrand-Portraet-af-fru-Ville-Heise-1838-1912-u.aa_.-0228NMK.jpg.webp)\" class=\"lazyload\" data-smush-webp-fallback=\"{&quot;data-bg-image&quot;:&quot;url(https:\\\/\\\/nivaagaard.dk\\\/wp-content\\\/uploads\\\/2023\\\/07\\\/Wilhelm-Marstrand-Portraet-af-fru-Ville-Heise-1838-1912-u.aa_.-0228NMK.jpg)&quot;}\"><\/div><noscript><img loading=\"lazy\" decoding=\"async\" class=\"wpgb-noscript-img\" src=\"https:\/\/nivaagaard.dk\/wp-content\/uploads\/2023\/07\/Wilhelm-Marstrand-Portraet-af-fru-Ville-Heise-1838-1912-u.aa_.-0228NMK.jpg\" alt=\"\" height=\"677\" width=\"560\"><\/noscript><\/a><\/div><div class=\"wpgb-card-media-content\" data-action><div class=\"wpgb-card-media-content-center\"><a class=\"wpgb-block-1 wpgb-idle-scheme-1\" href=\"https:\/\/nivaagaard.dk\/en\/the-collection\/marstrand-wilhelm-37\/\"><p>WILHELM MARSTRAND<\/p>\n<hr \/>\n<p><em>Portrait of Mrs. Ville Heise (1838-1912)<\/em>, n.d.<\/p><\/a><\/div><a class=\"wpgb-card-layer-link\" href=\"https:\/\/nivaagaard.dk\/en\/the-collection\/marstrand-wilhelm-37\/\"><\/a><\/div><\/div><\/div><\/div><\/article><article class=\"wpgb-card wpgb-card-13 wpgb-post-38017\" data-col=\"1\" data-row=\"1\" data-format=\"standard\" data-fluid><div class=\"wpgb-card-wrapper\"><div class=\"wpgb-card-inner\"><div class=\"wpgb-card-media wpgb-scheme-light\"><svg data-ratio style=\"padding-top:120%\" viewBox=\"0 0 560 672\"><\/svg><div class=\"wpgb-card-media-thumbnail\"><a href=\"https:\/\/nivaagaard.dk\/wp-content\/smush-webp\/2023\/07\/Wilhelm-Marstrand-Portraet-af-Christopher-Friedenreich-Hage.-Forstudie-til-Dobbeltportraet-af-koebmand-Christopher-Friedenreich-Hage-.-1849.-0231NMK.jpg.webp\" tabindex=\"-1\" class=\"wpgb-handle-lb wpgb-lightbox\" data-type=\"image\" data-rel=\"4\" data-title=\"Wilhelm Marstrand, Portr\u00e6t af Christopher Friedenreich Hage. Forstudie til Dobbeltportr\u00e6t af k\u00f8bmand Christopher Friedenreich Hage (&#8230;.), 1849. 0231NMK\" title=\"Enlarge photo\" data-smush-webp-fallback=\"{&quot;href&quot;:&quot;https:\\\/\\\/nivaagaard.dk\\\/wp-content\\\/uploads\\\/2023\\\/07\\\/Wilhelm-Marstrand-Portraet-af-Christopher-Friedenreich-Hage.-Forstudie-til-Dobbeltportraet-af-koebmand-Christopher-Friedenreich-Hage-.-1849.-0231NMK.jpg&quot;}\"><div style=\"background-image:inherit\" data-bg-image=\"url(https:\/\/nivaagaard.dk\/wp-content\/smush-webp\/2023\/07\/Wilhelm-Marstrand-Portraet-af-Christopher-Friedenreich-Hage.-Forstudie-til-Dobbeltportraet-af-koebmand-Christopher-Friedenreich-Hage-.-1849.-0231NMK.jpg.webp)\" class=\"lazyload\" data-smush-webp-fallback=\"{&quot;data-bg-image&quot;:&quot;url(https:\\\/\\\/nivaagaard.dk\\\/wp-content\\\/uploads\\\/2023\\\/07\\\/Wilhelm-Marstrand-Portraet-af-Christopher-Friedenreich-Hage.-Forstudie-til-Dobbeltportraet-af-koebmand-Christopher-Friedenreich-Hage-.-1849.-0231NMK.jpg)&quot;}\"><\/div><noscript><img loading=\"lazy\" decoding=\"async\" class=\"wpgb-noscript-img\" src=\"https:\/\/nivaagaard.dk\/wp-content\/uploads\/2023\/07\/Wilhelm-Marstrand-Portraet-af-Christopher-Friedenreich-Hage.-Forstudie-til-Dobbeltportraet-af-koebmand-Christopher-Friedenreich-Hage-.-1849.-0231NMK.jpg\" alt=\"\" height=\"672\" width=\"560\"><\/noscript><\/a><\/div><div class=\"wpgb-card-media-content\" data-action><div class=\"wpgb-card-media-content-center\"><a class=\"wpgb-block-1 wpgb-idle-scheme-1\" href=\"https:\/\/nivaagaard.dk\/en\/the-collection\/marstrand-wilhelm-38\/\"><p>WILHELM MARSTRAND<\/p>\n<hr \/>\n<p><em>Portrait of Christopher Friedenreich Hage. <\/em>Pre-study for <em>Double portrait of the merchant Christopher Friedenreich Hage (1759-1849) and his wife Arnette, born Just (1778-1866) \u201cMay I borrow the two brown horses?\u201d<\/em>, 1849<\/p><\/a><\/div><a class=\"wpgb-card-layer-link\" href=\"https:\/\/nivaagaard.dk\/en\/the-collection\/marstrand-wilhelm-38\/\"><\/a><\/div><\/div><\/div><\/div><\/article><article class=\"wpgb-card wpgb-card-13 wpgb-post-115495\" data-col=\"1\" data-row=\"1\" data-format=\"standard\" data-fluid><div class=\"wpgb-card-wrapper\"><div class=\"wpgb-card-inner\"><div class=\"wpgb-card-media wpgb-scheme-light\"><svg data-ratio style=\"padding-top:124.48%\" viewBox=\"0 0 768 956\"><\/svg><div class=\"wpgb-card-media-thumbnail\"><a href=\"https:\/\/nivaagaard.dk\/wp-content\/smush-webp\/2024\/06\/0255NMK-Marstrands-mor-scaled.jpg.webp\" tabindex=\"-1\" class=\"wpgb-handle-lb wpgb-lightbox\" data-type=\"image\" data-rel=\"4\" data-title=\"0255NMK Marstrands mor\" title=\"Enlarge photo\" data-smush-webp-fallback=\"{&quot;href&quot;:&quot;https:\\\/\\\/nivaagaard.dk\\\/wp-content\\\/uploads\\\/2024\\\/06\\\/0255NMK-Marstrands-mor-scaled.jpg&quot;}\"><div style=\"background-image:inherit\" data-bg-image=\"url(https:\/\/nivaagaard.dk\/wp-content\/smush-webp\/2024\/06\/0255NMK-Marstrands-mor-768x956.jpg.webp)\" class=\"lazyload\" data-smush-webp-fallback=\"{&quot;data-bg-image&quot;:&quot;url(https:\\\/\\\/nivaagaard.dk\\\/wp-content\\\/uploads\\\/2024\\\/06\\\/0255NMK-Marstrands-mor-768x956.jpg)&quot;}\"><\/div><noscript><img loading=\"lazy\" decoding=\"async\" class=\"wpgb-noscript-img\" src=\"https:\/\/nivaagaard.dk\/wp-content\/uploads\/2024\/06\/0255NMK-Marstrands-mor-768x956.jpg\" alt=\"\" height=\"956\" width=\"768\"><\/noscript><\/a><\/div><div class=\"wpgb-card-media-content\" data-action><div class=\"wpgb-card-media-content-center\"><a class=\"wpgb-block-1 wpgb-idle-scheme-1\" href=\"https:\/\/nivaagaard.dk\/en\/the-collection\/marstrand-wilhelm-portraet-af-kunstnerens-moder\/\"><h6><strong>Wilhelm Marstrand\u00a0<\/strong><br \/>\n<em>Portr\u00e6t af Petra Ottilia Marstrand, kunstnerens moder,<\/em> 1835<\/h6><\/a><\/div><a class=\"wpgb-card-layer-link\" href=\"https:\/\/nivaagaard.dk\/en\/the-collection\/marstrand-wilhelm-portraet-af-kunstnerens-moder\/\"><\/a><\/div><\/div><\/div><\/div><\/article><article class=\"wpgb-card wpgb-card-13 wpgb-post-136021\" data-col=\"1\" data-row=\"1\" data-format=\"standard\" data-fluid><div class=\"wpgb-card-wrapper\"><div class=\"wpgb-card-inner\"><div class=\"wpgb-card-media wpgb-scheme-light\"><svg data-ratio style=\"padding-top:62.24%\" viewBox=\"0 0 768 478\"><\/svg><div class=\"wpgb-card-media-thumbnail\"><a href=\"https:\/\/nivaagaard.dk\/wp-content\/smush-webp\/2025\/12\/Roerbye-Martinus-Forarbejde-til-Stranden-ved-Skagen-Vesterby-foer-1847.jpg.webp\" tabindex=\"-1\" class=\"wpgb-handle-lb wpgb-lightbox\" data-type=\"image\" data-rel=\"4\" data-title=\"Martinus R\u00f8rbye, Forarbejde til Stranden ved Skagen Vesterby, f\u00f8r 1847\" data-desc=\"Martinus R\u00f8rbye, Forarbejde til Stranden ved Skagen Vesterby, f\u00f8r 1847\" title=\"Enlarge photo\" data-smush-webp-fallback=\"{&quot;href&quot;:&quot;https:\\\/\\\/nivaagaard.dk\\\/wp-content\\\/uploads\\\/2025\\\/12\\\/Roerbye-Martinus-Forarbejde-til-Stranden-ved-Skagen-Vesterby-foer-1847.jpg&quot;}\"><div style=\"background-image:inherit\" data-bg-image=\"url(https:\/\/nivaagaard.dk\/wp-content\/smush-webp\/2025\/12\/Roerbye-Martinus-Forarbejde-til-Stranden-ved-Skagen-Vesterby-foer-1847-768x478.jpg.webp)\" class=\"lazyload\" data-smush-webp-fallback=\"{&quot;data-bg-image&quot;:&quot;url(https:\\\/\\\/nivaagaard.dk\\\/wp-content\\\/uploads\\\/2025\\\/12\\\/Roerbye-Martinus-Forarbejde-til-Stranden-ved-Skagen-Vesterby-foer-1847-768x478.jpg)&quot;}\"><\/div><noscript><img loading=\"lazy\" decoding=\"async\" class=\"wpgb-noscript-img\" src=\"https:\/\/nivaagaard.dk\/wp-content\/uploads\/2025\/12\/Roerbye-Martinus-Forarbejde-til-Stranden-ved-Skagen-Vesterby-foer-1847-768x478.jpg\" alt=\"\" height=\"478\" width=\"768\"><\/noscript><\/a><\/div><div class=\"wpgb-card-media-content\" data-action><div class=\"wpgb-card-media-content-center\"><a class=\"wpgb-block-1 wpgb-idle-scheme-1\" href=\"https:\/\/nivaagaard.dk\/en\/the-collection\/martinus-roerbye\/\"><p>MARTINUS R\u00d8RBYE<\/p>\n<hr \/>\n<p><em>Studio for Beach at Skagen Vesterby<\/em>, c. 1847<\/p><\/a><\/div><a class=\"wpgb-card-layer-link\" href=\"https:\/\/nivaagaard.dk\/en\/the-collection\/martinus-roerbye\/\"><\/a><\/div><\/div><\/div><\/div><\/article><article class=\"wpgb-card wpgb-card-13 wpgb-post-37894\" data-col=\"1\" data-row=\"1\" data-format=\"standard\" data-fluid><div class=\"wpgb-card-wrapper\"><div class=\"wpgb-card-inner\"><div class=\"wpgb-card-media wpgb-scheme-light\"><svg data-ratio style=\"padding-top:77.68%\" viewBox=\"0 0 560 435\"><\/svg><div class=\"wpgb-card-media-thumbnail\"><a href=\"https:\/\/nivaagaard.dk\/wp-content\/smush-webp\/2023\/07\/Anton-Melbye-Stille-aften-paa-Koebenhavns-Red-1847.jpg.webp\" tabindex=\"-1\" class=\"wpgb-handle-lb wpgb-lightbox\" data-type=\"image\" data-rel=\"4\" data-title=\"Anton Melbye, Stille aften p\u00e5 K\u00f8benhavns Red, 1847\" title=\"Enlarge photo\" data-smush-webp-fallback=\"{&quot;href&quot;:&quot;https:\\\/\\\/nivaagaard.dk\\\/wp-content\\\/uploads\\\/2023\\\/07\\\/Anton-Melbye-Stille-aften-paa-Koebenhavns-Red-1847.jpg&quot;}\"><div style=\"background-image:inherit\" data-bg-image=\"url(https:\/\/nivaagaard.dk\/wp-content\/smush-webp\/2023\/07\/Anton-Melbye-Stille-aften-paa-Koebenhavns-Red-1847.jpg.webp)\" class=\"lazyload\" data-smush-webp-fallback=\"{&quot;data-bg-image&quot;:&quot;url(https:\\\/\\\/nivaagaard.dk\\\/wp-content\\\/uploads\\\/2023\\\/07\\\/Anton-Melbye-Stille-aften-paa-Koebenhavns-Red-1847.jpg)&quot;}\"><\/div><noscript><img loading=\"lazy\" decoding=\"async\" class=\"wpgb-noscript-img\" src=\"https:\/\/nivaagaard.dk\/wp-content\/uploads\/2023\/07\/Anton-Melbye-Stille-aften-paa-Koebenhavns-Red-1847.jpg\" alt=\"\" height=\"435\" width=\"560\"><\/noscript><\/a><\/div><div class=\"wpgb-card-media-content\" data-action><div class=\"wpgb-card-media-content-center\"><a class=\"wpgb-block-1 wpgb-idle-scheme-1\" href=\"https:\/\/nivaagaard.dk\/en\/the-collection\/melbye-anton\/\"><p>ANTON MELBYE<\/p>\n<hr \/>\n<p><em>Quiet night<\/em>, 1847<\/p><\/a><\/div><a class=\"wpgb-card-layer-link\" href=\"https:\/\/nivaagaard.dk\/en\/the-collection\/melbye-anton\/\"><\/a><\/div><\/div><\/div><\/div><\/article><article class=\"wpgb-card wpgb-card-13 wpgb-post-37895\" data-col=\"1\" data-row=\"1\" data-format=\"standard\" data-fluid><div class=\"wpgb-card-wrapper\"><div class=\"wpgb-card-inner\"><div class=\"wpgb-card-media wpgb-scheme-light\"><svg data-ratio style=\"padding-top:68.75%\" viewBox=\"0 0 560 385\"><\/svg><div class=\"wpgb-card-media-thumbnail\"><a href=\"https:\/\/nivaagaard.dk\/wp-content\/smush-webp\/2023\/07\/Anton-Melbye-Et-skib-i-hoej-soe-ved-solnedgang-1847.jpg.webp\" tabindex=\"-1\" class=\"wpgb-handle-lb wpgb-lightbox\" data-type=\"image\" data-rel=\"4\" data-title=\"Anton Melbye, Et skib i h\u00f8j s\u00f8 ved solnedgang, 1847\" title=\"Enlarge photo\" data-smush-webp-fallback=\"{&quot;href&quot;:&quot;https:\\\/\\\/nivaagaard.dk\\\/wp-content\\\/uploads\\\/2023\\\/07\\\/Anton-Melbye-Et-skib-i-hoej-soe-ved-solnedgang-1847.jpg&quot;}\"><div style=\"background-image:inherit\" data-bg-image=\"url(https:\/\/nivaagaard.dk\/wp-content\/smush-webp\/2023\/07\/Anton-Melbye-Et-skib-i-hoej-soe-ved-solnedgang-1847.jpg.webp)\" class=\"lazyload\" data-smush-webp-fallback=\"{&quot;data-bg-image&quot;:&quot;url(https:\\\/\\\/nivaagaard.dk\\\/wp-content\\\/uploads\\\/2023\\\/07\\\/Anton-Melbye-Et-skib-i-hoej-soe-ved-solnedgang-1847.jpg)&quot;}\"><\/div><noscript><img loading=\"lazy\" decoding=\"async\" class=\"wpgb-noscript-img\" src=\"https:\/\/nivaagaard.dk\/wp-content\/uploads\/2023\/07\/Anton-Melbye-Et-skib-i-hoej-soe-ved-solnedgang-1847.jpg\" alt=\"\" height=\"385\" width=\"560\"><\/noscript><\/a><\/div><div class=\"wpgb-card-media-content\" data-action><div class=\"wpgb-card-media-content-center\"><a class=\"wpgb-block-1 wpgb-idle-scheme-1\" href=\"https:\/\/nivaagaard.dk\/en\/the-collection\/melbye-anton-2\/\"><p>ANTON MELBYE<\/p>\n<hr \/>\n<p><em>A ship in high seas at sunset<\/em>, 1847<\/p><\/a><\/div><a class=\"wpgb-card-layer-link\" href=\"https:\/\/nivaagaard.dk\/en\/the-collection\/melbye-anton-2\/\"><\/a><\/div><\/div><\/div><\/div><\/article><article class=\"wpgb-card wpgb-card-13 wpgb-post-37890\" data-col=\"1\" data-row=\"1\" data-format=\"standard\" data-fluid><div class=\"wpgb-card-wrapper\"><div class=\"wpgb-card-inner\"><div class=\"wpgb-card-media wpgb-scheme-light\"><svg data-ratio style=\"padding-top:65.54%\" viewBox=\"0 0 560 367\"><\/svg><div class=\"wpgb-card-media-thumbnail\"><a href=\"https:\/\/nivaagaard.dk\/wp-content\/smush-webp\/2023\/07\/Ernst-Meyer-To-venner-u.aa_.jpg.webp\" tabindex=\"-1\" class=\"wpgb-handle-lb wpgb-lightbox\" data-type=\"image\" data-rel=\"4\" data-title=\"Ernst Meyer, To venner, u.\u00e5.\" title=\"Enlarge photo\" data-smush-webp-fallback=\"{&quot;href&quot;:&quot;https:\\\/\\\/nivaagaard.dk\\\/wp-content\\\/uploads\\\/2023\\\/07\\\/Ernst-Meyer-To-venner-u.aa_.jpg&quot;}\"><div style=\"background-image:inherit\" data-bg-image=\"url(https:\/\/nivaagaard.dk\/wp-content\/smush-webp\/2023\/07\/Ernst-Meyer-To-venner-u.aa_.jpg.webp)\" class=\"lazyload\" data-smush-webp-fallback=\"{&quot;data-bg-image&quot;:&quot;url(https:\\\/\\\/nivaagaard.dk\\\/wp-content\\\/uploads\\\/2023\\\/07\\\/Ernst-Meyer-To-venner-u.aa_.jpg)&quot;}\"><\/div><noscript><img loading=\"lazy\" decoding=\"async\" class=\"wpgb-noscript-img\" src=\"https:\/\/nivaagaard.dk\/wp-content\/uploads\/2023\/07\/Ernst-Meyer-To-venner-u.aa_.jpg\" alt=\"\" height=\"367\" width=\"560\"><\/noscript><\/a><\/div><div class=\"wpgb-card-media-content\" data-action><div class=\"wpgb-card-media-content-center\"><a class=\"wpgb-block-1 wpgb-idle-scheme-1\" href=\"https:\/\/nivaagaard.dk\/en\/the-collection\/meyer-ernst\/\"><p>ERNST MEYER<\/p>\n<hr \/>\n<p><em>Two friends<\/em>, n.d.<\/p><\/a><\/div><a class=\"wpgb-card-layer-link\" href=\"https:\/\/nivaagaard.dk\/en\/the-collection\/meyer-ernst\/\"><\/a><\/div><\/div><\/div><\/div><\/article><article class=\"wpgb-card wpgb-card-13 wpgb-post-37891\" data-col=\"1\" data-row=\"1\" data-format=\"standard\" data-fluid><div class=\"wpgb-card-wrapper\"><div class=\"wpgb-card-inner\"><div class=\"wpgb-card-media wpgb-scheme-light\"><svg data-ratio style=\"padding-top:124.11%\" viewBox=\"0 0 560 695\"><\/svg><div class=\"wpgb-card-media-thumbnail\"><a href=\"https:\/\/nivaagaard.dk\/wp-content\/smush-webp\/2023\/07\/Ernst-Meyer-To-italienske-drenge-u.aa_.jpg.webp\" tabindex=\"-1\" class=\"wpgb-handle-lb wpgb-lightbox\" data-type=\"image\" data-rel=\"4\" data-title=\"Ernst Meyer, To italienske drenge, u.\u00e5.\" title=\"Enlarge photo\" data-smush-webp-fallback=\"{&quot;href&quot;:&quot;https:\\\/\\\/nivaagaard.dk\\\/wp-content\\\/uploads\\\/2023\\\/07\\\/Ernst-Meyer-To-italienske-drenge-u.aa_.jpg&quot;}\"><div style=\"background-image:inherit\" data-bg-image=\"url(https:\/\/nivaagaard.dk\/wp-content\/smush-webp\/2023\/07\/Ernst-Meyer-To-italienske-drenge-u.aa_.jpg.webp)\" class=\"lazyload\" data-smush-webp-fallback=\"{&quot;data-bg-image&quot;:&quot;url(https:\\\/\\\/nivaagaard.dk\\\/wp-content\\\/uploads\\\/2023\\\/07\\\/Ernst-Meyer-To-italienske-drenge-u.aa_.jpg)&quot;}\"><\/div><noscript><img loading=\"lazy\" decoding=\"async\" class=\"wpgb-noscript-img\" src=\"https:\/\/nivaagaard.dk\/wp-content\/uploads\/2023\/07\/Ernst-Meyer-To-italienske-drenge-u.aa_.jpg\" alt=\"\" height=\"695\" width=\"560\"><\/noscript><\/a><\/div><div class=\"wpgb-card-media-content\" data-action><div class=\"wpgb-card-media-content-center\"><a class=\"wpgb-block-1 wpgb-idle-scheme-1\" href=\"https:\/\/nivaagaard.dk\/en\/the-collection\/meyer-ernst-2\/\"><p>ERNST MEYER<\/p>\n<hr \/>\n<p><em>Two Italian boys<\/em>, n.d.<\/p><\/a><\/div><a class=\"wpgb-card-layer-link\" href=\"https:\/\/nivaagaard.dk\/en\/the-collection\/meyer-ernst-2\/\"><\/a><\/div><\/div><\/div><\/div><\/article><article class=\"wpgb-card wpgb-card-13 wpgb-post-37892\" data-col=\"1\" data-row=\"1\" data-format=\"standard\" data-fluid><div class=\"wpgb-card-wrapper\"><div class=\"wpgb-card-inner\"><div class=\"wpgb-card-media wpgb-scheme-light\"><svg data-ratio style=\"padding-top:80.36%\" viewBox=\"0 0 560 450\"><\/svg><div class=\"wpgb-card-media-thumbnail\"><a href=\"https:\/\/nivaagaard.dk\/wp-content\/smush-webp\/2023\/07\/Ernst-Meyer-De-foerste-skridt-u.aa_.jpg.webp\" tabindex=\"-1\" class=\"wpgb-handle-lb wpgb-lightbox\" data-type=\"image\" data-rel=\"4\" data-title=\"Ernst Meyer, De f\u00f8rste skridt, u.\u00e5.\" title=\"Enlarge photo\" data-smush-webp-fallback=\"{&quot;href&quot;:&quot;https:\\\/\\\/nivaagaard.dk\\\/wp-content\\\/uploads\\\/2023\\\/07\\\/Ernst-Meyer-De-foerste-skridt-u.aa_.jpg&quot;}\"><div style=\"background-image:inherit\" data-bg-image=\"url(https:\/\/nivaagaard.dk\/wp-content\/smush-webp\/2023\/07\/Ernst-Meyer-De-foerste-skridt-u.aa_.jpg.webp)\" class=\"lazyload\" data-smush-webp-fallback=\"{&quot;data-bg-image&quot;:&quot;url(https:\\\/\\\/nivaagaard.dk\\\/wp-content\\\/uploads\\\/2023\\\/07\\\/Ernst-Meyer-De-foerste-skridt-u.aa_.jpg)&quot;}\"><\/div><noscript><img loading=\"lazy\" decoding=\"async\" class=\"wpgb-noscript-img\" src=\"https:\/\/nivaagaard.dk\/wp-content\/uploads\/2023\/07\/Ernst-Meyer-De-foerste-skridt-u.aa_.jpg\" alt=\"\" height=\"450\" width=\"560\"><\/noscript><\/a><\/div><div class=\"wpgb-card-media-content\" data-action><div class=\"wpgb-card-media-content-center\"><a class=\"wpgb-block-1 wpgb-idle-scheme-1\" href=\"https:\/\/nivaagaard.dk\/en\/the-collection\/meyer-ernst-3\/\"><p>ERNST MEYER<\/p>\n<hr \/>\n<p><em>The first steps<\/em>, n.d.<\/p><\/a><\/div><a class=\"wpgb-card-layer-link\" href=\"https:\/\/nivaagaard.dk\/en\/the-collection\/meyer-ernst-3\/\"><\/a><\/div><\/div><\/div><\/div><\/article><article class=\"wpgb-card wpgb-card-13 wpgb-post-37885\" data-col=\"1\" data-row=\"1\" data-format=\"standard\" data-fluid><div class=\"wpgb-card-wrapper\"><div class=\"wpgb-card-inner\"><div class=\"wpgb-card-media wpgb-scheme-light\"><svg data-ratio style=\"padding-top:62.14%\" viewBox=\"0 0 560 348\"><\/svg><div class=\"wpgb-card-media-thumbnail\"><a href=\"https:\/\/nivaagaard.dk\/wp-content\/smush-webp\/2023\/07\/Carl-Neumann-St.-Giorgio-Maggiore-i-Venezia-u.aa_.jpg.webp\" tabindex=\"-1\" class=\"wpgb-handle-lb wpgb-lightbox\" data-type=\"image\" data-rel=\"4\" data-title=\"Carl Neumann, St. Giorgio Maggiore i Venezia, u.\u00e5.\" title=\"Enlarge photo\" data-smush-webp-fallback=\"{&quot;href&quot;:&quot;https:\\\/\\\/nivaagaard.dk\\\/wp-content\\\/uploads\\\/2023\\\/07\\\/Carl-Neumann-St.-Giorgio-Maggiore-i-Venezia-u.aa_.jpg&quot;}\"><div style=\"background-image:inherit\" data-bg-image=\"url(https:\/\/nivaagaard.dk\/wp-content\/smush-webp\/2023\/07\/Carl-Neumann-St.-Giorgio-Maggiore-i-Venezia-u.aa_.jpg.webp)\" class=\"lazyload\" data-smush-webp-fallback=\"{&quot;data-bg-image&quot;:&quot;url(https:\\\/\\\/nivaagaard.dk\\\/wp-content\\\/uploads\\\/2023\\\/07\\\/Carl-Neumann-St.-Giorgio-Maggiore-i-Venezia-u.aa_.jpg)&quot;}\"><\/div><noscript><img loading=\"lazy\" decoding=\"async\" class=\"wpgb-noscript-img\" src=\"https:\/\/nivaagaard.dk\/wp-content\/uploads\/2023\/07\/Carl-Neumann-St.-Giorgio-Maggiore-i-Venezia-u.aa_.jpg\" alt=\"\" height=\"348\" width=\"560\"><\/noscript><\/a><\/div><div class=\"wpgb-card-media-content\" data-action><div class=\"wpgb-card-media-content-center\"><a class=\"wpgb-block-1 wpgb-idle-scheme-1\" href=\"https:\/\/nivaagaard.dk\/en\/the-collection\/neumann-carl\/\"><p>CARL NEUMANN<\/p>\n<hr \/>\n<p><em>St. Giorgio Maggiore in Venice<\/em>, n.d.<\/p><\/a><\/div><a class=\"wpgb-card-layer-link\" href=\"https:\/\/nivaagaard.dk\/en\/the-collection\/neumann-carl\/\"><\/a><\/div><\/div><\/div><\/div><\/article><article class=\"wpgb-card wpgb-card-13 wpgb-post-37883\" data-col=\"1\" data-row=\"1\" data-format=\"standard\" data-fluid><div class=\"wpgb-card-wrapper\"><div class=\"wpgb-card-inner\"><div class=\"wpgb-card-media wpgb-scheme-light\"><svg data-ratio style=\"padding-top:80.89%\" viewBox=\"0 0 560 453\"><\/svg><div class=\"wpgb-card-media-thumbnail\"><a href=\"https:\/\/nivaagaard.dk\/wp-content\/smush-webp\/2023\/07\/Thorvald-Niss-Vinterbillede-fra-skovene-ved-Hilleroed-u.aa_.jpg.webp\" tabindex=\"-1\" class=\"wpgb-handle-lb wpgb-lightbox\" data-type=\"image\" data-rel=\"4\" data-title=\"Thorvald Niss, Vinterbillede fra skovene ved Hiller\u00f8d, u.\u00e5.\" title=\"Enlarge photo\" data-smush-webp-fallback=\"{&quot;href&quot;:&quot;https:\\\/\\\/nivaagaard.dk\\\/wp-content\\\/uploads\\\/2023\\\/07\\\/Thorvald-Niss-Vinterbillede-fra-skovene-ved-Hilleroed-u.aa_.jpg&quot;}\"><div style=\"background-image:inherit\" data-bg-image=\"url(https:\/\/nivaagaard.dk\/wp-content\/smush-webp\/2023\/07\/Thorvald-Niss-Vinterbillede-fra-skovene-ved-Hilleroed-u.aa_.jpg.webp)\" class=\"lazyload\" data-smush-webp-fallback=\"{&quot;data-bg-image&quot;:&quot;url(https:\\\/\\\/nivaagaard.dk\\\/wp-content\\\/uploads\\\/2023\\\/07\\\/Thorvald-Niss-Vinterbillede-fra-skovene-ved-Hilleroed-u.aa_.jpg)&quot;}\"><\/div><noscript><img loading=\"lazy\" decoding=\"async\" class=\"wpgb-noscript-img\" src=\"https:\/\/nivaagaard.dk\/wp-content\/uploads\/2023\/07\/Thorvald-Niss-Vinterbillede-fra-skovene-ved-Hilleroed-u.aa_.jpg\" alt=\"\" height=\"453\" width=\"560\"><\/noscript><\/a><\/div><div class=\"wpgb-card-media-content\" data-action><div class=\"wpgb-card-media-content-center\"><a class=\"wpgb-block-1 wpgb-idle-scheme-1\" href=\"https:\/\/nivaagaard.dk\/en\/the-collection\/niss-thorvald\/\"><p>THORVALD NISS<\/p>\n<hr \/>\n<p><em>Winter landscape of forests near Hiller\u00f8d<\/em>, n.d.<\/p><\/a><\/div><a class=\"wpgb-card-layer-link\" href=\"https:\/\/nivaagaard.dk\/en\/the-collection\/niss-thorvald\/\"><\/a><\/div><\/div><\/div><\/div><\/article><article class=\"wpgb-card wpgb-card-13 wpgb-post-37884\" data-col=\"1\" data-row=\"1\" data-format=\"standard\" data-fluid><div class=\"wpgb-card-wrapper\"><div class=\"wpgb-card-inner\"><div class=\"wpgb-card-media wpgb-scheme-light\"><svg data-ratio style=\"padding-top:63.21%\" viewBox=\"0 0 560 354\"><\/svg><div class=\"wpgb-card-media-thumbnail\"><a href=\"https:\/\/nivaagaard.dk\/wp-content\/smush-webp\/2023\/07\/Thorvald-Niss-En-markvej-i-Vendsyssel-1876.jpg.webp\" tabindex=\"-1\" class=\"wpgb-handle-lb wpgb-lightbox\" data-type=\"image\" data-rel=\"4\" data-title=\"Thorvald Niss, En markvej i Vendsyssel, 1876\" title=\"Enlarge photo\" data-smush-webp-fallback=\"{&quot;href&quot;:&quot;https:\\\/\\\/nivaagaard.dk\\\/wp-content\\\/uploads\\\/2023\\\/07\\\/Thorvald-Niss-En-markvej-i-Vendsyssel-1876.jpg&quot;}\"><div style=\"background-image:inherit\" data-bg-image=\"url(https:\/\/nivaagaard.dk\/wp-content\/smush-webp\/2023\/07\/Thorvald-Niss-En-markvej-i-Vendsyssel-1876.jpg.webp)\" class=\"lazyload\" data-smush-webp-fallback=\"{&quot;data-bg-image&quot;:&quot;url(https:\\\/\\\/nivaagaard.dk\\\/wp-content\\\/uploads\\\/2023\\\/07\\\/Thorvald-Niss-En-markvej-i-Vendsyssel-1876.jpg)&quot;}\"><\/div><noscript><img loading=\"lazy\" decoding=\"async\" class=\"wpgb-noscript-img\" src=\"https:\/\/nivaagaard.dk\/wp-content\/uploads\/2023\/07\/Thorvald-Niss-En-markvej-i-Vendsyssel-1876.jpg\" alt=\"\" height=\"354\" width=\"560\"><\/noscript><\/a><\/div><div class=\"wpgb-card-media-content\" data-action><div class=\"wpgb-card-media-content-center\"><a class=\"wpgb-block-1 wpgb-idle-scheme-1\" href=\"https:\/\/nivaagaard.dk\/en\/the-collection\/niss-thorvald-2\/\"><p>THORVALD NISS<\/p>\n<hr \/>\n<p><em>A country lane in Northern Jutland<\/em>, 1876<\/p><\/a><\/div><a class=\"wpgb-card-layer-link\" href=\"https:\/\/nivaagaard.dk\/en\/the-collection\/niss-thorvald-2\/\"><\/a><\/div><\/div><\/div><\/div><\/article><article class=\"wpgb-card wpgb-card-13 wpgb-post-37880\" data-col=\"1\" data-row=\"1\" data-format=\"standard\" data-fluid><div class=\"wpgb-card-wrapper\"><div class=\"wpgb-card-inner\"><div class=\"wpgb-card-media wpgb-scheme-light\"><svg data-ratio style=\"padding-top:119.82%\" viewBox=\"0 0 560 671\"><\/svg><div class=\"wpgb-card-media-thumbnail\"><a href=\"https:\/\/nivaagaard.dk\/wp-content\/smush-webp\/2023\/07\/Viggo-Pedersen-Vaskested-ved-en-aa-i-Bretagne-1882.jpg.webp\" tabindex=\"-1\" class=\"wpgb-handle-lb wpgb-lightbox\" data-type=\"image\" data-rel=\"4\" data-title=\"Viggo Pedersen, Vaskested ved en \u00e5 i Bretagne, 1882\" title=\"Enlarge photo\" data-smush-webp-fallback=\"{&quot;href&quot;:&quot;https:\\\/\\\/nivaagaard.dk\\\/wp-content\\\/uploads\\\/2023\\\/07\\\/Viggo-Pedersen-Vaskested-ved-en-aa-i-Bretagne-1882.jpg&quot;}\"><div style=\"background-image:inherit\" data-bg-image=\"url(https:\/\/nivaagaard.dk\/wp-content\/smush-webp\/2023\/07\/Viggo-Pedersen-Vaskested-ved-en-aa-i-Bretagne-1882.jpg.webp)\" class=\"lazyload\" data-smush-webp-fallback=\"{&quot;data-bg-image&quot;:&quot;url(https:\\\/\\\/nivaagaard.dk\\\/wp-content\\\/uploads\\\/2023\\\/07\\\/Viggo-Pedersen-Vaskested-ved-en-aa-i-Bretagne-1882.jpg)&quot;}\"><\/div><noscript><img loading=\"lazy\" decoding=\"async\" class=\"wpgb-noscript-img\" src=\"https:\/\/nivaagaard.dk\/wp-content\/uploads\/2023\/07\/Viggo-Pedersen-Vaskested-ved-en-aa-i-Bretagne-1882.jpg\" alt=\"\" height=\"671\" width=\"560\"><\/noscript><\/a><\/div><div class=\"wpgb-card-media-content\" data-action><div class=\"wpgb-card-media-content-center\"><a class=\"wpgb-block-1 wpgb-idle-scheme-1\" href=\"https:\/\/nivaagaard.dk\/en\/the-collection\/pedersen-viggo\/\"><p>VIGGO PEDERSEN<\/p>\n<hr \/>\n<p><em>Washing clothes by a creek in Brittany<\/em>, 1882<\/p><\/a><\/div><a class=\"wpgb-card-layer-link\" href=\"https:\/\/nivaagaard.dk\/en\/the-collection\/pedersen-viggo\/\"><\/a><\/div><\/div><\/div><\/div><\/article><article class=\"wpgb-card wpgb-card-13 wpgb-post-37879\" data-col=\"1\" data-row=\"1\" data-format=\"standard\" data-fluid><div class=\"wpgb-card-wrapper\"><div class=\"wpgb-card-inner\"><div class=\"wpgb-card-media wpgb-scheme-light\"><svg data-ratio style=\"padding-top:78.57%\" viewBox=\"0 0 560 440\"><\/svg><div class=\"wpgb-card-media-thumbnail\"><a href=\"https:\/\/nivaagaard.dk\/wp-content\/smush-webp\/2023\/07\/Fritz-Petzholdt-Italiensk-bjerglandskab-1831.jpg.webp\" tabindex=\"-1\" class=\"wpgb-handle-lb wpgb-lightbox\" data-type=\"image\" data-rel=\"4\" data-title=\"Fritz Petzholdt, Italiensk bjerglandskab, 1831\" title=\"Enlarge photo\" data-smush-webp-fallback=\"{&quot;href&quot;:&quot;https:\\\/\\\/nivaagaard.dk\\\/wp-content\\\/uploads\\\/2023\\\/07\\\/Fritz-Petzholdt-Italiensk-bjerglandskab-1831.jpg&quot;}\"><div style=\"background-image:inherit\" data-bg-image=\"url(https:\/\/nivaagaard.dk\/wp-content\/smush-webp\/2023\/07\/Fritz-Petzholdt-Italiensk-bjerglandskab-1831.jpg.webp)\" class=\"lazyload\" data-smush-webp-fallback=\"{&quot;data-bg-image&quot;:&quot;url(https:\\\/\\\/nivaagaard.dk\\\/wp-content\\\/uploads\\\/2023\\\/07\\\/Fritz-Petzholdt-Italiensk-bjerglandskab-1831.jpg)&quot;}\"><\/div><noscript><img loading=\"lazy\" decoding=\"async\" class=\"wpgb-noscript-img\" src=\"https:\/\/nivaagaard.dk\/wp-content\/uploads\/2023\/07\/Fritz-Petzholdt-Italiensk-bjerglandskab-1831.jpg\" alt=\"\" height=\"440\" width=\"560\"><\/noscript><\/a><\/div><div class=\"wpgb-card-media-content\" data-action><div class=\"wpgb-card-media-content-center\"><a class=\"wpgb-block-1 wpgb-idle-scheme-1\" href=\"https:\/\/nivaagaard.dk\/en\/the-collection\/petzholdt-fritz\/\"><p>FRITZ PETZHOLDT<\/p>\n<hr \/>\n<p><em>Italian mountainscape<\/em>, 1831<\/p><\/a><\/div><a class=\"wpgb-card-layer-link\" href=\"https:\/\/nivaagaard.dk\/en\/the-collection\/petzholdt-fritz\/\"><\/a><\/div><\/div><\/div><\/div><\/article><article class=\"wpgb-card wpgb-card-13 wpgb-post-37875\" data-col=\"1\" data-row=\"1\" data-format=\"standard\" data-fluid><div class=\"wpgb-card-wrapper\"><div class=\"wpgb-card-inner\"><div class=\"wpgb-card-media wpgb-scheme-light\"><svg data-ratio style=\"padding-top:57.68%\" viewBox=\"0 0 560 323\"><\/svg><div class=\"wpgb-card-media-thumbnail\"><a href=\"https:\/\/nivaagaard.dk\/wp-content\/smush-webp\/2023\/07\/Carl-Rasmussen-Ved-vintertid-i-Groenland-1875.jpg.webp\" tabindex=\"-1\" class=\"wpgb-handle-lb wpgb-lightbox\" data-type=\"image\" data-rel=\"4\" data-title=\"Carl Rasmussen, Ved vintertid i Gr\u00f8nland, 1875\" title=\"Enlarge photo\" data-smush-webp-fallback=\"{&quot;href&quot;:&quot;https:\\\/\\\/nivaagaard.dk\\\/wp-content\\\/uploads\\\/2023\\\/07\\\/Carl-Rasmussen-Ved-vintertid-i-Groenland-1875.jpg&quot;}\"><div style=\"background-image:inherit\" data-bg-image=\"url(https:\/\/nivaagaard.dk\/wp-content\/smush-webp\/2023\/07\/Carl-Rasmussen-Ved-vintertid-i-Groenland-1875.jpg.webp)\" class=\"lazyload\" data-smush-webp-fallback=\"{&quot;data-bg-image&quot;:&quot;url(https:\\\/\\\/nivaagaard.dk\\\/wp-content\\\/uploads\\\/2023\\\/07\\\/Carl-Rasmussen-Ved-vintertid-i-Groenland-1875.jpg)&quot;}\"><\/div><noscript><img loading=\"lazy\" decoding=\"async\" class=\"wpgb-noscript-img\" src=\"https:\/\/nivaagaard.dk\/wp-content\/uploads\/2023\/07\/Carl-Rasmussen-Ved-vintertid-i-Groenland-1875.jpg\" alt=\"\" height=\"323\" width=\"560\"><\/noscript><\/a><\/div><div class=\"wpgb-card-media-content\" data-action><div class=\"wpgb-card-media-content-center\"><a class=\"wpgb-block-1 wpgb-idle-scheme-1\" href=\"https:\/\/nivaagaard.dk\/en\/the-collection\/rasmussen-carl\/\"><p>CARL RASMUSSEN<\/p>\n<hr \/>\n<p><em>Wintertime in Greenland<\/em>, 1875<\/p><\/a><\/div><a class=\"wpgb-card-layer-link\" href=\"https:\/\/nivaagaard.dk\/en\/the-collection\/rasmussen-carl\/\"><\/a><\/div><\/div><\/div><\/div><\/article><article class=\"wpgb-card wpgb-card-13 wpgb-post-37871\" data-col=\"1\" data-row=\"1\" data-format=\"standard\" data-fluid><div class=\"wpgb-card-wrapper\"><div class=\"wpgb-card-inner\"><div class=\"wpgb-card-media wpgb-scheme-light\"><svg data-ratio style=\"padding-top:141.79%\" viewBox=\"0 0 560 794\"><\/svg><div class=\"wpgb-card-media-thumbnail\"><a href=\"https:\/\/nivaagaard.dk\/wp-content\/smush-webp\/2023\/07\/Holger-Roed-Selvportraet-1863.jpg.webp\" tabindex=\"-1\" class=\"wpgb-handle-lb wpgb-lightbox\" data-type=\"image\" data-rel=\"4\" data-title=\"Holger Roed, Selvportr\u00e6t, 1863\" title=\"Enlarge photo\" data-smush-webp-fallback=\"{&quot;href&quot;:&quot;https:\\\/\\\/nivaagaard.dk\\\/wp-content\\\/uploads\\\/2023\\\/07\\\/Holger-Roed-Selvportraet-1863.jpg&quot;}\"><div style=\"background-image:inherit\" data-bg-image=\"url(https:\/\/nivaagaard.dk\/wp-content\/smush-webp\/2023\/07\/Holger-Roed-Selvportraet-1863.jpg.webp)\" class=\"lazyload\" data-smush-webp-fallback=\"{&quot;data-bg-image&quot;:&quot;url(https:\\\/\\\/nivaagaard.dk\\\/wp-content\\\/uploads\\\/2023\\\/07\\\/Holger-Roed-Selvportraet-1863.jpg)&quot;}\"><\/div><noscript><img loading=\"lazy\" decoding=\"async\" class=\"wpgb-noscript-img\" src=\"https:\/\/nivaagaard.dk\/wp-content\/uploads\/2023\/07\/Holger-Roed-Selvportraet-1863.jpg\" alt=\"\" height=\"794\" width=\"560\"><\/noscript><\/a><\/div><div class=\"wpgb-card-media-content\" data-action><div class=\"wpgb-card-media-content-center\"><a class=\"wpgb-block-1 wpgb-idle-scheme-1\" href=\"https:\/\/nivaagaard.dk\/en\/the-collection\/roed-holger\/\"><p>HOLGER ROED<\/p>\n<hr \/>\n<p><em>Self-portrait<\/em>, 1863<\/p><\/a><\/div><a class=\"wpgb-card-layer-link\" href=\"https:\/\/nivaagaard.dk\/en\/the-collection\/roed-holger\/\"><\/a><\/div><\/div><\/div><\/div><\/article><article class=\"wpgb-card wpgb-card-13 wpgb-post-37872\" data-col=\"1\" data-row=\"1\" data-format=\"standard\" data-fluid><div class=\"wpgb-card-wrapper\"><div class=\"wpgb-card-inner\"><div class=\"wpgb-card-media wpgb-scheme-light\"><svg data-ratio style=\"padding-top:135%\" viewBox=\"0 0 560 756\"><\/svg><div class=\"wpgb-card-media-thumbnail\"><a href=\"https:\/\/nivaagaard.dk\/wp-content\/smush-webp\/2023\/07\/Holger-Roed-En-ung-musiker-med-sin-viola-ca.-1869.jpg.webp\" tabindex=\"-1\" class=\"wpgb-handle-lb wpgb-lightbox\" data-type=\"image\" data-rel=\"4\" data-title=\"Holger Roed, En ung musiker med sin viola, ca. 1869\" title=\"Enlarge photo\" data-smush-webp-fallback=\"{&quot;href&quot;:&quot;https:\\\/\\\/nivaagaard.dk\\\/wp-content\\\/uploads\\\/2023\\\/07\\\/Holger-Roed-En-ung-musiker-med-sin-viola-ca.-1869.jpg&quot;}\"><div style=\"background-image:inherit\" data-bg-image=\"url(https:\/\/nivaagaard.dk\/wp-content\/smush-webp\/2023\/07\/Holger-Roed-En-ung-musiker-med-sin-viola-ca.-1869.jpg.webp)\" class=\"lazyload\" data-smush-webp-fallback=\"{&quot;data-bg-image&quot;:&quot;url(https:\\\/\\\/nivaagaard.dk\\\/wp-content\\\/uploads\\\/2023\\\/07\\\/Holger-Roed-En-ung-musiker-med-sin-viola-ca.-1869.jpg)&quot;}\"><\/div><noscript><img loading=\"lazy\" decoding=\"async\" class=\"wpgb-noscript-img\" src=\"https:\/\/nivaagaard.dk\/wp-content\/uploads\/2023\/07\/Holger-Roed-En-ung-musiker-med-sin-viola-ca.-1869.jpg\" alt=\"\" height=\"756\" width=\"560\"><\/noscript><\/a><\/div><div class=\"wpgb-card-media-content\" data-action><div class=\"wpgb-card-media-content-center\"><a class=\"wpgb-block-1 wpgb-idle-scheme-1\" href=\"https:\/\/nivaagaard.dk\/en\/the-collection\/roed-holger-2\/\"><p>HOLGER ROED<\/p>\n<hr \/>\n<p><em>A young musician with her violin<\/em>. <em>Portrait of Ms. Rung<\/em> (1854-1914), c. 1869<\/p><\/a><\/div><a class=\"wpgb-card-layer-link\" href=\"https:\/\/nivaagaard.dk\/en\/the-collection\/roed-holger-2\/\"><\/a><\/div><\/div><\/div><\/div><\/article><article class=\"wpgb-card wpgb-card-13 wpgb-post-37865\" data-col=\"1\" data-row=\"1\" data-format=\"standard\" data-fluid><div class=\"wpgb-card-wrapper\"><div class=\"wpgb-card-inner\"><div class=\"wpgb-card-media wpgb-scheme-light\"><svg data-ratio style=\"padding-top:73.75%\" viewBox=\"0 0 560 413\"><\/svg><div class=\"wpgb-card-media-thumbnail\"><a href=\"https:\/\/nivaagaard.dk\/wp-content\/smush-webp\/2023\/07\/Joergen-Roed-Traeer-vises-ud-i-skoven-u.aa_.jpg.webp\" tabindex=\"-1\" class=\"wpgb-handle-lb wpgb-lightbox\" data-type=\"image\" data-rel=\"4\" data-title=\"J\u00f8rgen Roed, Tr\u00e6er vises ud i skoven, u.\u00e5.\" title=\"Enlarge photo\" data-smush-webp-fallback=\"{&quot;href&quot;:&quot;https:\\\/\\\/nivaagaard.dk\\\/wp-content\\\/uploads\\\/2023\\\/07\\\/Joergen-Roed-Traeer-vises-ud-i-skoven-u.aa_.jpg&quot;}\"><div style=\"background-image:inherit\" data-bg-image=\"url(https:\/\/nivaagaard.dk\/wp-content\/smush-webp\/2023\/07\/Joergen-Roed-Traeer-vises-ud-i-skoven-u.aa_.jpg.webp)\" class=\"lazyload\" data-smush-webp-fallback=\"{&quot;data-bg-image&quot;:&quot;url(https:\\\/\\\/nivaagaard.dk\\\/wp-content\\\/uploads\\\/2023\\\/07\\\/Joergen-Roed-Traeer-vises-ud-i-skoven-u.aa_.jpg)&quot;}\"><\/div><noscript><img loading=\"lazy\" decoding=\"async\" class=\"wpgb-noscript-img\" src=\"https:\/\/nivaagaard.dk\/wp-content\/uploads\/2023\/07\/Joergen-Roed-Traeer-vises-ud-i-skoven-u.aa_.jpg\" alt=\"\" height=\"413\" width=\"560\"><\/noscript><\/a><\/div><div class=\"wpgb-card-media-content\" data-action><div class=\"wpgb-card-media-content-center\"><a class=\"wpgb-block-1 wpgb-idle-scheme-1\" href=\"https:\/\/nivaagaard.dk\/en\/the-collection\/roed-joergen\/\"><p>J\u00d8RGEN ROED<\/p>\n<hr \/>\n<p><em>Selecting Trees for Felling<\/em>, n.d.<\/p><\/a><\/div><a class=\"wpgb-card-layer-link\" href=\"https:\/\/nivaagaard.dk\/en\/the-collection\/roed-joergen\/\"><\/a><\/div><\/div><\/div><\/div><\/article><article class=\"wpgb-card wpgb-card-13 wpgb-post-37866\" data-col=\"1\" data-row=\"1\" data-format=\"standard\" data-fluid><div class=\"wpgb-card-wrapper\"><div class=\"wpgb-card-inner\"><div class=\"wpgb-card-media wpgb-scheme-light\"><svg data-ratio style=\"padding-top:113.39%\" viewBox=\"0 0 560 635\"><\/svg><div class=\"wpgb-card-media-thumbnail\"><a href=\"https:\/\/nivaagaard.dk\/wp-content\/smush-webp\/2023\/07\/Joergen-Roed-Tegnet-forstudie-til-Scene-fra-Villa-Borgheses-have-i-Rom-u.aa_.jpg.webp\" tabindex=\"-1\" class=\"wpgb-handle-lb wpgb-lightbox\" data-type=\"image\" data-rel=\"4\" data-title=\"J\u00f8rgen Roed, Tegnet forstudie til Scene fra Villa Borgheses have i Rom, u.\u00e5.\" title=\"Enlarge photo\" data-smush-webp-fallback=\"{&quot;href&quot;:&quot;https:\\\/\\\/nivaagaard.dk\\\/wp-content\\\/uploads\\\/2023\\\/07\\\/Joergen-Roed-Tegnet-forstudie-til-Scene-fra-Villa-Borgheses-have-i-Rom-u.aa_.jpg&quot;}\"><div style=\"background-image:inherit\" data-bg-image=\"url(https:\/\/nivaagaard.dk\/wp-content\/smush-webp\/2023\/07\/Joergen-Roed-Tegnet-forstudie-til-Scene-fra-Villa-Borgheses-have-i-Rom-u.aa_.jpg.webp)\" class=\"lazyload\" data-smush-webp-fallback=\"{&quot;data-bg-image&quot;:&quot;url(https:\\\/\\\/nivaagaard.dk\\\/wp-content\\\/uploads\\\/2023\\\/07\\\/Joergen-Roed-Tegnet-forstudie-til-Scene-fra-Villa-Borgheses-have-i-Rom-u.aa_.jpg)&quot;}\"><\/div><noscript><img loading=\"lazy\" decoding=\"async\" class=\"wpgb-noscript-img\" src=\"https:\/\/nivaagaard.dk\/wp-content\/uploads\/2023\/07\/Joergen-Roed-Tegnet-forstudie-til-Scene-fra-Villa-Borgheses-have-i-Rom-u.aa_.jpg\" alt=\"\" height=\"635\" width=\"560\"><\/noscript><\/a><\/div><div class=\"wpgb-card-media-content\" data-action><div class=\"wpgb-card-media-content-center\"><a class=\"wpgb-block-1 wpgb-idle-scheme-1\" href=\"https:\/\/nivaagaard.dk\/en\/the-collection\/roed-joergen-2\/\"><p>J\u00d8RGEN ROED<\/p>\n<hr \/>\n<p>Study for <em>Scene from the Garden of Villa Borghese in Rome<\/em>,\u00a0n.d.<\/p><\/a><\/div><a class=\"wpgb-card-layer-link\" href=\"https:\/\/nivaagaard.dk\/en\/the-collection\/roed-joergen-2\/\"><\/a><\/div><\/div><\/div><\/div><\/article><article class=\"wpgb-card wpgb-card-13 wpgb-post-37867\" data-col=\"1\" data-row=\"1\" data-format=\"standard\" data-fluid><div class=\"wpgb-card-wrapper\"><div class=\"wpgb-card-inner\"><div class=\"wpgb-card-media wpgb-scheme-light\"><svg data-ratio style=\"padding-top:119.64%\" viewBox=\"0 0 560 670\"><\/svg><div class=\"wpgb-card-media-thumbnail\"><a href=\"https:\/\/nivaagaard.dk\/wp-content\/smush-webp\/2023\/07\/Joergen-Roed-Scene-fra-Villa-Borgheses-have-i-Rom-ca.-1839.jpg.webp\" tabindex=\"-1\" class=\"wpgb-handle-lb wpgb-lightbox\" data-type=\"image\" data-rel=\"4\" data-title=\"J\u00f8rgen Roed, Scene fra Villa Borgheses have i Rom, ca. 1839\" title=\"Enlarge photo\" data-smush-webp-fallback=\"{&quot;href&quot;:&quot;https:\\\/\\\/nivaagaard.dk\\\/wp-content\\\/uploads\\\/2023\\\/07\\\/Joergen-Roed-Scene-fra-Villa-Borgheses-have-i-Rom-ca.-1839.jpg&quot;}\"><div style=\"background-image:inherit\" data-bg-image=\"url(https:\/\/nivaagaard.dk\/wp-content\/smush-webp\/2023\/07\/Joergen-Roed-Scene-fra-Villa-Borgheses-have-i-Rom-ca.-1839.jpg.webp)\" class=\"lazyload\" data-smush-webp-fallback=\"{&quot;data-bg-image&quot;:&quot;url(https:\\\/\\\/nivaagaard.dk\\\/wp-content\\\/uploads\\\/2023\\\/07\\\/Joergen-Roed-Scene-fra-Villa-Borgheses-have-i-Rom-ca.-1839.jpg)&quot;}\"><\/div><noscript><img loading=\"lazy\" decoding=\"async\" class=\"wpgb-noscript-img\" src=\"https:\/\/nivaagaard.dk\/wp-content\/uploads\/2023\/07\/Joergen-Roed-Scene-fra-Villa-Borgheses-have-i-Rom-ca.-1839.jpg\" alt=\"\" height=\"670\" width=\"560\"><\/noscript><\/a><\/div><div class=\"wpgb-card-media-content\" data-action><div class=\"wpgb-card-media-content-center\"><a class=\"wpgb-block-1 wpgb-idle-scheme-1\" href=\"https:\/\/nivaagaard.dk\/en\/the-collection\/roed-joergen-3\/\"><p>J\u00d8RGEN ROED<\/p>\n<hr \/>\n<p><em>Scene from the Garden of Villa Borghese in Rome<\/em>, c. 1839<\/p><\/a><\/div><a class=\"wpgb-card-layer-link\" href=\"https:\/\/nivaagaard.dk\/en\/the-collection\/roed-joergen-3\/\"><\/a><\/div><\/div><\/div><\/div><\/article><article class=\"wpgb-card wpgb-card-13 wpgb-post-37868\" data-col=\"1\" data-row=\"1\" data-format=\"standard\" data-fluid><div class=\"wpgb-card-wrapper\"><div class=\"wpgb-card-inner\"><div class=\"wpgb-card-media wpgb-scheme-light\"><svg data-ratio style=\"padding-top:74.29%\" viewBox=\"0 0 560 416\"><\/svg><div class=\"wpgb-card-media-thumbnail\"><a href=\"https:\/\/nivaagaard.dk\/wp-content\/smush-webp\/2023\/07\/Joergen-Roed-Olivenlund-fra-Tivoli-ved-Rom-1839.jpg.webp\" tabindex=\"-1\" class=\"wpgb-handle-lb wpgb-lightbox\" data-type=\"image\" data-rel=\"4\" data-title=\"J\u00f8rgen Roed, Olivenlund fra Tivoli ved Rom, 1839\" title=\"Enlarge photo\" data-smush-webp-fallback=\"{&quot;href&quot;:&quot;https:\\\/\\\/nivaagaard.dk\\\/wp-content\\\/uploads\\\/2023\\\/07\\\/Joergen-Roed-Olivenlund-fra-Tivoli-ved-Rom-1839.jpg&quot;}\"><div style=\"background-image:inherit\" data-bg-image=\"url(https:\/\/nivaagaard.dk\/wp-content\/smush-webp\/2023\/07\/Joergen-Roed-Olivenlund-fra-Tivoli-ved-Rom-1839.jpg.webp)\" class=\"lazyload\" data-smush-webp-fallback=\"{&quot;data-bg-image&quot;:&quot;url(https:\\\/\\\/nivaagaard.dk\\\/wp-content\\\/uploads\\\/2023\\\/07\\\/Joergen-Roed-Olivenlund-fra-Tivoli-ved-Rom-1839.jpg)&quot;}\"><\/div><noscript><img loading=\"lazy\" decoding=\"async\" class=\"wpgb-noscript-img\" src=\"https:\/\/nivaagaard.dk\/wp-content\/uploads\/2023\/07\/Joergen-Roed-Olivenlund-fra-Tivoli-ved-Rom-1839.jpg\" alt=\"\" height=\"416\" width=\"560\"><\/noscript><\/a><\/div><div class=\"wpgb-card-media-content\" data-action><div class=\"wpgb-card-media-content-center\"><a class=\"wpgb-block-1 wpgb-idle-scheme-1\" href=\"https:\/\/nivaagaard.dk\/en\/the-collection\/roed-joergen-4\/\"><p>J\u00d8RGEN ROED<\/p>\n<hr \/>\n<p><em>Olive Grove from Tivoli near Rome<\/em><em>,<\/em> 1839<\/p><\/a><\/div><a class=\"wpgb-card-layer-link\" href=\"https:\/\/nivaagaard.dk\/en\/the-collection\/roed-joergen-4\/\"><\/a><\/div><\/div><\/div><\/div><\/article><article class=\"wpgb-card wpgb-card-13 wpgb-post-37869\" data-col=\"1\" data-row=\"1\" data-format=\"standard\" data-fluid><div class=\"wpgb-card-wrapper\"><div class=\"wpgb-card-inner\"><div class=\"wpgb-card-media wpgb-scheme-light\"><svg data-ratio style=\"padding-top:121.07%\" viewBox=\"0 0 560 678\"><\/svg><div class=\"wpgb-card-media-thumbnail\"><a href=\"https:\/\/nivaagaard.dk\/wp-content\/smush-webp\/2023\/07\/Joergen-Roed-La-scala-santa-i-klostret-San-Benedetto-ved-Subiaco-1857.jpg.webp\" tabindex=\"-1\" class=\"wpgb-handle-lb wpgb-lightbox\" data-type=\"image\" data-rel=\"4\" data-title=\"J\u00f8rgen Roed, La scala santa i klostret San Benedetto ved Subiaco, 1857\" title=\"Enlarge photo\" data-smush-webp-fallback=\"{&quot;href&quot;:&quot;https:\\\/\\\/nivaagaard.dk\\\/wp-content\\\/uploads\\\/2023\\\/07\\\/Joergen-Roed-La-scala-santa-i-klostret-San-Benedetto-ved-Subiaco-1857.jpg&quot;}\"><div style=\"background-image:inherit\" data-bg-image=\"url(https:\/\/nivaagaard.dk\/wp-content\/smush-webp\/2023\/07\/Joergen-Roed-La-scala-santa-i-klostret-San-Benedetto-ved-Subiaco-1857.jpg.webp)\" class=\"lazyload\" data-smush-webp-fallback=\"{&quot;data-bg-image&quot;:&quot;url(https:\\\/\\\/nivaagaard.dk\\\/wp-content\\\/uploads\\\/2023\\\/07\\\/Joergen-Roed-La-scala-santa-i-klostret-San-Benedetto-ved-Subiaco-1857.jpg)&quot;}\"><\/div><noscript><img loading=\"lazy\" decoding=\"async\" class=\"wpgb-noscript-img\" src=\"https:\/\/nivaagaard.dk\/wp-content\/uploads\/2023\/07\/Joergen-Roed-La-scala-santa-i-klostret-San-Benedetto-ved-Subiaco-1857.jpg\" alt=\"\" height=\"678\" width=\"560\"><\/noscript><\/a><\/div><div class=\"wpgb-card-media-content\" data-action><div class=\"wpgb-card-media-content-center\"><a class=\"wpgb-block-1 wpgb-idle-scheme-1\" href=\"https:\/\/nivaagaard.dk\/en\/the-collection\/roed-joergen-5\/\"><p>J\u00d8RGEN ROED<\/p>\n<hr \/>\n<p><em>La Scala Santa at the Monastery San Benedetto near Subiaco<\/em><em>,<\/em> 1857<\/p><\/a><\/div><a class=\"wpgb-card-layer-link\" href=\"https:\/\/nivaagaard.dk\/en\/the-collection\/roed-joergen-5\/\"><\/a><\/div><\/div><\/div><\/div><\/article><article class=\"wpgb-card wpgb-card-13 wpgb-post-37870\" data-col=\"1\" data-row=\"1\" data-format=\"standard\" data-fluid><div class=\"wpgb-card-wrapper\"><div class=\"wpgb-card-inner\"><div class=\"wpgb-card-media wpgb-scheme-light\"><svg data-ratio style=\"padding-top:89.64%\" viewBox=\"0 0 560 502\"><\/svg><div class=\"wpgb-card-media-thumbnail\"><a href=\"https:\/\/nivaagaard.dk\/wp-content\/smush-webp\/2023\/07\/Joergen-Roed-Italiensk-klostergaard-u.aa_.jpg.webp\" tabindex=\"-1\" class=\"wpgb-handle-lb wpgb-lightbox\" data-type=\"image\" data-rel=\"4\" data-title=\"J\u00f8rgen Roed, Italiensk klosterg\u00e5rd, u.\u00e5.\" title=\"Enlarge photo\" data-smush-webp-fallback=\"{&quot;href&quot;:&quot;https:\\\/\\\/nivaagaard.dk\\\/wp-content\\\/uploads\\\/2023\\\/07\\\/Joergen-Roed-Italiensk-klostergaard-u.aa_.jpg&quot;}\"><div style=\"background-image:inherit\" data-bg-image=\"url(https:\/\/nivaagaard.dk\/wp-content\/smush-webp\/2023\/07\/Joergen-Roed-Italiensk-klostergaard-u.aa_.jpg.webp)\" class=\"lazyload\" data-smush-webp-fallback=\"{&quot;data-bg-image&quot;:&quot;url(https:\\\/\\\/nivaagaard.dk\\\/wp-content\\\/uploads\\\/2023\\\/07\\\/Joergen-Roed-Italiensk-klostergaard-u.aa_.jpg)&quot;}\"><\/div><noscript><img loading=\"lazy\" decoding=\"async\" class=\"wpgb-noscript-img\" src=\"https:\/\/nivaagaard.dk\/wp-content\/uploads\/2023\/07\/Joergen-Roed-Italiensk-klostergaard-u.aa_.jpg\" alt=\"\" height=\"502\" width=\"560\"><\/noscript><\/a><\/div><div class=\"wpgb-card-media-content\" data-action><div class=\"wpgb-card-media-content-center\"><a class=\"wpgb-block-1 wpgb-idle-scheme-1\" href=\"https:\/\/nivaagaard.dk\/en\/the-collection\/roed-joergen-6\/\"><p>J\u00d8RGEN ROED<\/p>\n<hr \/>\n<p><em>Italian Courtyard,<\/em> n.d.<\/p><\/a><\/div><a class=\"wpgb-card-layer-link\" href=\"https:\/\/nivaagaard.dk\/en\/the-collection\/roed-joergen-6\/\"><\/a><\/div><\/div><\/div><\/div><\/article><article class=\"wpgb-card wpgb-card-13 wpgb-post-38025\" data-col=\"1\" data-row=\"1\" data-format=\"standard\" data-fluid><div class=\"wpgb-card-wrapper\"><div class=\"wpgb-card-inner\"><div class=\"wpgb-card-media wpgb-scheme-light\"><svg data-ratio style=\"padding-top:80.36%\" viewBox=\"0 0 560 450\"><\/svg><div class=\"wpgb-card-media-thumbnail\"><a href=\"https:\/\/nivaagaard.dk\/wp-content\/smush-webp\/2023\/07\/Holger-Roed-Studie-af-en-hjort-1874-0226NMK.jpg.webp\" tabindex=\"-1\" class=\"wpgb-handle-lb wpgb-lightbox\" data-type=\"image\" data-rel=\"4\" data-title=\"Holger Roed, Studie af en hjort, 1874 0226NMK\" title=\"Enlarge photo\" data-smush-webp-fallback=\"{&quot;href&quot;:&quot;https:\\\/\\\/nivaagaard.dk\\\/wp-content\\\/uploads\\\/2023\\\/07\\\/Holger-Roed-Studie-af-en-hjort-1874-0226NMK.jpg&quot;}\"><div style=\"background-image:inherit\" data-bg-image=\"url(https:\/\/nivaagaard.dk\/wp-content\/smush-webp\/2023\/07\/Holger-Roed-Studie-af-en-hjort-1874-0226NMK.jpg.webp)\" class=\"lazyload\" data-smush-webp-fallback=\"{&quot;data-bg-image&quot;:&quot;url(https:\\\/\\\/nivaagaard.dk\\\/wp-content\\\/uploads\\\/2023\\\/07\\\/Holger-Roed-Studie-af-en-hjort-1874-0226NMK.jpg)&quot;}\"><\/div><noscript><img loading=\"lazy\" decoding=\"async\" class=\"wpgb-noscript-img\" src=\"https:\/\/nivaagaard.dk\/wp-content\/uploads\/2023\/07\/Holger-Roed-Studie-af-en-hjort-1874-0226NMK.jpg\" alt=\"\" height=\"450\" width=\"560\"><\/noscript><\/a><\/div><div class=\"wpgb-card-media-content\" data-action><div class=\"wpgb-card-media-content-center\"><a class=\"wpgb-block-1 wpgb-idle-scheme-1\" href=\"https:\/\/nivaagaard.dk\/en\/the-collection\/roed-joergen-7\/\"><p>J\u00d8RGEN ROED<\/p>\n<hr \/>\n<p><em>Study of a deer<\/em>, 1874<\/p><\/a><\/div><a class=\"wpgb-card-layer-link\" href=\"https:\/\/nivaagaard.dk\/en\/the-collection\/roed-joergen-7\/\"><\/a><\/div><\/div><\/div><\/div><\/article><article class=\"wpgb-card wpgb-card-13 wpgb-post-37858\" data-col=\"1\" data-row=\"1\" data-format=\"standard\" data-fluid><div class=\"wpgb-card-wrapper\"><div class=\"wpgb-card-inner\"><div class=\"wpgb-card-media wpgb-scheme-light\"><svg data-ratio style=\"padding-top:70.18%\" viewBox=\"0 0 560 393\"><\/svg><div class=\"wpgb-card-media-thumbnail\"><a href=\"https:\/\/nivaagaard.dk\/wp-content\/smush-webp\/2023\/07\/Martinus-Roerbye-Stranden-ved-Skagen-Vesterby-1847.jpg.webp\" tabindex=\"-1\" class=\"wpgb-handle-lb wpgb-lightbox\" data-type=\"image\" data-rel=\"4\" data-title=\"roerbye_fig_01 001\" data-desc=\"roerbye_fig_01 001\" title=\"Enlarge photo\" data-smush-webp-fallback=\"{&quot;href&quot;:&quot;https:\\\/\\\/nivaagaard.dk\\\/wp-content\\\/uploads\\\/2023\\\/07\\\/Martinus-Roerbye-Stranden-ved-Skagen-Vesterby-1847.jpg&quot;}\"><div style=\"background-image:inherit\" data-bg-image=\"url(https:\/\/nivaagaard.dk\/wp-content\/smush-webp\/2023\/07\/Martinus-Roerbye-Stranden-ved-Skagen-Vesterby-1847.jpg.webp)\" class=\"lazyload\" data-smush-webp-fallback=\"{&quot;data-bg-image&quot;:&quot;url(https:\\\/\\\/nivaagaard.dk\\\/wp-content\\\/uploads\\\/2023\\\/07\\\/Martinus-Roerbye-Stranden-ved-Skagen-Vesterby-1847.jpg)&quot;}\"><\/div><noscript><img loading=\"lazy\" decoding=\"async\" class=\"wpgb-noscript-img\" src=\"https:\/\/nivaagaard.dk\/wp-content\/uploads\/2023\/07\/Martinus-Roerbye-Stranden-ved-Skagen-Vesterby-1847.jpg\" alt=\"\" height=\"393\" width=\"560\"><\/noscript><\/a><\/div><div class=\"wpgb-card-media-content\" data-action><div class=\"wpgb-card-media-content-center\"><a class=\"wpgb-block-1 wpgb-idle-scheme-1\" href=\"https:\/\/nivaagaard.dk\/en\/the-collection\/roerbye-martinus\/\"><p>MARTINUS R\u00d8RBYE<\/p>\n<hr \/>\n<p><em>Beach at Skagen Vesterby<\/em>, 1847<\/p><\/a><\/div><a class=\"wpgb-card-layer-link\" href=\"https:\/\/nivaagaard.dk\/en\/the-collection\/roerbye-martinus\/\"><\/a><\/div><\/div><\/div><\/div><\/article><article class=\"wpgb-card wpgb-card-13 wpgb-post-37859\" data-col=\"1\" data-row=\"1\" data-format=\"standard\" data-fluid><div class=\"wpgb-card-wrapper\"><div class=\"wpgb-card-inner\"><div class=\"wpgb-card-media wpgb-scheme-light\"><svg data-ratio style=\"padding-top:68.39%\" viewBox=\"0 0 560 383\"><\/svg><div class=\"wpgb-card-media-thumbnail\"><a href=\"https:\/\/nivaagaard.dk\/wp-content\/smush-webp\/2016\/07\/Martinus-Roerbye-Parti-i-naerheden-af-Sorrento-med-udsigt-til-havet-1835.jpg.webp\" tabindex=\"-1\" class=\"wpgb-handle-lb wpgb-lightbox\" data-type=\"image\" data-rel=\"4\" data-title=\"Martinus R\u00f8rbye, Parti i n\u00e6rheden af Sorrento med udsigt til havet, 1835\" title=\"Enlarge photo\" data-smush-webp-fallback=\"{&quot;href&quot;:&quot;https:\\\/\\\/nivaagaard.dk\\\/wp-content\\\/uploads\\\/2016\\\/07\\\/Martinus-Roerbye-Parti-i-naerheden-af-Sorrento-med-udsigt-til-havet-1835.jpg&quot;}\"><div style=\"background-image:inherit\" data-bg-image=\"url(https:\/\/nivaagaard.dk\/wp-content\/smush-webp\/2016\/07\/Martinus-Roerbye-Parti-i-naerheden-af-Sorrento-med-udsigt-til-havet-1835.jpg.webp)\" class=\"lazyload\" data-smush-webp-fallback=\"{&quot;data-bg-image&quot;:&quot;url(https:\\\/\\\/nivaagaard.dk\\\/wp-content\\\/uploads\\\/2016\\\/07\\\/Martinus-Roerbye-Parti-i-naerheden-af-Sorrento-med-udsigt-til-havet-1835.jpg)&quot;}\"><\/div><noscript><img loading=\"lazy\" decoding=\"async\" class=\"wpgb-noscript-img\" src=\"https:\/\/nivaagaard.dk\/wp-content\/uploads\/2016\/07\/Martinus-Roerbye-Parti-i-naerheden-af-Sorrento-med-udsigt-til-havet-1835.jpg\" alt=\"\" height=\"383\" width=\"560\"><\/noscript><\/a><\/div><div class=\"wpgb-card-media-content\" data-action><div class=\"wpgb-card-media-content-center\"><a class=\"wpgb-block-1 wpgb-idle-scheme-1\" href=\"https:\/\/nivaagaard.dk\/en\/the-collection\/roerbye-martinus-2\/\"><p>MARTINUS R\u00d8RBYE<\/p>\n<hr \/>\n<p><em>Scene near Sorrento overlooking the Sea<\/em><em>,<\/em> 1835<\/p><\/a><\/div><a class=\"wpgb-card-layer-link\" href=\"https:\/\/nivaagaard.dk\/en\/the-collection\/roerbye-martinus-2\/\"><\/a><\/div><\/div><\/div><\/div><\/article><article class=\"wpgb-card wpgb-card-13 wpgb-post-37860\" data-col=\"1\" data-row=\"1\" data-format=\"standard\" data-fluid><div class=\"wpgb-card-wrapper\"><div class=\"wpgb-card-inner\"><div class=\"wpgb-card-media wpgb-scheme-light\"><svg data-ratio style=\"padding-top:120%\" viewBox=\"0 0 560 672\"><\/svg><div class=\"wpgb-card-media-thumbnail\"><a href=\"https:\/\/nivaagaard.dk\/wp-content\/smush-webp\/2023\/07\/Martinus-Roerbye-En-siddende-nubier-Rom-1839.jpg.webp\" tabindex=\"-1\" class=\"wpgb-handle-lb wpgb-lightbox\" data-type=\"image\" data-rel=\"4\" data-title=\"Martinus R\u00f8rbye, En siddende nubier, Rom, 1839\" title=\"Enlarge photo\" data-smush-webp-fallback=\"{&quot;href&quot;:&quot;https:\\\/\\\/nivaagaard.dk\\\/wp-content\\\/uploads\\\/2023\\\/07\\\/Martinus-Roerbye-En-siddende-nubier-Rom-1839.jpg&quot;}\"><div style=\"background-image:inherit\" data-bg-image=\"url(https:\/\/nivaagaard.dk\/wp-content\/smush-webp\/2023\/07\/Martinus-Roerbye-En-siddende-nubier-Rom-1839.jpg.webp)\" class=\"lazyload\" data-smush-webp-fallback=\"{&quot;data-bg-image&quot;:&quot;url(https:\\\/\\\/nivaagaard.dk\\\/wp-content\\\/uploads\\\/2023\\\/07\\\/Martinus-Roerbye-En-siddende-nubier-Rom-1839.jpg)&quot;}\"><\/div><noscript><img loading=\"lazy\" decoding=\"async\" class=\"wpgb-noscript-img\" src=\"https:\/\/nivaagaard.dk\/wp-content\/uploads\/2023\/07\/Martinus-Roerbye-En-siddende-nubier-Rom-1839.jpg\" alt=\"\" height=\"672\" width=\"560\"><\/noscript><\/a><\/div><div class=\"wpgb-card-media-content\" data-action><div class=\"wpgb-card-media-content-center\"><a class=\"wpgb-block-1 wpgb-idle-scheme-1\" href=\"https:\/\/nivaagaard.dk\/en\/the-collection\/roerbye-martinus-3\/\"><p>MARTINUS R\u00d8RBYE<\/p>\n<hr \/>\n<p><em>A Sitting Nubian<\/em><em>,<\/em> Rome, 1839<\/p><\/a><\/div><a class=\"wpgb-card-layer-link\" href=\"https:\/\/nivaagaard.dk\/en\/the-collection\/roerbye-martinus-3\/\"><\/a><\/div><\/div><\/div><\/div><\/article><article class=\"wpgb-card wpgb-card-13 wpgb-post-37861\" data-col=\"1\" data-row=\"1\" data-format=\"standard\" data-fluid><div class=\"wpgb-card-wrapper\"><div class=\"wpgb-card-inner\"><div class=\"wpgb-card-media wpgb-scheme-light\"><svg data-ratio style=\"padding-top:142.14%\" viewBox=\"0 0 560 796\"><\/svg><div class=\"wpgb-card-media-thumbnail\"><a href=\"https:\/\/nivaagaard.dk\/wp-content\/smush-webp\/2023\/07\/Martinus-Roerbye-En-bedende-italienerinde-1836.jpg.webp\" tabindex=\"-1\" class=\"wpgb-handle-lb wpgb-lightbox\" data-type=\"image\" data-rel=\"4\" data-title=\"roerbye_fig_06 001\" data-desc=\"roerbye_fig_06 001\" title=\"Enlarge photo\" data-smush-webp-fallback=\"{&quot;href&quot;:&quot;https:\\\/\\\/nivaagaard.dk\\\/wp-content\\\/uploads\\\/2023\\\/07\\\/Martinus-Roerbye-En-bedende-italienerinde-1836.jpg&quot;}\"><div style=\"background-image:inherit\" data-bg-image=\"url(https:\/\/nivaagaard.dk\/wp-content\/smush-webp\/2023\/07\/Martinus-Roerbye-En-bedende-italienerinde-1836.jpg.webp)\" class=\"lazyload\" data-smush-webp-fallback=\"{&quot;data-bg-image&quot;:&quot;url(https:\\\/\\\/nivaagaard.dk\\\/wp-content\\\/uploads\\\/2023\\\/07\\\/Martinus-Roerbye-En-bedende-italienerinde-1836.jpg)&quot;}\"><\/div><noscript><img loading=\"lazy\" decoding=\"async\" class=\"wpgb-noscript-img\" src=\"https:\/\/nivaagaard.dk\/wp-content\/uploads\/2023\/07\/Martinus-Roerbye-En-bedende-italienerinde-1836.jpg\" alt=\"\" height=\"796\" width=\"560\"><\/noscript><\/a><\/div><div class=\"wpgb-card-media-content\" data-action><div class=\"wpgb-card-media-content-center\"><a class=\"wpgb-block-1 wpgb-idle-scheme-1\" href=\"https:\/\/nivaagaard.dk\/en\/the-collection\/roerbye-martinus-4\/\"><p>MARTINUS R\u00d8RBYE<\/p>\n<hr \/>\n<p><em>A Praying Italian Woman<\/em>, 1836<\/p><\/a><\/div><a class=\"wpgb-card-layer-link\" href=\"https:\/\/nivaagaard.dk\/en\/the-collection\/roerbye-martinus-4\/\"><\/a><\/div><\/div><\/div><\/div><\/article><article class=\"wpgb-card wpgb-card-13 wpgb-post-38004\" data-col=\"1\" data-row=\"1\" data-format=\"standard\" data-fluid><div class=\"wpgb-card-wrapper\"><div class=\"wpgb-card-inner\"><div class=\"wpgb-card-media wpgb-scheme-light\"><svg data-ratio style=\"padding-top:119.82%\" viewBox=\"0 0 560 671\"><\/svg><div class=\"wpgb-card-media-thumbnail\"><a href=\"https:\/\/nivaagaard.dk\/wp-content\/smush-webp\/2023\/07\/Roerbye-Martinus-Portraet-af-maleren-C.-A.-Lorentzen-1827_hjemmeside.jpg.webp\" tabindex=\"-1\" class=\"wpgb-handle-lb wpgb-lightbox\" data-type=\"image\" data-rel=\"4\" data-title=\"R\u00f8rbye, Martinus &#8211; Portr\u00e6t af maleren C. A. Lorentzen, 1827_hjemmeside\" title=\"Enlarge photo\" data-smush-webp-fallback=\"{&quot;href&quot;:&quot;https:\\\/\\\/nivaagaard.dk\\\/wp-content\\\/uploads\\\/2023\\\/07\\\/Roerbye-Martinus-Portraet-af-maleren-C.-A.-Lorentzen-1827_hjemmeside.jpg&quot;}\"><div style=\"background-image:inherit\" data-bg-image=\"url(https:\/\/nivaagaard.dk\/wp-content\/smush-webp\/2023\/07\/Roerbye-Martinus-Portraet-af-maleren-C.-A.-Lorentzen-1827_hjemmeside.jpg.webp)\" class=\"lazyload\" data-smush-webp-fallback=\"{&quot;data-bg-image&quot;:&quot;url(https:\\\/\\\/nivaagaard.dk\\\/wp-content\\\/uploads\\\/2023\\\/07\\\/Roerbye-Martinus-Portraet-af-maleren-C.-A.-Lorentzen-1827_hjemmeside.jpg)&quot;}\"><\/div><noscript><img loading=\"lazy\" decoding=\"async\" class=\"wpgb-noscript-img\" src=\"https:\/\/nivaagaard.dk\/wp-content\/uploads\/2023\/07\/Roerbye-Martinus-Portraet-af-maleren-C.-A.-Lorentzen-1827_hjemmeside.jpg\" alt=\"\" height=\"671\" width=\"560\"><\/noscript><\/a><\/div><div class=\"wpgb-card-media-content\" data-action><div class=\"wpgb-card-media-content-center\"><a class=\"wpgb-block-1 wpgb-idle-scheme-1\" href=\"https:\/\/nivaagaard.dk\/en\/the-collection\/roerbye-martinus-5\/\"><p>MARTINUS R\u00d8RBYE<\/p>\n<hr \/>\n<p><em>Portrait of the painter C. A. Lorentzen<\/em>, 1827<\/p><\/a><\/div><a class=\"wpgb-card-layer-link\" href=\"https:\/\/nivaagaard.dk\/en\/the-collection\/roerbye-martinus-5\/\"><\/a><\/div><\/div><\/div><\/div><\/article><article class=\"wpgb-card wpgb-card-13 wpgb-post-37856\" data-col=\"1\" data-row=\"1\" data-format=\"standard\" data-fluid><div class=\"wpgb-card-wrapper\"><div class=\"wpgb-card-inner\"><div class=\"wpgb-card-media wpgb-scheme-light\"><svg data-ratio style=\"padding-top:55.36%\" viewBox=\"0 0 560 310\"><\/svg><div class=\"wpgb-card-media-thumbnail\"><a href=\"https:\/\/nivaagaard.dk\/wp-content\/smush-webp\/2023\/07\/William-Scharff-Forarbejde-til-Fantasi-over-Paolo-Uccellos-La-Battaglia-1923.jpg.webp\" tabindex=\"-1\" class=\"wpgb-handle-lb wpgb-lightbox\" data-type=\"image\" data-rel=\"4\" data-title=\"William Scharff, Forarbejde til Fantasi over Paolo Uccellos La Battaglia, 1923\" title=\"Enlarge photo\" data-smush-webp-fallback=\"{&quot;href&quot;:&quot;https:\\\/\\\/nivaagaard.dk\\\/wp-content\\\/uploads\\\/2023\\\/07\\\/William-Scharff-Forarbejde-til-Fantasi-over-Paolo-Uccellos-La-Battaglia-1923.jpg&quot;}\"><div style=\"background-image:inherit\" data-bg-image=\"url(https:\/\/nivaagaard.dk\/wp-content\/smush-webp\/2023\/07\/William-Scharff-Forarbejde-til-Fantasi-over-Paolo-Uccellos-La-Battaglia-1923.jpg.webp)\" class=\"lazyload\" data-smush-webp-fallback=\"{&quot;data-bg-image&quot;:&quot;url(https:\\\/\\\/nivaagaard.dk\\\/wp-content\\\/uploads\\\/2023\\\/07\\\/William-Scharff-Forarbejde-til-Fantasi-over-Paolo-Uccellos-La-Battaglia-1923.jpg)&quot;}\"><\/div><noscript><img loading=\"lazy\" decoding=\"async\" class=\"wpgb-noscript-img\" src=\"https:\/\/nivaagaard.dk\/wp-content\/uploads\/2023\/07\/William-Scharff-Forarbejde-til-Fantasi-over-Paolo-Uccellos-La-Battaglia-1923.jpg\" alt=\"\" height=\"310\" width=\"560\"><\/noscript><\/a><\/div><div class=\"wpgb-card-media-content\" data-action><div class=\"wpgb-card-media-content-center\"><a class=\"wpgb-block-1 wpgb-idle-scheme-1\" href=\"https:\/\/nivaagaard.dk\/en\/the-collection\/scharff-william\/\"><p>WILLIAM SCHARFF<\/p>\n<hr \/>\n<p><em>Fantasy of Paolo Uccellos La Battaglia (prestudy), <\/em>1923<\/p><\/a><\/div><a class=\"wpgb-card-layer-link\" href=\"https:\/\/nivaagaard.dk\/en\/the-collection\/scharff-william\/\"><\/a><\/div><\/div><\/div><\/div><\/article><article class=\"wpgb-card wpgb-card-13 wpgb-post-37852\" data-col=\"1\" data-row=\"1\" data-format=\"standard\" data-fluid><div class=\"wpgb-card-wrapper\"><div class=\"wpgb-card-inner\"><div class=\"wpgb-card-media wpgb-scheme-light\"><svg data-ratio style=\"padding-top:135.18%\" viewBox=\"0 0 560 757\"><\/svg><div class=\"wpgb-card-media-thumbnail\"><a href=\"https:\/\/nivaagaard.dk\/wp-content\/smush-webp\/2023\/07\/Frans-Schwartz-Portraetstudie-af-en-ung-pige-fr.-Karen-Poulsen-u.aa_.jpg.webp\" tabindex=\"-1\" class=\"wpgb-handle-lb wpgb-lightbox\" data-type=\"image\" data-rel=\"4\" data-title=\"Frans Schwartz, Portr\u00e6tstudie af en ung pige (fr. Karen Poulsen), u.\u00e5.\" title=\"Enlarge photo\" data-smush-webp-fallback=\"{&quot;href&quot;:&quot;https:\\\/\\\/nivaagaard.dk\\\/wp-content\\\/uploads\\\/2023\\\/07\\\/Frans-Schwartz-Portraetstudie-af-en-ung-pige-fr.-Karen-Poulsen-u.aa_.jpg&quot;}\"><div style=\"background-image:inherit\" data-bg-image=\"url(https:\/\/nivaagaard.dk\/wp-content\/smush-webp\/2023\/07\/Frans-Schwartz-Portraetstudie-af-en-ung-pige-fr.-Karen-Poulsen-u.aa_.jpg.webp)\" class=\"lazyload\" data-smush-webp-fallback=\"{&quot;data-bg-image&quot;:&quot;url(https:\\\/\\\/nivaagaard.dk\\\/wp-content\\\/uploads\\\/2023\\\/07\\\/Frans-Schwartz-Portraetstudie-af-en-ung-pige-fr.-Karen-Poulsen-u.aa_.jpg)&quot;}\"><\/div><noscript><img loading=\"lazy\" decoding=\"async\" class=\"wpgb-noscript-img\" src=\"https:\/\/nivaagaard.dk\/wp-content\/uploads\/2023\/07\/Frans-Schwartz-Portraetstudie-af-en-ung-pige-fr.-Karen-Poulsen-u.aa_.jpg\" alt=\"\" height=\"757\" width=\"560\"><\/noscript><\/a><\/div><div class=\"wpgb-card-media-content\" data-action><div class=\"wpgb-card-media-content-center\"><a class=\"wpgb-block-1 wpgb-idle-scheme-1\" href=\"https:\/\/nivaagaard.dk\/en\/the-collection\/schwartz-frans-2\/\"><p>FRANS SCHWARTZ<\/p>\n<hr \/>\n<p><em>Portrait of a young girl, Miss Karen Poulsen<\/em>, n.d.<\/p><\/a><\/div><a class=\"wpgb-card-layer-link\" href=\"https:\/\/nivaagaard.dk\/en\/the-collection\/schwartz-frans-2\/\"><\/a><\/div><\/div><\/div><\/div><\/article><article class=\"wpgb-card wpgb-card-13 wpgb-post-37853\" data-col=\"1\" data-row=\"1\" data-format=\"standard\" data-fluid><div class=\"wpgb-card-wrapper\"><div class=\"wpgb-card-inner\"><div class=\"wpgb-card-media wpgb-scheme-light\"><svg data-ratio style=\"padding-top:123.57%\" viewBox=\"0 0 560 692\"><\/svg><div class=\"wpgb-card-media-thumbnail\"><a href=\"https:\/\/nivaagaard.dk\/wp-content\/smush-webp\/2023\/07\/Frans-Schwartz-Portraet-af-Vilhelmine-Ville-Heise-f.-Hage-u.aa_.jpg.webp\" tabindex=\"-1\" class=\"wpgb-handle-lb wpgb-lightbox\" data-type=\"image\" data-rel=\"4\" data-title=\"Frans Schwartz, Portr\u00e6t af Vilhelmine (Ville) Heise, f. Hage, u.\u00e5.\" title=\"Enlarge photo\" data-smush-webp-fallback=\"{&quot;href&quot;:&quot;https:\\\/\\\/nivaagaard.dk\\\/wp-content\\\/uploads\\\/2023\\\/07\\\/Frans-Schwartz-Portraet-af-Vilhelmine-Ville-Heise-f.-Hage-u.aa_.jpg&quot;}\"><div style=\"background-image:inherit\" data-bg-image=\"url(https:\/\/nivaagaard.dk\/wp-content\/smush-webp\/2023\/07\/Frans-Schwartz-Portraet-af-Vilhelmine-Ville-Heise-f.-Hage-u.aa_.jpg.webp)\" class=\"lazyload\" data-smush-webp-fallback=\"{&quot;data-bg-image&quot;:&quot;url(https:\\\/\\\/nivaagaard.dk\\\/wp-content\\\/uploads\\\/2023\\\/07\\\/Frans-Schwartz-Portraet-af-Vilhelmine-Ville-Heise-f.-Hage-u.aa_.jpg)&quot;}\"><\/div><noscript><img loading=\"lazy\" decoding=\"async\" class=\"wpgb-noscript-img\" src=\"https:\/\/nivaagaard.dk\/wp-content\/uploads\/2023\/07\/Frans-Schwartz-Portraet-af-Vilhelmine-Ville-Heise-f.-Hage-u.aa_.jpg\" alt=\"\" height=\"692\" width=\"560\"><\/noscript><\/a><\/div><div class=\"wpgb-card-media-content\" data-action><div class=\"wpgb-card-media-content-center\"><a class=\"wpgb-block-1 wpgb-idle-scheme-1\" href=\"https:\/\/nivaagaard.dk\/en\/the-collection\/schwartz-frans-3\/\"><p>FRANS SCHWARTZ<\/p>\n<hr \/>\n<p><em>Portrait of Mrs. V. Heise, born Hage (1838-1912)<\/em>, n.d.<\/p><\/a><\/div><a class=\"wpgb-card-layer-link\" href=\"https:\/\/nivaagaard.dk\/en\/the-collection\/schwartz-frans-3\/\"><\/a><\/div><\/div><\/div><\/div><\/article><article class=\"wpgb-card wpgb-card-13 wpgb-post-37854\" data-col=\"1\" data-row=\"1\" data-format=\"standard\" data-fluid><div class=\"wpgb-card-wrapper\"><div class=\"wpgb-card-inner\"><div class=\"wpgb-card-media wpgb-scheme-light\"><svg data-ratio style=\"padding-top:133.21%\" viewBox=\"0 0 560 746\"><\/svg><div class=\"wpgb-card-media-thumbnail\"><a href=\"https:\/\/nivaagaard.dk\/wp-content\/smush-webp\/2023\/07\/Frans-Schwartz-Portraet-af-fru-pastorinde-Tidemand-1890.jpg.webp\" tabindex=\"-1\" class=\"wpgb-handle-lb wpgb-lightbox\" data-type=\"image\" data-rel=\"4\" data-title=\"Frans Schwartz, Portr\u00e6t af fru pastorinde Tidemand, 1890\" title=\"Enlarge photo\" data-smush-webp-fallback=\"{&quot;href&quot;:&quot;https:\\\/\\\/nivaagaard.dk\\\/wp-content\\\/uploads\\\/2023\\\/07\\\/Frans-Schwartz-Portraet-af-fru-pastorinde-Tidemand-1890.jpg&quot;}\"><div style=\"background-image:inherit\" data-bg-image=\"url(https:\/\/nivaagaard.dk\/wp-content\/smush-webp\/2023\/07\/Frans-Schwartz-Portraet-af-fru-pastorinde-Tidemand-1890.jpg.webp)\" class=\"lazyload\" data-smush-webp-fallback=\"{&quot;data-bg-image&quot;:&quot;url(https:\\\/\\\/nivaagaard.dk\\\/wp-content\\\/uploads\\\/2023\\\/07\\\/Frans-Schwartz-Portraet-af-fru-pastorinde-Tidemand-1890.jpg)&quot;}\"><\/div><noscript><img loading=\"lazy\" decoding=\"async\" class=\"wpgb-noscript-img\" src=\"https:\/\/nivaagaard.dk\/wp-content\/uploads\/2023\/07\/Frans-Schwartz-Portraet-af-fru-pastorinde-Tidemand-1890.jpg\" alt=\"\" height=\"746\" width=\"560\"><\/noscript><\/a><\/div><div class=\"wpgb-card-media-content\" data-action><div class=\"wpgb-card-media-content-center\"><a class=\"wpgb-block-1 wpgb-idle-scheme-1\" href=\"https:\/\/nivaagaard.dk\/en\/the-collection\/schwartz-frans-4\/\"><p>FRANS SCHWARTZ<\/p>\n<hr \/>\n<p><em>Portrait of the Reverend&#8217;s wife Mrs. Tidemand<\/em>, 1890<\/p><\/a><\/div><a class=\"wpgb-card-layer-link\" href=\"https:\/\/nivaagaard.dk\/en\/the-collection\/schwartz-frans-4\/\"><\/a><\/div><\/div><\/div><\/div><\/article><article class=\"wpgb-card wpgb-card-13 wpgb-post-37855\" data-col=\"1\" data-row=\"1\" data-format=\"standard\" data-fluid><div class=\"wpgb-card-wrapper\"><div class=\"wpgb-card-inner\"><div class=\"wpgb-card-media wpgb-scheme-light\"><svg data-ratio style=\"padding-top:126.61%\" viewBox=\"0 0 560 709\"><\/svg><div class=\"wpgb-card-media-thumbnail\"><a href=\"https:\/\/nivaagaard.dk\/wp-content\/smush-webp\/2023\/07\/Frans-Schwartz-Kusken-Jons-1906.jpg.webp\" tabindex=\"-1\" class=\"wpgb-handle-lb wpgb-lightbox\" data-type=\"image\" data-rel=\"4\" data-title=\"Frans Schwartz, Kusken J\u00f6ns, 1906\" title=\"Enlarge photo\" data-smush-webp-fallback=\"{&quot;href&quot;:&quot;https:\\\/\\\/nivaagaard.dk\\\/wp-content\\\/uploads\\\/2023\\\/07\\\/Frans-Schwartz-Kusken-Jons-1906.jpg&quot;}\"><div style=\"background-image:inherit\" data-bg-image=\"url(https:\/\/nivaagaard.dk\/wp-content\/smush-webp\/2023\/07\/Frans-Schwartz-Kusken-Jons-1906.jpg.webp)\" class=\"lazyload\" data-smush-webp-fallback=\"{&quot;data-bg-image&quot;:&quot;url(https:\\\/\\\/nivaagaard.dk\\\/wp-content\\\/uploads\\\/2023\\\/07\\\/Frans-Schwartz-Kusken-Jons-1906.jpg)&quot;}\"><\/div><noscript><img loading=\"lazy\" decoding=\"async\" class=\"wpgb-noscript-img\" src=\"https:\/\/nivaagaard.dk\/wp-content\/uploads\/2023\/07\/Frans-Schwartz-Kusken-Jons-1906.jpg\" alt=\"\" height=\"709\" width=\"560\"><\/noscript><\/a><\/div><div class=\"wpgb-card-media-content\" data-action><div class=\"wpgb-card-media-content-center\"><a class=\"wpgb-block-1 wpgb-idle-scheme-1\" href=\"https:\/\/nivaagaard.dk\/en\/the-collection\/schwartz-frans-5\/\"><p>FRANS SCHWARTZ<\/p>\n<hr \/>\n<p><em>J\u00f6ns the teamster<\/em>, 1906<\/p><\/a><\/div><a class=\"wpgb-card-layer-link\" href=\"https:\/\/nivaagaard.dk\/en\/the-collection\/schwartz-frans-5\/\"><\/a><\/div><\/div><\/div><\/div><\/article><article class=\"wpgb-card wpgb-card-13 wpgb-post-37851\" data-col=\"1\" data-row=\"1\" data-format=\"standard\" data-fluid><div class=\"wpgb-card-wrapper\"><div class=\"wpgb-card-inner\"><div class=\"wpgb-card-media wpgb-scheme-light\"><svg data-ratio style=\"padding-top:120.36%\" viewBox=\"0 0 560 674\"><\/svg><div class=\"wpgb-card-media-thumbnail\"><a href=\"https:\/\/nivaagaard.dk\/wp-content\/smush-webp\/2023\/07\/Frans-Schwartz-Studiehoved-af-en-ung-pige-1912.jpg.webp\" tabindex=\"-1\" class=\"wpgb-handle-lb wpgb-lightbox\" data-type=\"image\" data-rel=\"4\" data-title=\"Frans Schwartz, Studiehoved af en ung pige, 1912\" title=\"Enlarge photo\" data-smush-webp-fallback=\"{&quot;href&quot;:&quot;https:\\\/\\\/nivaagaard.dk\\\/wp-content\\\/uploads\\\/2023\\\/07\\\/Frans-Schwartz-Studiehoved-af-en-ung-pige-1912.jpg&quot;}\"><div style=\"background-image:inherit\" data-bg-image=\"url(https:\/\/nivaagaard.dk\/wp-content\/smush-webp\/2023\/07\/Frans-Schwartz-Studiehoved-af-en-ung-pige-1912.jpg.webp)\" class=\"lazyload\" data-smush-webp-fallback=\"{&quot;data-bg-image&quot;:&quot;url(https:\\\/\\\/nivaagaard.dk\\\/wp-content\\\/uploads\\\/2023\\\/07\\\/Frans-Schwartz-Studiehoved-af-en-ung-pige-1912.jpg)&quot;}\"><\/div><noscript><img loading=\"lazy\" decoding=\"async\" class=\"wpgb-noscript-img\" src=\"https:\/\/nivaagaard.dk\/wp-content\/uploads\/2023\/07\/Frans-Schwartz-Studiehoved-af-en-ung-pige-1912.jpg\" alt=\"\" height=\"674\" width=\"560\"><\/noscript><\/a><\/div><div class=\"wpgb-card-media-content\" data-action><div class=\"wpgb-card-media-content-center\"><a class=\"wpgb-block-1 wpgb-idle-scheme-1\" href=\"https:\/\/nivaagaard.dk\/en\/the-collection\/schwartz-frans\/\"><p>FRANS SCHWARTZ<\/p>\n<hr \/>\n<p><em>Head of a young girl<\/em>, 1912<\/p><\/a><\/div><a class=\"wpgb-card-layer-link\" href=\"https:\/\/nivaagaard.dk\/en\/the-collection\/schwartz-frans\/\"><\/a><\/div><\/div><\/div><\/div><\/article><article class=\"wpgb-card wpgb-card-13 wpgb-post-37843\" data-col=\"1\" data-row=\"1\" data-format=\"standard\" data-fluid><div class=\"wpgb-card-wrapper\"><div class=\"wpgb-card-inner\"><div class=\"wpgb-card-media wpgb-scheme-light\"><svg data-ratio style=\"padding-top:74.82%\" viewBox=\"0 0 560 419\"><\/svg><div class=\"wpgb-card-media-thumbnail\"><a href=\"https:\/\/nivaagaard.dk\/wp-content\/smush-webp\/2023\/07\/P.C.-Skovgaard-Udsigt-over-soeen-mod-Kullen-fra-en-haveterrasse-med-statuer-Marienlyst-u.aa_.jpg.webp\" tabindex=\"-1\" class=\"wpgb-handle-lb wpgb-lightbox\" data-type=\"image\" data-rel=\"4\" data-title=\"P.C. Skovgaard, Udsigt over s\u00f8en mod Kullen fra en haveterrasse med statuer (Marienlyst), u.\u00e5.\" title=\"Enlarge photo\" data-smush-webp-fallback=\"{&quot;href&quot;:&quot;https:\\\/\\\/nivaagaard.dk\\\/wp-content\\\/uploads\\\/2023\\\/07\\\/P.C.-Skovgaard-Udsigt-over-soeen-mod-Kullen-fra-en-haveterrasse-med-statuer-Marienlyst-u.aa_.jpg&quot;}\"><div style=\"background-image:inherit\" data-bg-image=\"url(https:\/\/nivaagaard.dk\/wp-content\/smush-webp\/2023\/07\/P.C.-Skovgaard-Udsigt-over-soeen-mod-Kullen-fra-en-haveterrasse-med-statuer-Marienlyst-u.aa_.jpg.webp)\" class=\"lazyload\" data-smush-webp-fallback=\"{&quot;data-bg-image&quot;:&quot;url(https:\\\/\\\/nivaagaard.dk\\\/wp-content\\\/uploads\\\/2023\\\/07\\\/P.C.-Skovgaard-Udsigt-over-soeen-mod-Kullen-fra-en-haveterrasse-med-statuer-Marienlyst-u.aa_.jpg)&quot;}\"><\/div><noscript><img loading=\"lazy\" decoding=\"async\" class=\"wpgb-noscript-img\" src=\"https:\/\/nivaagaard.dk\/wp-content\/uploads\/2023\/07\/P.C.-Skovgaard-Udsigt-over-soeen-mod-Kullen-fra-en-haveterrasse-med-statuer-Marienlyst-u.aa_.jpg\" alt=\"\" height=\"419\" width=\"560\"><\/noscript><\/a><\/div><div class=\"wpgb-card-media-content\" data-action><div class=\"wpgb-card-media-content-center\"><a class=\"wpgb-block-1 wpgb-idle-scheme-1\" href=\"https:\/\/nivaagaard.dk\/en\/the-collection\/skovgaard-p-c\/\"><p>P. C. SKOVGAARD<\/p>\n<hr \/>\n<p><em>View towards Kullen from a garden terrace with statues (Marienlyst?)<\/em>, n.d.<\/p><\/a><\/div><a class=\"wpgb-card-layer-link\" href=\"https:\/\/nivaagaard.dk\/en\/the-collection\/skovgaard-p-c\/\"><\/a><\/div><\/div><\/div><\/div><\/article><article class=\"wpgb-card wpgb-card-13 wpgb-post-37844\" data-col=\"1\" data-row=\"1\" data-format=\"standard\" data-fluid><div class=\"wpgb-card-wrapper\"><div class=\"wpgb-card-inner\"><div class=\"wpgb-card-media wpgb-scheme-light\"><svg data-ratio style=\"padding-top:67.14%\" viewBox=\"0 0 560 376\"><\/svg><div class=\"wpgb-card-media-thumbnail\"><a href=\"https:\/\/nivaagaard.dk\/wp-content\/smush-webp\/2023\/07\/P.C.-Skovgaard-Udsigt-fra-Sjaellands-nordkyst-over-Kattegat-med-Kullen-i-baggrunden-ca.-1862.jpg.webp\" tabindex=\"-1\" class=\"wpgb-handle-lb wpgb-lightbox\" data-type=\"image\" data-rel=\"4\" data-title=\"P.C. Skovgaard, Udsigt fra Sj\u00e6llands nordkyst over Kattegat med Kullen i baggrunden, ca. 1862\" title=\"Enlarge photo\" data-smush-webp-fallback=\"{&quot;href&quot;:&quot;https:\\\/\\\/nivaagaard.dk\\\/wp-content\\\/uploads\\\/2023\\\/07\\\/P.C.-Skovgaard-Udsigt-fra-Sjaellands-nordkyst-over-Kattegat-med-Kullen-i-baggrunden-ca.-1862.jpg&quot;}\"><div style=\"background-image:inherit\" data-bg-image=\"url(https:\/\/nivaagaard.dk\/wp-content\/smush-webp\/2023\/07\/P.C.-Skovgaard-Udsigt-fra-Sjaellands-nordkyst-over-Kattegat-med-Kullen-i-baggrunden-ca.-1862.jpg.webp)\" class=\"lazyload\" data-smush-webp-fallback=\"{&quot;data-bg-image&quot;:&quot;url(https:\\\/\\\/nivaagaard.dk\\\/wp-content\\\/uploads\\\/2023\\\/07\\\/P.C.-Skovgaard-Udsigt-fra-Sjaellands-nordkyst-over-Kattegat-med-Kullen-i-baggrunden-ca.-1862.jpg)&quot;}\"><\/div><noscript><img loading=\"lazy\" decoding=\"async\" class=\"wpgb-noscript-img\" src=\"https:\/\/nivaagaard.dk\/wp-content\/uploads\/2023\/07\/P.C.-Skovgaard-Udsigt-fra-Sjaellands-nordkyst-over-Kattegat-med-Kullen-i-baggrunden-ca.-1862.jpg\" alt=\"\" height=\"376\" width=\"560\"><\/noscript><\/a><\/div><div class=\"wpgb-card-media-content\" data-action><div class=\"wpgb-card-media-content-center\"><a class=\"wpgb-block-1 wpgb-idle-scheme-1\" href=\"https:\/\/nivaagaard.dk\/en\/the-collection\/skovgaard-p-c-2\/\"><p>P. C. SKOVGAARD<\/p>\n<hr \/>\n<p><em>View from the northern coast of Zealand over Kattegat and Kullaberg<\/em>, c. 1832<\/p><\/a><\/div><a class=\"wpgb-card-layer-link\" href=\"https:\/\/nivaagaard.dk\/en\/the-collection\/skovgaard-p-c-2\/\"><\/a><\/div><\/div><\/div><\/div><\/article><article class=\"wpgb-card wpgb-card-13 wpgb-post-37845\" data-col=\"1\" data-row=\"1\" data-format=\"standard\" data-fluid><div class=\"wpgb-card-wrapper\"><div class=\"wpgb-card-inner\"><div class=\"wpgb-card-media wpgb-scheme-light\"><svg data-ratio style=\"padding-top:41.61%\" viewBox=\"0 0 560 233\"><\/svg><div class=\"wpgb-card-media-thumbnail\"><a href=\"https:\/\/nivaagaard.dk\/wp-content\/smush-webp\/2023\/07\/P.C.-Skovgaard-Udsigt-fra-Monte-Pincio-i-Rom-1861.jpg.webp\" tabindex=\"-1\" class=\"wpgb-handle-lb wpgb-lightbox\" data-type=\"image\" data-rel=\"4\" data-title=\"P.C. Skovgaard, Udsigt fra Monte Pincio i Rom, 1861\" title=\"Enlarge photo\" data-smush-webp-fallback=\"{&quot;href&quot;:&quot;https:\\\/\\\/nivaagaard.dk\\\/wp-content\\\/uploads\\\/2023\\\/07\\\/P.C.-Skovgaard-Udsigt-fra-Monte-Pincio-i-Rom-1861.jpg&quot;}\"><div style=\"background-image:inherit\" data-bg-image=\"url(https:\/\/nivaagaard.dk\/wp-content\/smush-webp\/2023\/07\/P.C.-Skovgaard-Udsigt-fra-Monte-Pincio-i-Rom-1861.jpg.webp)\" class=\"lazyload\" data-smush-webp-fallback=\"{&quot;data-bg-image&quot;:&quot;url(https:\\\/\\\/nivaagaard.dk\\\/wp-content\\\/uploads\\\/2023\\\/07\\\/P.C.-Skovgaard-Udsigt-fra-Monte-Pincio-i-Rom-1861.jpg)&quot;}\"><\/div><noscript><img loading=\"lazy\" decoding=\"async\" class=\"wpgb-noscript-img\" src=\"https:\/\/nivaagaard.dk\/wp-content\/uploads\/2023\/07\/P.C.-Skovgaard-Udsigt-fra-Monte-Pincio-i-Rom-1861.jpg\" alt=\"\" height=\"233\" width=\"560\"><\/noscript><\/a><\/div><div class=\"wpgb-card-media-content\" data-action><div class=\"wpgb-card-media-content-center\"><a class=\"wpgb-block-1 wpgb-idle-scheme-1\" href=\"https:\/\/nivaagaard.dk\/en\/the-collection\/skovgaard-p-c-3\/\"><p>P. C. SKOVGAARD<\/p>\n<hr \/>\n<p><em>View from Monte Pincio Hill in Rome<\/em>,\u00a01861<\/p><\/a><\/div><a class=\"wpgb-card-layer-link\" href=\"https:\/\/nivaagaard.dk\/en\/the-collection\/skovgaard-p-c-3\/\"><\/a><\/div><\/div><\/div><\/div><\/article><article class=\"wpgb-card wpgb-card-13 wpgb-post-37846\" data-col=\"1\" data-row=\"1\" data-format=\"standard\" data-fluid><div class=\"wpgb-card-wrapper\"><div class=\"wpgb-card-inner\"><div class=\"wpgb-card-media wpgb-scheme-light\"><svg data-ratio style=\"padding-top:63.57%\" viewBox=\"0 0 560 356\"><\/svg><div class=\"wpgb-card-media-thumbnail\"><a href=\"https:\/\/nivaagaard.dk\/wp-content\/smush-webp\/2023\/07\/P.C.-Skovgaard-Stranden-ved-Hellebaek-1858.jpg.webp\" tabindex=\"-1\" class=\"wpgb-handle-lb wpgb-lightbox\" data-type=\"image\" data-rel=\"4\" data-title=\"P.C. Skovgaard, Stranden ved Helleb\u00e6k, 1858\" title=\"Enlarge photo\" data-smush-webp-fallback=\"{&quot;href&quot;:&quot;https:\\\/\\\/nivaagaard.dk\\\/wp-content\\\/uploads\\\/2023\\\/07\\\/P.C.-Skovgaard-Stranden-ved-Hellebaek-1858.jpg&quot;}\"><div style=\"background-image:inherit\" data-bg-image=\"url(https:\/\/nivaagaard.dk\/wp-content\/smush-webp\/2023\/07\/P.C.-Skovgaard-Stranden-ved-Hellebaek-1858.jpg.webp)\" class=\"lazyload\" data-smush-webp-fallback=\"{&quot;data-bg-image&quot;:&quot;url(https:\\\/\\\/nivaagaard.dk\\\/wp-content\\\/uploads\\\/2023\\\/07\\\/P.C.-Skovgaard-Stranden-ved-Hellebaek-1858.jpg)&quot;}\"><\/div><noscript><img loading=\"lazy\" decoding=\"async\" class=\"wpgb-noscript-img\" src=\"https:\/\/nivaagaard.dk\/wp-content\/uploads\/2023\/07\/P.C.-Skovgaard-Stranden-ved-Hellebaek-1858.jpg\" alt=\"\" height=\"356\" width=\"560\"><\/noscript><\/a><\/div><div class=\"wpgb-card-media-content\" data-action><div class=\"wpgb-card-media-content-center\"><a class=\"wpgb-block-1 wpgb-idle-scheme-1\" href=\"https:\/\/nivaagaard.dk\/en\/the-collection\/skovgaard-p-c-4\/\"><p>P. C. SKOVGAARD<\/p>\n<hr \/>\n<p><em>Beach at Helleb\u00e6k<\/em>,\u00a01858<\/p><\/a><\/div><a class=\"wpgb-card-layer-link\" href=\"https:\/\/nivaagaard.dk\/en\/the-collection\/skovgaard-p-c-4\/\"><\/a><\/div><\/div><\/div><\/div><\/article><article class=\"wpgb-card wpgb-card-13 wpgb-post-37847\" data-col=\"1\" data-row=\"1\" data-format=\"standard\" data-fluid><div class=\"wpgb-card-wrapper\"><div class=\"wpgb-card-inner\"><div class=\"wpgb-card-media wpgb-scheme-light\"><svg data-ratio style=\"padding-top:64.46%\" viewBox=\"0 0 560 361\"><\/svg><div class=\"wpgb-card-media-thumbnail\"><a href=\"https:\/\/nivaagaard.dk\/wp-content\/smush-webp\/2023\/07\/P.C.-Skovgaard-Sommereftermiddag-ved-indsoe-1859.jpg.webp\" tabindex=\"-1\" class=\"wpgb-handle-lb wpgb-lightbox\" data-type=\"image\" data-rel=\"4\" data-title=\"P.C. Skovgaard, Sommereftermiddag ved inds\u00f8, 1859\" title=\"Enlarge photo\" data-smush-webp-fallback=\"{&quot;href&quot;:&quot;https:\\\/\\\/nivaagaard.dk\\\/wp-content\\\/uploads\\\/2023\\\/07\\\/P.C.-Skovgaard-Sommereftermiddag-ved-indsoe-1859.jpg&quot;}\"><div style=\"background-image:inherit\" data-bg-image=\"url(https:\/\/nivaagaard.dk\/wp-content\/smush-webp\/2023\/07\/P.C.-Skovgaard-Sommereftermiddag-ved-indsoe-1859.jpg.webp)\" class=\"lazyload\" data-smush-webp-fallback=\"{&quot;data-bg-image&quot;:&quot;url(https:\\\/\\\/nivaagaard.dk\\\/wp-content\\\/uploads\\\/2023\\\/07\\\/P.C.-Skovgaard-Sommereftermiddag-ved-indsoe-1859.jpg)&quot;}\"><\/div><noscript><img loading=\"lazy\" decoding=\"async\" class=\"wpgb-noscript-img\" src=\"https:\/\/nivaagaard.dk\/wp-content\/uploads\/2023\/07\/P.C.-Skovgaard-Sommereftermiddag-ved-indsoe-1859.jpg\" alt=\"\" height=\"361\" width=\"560\"><\/noscript><\/a><\/div><div class=\"wpgb-card-media-content\" data-action><div class=\"wpgb-card-media-content-center\"><a class=\"wpgb-block-1 wpgb-idle-scheme-1\" href=\"https:\/\/nivaagaard.dk\/en\/the-collection\/skovgaard-p-c-5\/\"><p>P. C. SKOVGAARD<\/p>\n<hr \/>\n<p><em>Summer afternoon by a lake<\/em>, 1859<\/p><\/a><\/div><a class=\"wpgb-card-layer-link\" href=\"https:\/\/nivaagaard.dk\/en\/the-collection\/skovgaard-p-c-5\/\"><\/a><\/div><\/div><\/div><\/div><\/article><article class=\"wpgb-card wpgb-card-13 wpgb-post-37848\" data-col=\"1\" data-row=\"1\" data-format=\"standard\" data-fluid><div class=\"wpgb-card-wrapper\"><div class=\"wpgb-card-inner\"><div class=\"wpgb-card-media wpgb-scheme-light\"><svg data-ratio style=\"padding-top:67.32%\" viewBox=\"0 0 560 377\"><\/svg><div class=\"wpgb-card-media-thumbnail\"><a href=\"https:\/\/nivaagaard.dk\/wp-content\/smush-webp\/2023\/07\/P.C.-Skovgaard-Skovklaedte-bakker-1864.jpg.webp\" tabindex=\"-1\" class=\"wpgb-handle-lb wpgb-lightbox\" data-type=\"image\" data-rel=\"4\" data-title=\"P.C. Skovgaard, Skovkl\u00e6dte bakker, 1864\" title=\"Enlarge photo\" data-smush-webp-fallback=\"{&quot;href&quot;:&quot;https:\\\/\\\/nivaagaard.dk\\\/wp-content\\\/uploads\\\/2023\\\/07\\\/P.C.-Skovgaard-Skovklaedte-bakker-1864.jpg&quot;}\"><div style=\"background-image:inherit\" data-bg-image=\"url(https:\/\/nivaagaard.dk\/wp-content\/smush-webp\/2023\/07\/P.C.-Skovgaard-Skovklaedte-bakker-1864.jpg.webp)\" class=\"lazyload\" data-smush-webp-fallback=\"{&quot;data-bg-image&quot;:&quot;url(https:\\\/\\\/nivaagaard.dk\\\/wp-content\\\/uploads\\\/2023\\\/07\\\/P.C.-Skovgaard-Skovklaedte-bakker-1864.jpg)&quot;}\"><\/div><noscript><img loading=\"lazy\" decoding=\"async\" class=\"wpgb-noscript-img\" src=\"https:\/\/nivaagaard.dk\/wp-content\/uploads\/2023\/07\/P.C.-Skovgaard-Skovklaedte-bakker-1864.jpg\" alt=\"\" height=\"377\" width=\"560\"><\/noscript><\/a><\/div><div class=\"wpgb-card-media-content\" data-action><div class=\"wpgb-card-media-content-center\"><a class=\"wpgb-block-1 wpgb-idle-scheme-1\" href=\"https:\/\/nivaagaard.dk\/en\/the-collection\/skovgaard-p-c-6\/\"><p>P. C. SKOVGAARD<\/p>\n<hr \/>\n<p><em>Forested hills<\/em>, 1864<\/p><\/a><\/div><a class=\"wpgb-card-layer-link\" href=\"https:\/\/nivaagaard.dk\/en\/the-collection\/skovgaard-p-c-6\/\"><\/a><\/div><\/div><\/div><\/div><\/article><article class=\"wpgb-card wpgb-card-13 wpgb-post-37849\" data-col=\"1\" data-row=\"1\" data-format=\"standard\" data-fluid><div class=\"wpgb-card-wrapper\"><div class=\"wpgb-card-inner\"><div class=\"wpgb-card-media wpgb-scheme-light\"><svg data-ratio style=\"padding-top:58.21%\" viewBox=\"0 0 560 326\"><\/svg><div class=\"wpgb-card-media-thumbnail\"><a href=\"https:\/\/nivaagaard.dk\/wp-content\/smush-webp\/2023\/07\/P.C.-Skovgaard-Oliventraeer-ved-Olevano-med-bjerge-baggrunden-1869.jpg.webp\" tabindex=\"-1\" class=\"wpgb-handle-lb wpgb-lightbox\" data-type=\"image\" data-rel=\"4\" data-title=\"P.C. Skovgaard, Oliventr\u00e6er ved Olevano med bjerge baggrunden, 1869\" title=\"Enlarge photo\" data-smush-webp-fallback=\"{&quot;href&quot;:&quot;https:\\\/\\\/nivaagaard.dk\\\/wp-content\\\/uploads\\\/2023\\\/07\\\/P.C.-Skovgaard-Oliventraeer-ved-Olevano-med-bjerge-baggrunden-1869.jpg&quot;}\"><div style=\"background-image:inherit\" data-bg-image=\"url(https:\/\/nivaagaard.dk\/wp-content\/smush-webp\/2023\/07\/P.C.-Skovgaard-Oliventraeer-ved-Olevano-med-bjerge-baggrunden-1869.jpg.webp)\" class=\"lazyload\" data-smush-webp-fallback=\"{&quot;data-bg-image&quot;:&quot;url(https:\\\/\\\/nivaagaard.dk\\\/wp-content\\\/uploads\\\/2023\\\/07\\\/P.C.-Skovgaard-Oliventraeer-ved-Olevano-med-bjerge-baggrunden-1869.jpg)&quot;}\"><\/div><noscript><img loading=\"lazy\" decoding=\"async\" class=\"wpgb-noscript-img\" src=\"https:\/\/nivaagaard.dk\/wp-content\/uploads\/2023\/07\/P.C.-Skovgaard-Oliventraeer-ved-Olevano-med-bjerge-baggrunden-1869.jpg\" alt=\"\" height=\"326\" width=\"560\"><\/noscript><\/a><\/div><div class=\"wpgb-card-media-content\" data-action><div class=\"wpgb-card-media-content-center\"><a class=\"wpgb-block-1 wpgb-idle-scheme-1\" href=\"https:\/\/nivaagaard.dk\/en\/the-collection\/skovgaard-p-c-7\/\"><p>P. C. SKOVGAARD<\/p>\n<hr \/>\n<p><em>Olive Trees near Olevano,<\/em> 1869<\/p><\/a><\/div><a class=\"wpgb-card-layer-link\" href=\"https:\/\/nivaagaard.dk\/en\/the-collection\/skovgaard-p-c-7\/\"><\/a><\/div><\/div><\/div><\/div><\/article><article class=\"wpgb-card wpgb-card-13 wpgb-post-37850\" data-col=\"1\" data-row=\"1\" data-format=\"standard\" data-fluid><div class=\"wpgb-card-wrapper\"><div class=\"wpgb-card-inner\"><div class=\"wpgb-card-media wpgb-scheme-light\"><svg data-ratio style=\"padding-top:81.96%\" viewBox=\"0 0 560 459\"><\/svg><div class=\"wpgb-card-media-thumbnail\"><a href=\"https:\/\/nivaagaard.dk\/wp-content\/smush-webp\/2023\/07\/P.C.-Skovgaard-Landevej-i-Sabinerbjergene-1854.jpg.webp\" tabindex=\"-1\" class=\"wpgb-handle-lb wpgb-lightbox\" data-type=\"image\" data-rel=\"4\" data-title=\"P.C. Skovgaard, Landevej i Sabinerbjergene, 1854\" title=\"Enlarge photo\" data-smush-webp-fallback=\"{&quot;href&quot;:&quot;https:\\\/\\\/nivaagaard.dk\\\/wp-content\\\/uploads\\\/2023\\\/07\\\/P.C.-Skovgaard-Landevej-i-Sabinerbjergene-1854.jpg&quot;}\"><div style=\"background-image:inherit\" data-bg-image=\"url(https:\/\/nivaagaard.dk\/wp-content\/smush-webp\/2023\/07\/P.C.-Skovgaard-Landevej-i-Sabinerbjergene-1854.jpg.webp)\" class=\"lazyload\" data-smush-webp-fallback=\"{&quot;data-bg-image&quot;:&quot;url(https:\\\/\\\/nivaagaard.dk\\\/wp-content\\\/uploads\\\/2023\\\/07\\\/P.C.-Skovgaard-Landevej-i-Sabinerbjergene-1854.jpg)&quot;}\"><\/div><noscript><img loading=\"lazy\" decoding=\"async\" class=\"wpgb-noscript-img\" src=\"https:\/\/nivaagaard.dk\/wp-content\/uploads\/2023\/07\/P.C.-Skovgaard-Landevej-i-Sabinerbjergene-1854.jpg\" alt=\"\" height=\"459\" width=\"560\"><\/noscript><\/a><\/div><div class=\"wpgb-card-media-content\" data-action><div class=\"wpgb-card-media-content-center\"><a class=\"wpgb-block-1 wpgb-idle-scheme-1\" href=\"https:\/\/nivaagaard.dk\/en\/the-collection\/skovgaard-p-c-8\/\"><p>P. C. SKOVGAARD<\/p>\n<hr \/>\n<p><em>Country Road in the Sabine Hills<\/em><em>,<\/em> 1854<\/p><\/a><\/div><a class=\"wpgb-card-layer-link\" href=\"https:\/\/nivaagaard.dk\/en\/the-collection\/skovgaard-p-c-8\/\"><\/a><\/div><\/div><\/div><\/div><\/article><article class=\"wpgb-card wpgb-card-13 wpgb-post-37841\" data-col=\"1\" data-row=\"1\" data-format=\"standard\" data-fluid><div class=\"wpgb-card-wrapper\"><div class=\"wpgb-card-inner\"><div class=\"wpgb-card-media wpgb-scheme-light\"><svg data-ratio style=\"padding-top:74.64%\" viewBox=\"0 0 560 418\"><\/svg><div class=\"wpgb-card-media-thumbnail\"><a href=\"https:\/\/nivaagaard.dk\/wp-content\/smush-webp\/2023\/07\/Joergen-Sonne-Tre-ridende-kampagnoler-1872.jpg.webp\" tabindex=\"-1\" class=\"wpgb-handle-lb wpgb-lightbox\" data-type=\"image\" data-rel=\"4\" data-title=\"J\u00f8rgen Sonne, Tre ridende kampagnoler, 1872\" title=\"Enlarge photo\" data-smush-webp-fallback=\"{&quot;href&quot;:&quot;https:\\\/\\\/nivaagaard.dk\\\/wp-content\\\/uploads\\\/2023\\\/07\\\/Joergen-Sonne-Tre-ridende-kampagnoler-1872.jpg&quot;}\"><div style=\"background-image:inherit\" data-bg-image=\"url(https:\/\/nivaagaard.dk\/wp-content\/smush-webp\/2023\/07\/Joergen-Sonne-Tre-ridende-kampagnoler-1872.jpg.webp)\" class=\"lazyload\" data-smush-webp-fallback=\"{&quot;data-bg-image&quot;:&quot;url(https:\\\/\\\/nivaagaard.dk\\\/wp-content\\\/uploads\\\/2023\\\/07\\\/Joergen-Sonne-Tre-ridende-kampagnoler-1872.jpg)&quot;}\"><\/div><noscript><img loading=\"lazy\" decoding=\"async\" class=\"wpgb-noscript-img\" src=\"https:\/\/nivaagaard.dk\/wp-content\/uploads\/2023\/07\/Joergen-Sonne-Tre-ridende-kampagnoler-1872.jpg\" alt=\"\" height=\"418\" width=\"560\"><\/noscript><\/a><\/div><div class=\"wpgb-card-media-content\" data-action><div class=\"wpgb-card-media-content-center\"><a class=\"wpgb-block-1 wpgb-idle-scheme-1\" href=\"https:\/\/nivaagaard.dk\/en\/the-collection\/sonne-joergen\/\"><p>J\u00d8RGEN SONNE<\/p>\n<hr \/>\n<p><em>Three riding campagnols<\/em>, 1872<\/p><\/a><\/div><a class=\"wpgb-card-layer-link\" href=\"https:\/\/nivaagaard.dk\/en\/the-collection\/sonne-joergen\/\"><\/a><\/div><\/div><\/div><\/div><\/article><article class=\"wpgb-card wpgb-card-13 wpgb-post-37842\" data-col=\"1\" data-row=\"1\" data-format=\"standard\" data-fluid><div class=\"wpgb-card-wrapper\"><div class=\"wpgb-card-inner\"><div class=\"wpgb-card-media wpgb-scheme-light\"><svg data-ratio style=\"padding-top:75.54%\" viewBox=\"0 0 560 423\"><\/svg><div class=\"wpgb-card-media-thumbnail\"><a href=\"https:\/\/nivaagaard.dk\/wp-content\/smush-webp\/2023\/07\/Joergen-Sonne-Hyrder-i-den-romerske-campagna-1835.jpg.webp\" tabindex=\"-1\" class=\"wpgb-handle-lb wpgb-lightbox\" data-type=\"image\" data-rel=\"4\" data-title=\"J\u00f8rgen Sonne, Hyrder i den romerske campagna, 1835\" title=\"Enlarge photo\" data-smush-webp-fallback=\"{&quot;href&quot;:&quot;https:\\\/\\\/nivaagaard.dk\\\/wp-content\\\/uploads\\\/2023\\\/07\\\/Joergen-Sonne-Hyrder-i-den-romerske-campagna-1835.jpg&quot;}\"><div style=\"background-image:inherit\" data-bg-image=\"url(https:\/\/nivaagaard.dk\/wp-content\/smush-webp\/2023\/07\/Joergen-Sonne-Hyrder-i-den-romerske-campagna-1835.jpg.webp)\" class=\"lazyload\" data-smush-webp-fallback=\"{&quot;data-bg-image&quot;:&quot;url(https:\\\/\\\/nivaagaard.dk\\\/wp-content\\\/uploads\\\/2023\\\/07\\\/Joergen-Sonne-Hyrder-i-den-romerske-campagna-1835.jpg)&quot;}\"><\/div><noscript><img loading=\"lazy\" decoding=\"async\" class=\"wpgb-noscript-img\" src=\"https:\/\/nivaagaard.dk\/wp-content\/uploads\/2023\/07\/Joergen-Sonne-Hyrder-i-den-romerske-campagna-1835.jpg\" alt=\"\" height=\"423\" width=\"560\"><\/noscript><\/a><\/div><div class=\"wpgb-card-media-content\" data-action><div class=\"wpgb-card-media-content-center\"><a class=\"wpgb-block-1 wpgb-idle-scheme-1\" href=\"https:\/\/nivaagaard.dk\/en\/the-collection\/sonne-joergen-2\/\"><p>J\u00d8RGEN SONNE<\/p>\n<hr \/>\n<p><em>Shepherds in the Roman Campagna<\/em>, 1835<\/p><\/a><\/div><a class=\"wpgb-card-layer-link\" href=\"https:\/\/nivaagaard.dk\/en\/the-collection\/sonne-joergen-2\/\"><\/a><\/div><\/div><\/div><\/div><\/article><article class=\"wpgb-card wpgb-card-13 wpgb-post-38010\" data-col=\"1\" data-row=\"1\" data-format=\"standard\" data-fluid><div class=\"wpgb-card-wrapper\"><div class=\"wpgb-card-inner\"><div class=\"wpgb-card-media wpgb-scheme-light\"><svg data-ratio style=\"padding-top:70%\" viewBox=\"0 0 560 392\"><\/svg><div class=\"wpgb-card-media-thumbnail\"><a href=\"https:\/\/nivaagaard.dk\/wp-content\/smush-webp\/2023\/07\/Joergen-Sonne-Tegnet-forstudie-til-Hyrder-i-den-romerske-Campagna-ca.-1835.jpg.webp\" tabindex=\"-1\" class=\"wpgb-handle-lb wpgb-lightbox\" data-type=\"image\" data-rel=\"4\" data-title=\"J\u00f8rgen Sonne, Tegnet forstudie til Hyrder i den romerske Campagna, ca. 1835\" title=\"Enlarge photo\" data-smush-webp-fallback=\"{&quot;href&quot;:&quot;https:\\\/\\\/nivaagaard.dk\\\/wp-content\\\/uploads\\\/2023\\\/07\\\/Joergen-Sonne-Tegnet-forstudie-til-Hyrder-i-den-romerske-Campagna-ca.-1835.jpg&quot;}\"><div style=\"background-image:inherit\" data-bg-image=\"url(https:\/\/nivaagaard.dk\/wp-content\/smush-webp\/2023\/07\/Joergen-Sonne-Tegnet-forstudie-til-Hyrder-i-den-romerske-Campagna-ca.-1835.jpg.webp)\" class=\"lazyload\" data-smush-webp-fallback=\"{&quot;data-bg-image&quot;:&quot;url(https:\\\/\\\/nivaagaard.dk\\\/wp-content\\\/uploads\\\/2023\\\/07\\\/Joergen-Sonne-Tegnet-forstudie-til-Hyrder-i-den-romerske-Campagna-ca.-1835.jpg)&quot;}\"><\/div><noscript><img loading=\"lazy\" decoding=\"async\" class=\"wpgb-noscript-img\" src=\"https:\/\/nivaagaard.dk\/wp-content\/uploads\/2023\/07\/Joergen-Sonne-Tegnet-forstudie-til-Hyrder-i-den-romerske-Campagna-ca.-1835.jpg\" alt=\"\" height=\"392\" width=\"560\"><\/noscript><\/a><\/div><div class=\"wpgb-card-media-content\" data-action><div class=\"wpgb-card-media-content-center\"><a class=\"wpgb-block-1 wpgb-idle-scheme-1\" href=\"https:\/\/nivaagaard.dk\/en\/the-collection\/sonne-joergen-3\/\"><p>J\u00d8RGEN SONNE<\/p>\n<hr \/>\n<p>Study for <em>Shepherds in the Roman Campagna<\/em>, c. 1835<\/p><\/a><\/div><a class=\"wpgb-card-layer-link\" href=\"https:\/\/nivaagaard.dk\/en\/the-collection\/sonne-joergen-3\/\"><\/a><\/div><\/div><\/div><\/div><\/article><article class=\"wpgb-card wpgb-card-13 wpgb-post-38013\" data-col=\"1\" data-row=\"1\" data-format=\"standard\" data-fluid><div class=\"wpgb-card-wrapper\"><div class=\"wpgb-card-inner\"><div class=\"wpgb-card-media wpgb-scheme-light\"><svg data-ratio style=\"padding-top:84.11%\" viewBox=\"0 0 560 471\"><\/svg><div class=\"wpgb-card-media-thumbnail\"><a href=\"https:\/\/nivaagaard.dk\/wp-content\/smush-webp\/2023\/07\/Ubekendt-italiensk-kunstner-To-kvinder-med-kop-u.aa_.jpg.webp\" tabindex=\"-1\" class=\"wpgb-handle-lb wpgb-lightbox\" data-type=\"image\" data-rel=\"4\" data-title=\"Photo \u00a9 Torben  Christensen @ Copenhagen\" data-desc=\"Photo \u00a9 Torben  Christensen @ Copenhagen\" title=\"Enlarge photo\" data-smush-webp-fallback=\"{&quot;href&quot;:&quot;https:\\\/\\\/nivaagaard.dk\\\/wp-content\\\/uploads\\\/2023\\\/07\\\/Ubekendt-italiensk-kunstner-To-kvinder-med-kop-u.aa_.jpg&quot;}\"><div style=\"background-image:inherit\" data-bg-image=\"url(https:\/\/nivaagaard.dk\/wp-content\/smush-webp\/2023\/07\/Ubekendt-italiensk-kunstner-To-kvinder-med-kop-u.aa_.jpg.webp)\" class=\"lazyload\" data-smush-webp-fallback=\"{&quot;data-bg-image&quot;:&quot;url(https:\\\/\\\/nivaagaard.dk\\\/wp-content\\\/uploads\\\/2023\\\/07\\\/Ubekendt-italiensk-kunstner-To-kvinder-med-kop-u.aa_.jpg)&quot;}\"><\/div><noscript><img loading=\"lazy\" decoding=\"async\" class=\"wpgb-noscript-img\" src=\"https:\/\/nivaagaard.dk\/wp-content\/uploads\/2023\/07\/Ubekendt-italiensk-kunstner-To-kvinder-med-kop-u.aa_.jpg\" alt=\"\" height=\"471\" width=\"560\"><\/noscript><\/a><\/div><div class=\"wpgb-card-media-content\" data-action><div class=\"wpgb-card-media-content-center\"><a class=\"wpgb-block-1 wpgb-idle-scheme-1\" href=\"https:\/\/nivaagaard.dk\/en\/the-collection\/unknown-artist-10\/\"><p>UNKNOWN ITALIAN ARTIST<\/p>\n<hr \/>\n<p><em>Two women with a cup<\/em>, n.d.<\/p><\/a><\/div><a class=\"wpgb-card-layer-link\" href=\"https:\/\/nivaagaard.dk\/en\/the-collection\/unknown-artist-10\/\"><\/a><\/div><\/div><\/div><\/div><\/article><article class=\"wpgb-card wpgb-card-13 wpgb-post-38021\" data-col=\"1\" data-row=\"1\" data-format=\"standard\" data-fluid><div class=\"wpgb-card-wrapper\"><div class=\"wpgb-card-inner\"><div class=\"wpgb-card-media wpgb-scheme-light\"><svg data-ratio style=\"padding-top:122.86%\" viewBox=\"0 0 560 688\"><\/svg><div class=\"wpgb-card-media-thumbnail\"><a href=\"https:\/\/nivaagaard.dk\/wp-content\/smush-webp\/2023\/07\/Ubekendt-kunstner-Kopi-efter-Albert-Kuchler-Fru-Marie-Lehmann-f.-Puggaard-som-italienerinde-med-tamburin-u.aa_.-0089NMK.jpg.webp\" tabindex=\"-1\" class=\"wpgb-handle-lb wpgb-lightbox\" data-type=\"image\" data-rel=\"4\" data-title=\"Ubekendt kunstner, Kopi efter Albert K\u00fcchler Fru Marie Lehmann, f. Puggaard, som italienerinde med tamburin, u.\u00e5. 0089NMK\" title=\"Enlarge photo\" data-smush-webp-fallback=\"{&quot;href&quot;:&quot;https:\\\/\\\/nivaagaard.dk\\\/wp-content\\\/uploads\\\/2023\\\/07\\\/Ubekendt-kunstner-Kopi-efter-Albert-Kuchler-Fru-Marie-Lehmann-f.-Puggaard-som-italienerinde-med-tamburin-u.aa_.-0089NMK.jpg&quot;}\"><div style=\"background-image:inherit\" data-bg-image=\"url(https:\/\/nivaagaard.dk\/wp-content\/smush-webp\/2023\/07\/Ubekendt-kunstner-Kopi-efter-Albert-Kuchler-Fru-Marie-Lehmann-f.-Puggaard-som-italienerinde-med-tamburin-u.aa_.-0089NMK.jpg.webp)\" class=\"lazyload\" data-smush-webp-fallback=\"{&quot;data-bg-image&quot;:&quot;url(https:\\\/\\\/nivaagaard.dk\\\/wp-content\\\/uploads\\\/2023\\\/07\\\/Ubekendt-kunstner-Kopi-efter-Albert-Kuchler-Fru-Marie-Lehmann-f.-Puggaard-som-italienerinde-med-tamburin-u.aa_.-0089NMK.jpg)&quot;}\"><\/div><noscript><img loading=\"lazy\" decoding=\"async\" class=\"wpgb-noscript-img\" src=\"https:\/\/nivaagaard.dk\/wp-content\/uploads\/2023\/07\/Ubekendt-kunstner-Kopi-efter-Albert-Kuchler-Fru-Marie-Lehmann-f.-Puggaard-som-italienerinde-med-tamburin-u.aa_.-0089NMK.jpg\" alt=\"\" height=\"688\" width=\"560\"><\/noscript><\/a><\/div><div class=\"wpgb-card-media-content\" data-action><div class=\"wpgb-card-media-content-center\"><a class=\"wpgb-block-1 wpgb-idle-scheme-1\" href=\"https:\/\/nivaagaard.dk\/en\/the-collection\/unknown-artist-11\/\"><p>UNKNOWN ARTIST<\/p>\n<hr \/>\n<p>Copy after Albert K\u00fcchler: <em>Mrs Marie Lehmann (1821-1849), n\u00e9e Puggaard, as an Italian Woman with a Tambourine <\/em>, n.d.<\/p><\/a><\/div><a class=\"wpgb-card-layer-link\" href=\"https:\/\/nivaagaard.dk\/en\/the-collection\/unknown-artist-11\/\"><\/a><\/div><\/div><\/div><\/div><\/article><article class=\"wpgb-card wpgb-card-13 wpgb-post-38031\" data-col=\"1\" data-row=\"1\" data-format=\"standard\" data-fluid><div class=\"wpgb-card-wrapper\"><div class=\"wpgb-card-inner\"><div class=\"wpgb-card-media wpgb-scheme-light\"><svg data-ratio style=\"padding-top:133.39%\" viewBox=\"0 0 560 747\"><\/svg><div class=\"wpgb-card-media-thumbnail\"><a href=\"https:\/\/nivaagaard.dk\/wp-content\/smush-webp\/2023\/07\/Ubekendt-kunstner-Portraet-af-Christopher-Hage-u.aa_.jpg.webp\" tabindex=\"-1\" class=\"wpgb-handle-lb wpgb-lightbox\" data-type=\"image\" data-rel=\"4\" data-title=\"Ubekendt kunstner &#8211; Portr\u00e6t af Christopher Hage, u.\u00e5.\" data-desc=\"Ubekendt kunstner &#8211; Portr\u00e6t af Christopher Hage, u.\u00e5.\" title=\"Enlarge photo\" data-smush-webp-fallback=\"{&quot;href&quot;:&quot;https:\\\/\\\/nivaagaard.dk\\\/wp-content\\\/uploads\\\/2023\\\/07\\\/Ubekendt-kunstner-Portraet-af-Christopher-Hage-u.aa_.jpg&quot;}\"><div style=\"background-image:inherit\" data-bg-image=\"url(https:\/\/nivaagaard.dk\/wp-content\/smush-webp\/2023\/07\/Ubekendt-kunstner-Portraet-af-Christopher-Hage-u.aa_.jpg.webp)\" class=\"lazyload\" data-smush-webp-fallback=\"{&quot;data-bg-image&quot;:&quot;url(https:\\\/\\\/nivaagaard.dk\\\/wp-content\\\/uploads\\\/2023\\\/07\\\/Ubekendt-kunstner-Portraet-af-Christopher-Hage-u.aa_.jpg)&quot;}\"><\/div><noscript><img loading=\"lazy\" decoding=\"async\" class=\"wpgb-noscript-img\" src=\"https:\/\/nivaagaard.dk\/wp-content\/uploads\/2023\/07\/Ubekendt-kunstner-Portraet-af-Christopher-Hage-u.aa_.jpg\" alt=\"\" height=\"747\" width=\"560\"><\/noscript><\/a><\/div><div class=\"wpgb-card-media-content\" data-action><div class=\"wpgb-card-media-content-center\"><a class=\"wpgb-block-1 wpgb-idle-scheme-1\" href=\"https:\/\/nivaagaard.dk\/en\/the-collection\/unknown-artist-13\/\"><p>UNKNOWN ARTIST<\/p>\n<hr \/>\n<p><em>Portrait of Christopher Hage<\/em>, n.d.<\/p><\/a><\/div><a class=\"wpgb-card-layer-link\" href=\"https:\/\/nivaagaard.dk\/en\/the-collection\/unknown-artist-13\/\"><\/a><\/div><\/div><\/div><\/div><\/article><article class=\"wpgb-card wpgb-card-13 wpgb-post-37819\" data-col=\"1\" data-row=\"1\" data-format=\"standard\" data-fluid><div class=\"wpgb-card-wrapper\"><div class=\"wpgb-card-inner\"><div class=\"wpgb-card-media wpgb-scheme-light\"><svg data-ratio style=\"padding-top:77.14%\" viewBox=\"0 0 560 432\"><\/svg><div class=\"wpgb-card-media-thumbnail\"><a href=\"https:\/\/nivaagaard.dk\/wp-content\/smush-webp\/2023\/07\/Frederik-Vermehren-Gadeparti-fra-Gerano-i-Sabinerbjergene-1856.jpg.webp\" tabindex=\"-1\" class=\"wpgb-handle-lb wpgb-lightbox\" data-type=\"image\" data-rel=\"4\" data-title=\"Frederik Vermehren, Gadeparti fra Gerano i Sabinerbjergene, 1856\" title=\"Enlarge photo\" data-smush-webp-fallback=\"{&quot;href&quot;:&quot;https:\\\/\\\/nivaagaard.dk\\\/wp-content\\\/uploads\\\/2023\\\/07\\\/Frederik-Vermehren-Gadeparti-fra-Gerano-i-Sabinerbjergene-1856.jpg&quot;}\"><div style=\"background-image:inherit\" data-bg-image=\"url(https:\/\/nivaagaard.dk\/wp-content\/smush-webp\/2023\/07\/Frederik-Vermehren-Gadeparti-fra-Gerano-i-Sabinerbjergene-1856.jpg.webp)\" class=\"lazyload\" data-smush-webp-fallback=\"{&quot;data-bg-image&quot;:&quot;url(https:\\\/\\\/nivaagaard.dk\\\/wp-content\\\/uploads\\\/2023\\\/07\\\/Frederik-Vermehren-Gadeparti-fra-Gerano-i-Sabinerbjergene-1856.jpg)&quot;}\"><\/div><noscript><img loading=\"lazy\" decoding=\"async\" class=\"wpgb-noscript-img\" src=\"https:\/\/nivaagaard.dk\/wp-content\/uploads\/2023\/07\/Frederik-Vermehren-Gadeparti-fra-Gerano-i-Sabinerbjergene-1856.jpg\" alt=\"\" height=\"432\" width=\"560\"><\/noscript><\/a><\/div><div class=\"wpgb-card-media-content\" data-action><div class=\"wpgb-card-media-content-center\"><a class=\"wpgb-block-1 wpgb-idle-scheme-1\" href=\"https:\/\/nivaagaard.dk\/en\/the-collection\/vermehren-frederik\/\"><p>FREDERIK VERMEHREN<\/p>\n<hr \/>\n<p><em>Street in Gerano in the Sabine Hills<\/em>, 1856<\/p><\/a><\/div><a class=\"wpgb-card-layer-link\" href=\"https:\/\/nivaagaard.dk\/en\/the-collection\/vermehren-frederik\/\"><\/a><\/div><\/div><\/div><\/div><\/article><article class=\"wpgb-card wpgb-card-13 wpgb-post-37820\" data-col=\"1\" data-row=\"1\" data-format=\"standard\" data-fluid><div class=\"wpgb-card-wrapper\"><div class=\"wpgb-card-inner\"><div class=\"wpgb-card-media wpgb-scheme-light\"><svg data-ratio style=\"padding-top:121.07%\" viewBox=\"0 0 560 678\"><\/svg><div class=\"wpgb-card-media-thumbnail\"><a href=\"https:\/\/nivaagaard.dk\/wp-content\/smush-webp\/2023\/07\/Frederik-Vermehren-Fiskerkone-fra-Hornbaek-1883.jpg.webp\" tabindex=\"-1\" class=\"wpgb-handle-lb wpgb-lightbox\" data-type=\"image\" data-rel=\"4\" data-title=\"Frederik Vermehren, Fiskerkone fra Hornb\u00e6k, 1883\" title=\"Enlarge photo\" data-smush-webp-fallback=\"{&quot;href&quot;:&quot;https:\\\/\\\/nivaagaard.dk\\\/wp-content\\\/uploads\\\/2023\\\/07\\\/Frederik-Vermehren-Fiskerkone-fra-Hornbaek-1883.jpg&quot;}\"><div style=\"background-image:inherit\" data-bg-image=\"url(https:\/\/nivaagaard.dk\/wp-content\/smush-webp\/2023\/07\/Frederik-Vermehren-Fiskerkone-fra-Hornbaek-1883.jpg.webp)\" class=\"lazyload\" data-smush-webp-fallback=\"{&quot;data-bg-image&quot;:&quot;url(https:\\\/\\\/nivaagaard.dk\\\/wp-content\\\/uploads\\\/2023\\\/07\\\/Frederik-Vermehren-Fiskerkone-fra-Hornbaek-1883.jpg)&quot;}\"><\/div><noscript><img loading=\"lazy\" decoding=\"async\" class=\"wpgb-noscript-img\" src=\"https:\/\/nivaagaard.dk\/wp-content\/uploads\/2023\/07\/Frederik-Vermehren-Fiskerkone-fra-Hornbaek-1883.jpg\" alt=\"\" height=\"678\" width=\"560\"><\/noscript><\/a><\/div><div class=\"wpgb-card-media-content\" data-action><div class=\"wpgb-card-media-content-center\"><a class=\"wpgb-block-1 wpgb-idle-scheme-1\" href=\"https:\/\/nivaagaard.dk\/en\/the-collection\/vermehren-frederik-2\/\"><p>FREDERIK VERMEHREN<\/p>\n<hr \/>\n<p><em>Fisherman&#8217;s wife from Hornb\u00e6k<\/em>, 1883<\/p><\/a><\/div><a class=\"wpgb-card-layer-link\" href=\"https:\/\/nivaagaard.dk\/en\/the-collection\/vermehren-frederik-2\/\"><\/a><\/div><\/div><\/div><\/div><\/article><article class=\"wpgb-card wpgb-card-13 wpgb-post-37821\" data-col=\"1\" data-row=\"1\" data-format=\"standard\" data-fluid><div class=\"wpgb-card-wrapper\"><div class=\"wpgb-card-inner\"><div class=\"wpgb-card-media wpgb-scheme-light\"><svg data-ratio style=\"padding-top:132.5%\" viewBox=\"0 0 560 742\"><\/svg><div class=\"wpgb-card-media-thumbnail\"><a href=\"https:\/\/nivaagaard.dk\/wp-content\/smush-webp\/2023\/07\/Frederik-Vermehren-En-italiensk-hyrdedreng-1856.jpg.webp\" tabindex=\"-1\" class=\"wpgb-handle-lb wpgb-lightbox\" data-type=\"image\" data-rel=\"4\" data-title=\"Frederik Vermehren, En italiensk hyrdedreng, 1856\" title=\"Enlarge photo\" data-smush-webp-fallback=\"{&quot;href&quot;:&quot;https:\\\/\\\/nivaagaard.dk\\\/wp-content\\\/uploads\\\/2023\\\/07\\\/Frederik-Vermehren-En-italiensk-hyrdedreng-1856.jpg&quot;}\"><div style=\"background-image:inherit\" data-bg-image=\"url(https:\/\/nivaagaard.dk\/wp-content\/smush-webp\/2023\/07\/Frederik-Vermehren-En-italiensk-hyrdedreng-1856.jpg.webp)\" class=\"lazyload\" data-smush-webp-fallback=\"{&quot;data-bg-image&quot;:&quot;url(https:\\\/\\\/nivaagaard.dk\\\/wp-content\\\/uploads\\\/2023\\\/07\\\/Frederik-Vermehren-En-italiensk-hyrdedreng-1856.jpg)&quot;}\"><\/div><noscript><img loading=\"lazy\" decoding=\"async\" class=\"wpgb-noscript-img\" src=\"https:\/\/nivaagaard.dk\/wp-content\/uploads\/2023\/07\/Frederik-Vermehren-En-italiensk-hyrdedreng-1856.jpg\" alt=\"\" height=\"742\" width=\"560\"><\/noscript><\/a><\/div><div class=\"wpgb-card-media-content\" data-action><div class=\"wpgb-card-media-content-center\"><a class=\"wpgb-block-1 wpgb-idle-scheme-1\" href=\"https:\/\/nivaagaard.dk\/en\/the-collection\/vermehren-frederik-3\/\"><p>FREDERIK VERMEHREN<\/p>\n<hr \/>\n<p><em>An Italian shepherd boy<\/em>, 1856<\/p><\/a><\/div><a class=\"wpgb-card-layer-link\" href=\"https:\/\/nivaagaard.dk\/en\/the-collection\/vermehren-frederik-3\/\"><\/a><\/div><\/div><\/div><\/div><\/article><article class=\"wpgb-card wpgb-card-13 wpgb-post-37822\" data-col=\"1\" data-row=\"1\" data-format=\"standard\" data-fluid><div class=\"wpgb-card-wrapper\"><div class=\"wpgb-card-inner\"><div class=\"wpgb-card-media wpgb-scheme-light\"><svg data-ratio style=\"padding-top:128.21%\" viewBox=\"0 0 560 718\"><\/svg><div class=\"wpgb-card-media-thumbnail\"><a href=\"https:\/\/nivaagaard.dk\/wp-content\/smush-webp\/2023\/07\/Frederik-Vermehren-Brystbillede-af-en-graaskaegget-italiensk-landboer-1856.jpg.webp\" tabindex=\"-1\" class=\"wpgb-handle-lb wpgb-lightbox\" data-type=\"image\" data-rel=\"4\" data-title=\"Frederik Vermehren, Brystbillede af en gr\u00e5sk\u00e6gget italiensk landboer, 1856\" title=\"Enlarge photo\" data-smush-webp-fallback=\"{&quot;href&quot;:&quot;https:\\\/\\\/nivaagaard.dk\\\/wp-content\\\/uploads\\\/2023\\\/07\\\/Frederik-Vermehren-Brystbillede-af-en-graaskaegget-italiensk-landboer-1856.jpg&quot;}\"><div style=\"background-image:inherit\" data-bg-image=\"url(https:\/\/nivaagaard.dk\/wp-content\/smush-webp\/2023\/07\/Frederik-Vermehren-Brystbillede-af-en-graaskaegget-italiensk-landboer-1856.jpg.webp)\" class=\"lazyload\" data-smush-webp-fallback=\"{&quot;data-bg-image&quot;:&quot;url(https:\\\/\\\/nivaagaard.dk\\\/wp-content\\\/uploads\\\/2023\\\/07\\\/Frederik-Vermehren-Brystbillede-af-en-graaskaegget-italiensk-landboer-1856.jpg)&quot;}\"><\/div><noscript><img loading=\"lazy\" decoding=\"async\" class=\"wpgb-noscript-img\" src=\"https:\/\/nivaagaard.dk\/wp-content\/uploads\/2023\/07\/Frederik-Vermehren-Brystbillede-af-en-graaskaegget-italiensk-landboer-1856.jpg\" alt=\"\" height=\"718\" width=\"560\"><\/noscript><\/a><\/div><div class=\"wpgb-card-media-content\" data-action><div class=\"wpgb-card-media-content-center\"><a class=\"wpgb-block-1 wpgb-idle-scheme-1\" href=\"https:\/\/nivaagaard.dk\/en\/the-collection\/vermehren-frederik-4\/\"><p>FREDERIK VERMEHREN<\/p>\n<hr \/>\n<p><em>A grey-bearded Italian farmer<\/em>, 1856<\/p><\/a><\/div><a class=\"wpgb-card-layer-link\" href=\"https:\/\/nivaagaard.dk\/en\/the-collection\/vermehren-frederik-4\/\"><\/a><\/div><\/div><\/div><\/div><\/article><article class=\"wpgb-card wpgb-card-13 wpgb-post-136034\" data-col=\"1\" data-row=\"1\" data-format=\"standard\" data-fluid><div class=\"wpgb-card-wrapper\"><div class=\"wpgb-card-inner\"><div class=\"wpgb-card-media wpgb-scheme-light\"><svg data-ratio style=\"padding-top:92.45%\" viewBox=\"0 0 768 710\"><\/svg><div class=\"wpgb-card-media-thumbnail\"><a href=\"https:\/\/nivaagaard.dk\/wp-content\/smush-webp\/2025\/12\/Wilhelm-Marstrand-Petra-Marstrand-foedt-Smith.-1773-1844-1826.jpg.webp\" tabindex=\"-1\" class=\"wpgb-handle-lb wpgb-lightbox\" data-type=\"image\" data-rel=\"4\" data-title=\"Wilhelm Marstrand,Petra Marstrand, f\u00f8dt Smith. 1773-1844(?), 1826\" data-desc=\"Wilhelm Marstrand,Petra Marstrand, f\u00f8dt Smith. 1773-1844(?), 1826\" title=\"Enlarge photo\" data-smush-webp-fallback=\"{&quot;href&quot;:&quot;https:\\\/\\\/nivaagaard.dk\\\/wp-content\\\/uploads\\\/2025\\\/12\\\/Wilhelm-Marstrand-Petra-Marstrand-foedt-Smith.-1773-1844-1826.jpg&quot;}\"><div style=\"background-image:inherit\" data-bg-image=\"url(https:\/\/nivaagaard.dk\/wp-content\/smush-webp\/2025\/12\/Wilhelm-Marstrand-Petra-Marstrand-foedt-Smith.-1773-1844-1826-768x710.jpg.webp)\" class=\"lazyload\" data-smush-webp-fallback=\"{&quot;data-bg-image&quot;:&quot;url(https:\\\/\\\/nivaagaard.dk\\\/wp-content\\\/uploads\\\/2025\\\/12\\\/Wilhelm-Marstrand-Petra-Marstrand-foedt-Smith.-1773-1844-1826-768x710.jpg)&quot;}\"><\/div><noscript><img loading=\"lazy\" decoding=\"async\" class=\"wpgb-noscript-img\" src=\"https:\/\/nivaagaard.dk\/wp-content\/uploads\/2025\/12\/Wilhelm-Marstrand-Petra-Marstrand-foedt-Smith.-1773-1844-1826-768x710.jpg\" alt=\"\" height=\"710\" width=\"768\"><\/noscript><\/a><\/div><div class=\"wpgb-card-media-content\" data-action><div class=\"wpgb-card-media-content-center\"><a class=\"wpgb-block-1 wpgb-idle-scheme-1\" href=\"https:\/\/nivaagaard.dk\/en\/the-collection\/wilhelm-marstrand\/\"><p>WILHELM MARSTRAND<\/p>\n<hr \/>\n<p><em>Petra Marstrand, f\u00f8dt Smith. 1773-1844(?)<\/em>, 1826<\/p><\/a><\/div><a class=\"wpgb-card-layer-link\" href=\"https:\/\/nivaagaard.dk\/en\/the-collection\/wilhelm-marstrand\/\"><\/a><\/div><\/div><\/div><\/div><\/article><article class=\"wpgb-card wpgb-card-13 wpgb-post-136043\" data-col=\"1\" data-row=\"1\" data-format=\"standard\" data-fluid><div class=\"wpgb-card-wrapper\"><div class=\"wpgb-card-inner\"><div class=\"wpgb-card-media wpgb-scheme-light\"><svg data-ratio style=\"padding-top:72.4%\" viewBox=\"0 0 768 556\"><\/svg><div class=\"wpgb-card-media-thumbnail\"><a href=\"https:\/\/nivaagaard.dk\/wp-content\/smush-webp\/2025\/12\/Wilhelm-Marstrand-Jacob-Nikolaj-Marstand-1770-1829-1827.jpg.webp\" tabindex=\"-1\" class=\"wpgb-handle-lb wpgb-lightbox\" data-type=\"image\" data-rel=\"4\" data-title=\"Wilhelm Marstrand, Jacob Nikolaj Marstand, 1770-1829, 1827\" data-desc=\"Wilhelm Marstrand, Jacob Nikolaj Marstand, 1770-1829, 1827\" title=\"Enlarge photo\" data-smush-webp-fallback=\"{&quot;href&quot;:&quot;https:\\\/\\\/nivaagaard.dk\\\/wp-content\\\/uploads\\\/2025\\\/12\\\/Wilhelm-Marstrand-Jacob-Nikolaj-Marstand-1770-1829-1827.jpg&quot;}\"><div style=\"background-image:inherit\" data-bg-image=\"url(https:\/\/nivaagaard.dk\/wp-content\/smush-webp\/2025\/12\/Wilhelm-Marstrand-Jacob-Nikolaj-Marstand-1770-1829-1827-768x556.jpg.webp)\" class=\"lazyload\" data-smush-webp-fallback=\"{&quot;data-bg-image&quot;:&quot;url(https:\\\/\\\/nivaagaard.dk\\\/wp-content\\\/uploads\\\/2025\\\/12\\\/Wilhelm-Marstrand-Jacob-Nikolaj-Marstand-1770-1829-1827-768x556.jpg)&quot;}\"><\/div><noscript><img loading=\"lazy\" decoding=\"async\" class=\"wpgb-noscript-img\" src=\"https:\/\/nivaagaard.dk\/wp-content\/uploads\/2025\/12\/Wilhelm-Marstrand-Jacob-Nikolaj-Marstand-1770-1829-1827-768x556.jpg\" alt=\"\" height=\"556\" width=\"768\"><\/noscript><\/a><\/div><div class=\"wpgb-card-media-content\" data-action><div class=\"wpgb-card-media-content-center\"><a class=\"wpgb-block-1 wpgb-idle-scheme-1\" href=\"https:\/\/nivaagaard.dk\/en\/the-collection\/wilhelm-marstrand-2\/\"><p>WILHELM MARSTRAND<\/p>\n<hr \/>\n<p><em>Jacob Nikolaj Marstand (1770-1829)<\/em>, 1827<\/p><\/a><\/div><a class=\"wpgb-card-layer-link\" href=\"https:\/\/nivaagaard.dk\/en\/the-collection\/wilhelm-marstrand-2\/\"><\/a><\/div><\/div><\/div><\/div><\/article><article class=\"wpgb-card wpgb-card-13 wpgb-post-38041\" data-col=\"1\" data-row=\"1\" data-format=\"standard\" data-fluid><div class=\"wpgb-card-wrapper\"><div class=\"wpgb-card-inner\"><div class=\"wpgb-card-media wpgb-scheme-light\"><svg data-ratio style=\"padding-top:79.82%\" viewBox=\"0 0 560 447\"><\/svg><div class=\"wpgb-card-media-thumbnail\"><a href=\"https:\/\/nivaagaard.dk\/wp-content\/smush-webp\/2023\/07\/Wilhelm-Marstrand-Maria-Rom-1837.jpg.webp\" tabindex=\"-1\" class=\"wpgb-handle-lb wpgb-lightbox\" data-type=\"image\" data-rel=\"4\" data-title=\"Wilhelm Marstrand, Maria, Rom, 1837\" data-desc=\"Wilhelm Marstrand, Maria, Rom, 1837\" title=\"Enlarge photo\" data-smush-webp-fallback=\"{&quot;href&quot;:&quot;https:\\\/\\\/nivaagaard.dk\\\/wp-content\\\/uploads\\\/2023\\\/07\\\/Wilhelm-Marstrand-Maria-Rom-1837.jpg&quot;}\"><div style=\"background-image:inherit\" data-bg-image=\"url(https:\/\/nivaagaard.dk\/wp-content\/smush-webp\/2023\/07\/Wilhelm-Marstrand-Maria-Rom-1837.jpg.webp)\" class=\"lazyload\" data-smush-webp-fallback=\"{&quot;data-bg-image&quot;:&quot;url(https:\\\/\\\/nivaagaard.dk\\\/wp-content\\\/uploads\\\/2023\\\/07\\\/Wilhelm-Marstrand-Maria-Rom-1837.jpg)&quot;}\"><\/div><noscript><img loading=\"lazy\" decoding=\"async\" class=\"wpgb-noscript-img\" src=\"https:\/\/nivaagaard.dk\/wp-content\/uploads\/2023\/07\/Wilhelm-Marstrand-Maria-Rom-1837.jpg\" alt=\"\" height=\"447\" width=\"560\"><\/noscript><\/a><\/div><div class=\"wpgb-card-media-content\" data-action><div class=\"wpgb-card-media-content-center\"><a class=\"wpgb-block-1 wpgb-idle-scheme-1\" href=\"https:\/\/nivaagaard.dk\/en\/the-collection\/wilhelm-marstrand-maria-rome-1837\/\"><p>WILHELM MARSTRAND<\/p>\n<hr \/>\n<p><em>Maria<\/em>, Rome, 1837<\/p><\/a><\/div><a class=\"wpgb-card-layer-link\" href=\"https:\/\/nivaagaard.dk\/en\/the-collection\/wilhelm-marstrand-maria-rome-1837\/\"><\/a><\/div><\/div><\/div><\/div><\/article><article class=\"wpgb-card wpgb-card-13 wpgb-post-38037\" data-col=\"1\" data-row=\"1\" data-format=\"standard\" data-fluid><div class=\"wpgb-card-wrapper\"><div class=\"wpgb-card-inner\"><div class=\"wpgb-card-media wpgb-scheme-light\"><svg data-ratio style=\"padding-top:190.71%\" viewBox=\"0 0 560 1068\"><\/svg><div class=\"wpgb-card-media-thumbnail\"><a href=\"https:\/\/nivaagaard.dk\/wp-content\/smush-webp\/2023\/07\/Wilhelm-Marstrand-Portraet-af-Frederikke-Vilhelmine-Hage-med-boern-1850.jpg.webp\" tabindex=\"-1\" class=\"wpgb-handle-lb wpgb-lightbox\" data-type=\"image\" data-rel=\"4\" data-title=\"Wilhelm Marstrand, Portr\u00e6t af Frederikke Vilhelmine Hage med b\u00f8rn, 1850\" title=\"Enlarge photo\" data-smush-webp-fallback=\"{&quot;href&quot;:&quot;https:\\\/\\\/nivaagaard.dk\\\/wp-content\\\/uploads\\\/2023\\\/07\\\/Wilhelm-Marstrand-Portraet-af-Frederikke-Vilhelmine-Hage-med-boern-1850.jpg&quot;}\"><div style=\"background-image:inherit\" data-bg-image=\"url(https:\/\/nivaagaard.dk\/wp-content\/smush-webp\/2023\/07\/Wilhelm-Marstrand-Portraet-af-Frederikke-Vilhelmine-Hage-med-boern-1850.jpg.webp)\" class=\"lazyload\" data-smush-webp-fallback=\"{&quot;data-bg-image&quot;:&quot;url(https:\\\/\\\/nivaagaard.dk\\\/wp-content\\\/uploads\\\/2023\\\/07\\\/Wilhelm-Marstrand-Portraet-af-Frederikke-Vilhelmine-Hage-med-boern-1850.jpg)&quot;}\"><\/div><noscript><img loading=\"lazy\" decoding=\"async\" class=\"wpgb-noscript-img\" src=\"https:\/\/nivaagaard.dk\/wp-content\/uploads\/2023\/07\/Wilhelm-Marstrand-Portraet-af-Frederikke-Vilhelmine-Hage-med-boern-1850.jpg\" alt=\"\" height=\"1068\" width=\"560\"><\/noscript><\/a><\/div><div class=\"wpgb-card-media-content\" data-action><div class=\"wpgb-card-media-content-center\"><a class=\"wpgb-block-1 wpgb-idle-scheme-1\" href=\"https:\/\/nivaagaard.dk\/en\/the-collection\/wilhelm-marstrand-portrait-of-frederikke-vilhelmine-hage-with-children\/\"><p>Wilhelm Marstrand<\/p>\n<hr \/>\n<p><em>Portrait of Frederikke Vilhelmine Hage with Children<\/em>, 1850<\/p><\/a><\/div><a class=\"wpgb-card-layer-link\" href=\"https:\/\/nivaagaard.dk\/en\/the-collection\/wilhelm-marstrand-portrait-of-frederikke-vilhelmine-hage-with-children\/\"><\/a><\/div><\/div><\/div><\/div><\/article><article class=\"wpgb-card wpgb-card-13 wpgb-post-38040\" data-col=\"1\" data-row=\"1\" data-format=\"standard\" data-fluid><div class=\"wpgb-card-wrapper\"><div class=\"wpgb-card-inner\"><div class=\"wpgb-card-media wpgb-scheme-light\"><svg data-ratio style=\"padding-top:74.29%\" viewBox=\"0 0 560 416\"><\/svg><div class=\"wpgb-card-media-thumbnail\"><a href=\"https:\/\/nivaagaard.dk\/wp-content\/smush-webp\/2023\/07\/Wilhelm-Marstrand-Scene-fra-Ludvig-Holbergs-Barselstuen-u.aa_.jpg.webp\" tabindex=\"-1\" class=\"wpgb-handle-lb wpgb-lightbox\" data-type=\"image\" data-rel=\"4\" data-title=\"Wilhelm Marstrand, Scene fra Ludvig Holbergs Barselstuen, u.\u00e5.\" title=\"Enlarge photo\" data-smush-webp-fallback=\"{&quot;href&quot;:&quot;https:\\\/\\\/nivaagaard.dk\\\/wp-content\\\/uploads\\\/2023\\\/07\\\/Wilhelm-Marstrand-Scene-fra-Ludvig-Holbergs-Barselstuen-u.aa_.jpg&quot;}\"><div style=\"background-image:inherit\" data-bg-image=\"url(https:\/\/nivaagaard.dk\/wp-content\/smush-webp\/2023\/07\/Wilhelm-Marstrand-Scene-fra-Ludvig-Holbergs-Barselstuen-u.aa_.jpg.webp)\" class=\"lazyload\" data-smush-webp-fallback=\"{&quot;data-bg-image&quot;:&quot;url(https:\\\/\\\/nivaagaard.dk\\\/wp-content\\\/uploads\\\/2023\\\/07\\\/Wilhelm-Marstrand-Scene-fra-Ludvig-Holbergs-Barselstuen-u.aa_.jpg)&quot;}\"><\/div><noscript><img loading=\"lazy\" decoding=\"async\" class=\"wpgb-noscript-img\" src=\"https:\/\/nivaagaard.dk\/wp-content\/uploads\/2023\/07\/Wilhelm-Marstrand-Scene-fra-Ludvig-Holbergs-Barselstuen-u.aa_.jpg\" alt=\"\" height=\"416\" width=\"560\"><\/noscript><\/a><\/div><div class=\"wpgb-card-media-content\" data-action><div class=\"wpgb-card-media-content-center\"><a class=\"wpgb-block-1 wpgb-idle-scheme-1\" href=\"https:\/\/nivaagaard.dk\/en\/the-collection\/wilhelm-marstrand-scene-from-ludvig-holbergs-the-lying-in-room\/\"><p>WILHELM MARSTRAND<\/p>\n<hr \/>\n<p><em>Scene from Ludvig Holberg&#8217;s \u201dThe Lying-in Room\u201d<\/em>, n.d.<\/p><\/a><\/div><a class=\"wpgb-card-layer-link\" href=\"https:\/\/nivaagaard.dk\/en\/the-collection\/wilhelm-marstrand-scene-from-ludvig-holbergs-the-lying-in-room\/\"><\/a><\/div><\/div><\/div><\/div><\/article><article class=\"wpgb-card wpgb-card-13 wpgb-post-37807\" data-col=\"1\" data-row=\"1\" data-format=\"standard\" data-fluid><div class=\"wpgb-card-wrapper\"><div class=\"wpgb-card-inner\"><div class=\"wpgb-card-media wpgb-scheme-light\"><svg data-ratio style=\"padding-top:68.57%\" viewBox=\"0 0 560 384\"><\/svg><div class=\"wpgb-card-media-thumbnail\"><a href=\"https:\/\/nivaagaard.dk\/wp-content\/smush-webp\/2023\/07\/Kristian-Zahrtmann-Palazetto-Farneses-gaard-1883.jpg.webp\" tabindex=\"-1\" class=\"wpgb-handle-lb wpgb-lightbox\" data-type=\"image\" data-rel=\"4\" data-title=\"Kristian Zahrtmann, Palazetto Farneses g\u00e5rd, 1883\" title=\"Enlarge photo\" data-smush-webp-fallback=\"{&quot;href&quot;:&quot;https:\\\/\\\/nivaagaard.dk\\\/wp-content\\\/uploads\\\/2023\\\/07\\\/Kristian-Zahrtmann-Palazetto-Farneses-gaard-1883.jpg&quot;}\"><div style=\"background-image:inherit\" data-bg-image=\"url(https:\/\/nivaagaard.dk\/wp-content\/smush-webp\/2023\/07\/Kristian-Zahrtmann-Palazetto-Farneses-gaard-1883.jpg.webp)\" class=\"lazyload\" data-smush-webp-fallback=\"{&quot;data-bg-image&quot;:&quot;url(https:\\\/\\\/nivaagaard.dk\\\/wp-content\\\/uploads\\\/2023\\\/07\\\/Kristian-Zahrtmann-Palazetto-Farneses-gaard-1883.jpg)&quot;}\"><\/div><noscript><img loading=\"lazy\" decoding=\"async\" class=\"wpgb-noscript-img\" src=\"https:\/\/nivaagaard.dk\/wp-content\/uploads\/2023\/07\/Kristian-Zahrtmann-Palazetto-Farneses-gaard-1883.jpg\" alt=\"\" height=\"384\" width=\"560\"><\/noscript><\/a><\/div><div class=\"wpgb-card-media-content\" data-action><div class=\"wpgb-card-media-content-center\"><a class=\"wpgb-block-1 wpgb-idle-scheme-1\" href=\"https:\/\/nivaagaard.dk\/en\/the-collection\/zahrtmann-kristian\/\"><p>KRISTIAN ZAHRTMANN<\/p>\n<hr \/>\n<p><em>Palazzetto Farnese\u2019s farm,\u00a0<\/em>1883<\/p><\/a><\/div><a class=\"wpgb-card-layer-link\" href=\"https:\/\/nivaagaard.dk\/en\/the-collection\/zahrtmann-kristian\/\"><\/a><\/div><\/div><\/div><\/div><\/article><article class=\"wpgb-card wpgb-card-13 wpgb-post-37808\" data-col=\"1\" data-row=\"1\" data-format=\"standard\" data-fluid><div class=\"wpgb-card-wrapper\"><div class=\"wpgb-card-inner\"><div class=\"wpgb-card-media wpgb-scheme-light\"><svg data-ratio style=\"padding-top:116.79%\" viewBox=\"0 0 560 654\"><\/svg><div class=\"wpgb-card-media-thumbnail\"><a href=\"https:\/\/nivaagaard.dk\/wp-content\/smush-webp\/2023\/07\/Kristian-Zahrtmann-Dronning-Caroline-Mathilde-Studie-til-det-i-1873-udstillede-maleri-Scene-fra-Christian-VIIs-hof-1872.jpg.webp\" tabindex=\"-1\" class=\"wpgb-handle-lb wpgb-lightbox\" data-type=\"image\" data-rel=\"4\" data-title=\"Kristian Zahrtmann, Dronning Caroline Mathilde (Studie til det i 1873 udstillede maleri Scene fra Christian VII&#8217;s hof), 1872\" title=\"Enlarge photo\" data-smush-webp-fallback=\"{&quot;href&quot;:&quot;https:\\\/\\\/nivaagaard.dk\\\/wp-content\\\/uploads\\\/2023\\\/07\\\/Kristian-Zahrtmann-Dronning-Caroline-Mathilde-Studie-til-det-i-1873-udstillede-maleri-Scene-fra-Christian-VIIs-hof-1872.jpg&quot;}\"><div style=\"background-image:inherit\" data-bg-image=\"url(https:\/\/nivaagaard.dk\/wp-content\/smush-webp\/2023\/07\/Kristian-Zahrtmann-Dronning-Caroline-Mathilde-Studie-til-det-i-1873-udstillede-maleri-Scene-fra-Christian-VIIs-hof-1872.jpg.webp)\" class=\"lazyload\" data-smush-webp-fallback=\"{&quot;data-bg-image&quot;:&quot;url(https:\\\/\\\/nivaagaard.dk\\\/wp-content\\\/uploads\\\/2023\\\/07\\\/Kristian-Zahrtmann-Dronning-Caroline-Mathilde-Studie-til-det-i-1873-udstillede-maleri-Scene-fra-Christian-VIIs-hof-1872.jpg)&quot;}\"><\/div><noscript><img loading=\"lazy\" decoding=\"async\" class=\"wpgb-noscript-img\" src=\"https:\/\/nivaagaard.dk\/wp-content\/uploads\/2023\/07\/Kristian-Zahrtmann-Dronning-Caroline-Mathilde-Studie-til-det-i-1873-udstillede-maleri-Scene-fra-Christian-VIIs-hof-1872.jpg\" alt=\"\" height=\"654\" width=\"560\"><\/noscript><\/a><\/div><div class=\"wpgb-card-media-content\" data-action><div class=\"wpgb-card-media-content-center\"><a class=\"wpgb-block-1 wpgb-idle-scheme-1\" href=\"https:\/\/nivaagaard.dk\/en\/the-collection\/zahrtmann-kristian-2\/\"><p>KRISTIAN ZAHRTMANN<\/p>\n<hr \/>\n<p><em>Queen Caroline Mathilda<\/em> (study for the 1873 work: <em>Scene from Christian VII&#8217;s Court<\/em>),<em>\u00a0<\/em>1872<\/p><\/a><\/div><a class=\"wpgb-card-layer-link\" href=\"https:\/\/nivaagaard.dk\/en\/the-collection\/zahrtmann-kristian-2\/\"><\/a><\/div><\/div><\/div><\/div><\/article>\t\t<\/div>\n\t<\/div>\n\t<\/div>\n\t<\/div>\n\t<aside class=\"wpgb-sidebar wpgb-sidebar-right\">\n\t<div class=\"wpgb-facet wpgb-loading wpgb-facet-6\" data-facet=\"6\" data-grid=\"4\">\t<fieldset>\n\t\t<legend class=\"wpgb-facet-title wpgb-sr-only\">s\u00f8g<\/legend>\n\t\t<div class=\"wpgb-search-facet\"><label>\n\t\t\t\t<span class=\"wpgb-sr-only\">Search content<\/span>\n\t\t\t\t<input class=\"wpgb-input\" type=\"search\" name=\"sg\" placeholder=\"\" value=\"\" autocomplete=\"off\">\n\t\t\t\t<svg class=\"wpgb-input-icon\" viewBox=\"0 0 24 24\" height=\"16\" width=\"16\" aria-hidden=\"true\" focusable=\"false\"><path fill=\"currentColor\" d=\"M18.932 16.845a10.206 10.206 0 0 0 2.087-6.261A10.5 10.5 0 0 0 10.584 0a10.584 10.584 0 0 0 0 21.168 9.9 9.9 0 0 0 6.261-2.087l4.472 4.472a1.441 1.441 0 0 0 2.087 0 1.441 1.441 0 0 0 0-2.087zm-8.348 1.193a7.508 7.508 0 0 1-7.6-7.453 7.6 7.6 0 0 1 15.2 0 7.508 7.508 0 0 1-7.6 7.452z\"><\/path><\/svg>\n\t\t\t<\/label><button type=\"button\" class=\"wpgb-clear-button\" hidden><span class=\"wpgb-sr-only\">Clear<\/span><svg viewBox=\"0 0 20 20\" height=\"20\" width=\"100%\" aria-hidden=\"true\" focusable=\"false\"><path fill=\"currentColor\" d=\"M12.549 14.737l-2.572-2.958-2.57 2.958a1.2 1.2 0 01-1.812-1.574L8.387 9.95 5.594 6.737a1.2 1.2 0 01.119-1.693 1.2 1.2 0 011.693.119l2.571 2.958 2.571-2.958a1.2 1.2 0 011.693-.119 1.2 1.2 0 01.119 1.693L11.567 9.95l2.793 3.213a1.2 1.2 0 11-1.811 1.574z\"><\/path><\/svg><\/button><\/div>\t<\/fieldset>\n\t<\/div><div class=\"wpgb-facet wpgb-loading wpgb-facet-5\" data-facet=\"5\" data-grid=\"4\">\t<h4 class=\"wpgb-facet-title\">Artist<\/h4>\n\t\t<fieldset>\n\t\t<legend class=\"wpgb-facet-title wpgb-sr-only\">Artist<\/legend>\n\t\t<div class=\"wpgb-checkbox-facet\"><ul class=\"wpgb-hierarchical-list\"><li><div class=\"wpgb-checkbox\" role=\"button\" aria-pressed=\"false\" tabindex=\"0\"><input type=\"hidden\" name=\"kunstner_dansk[]\" value=\"johanne-vilhelmine-bissen-en\"><span class=\"wpgb-checkbox-control\"><\/span><span class=\"wpgb-checkbox-label\">Johanne Vilhelmine Bissen<\/span><\/div><\/li><li><div class=\"wpgb-checkbox\" role=\"button\" aria-pressed=\"false\" tabindex=\"0\"><input type=\"hidden\" name=\"kunstner_dansk[]\" value=\"vilhelm-bissen-en\"><span class=\"wpgb-checkbox-control\"><\/span><span class=\"wpgb-checkbox-label\">Vilhelm Bissen<\/span><\/div><\/li><li><div class=\"wpgb-checkbox\" role=\"button\" aria-pressed=\"false\" tabindex=\"0\"><input type=\"hidden\" name=\"kunstner_dansk[]\" value=\"ditlev-blunck-en\"><span class=\"wpgb-checkbox-control\"><\/span><span class=\"wpgb-checkbox-label\">Ditlev Blunck<\/span><\/div><\/li><li><div class=\"wpgb-checkbox\" role=\"button\" aria-pressed=\"false\" tabindex=\"0\"><input type=\"hidden\" name=\"kunstner_dansk[]\" value=\"holger-roed-en\"><span class=\"wpgb-checkbox-control\"><\/span><span class=\"wpgb-checkbox-label\">Holger Roed<\/span><\/div><\/li><li><div class=\"wpgb-checkbox\" role=\"button\" aria-pressed=\"false\" tabindex=\"0\"><input type=\"hidden\" name=\"kunstner_dansk[]\" value=\"kristian-zahrtmann-en\"><span class=\"wpgb-checkbox-control\"><\/span><span class=\"wpgb-checkbox-label\">Kristian Zahrtmann<\/span><\/div><\/li><li><div class=\"wpgb-checkbox\" role=\"button\" aria-pressed=\"false\" tabindex=\"0\"><input type=\"hidden\" name=\"kunstner_dansk[]\" value=\"anton-melbye-en\"><span class=\"wpgb-checkbox-control\"><\/span><span class=\"wpgb-checkbox-label\">Anton Melbye<\/span><\/div><\/li><li><div class=\"wpgb-checkbox\" role=\"button\" aria-pressed=\"false\" tabindex=\"0\"><input type=\"hidden\" name=\"kunstner_dansk[]\" value=\"vilhelm-lundstroem-en\"><span class=\"wpgb-checkbox-control\"><\/span><span class=\"wpgb-checkbox-label\">Vilhelm Lundstr\u00f8m<\/span><\/div><\/li><li><div class=\"wpgb-checkbox\" role=\"button\" aria-pressed=\"false\" tabindex=\"0\"><input type=\"hidden\" name=\"kunstner_dansk[]\" value=\"ernst-meyer-en\"><span class=\"wpgb-checkbox-control\"><\/span><span class=\"wpgb-checkbox-label\">Ernst Meyer<\/span><\/div><\/li><li><div class=\"wpgb-checkbox\" role=\"button\" aria-pressed=\"false\" tabindex=\"0\"><input type=\"hidden\" name=\"kunstner_dansk[]\" value=\"j-c-dahl-en\"><span class=\"wpgb-checkbox-control\"><\/span><span class=\"wpgb-checkbox-label\">J.C. Dahl<\/span><\/div><\/li><li><div class=\"wpgb-checkbox\" role=\"button\" aria-pressed=\"false\" tabindex=\"0\"><input type=\"hidden\" name=\"kunstner_dansk[]\" value=\"ludvig-brandstrup-en\"><span class=\"wpgb-checkbox-control\"><\/span><span class=\"wpgb-checkbox-label\">Ludvig Brandstrup<\/span><\/div><\/li><li><div class=\"wpgb-checkbox\" role=\"button\" aria-pressed=\"false\" tabindex=\"0\"><input type=\"hidden\" name=\"kunstner_dansk[]\" value=\"arnette-hage-f-just-en\"><span class=\"wpgb-checkbox-control\"><\/span><span class=\"wpgb-checkbox-label\">Arnette Hage (f. just)<\/span><\/div><\/li><li><div class=\"wpgb-checkbox\" role=\"button\" aria-pressed=\"false\" tabindex=\"0\"><input type=\"hidden\" name=\"kunstner_dansk[]\" value=\"wilhelm-marstrand-en\"><span class=\"wpgb-checkbox-control\"><\/span><span class=\"wpgb-checkbox-label\">Wilhelm Marstrand<\/span><\/div><\/li><li><div class=\"wpgb-checkbox\" role=\"button\" aria-pressed=\"false\" tabindex=\"0\"><input type=\"hidden\" name=\"kunstner_dansk[]\" value=\"frans-schwartz-en\"><span class=\"wpgb-checkbox-control\"><\/span><span class=\"wpgb-checkbox-label\">Frans Schwartz<\/span><\/div><\/li><li><div class=\"wpgb-checkbox\" role=\"button\" aria-pressed=\"false\" tabindex=\"0\"><input type=\"hidden\" name=\"kunstner_dansk[]\" value=\"j-l-jensen-en\"><span class=\"wpgb-checkbox-control\"><\/span><span class=\"wpgb-checkbox-label\">J.L. Jensen<\/span><\/div><\/li><li><div class=\"wpgb-checkbox\" role=\"button\" aria-pressed=\"false\" tabindex=\"0\"><input type=\"hidden\" name=\"kunstner_dansk[]\" value=\"martinus-roerbye-en\"><span class=\"wpgb-checkbox-control\"><\/span><span class=\"wpgb-checkbox-label\">Martinus R\u00f8rbye<\/span><\/div><\/li><li><div class=\"wpgb-checkbox\" role=\"button\" aria-pressed=\"false\" tabindex=\"0\"><input type=\"hidden\" name=\"kunstner_dansk[]\" value=\"c-w-eckersberg-en\"><span class=\"wpgb-checkbox-control\"><\/span><span class=\"wpgb-checkbox-label\">C. W. Eckersberg<\/span><\/div><\/li><li><div class=\"wpgb-checkbox\" role=\"button\" aria-pressed=\"false\" tabindex=\"0\"><input type=\"hidden\" name=\"kunstner_dansk[]\" value=\"william-scharff-en\"><span class=\"wpgb-checkbox-control\"><\/span><span class=\"wpgb-checkbox-label\">William Scharff<\/span><\/div><\/li><li><div class=\"wpgb-checkbox\" role=\"button\" aria-pressed=\"false\" tabindex=\"0\"><input type=\"hidden\" name=\"kunstner_dansk[]\" value=\"frederik-vermehren-en\"><span class=\"wpgb-checkbox-control\"><\/span><span class=\"wpgb-checkbox-label\">Frederik Vermehren<\/span><\/div><\/li><li><div class=\"wpgb-checkbox\" role=\"button\" aria-pressed=\"false\" tabindex=\"0\"><input type=\"hidden\" name=\"kunstner_dansk[]\" value=\"j-th-lundbye-en\"><span class=\"wpgb-checkbox-control\"><\/span><span class=\"wpgb-checkbox-label\">J. Th. Lundbye<\/span><\/div><\/li><li><div class=\"wpgb-checkbox\" role=\"button\" aria-pressed=\"false\" tabindex=\"0\"><input type=\"hidden\" name=\"kunstner_dansk[]\" value=\"nicolai-abildgaard-en\"><span class=\"wpgb-checkbox-control\"><\/span><span class=\"wpgb-checkbox-label\">Nicolai Abildgaard<\/span><\/div><\/li><li><div class=\"wpgb-checkbox\" role=\"button\" aria-pressed=\"false\" tabindex=\"0\"><input type=\"hidden\" name=\"kunstner_dansk[]\" value=\"carl-bloch-en\"><span class=\"wpgb-checkbox-control\"><\/span><span class=\"wpgb-checkbox-label\">Carl Bloch<\/span><\/div><\/li><li><div class=\"wpgb-checkbox\" role=\"button\" aria-pressed=\"false\" tabindex=\"0\"><input type=\"hidden\" name=\"kunstner_dansk[]\" value=\"fritz-petzholdt-en\"><span class=\"wpgb-checkbox-control\"><\/span><span class=\"wpgb-checkbox-label\">Fritz Petzholdt<\/span><\/div><\/li><li><div class=\"wpgb-checkbox\" role=\"button\" aria-pressed=\"false\" tabindex=\"0\"><input type=\"hidden\" name=\"kunstner_dansk[]\" value=\"janus-la-cour-en\"><span class=\"wpgb-checkbox-control\"><\/span><span class=\"wpgb-checkbox-label\">Janus la Cour<\/span><\/div><\/li><li><div class=\"wpgb-checkbox\" role=\"button\" aria-pressed=\"false\" tabindex=\"0\"><input type=\"hidden\" name=\"kunstner_dansk[]\" value=\"otto-bache-en\"><span class=\"wpgb-checkbox-control\"><\/span><span class=\"wpgb-checkbox-label\">Otto Bache<\/span><\/div><\/li><li><div class=\"wpgb-checkbox\" role=\"button\" aria-pressed=\"false\" tabindex=\"0\"><input type=\"hidden\" name=\"kunstner_dansk[]\" value=\"carl-neumann-en\"><span class=\"wpgb-checkbox-control\"><\/span><span class=\"wpgb-checkbox-label\">Carl Neumann<\/span><\/div><\/li><li><div class=\"wpgb-checkbox\" role=\"button\" aria-pressed=\"false\" tabindex=\"0\"><input type=\"hidden\" name=\"kunstner_dansk[]\" value=\"georg-christian-freund-en\"><span class=\"wpgb-checkbox-control\"><\/span><span class=\"wpgb-checkbox-label\">Georg Christian Freund<\/span><\/div><\/li><li><div class=\"wpgb-checkbox\" role=\"button\" aria-pressed=\"false\" tabindex=\"0\"><input type=\"hidden\" name=\"kunstner_dansk[]\" value=\"jens-adolf-jerichau-en\"><span class=\"wpgb-checkbox-control\"><\/span><span class=\"wpgb-checkbox-label\">Jens Adolf Jerichau<\/span><\/div><\/li><li><div class=\"wpgb-checkbox\" role=\"button\" aria-pressed=\"false\" tabindex=\"0\"><input type=\"hidden\" name=\"kunstner_dansk[]\" value=\"p-c-skovgaard-en\"><span class=\"wpgb-checkbox-control\"><\/span><span class=\"wpgb-checkbox-label\">P. C. Skovgaard<\/span><\/div><\/li><li><div class=\"wpgb-checkbox\" role=\"button\" aria-pressed=\"false\" tabindex=\"0\"><input type=\"hidden\" name=\"kunstner_dansk[]\" value=\"carl-rasmussen-en\"><span class=\"wpgb-checkbox-control\"><\/span><span class=\"wpgb-checkbox-label\">Carl Rasmussen<\/span><\/div><\/li><li><div class=\"wpgb-checkbox\" role=\"button\" aria-pressed=\"false\" tabindex=\"0\"><input type=\"hidden\" name=\"kunstner_dansk[]\" value=\"hans-christian-koefoed-en\"><span class=\"wpgb-checkbox-control\"><\/span><span class=\"wpgb-checkbox-label\">Hans Christian Koefoed<\/span><\/div><\/li><li><div class=\"wpgb-checkbox\" role=\"button\" aria-pressed=\"false\" tabindex=\"0\"><input type=\"hidden\" name=\"kunstner_dansk[]\" value=\"jens-juel-en\"><span class=\"wpgb-checkbox-control\"><\/span><span class=\"wpgb-checkbox-label\">Jens Juel<\/span><\/div><\/li><li><div class=\"wpgb-checkbox\" role=\"button\" aria-pressed=\"false\" tabindex=\"0\"><input type=\"hidden\" name=\"kunstner_dansk[]\" value=\"p-s-kroeyer-en\"><span class=\"wpgb-checkbox-control\"><\/span><span class=\"wpgb-checkbox-label\">P. S. Kr\u00f8yer<\/span><\/div><\/li><li><div class=\"wpgb-checkbox\" role=\"button\" aria-pressed=\"false\" tabindex=\"0\"><input type=\"hidden\" name=\"kunstner_dansk[]\" value=\"christen-koebke-en\"><span class=\"wpgb-checkbox-control\"><\/span><span class=\"wpgb-checkbox-label\">Christen K\u00f8bke<\/span><\/div><\/li><li><div class=\"wpgb-checkbox\" role=\"button\" aria-pressed=\"false\" tabindex=\"0\"><input type=\"hidden\" name=\"kunstner_dansk[]\" value=\"harald-foss-en\"><span class=\"wpgb-checkbox-control\"><\/span><span class=\"wpgb-checkbox-label\">Harald Foss<\/span><\/div><\/li><li><div class=\"wpgb-checkbox\" role=\"button\" aria-pressed=\"false\" tabindex=\"0\"><input type=\"hidden\" name=\"kunstner_dansk[]\" value=\"joergen-roed-en\"><span class=\"wpgb-checkbox-control\"><\/span><span class=\"wpgb-checkbox-label\">J\u00f8rgen Roed<\/span><\/div><\/li><li><div class=\"wpgb-checkbox\" role=\"button\" aria-pressed=\"false\" tabindex=\"0\"><input type=\"hidden\" name=\"kunstner_dansk[]\" value=\"thorvald-niss-en\"><span class=\"wpgb-checkbox-control\"><\/span><span class=\"wpgb-checkbox-label\">Thorvald Niss<\/span><\/div><\/li><li><div class=\"wpgb-checkbox\" role=\"button\" aria-pressed=\"false\" tabindex=\"0\"><input type=\"hidden\" name=\"kunstner_dansk[]\" value=\"christian-albrecht-jensen-en\"><span class=\"wpgb-checkbox-control\"><\/span><span class=\"wpgb-checkbox-label\">Christian Albrecht Jensen<\/span><\/div><\/li><li><div class=\"wpgb-checkbox\" role=\"button\" aria-pressed=\"false\" tabindex=\"0\"><input type=\"hidden\" name=\"kunstner_dansk[]\" value=\"harald-jerichau-en\"><span class=\"wpgb-checkbox-control\"><\/span><span class=\"wpgb-checkbox-label\">Harald Jerichau<\/span><\/div><\/li><li><div class=\"wpgb-checkbox\" role=\"button\" aria-pressed=\"false\" tabindex=\"0\"><input type=\"hidden\" name=\"kunstner_dansk[]\" value=\"joergen-sonne-en\"><span class=\"wpgb-checkbox-control\"><\/span><span class=\"wpgb-checkbox-label\">J\u00f8rgen Sonne<\/span><\/div><\/li><li><div class=\"wpgb-checkbox\" role=\"button\" aria-pressed=\"false\" tabindex=\"0\"><input type=\"hidden\" name=\"kunstner_dansk[]\" value=\"ubekendt-kunstner-en-2\"><span class=\"wpgb-checkbox-control\"><\/span><span class=\"wpgb-checkbox-label\">Ubekendt kunstner<\/span><\/div><\/li><li><div class=\"wpgb-checkbox\" role=\"button\" aria-pressed=\"false\" tabindex=\"0\"><input type=\"hidden\" name=\"kunstner_dansk[]\" value=\"claus-anton-koelle-en\"><span class=\"wpgb-checkbox-control\"><\/span><span class=\"wpgb-checkbox-label\">Claus Anton K\u00f8lle<\/span><\/div><\/li><li><div class=\"wpgb-checkbox\" role=\"button\" aria-pressed=\"false\" tabindex=\"0\"><input type=\"hidden\" name=\"kunstner_dansk[]\" value=\"heinrich-hansen-en\"><span class=\"wpgb-checkbox-control\"><\/span><span class=\"wpgb-checkbox-label\">Heinrich Hansen<\/span><\/div><\/li><li><div class=\"wpgb-checkbox\" role=\"button\" aria-pressed=\"false\" tabindex=\"0\"><input type=\"hidden\" name=\"kunstner_dansk[]\" value=\"johan-ludvig-lund-en\"><span class=\"wpgb-checkbox-control\"><\/span><span class=\"wpgb-checkbox-label\">Johan Ludvig Lund<\/span><\/div><\/li><li><div class=\"wpgb-checkbox\" role=\"button\" aria-pressed=\"false\" tabindex=\"0\"><input type=\"hidden\" name=\"kunstner_dansk[]\" value=\"viggo-pedersen-en\"><span class=\"wpgb-checkbox-control\"><\/span><span class=\"wpgb-checkbox-label\">Viggo Pedersen<\/span><\/div><\/li><li><div class=\"wpgb-checkbox\" role=\"button\" aria-pressed=\"false\" tabindex=\"0\"><input type=\"hidden\" name=\"kunstner_dansk[]\" value=\"constantin-hansen-en\"><span class=\"wpgb-checkbox-control\"><\/span><span class=\"wpgb-checkbox-label\">Constantin Hansen<\/span><\/div><\/li><li><div class=\"wpgb-checkbox\" role=\"button\" aria-pressed=\"false\" tabindex=\"0\"><input type=\"hidden\" name=\"kunstner_dansk[]\" value=\"herman-wilhelm-bissen-en\"><span class=\"wpgb-checkbox-control\"><\/span><span class=\"wpgb-checkbox-label\">Herman Wilhelm Bissen<\/span><\/div><\/li><\/ul><\/div>\t<\/fieldset>\n\t<\/div><div class=\"wpgb-facet wpgb-loading wpgb-facet-2\" data-facet=\"2\" data-grid=\"4\">\t<h4 class=\"wpgb-facet-title\">Tags<\/h4>\n\t\t<fieldset>\n\t\t<legend class=\"wpgb-facet-title wpgb-sr-only\">Tags<\/legend>\n\t\t<div class=\"wpgb-checkbox-facet\"><ul class=\"wpgb-hierarchical-list\"><li><div class=\"wpgb-checkbox\" role=\"button\" aria-pressed=\"false\" tabindex=\"0\"><input type=\"hidden\" name=\"tags[]\" value=\"portrait\"><span class=\"wpgb-checkbox-control\"><\/span><span class=\"wpgb-checkbox-label\">Portrait<\/span><\/div><\/li><li><div class=\"wpgb-checkbox\" role=\"button\" aria-pressed=\"false\" tabindex=\"0\"><input type=\"hidden\" name=\"tags[]\" value=\"genre-scene\"><span class=\"wpgb-checkbox-control\"><\/span><span class=\"wpgb-checkbox-label\">Genre scene<\/span><\/div><\/li><li><div class=\"wpgb-checkbox\" role=\"button\" aria-pressed=\"false\" tabindex=\"0\"><input type=\"hidden\" name=\"tags[]\" value=\"animals\"><span class=\"wpgb-checkbox-control\"><\/span><span class=\"wpgb-checkbox-label\">Animals<\/span><\/div><\/li><li><div class=\"wpgb-checkbox\" role=\"button\" aria-pressed=\"false\" tabindex=\"0\"><input type=\"hidden\" name=\"tags[]\" value=\"landscape\"><span class=\"wpgb-checkbox-control\"><\/span><span class=\"wpgb-checkbox-label\">Landscape<\/span><\/div><\/li><li><div class=\"wpgb-checkbox\" role=\"button\" aria-pressed=\"false\" tabindex=\"0\"><input type=\"hidden\" name=\"tags[]\" value=\"bust-sculpture\"><span class=\"wpgb-checkbox-control\"><\/span><span class=\"wpgb-checkbox-label\">Bust\/sculpture<\/span><\/div><\/li><li><div class=\"wpgb-checkbox\" role=\"button\" aria-pressed=\"false\" tabindex=\"0\"><input type=\"hidden\" name=\"tags[]\" value=\"religious-mythological\"><span class=\"wpgb-checkbox-control\"><\/span><span class=\"wpgb-checkbox-label\">Religious\/mythological<\/span><\/div><\/li><li><div class=\"wpgb-checkbox\" role=\"button\" aria-pressed=\"false\" tabindex=\"0\"><input type=\"hidden\" name=\"tags[]\" value=\"architecture-interior\"><span class=\"wpgb-checkbox-control\"><\/span><span class=\"wpgb-checkbox-label\">Architecture\/interior<\/span><\/div><\/li><li><div class=\"wpgb-checkbox\" role=\"button\" aria-pressed=\"false\" tabindex=\"0\"><input type=\"hidden\" name=\"tags[]\" value=\"seascape\"><span class=\"wpgb-checkbox-control\"><\/span><span class=\"wpgb-checkbox-label\">Seascape<\/span><\/div><\/li><li><div class=\"wpgb-checkbox\" role=\"button\" aria-pressed=\"false\" tabindex=\"0\"><input type=\"hidden\" name=\"tags[]\" value=\"paraphrase\"><span class=\"wpgb-checkbox-control\"><\/span><span class=\"wpgb-checkbox-label\">Paraphrase<\/span><\/div><\/li><li><div class=\"wpgb-checkbox\" role=\"button\" aria-pressed=\"false\" tabindex=\"0\"><input type=\"hidden\" name=\"tags[]\" value=\"fruit-arrangement\"><span class=\"wpgb-checkbox-control\"><\/span><span class=\"wpgb-checkbox-label\">Fruit arrangement<\/span><\/div><\/li><\/ul><\/div>\t<\/fieldset>\n\t<\/div><\/aside>\n\t<\/div>\n<\/div>\n<\/div>\n<\/div>\n<\/div>\n<\/div>\n<\/div>\n<\/section>\n<\/div>\n<p>    <!-- version:1731683647 --><\/p>\n","protected":false},"excerpt":{"rendered":"<p>Danish 19th century art<\/p>\n","protected":false},"author":2,"featured_media":0,"parent":0,"menu_order":0,"comment_status":"closed","ping_status":"closed","template":"brizy-blank-template.php","meta":{"_acf_changed":false,"footnotes":""},"class_list":["post-79997","page","type-page","status-publish","hentry"],"blocksy_meta":[],"acf":[],"brizy_media":[],"_links":{"self":[{"href":"https:\/\/nivaagaard.dk\/en\/wp-json\/wp\/v2\/pages\/79997","targetHints":{"allow":["GET"]}}],"collection":[{"href":"https:\/\/nivaagaard.dk\/en\/wp-json\/wp\/v2\/pages"}],"about":[{"href":"https:\/\/nivaagaard.dk\/en\/wp-json\/wp\/v2\/types\/page"}],"author":[{"embeddable":true,"href":"https:\/\/nivaagaard.dk\/en\/wp-json\/wp\/v2\/users\/2"}],"replies":[{"embeddable":true,"href":"https:\/\/nivaagaard.dk\/en\/wp-json\/wp\/v2\/comments?post=79997"}],"version-history":[{"count":0,"href":"https:\/\/nivaagaard.dk\/en\/wp-json\/wp\/v2\/pages\/79997\/revisions"}],"wp:attachment":[{"href":"https:\/\/nivaagaard.dk\/en\/wp-json\/wp\/v2\/media?parent=79997"}],"curies":[{"name":"wp","href":"https:\/\/api.w.org\/{rel}","templated":true}]}}