{"id":80028,"date":"2024-01-16T15:19:23","date_gmt":"2024-01-16T14:19:23","guid":{"rendered":"https:\/\/nivaagaard.dk\/?page_id=80028"},"modified":"2026-04-13T14:32:39","modified_gmt":"2026-04-13T12:32:39","slug":"renaissance","status":"publish","type":"page","link":"https:\/\/nivaagaard.dk\/en\/renaissance\/","title":{"rendered":"Renaissance"},"content":{"rendered":"<div class=\"brz-root__container brz-reset-all brz\">\n<section id=\"_kooslgkooeyeoarjfopqqufwszxskzfigzmd\" class=\"brz-section brz-css-p6Mlc brz-css-i_isq\">\n<div class=\"brz-slick-slider brz-slick-slider__section\" data-slides-to-show=\"1\" data-slides-to-scroll=\"1\" data-arrows=\"true\" data-dots=\"true\" data-dots-class=\"brz-slick-slider__dots brz-slick-slider__dots--circle\" data-fade=\"false\" data-vertical=\"false\" data-auto-play=\"false\" data-auto-play-speed=\"3000\" data-animation-speed=\"500\" data-swipe=\"true\" data-responsive=\"%5B%7B%22breakpoint%22%3A767%2C%22settings%22%3A%7B%22slidesToShow%22%3A1%2C%22slidesToScroll%22%3A1%7D%7D%5D\">\n<div>\n<div class=\"brz-section__content brz-section--boxed brz-css-iWChr brz-css-z7tP9\" data-brz-custom-id=\"dfhlarwhijvgofoyuzplfwrfmkmctovkwhaw\">\n<div class=\"brz-bg\">\n<div class=\"brz-bg-image\"><\/div>\n<div class=\"brz-bg-color\"><\/div>\n<\/div>\n<div class=\"brz-container brz-css-hFRbs\">\n<div id=\"\" class=\"brz-css-rNcWj brz-css-e3yrr brz-wrapper\">\n<div class=\"brz-rich-text brz-rich-text__custom brz-css-h0xjt\" data-brz-custom-id=\"pzebqpafbhzuoesjslhreftzyjpvxcfpvmhi\">\n<div data-brz-translate-text=\"1\">\n<h1 class=\"brz-text-lg-left brz-lh-lg-1_3 brz-ls-lg-m_1 brz-fw-lg-700 brz-fss-lg-px brz-fs-lg-75 brz-ft-upload brz-ff-zrspyosessrzchpugpaouaphyhhgwgpizzpx brz-tp-lg-mllouqxbljjoolnbrmvdewujpikjmewomokk brz-text-xs-center brz-css-a7IfJ\" data-generated-css=\"brz-css-wgbnr\" data-uniq-id=\"gweyo\"><span class=\"brz-cp-color8\" style=\"opacity: 1\">Ren\u00e6ssance<\/span><\/h1>\n<\/div>\n<\/div>\n<\/div>\n<\/div>\n<\/div>\n<\/div>\n<\/div>\n<\/section>\n<section id=\"_jlpadfwomtmhbhfauuekrvprwffqosangktr\" class=\"brz-section brz-css-p6Mlc\">\n<div class=\"brz-section__content brz-section--boxed brz-css-iWChr\" data-brz-custom-id=\"hgyaoyvnwwubwqtpddmbnsjujywxetoqpemj\">\n<div class=\"brz-container brz-css-hFRbs\">\n<div id=\"\" class=\"brz-css-rNcWj brz-wrapper\">\n<div class=\"brz-wp-shortcode brz-css-wdlD_\" data-brz-custom-id=\"uybbgghnvwidnfcvylsjgrducggqeedpmfqb\">\n<div><!-- Gridbuilder \u1d42\u1d3e Plugin (https:\/\/wpgridbuilder.com) -->\n<div class=\"wp-grid-builder wpgb-grid-3\" data-options=\"{&quot;id&quot;:3,&quot;type&quot;:&quot;masonry&quot;,&quot;source&quot;:&quot;post_type&quot;,&quot;loader&quot;:0,&quot;layout&quot;:&quot;vertical&quot;,&quot;reveal&quot;:0,&quot;isMainQuery&quot;:0,&quot;lazyLoad&quot;:0,&quot;cardSizes&quot;:{&quot;9999&quot;:{&quot;columns&quot;:3,&quot;height&quot;:240,&quot;gutter&quot;:10,&quot;ratio&quot;:&quot;1.33333&quot;},&quot;1200&quot;:{&quot;columns&quot;:3,&quot;height&quot;:240,&quot;gutter&quot;:10,&quot;ratio&quot;:&quot;1.33333&quot;},&quot;992&quot;:{&quot;columns&quot;:3,&quot;height&quot;:220,&quot;gutter&quot;:10,&quot;ratio&quot;:&quot;1.33333&quot;},&quot;768&quot;:{&quot;columns&quot;:3,&quot;height&quot;:220,&quot;gutter&quot;:10,&quot;ratio&quot;:&quot;1.33333&quot;},&quot;576&quot;:{&quot;columns&quot;:2,&quot;height&quot;:200,&quot;gutter&quot;:10,&quot;ratio&quot;:&quot;1.33333&quot;},&quot;320&quot;:{&quot;columns&quot;:1,&quot;height&quot;:200,&quot;gutter&quot;:10,&quot;ratio&quot;:&quot;1.33333&quot;}},&quot;fitRows&quot;:0,&quot;equalRows&quot;:0,&quot;equalColumns&quot;:0,&quot;fillLastRow&quot;:0,&quot;centerLastRow&quot;:0,&quot;horizontalOrder&quot;:0,&quot;fullWidth&quot;:0,&quot;transitionDelay&quot;:100,&quot;gallerySlideshow&quot;:0,&quot;rowsNumber&quot;:1,&quot;slideAlign&quot;:&quot;left&quot;,&quot;groupCells&quot;:1,&quot;draggable&quot;:1,&quot;initialIndex&quot;:0,&quot;contain&quot;:0,&quot;freeScroll&quot;:0,&quot;freeFriction&quot;:&quot;0.075&quot;,&quot;friction&quot;:&quot;0.285&quot;,&quot;attraction&quot;:&quot;0.025&quot;,&quot;autoPlay&quot;:0,&quot;pageDotAriaLabel&quot;:&quot;Page dot %d&quot;,&quot;isPreview&quot;:false,&quot;isGutenberg&quot;:false,&quot;rightToLeft&quot;:false}\"><div class=\"wpgb-svg-icons\" hidden>\n\t<svg viewBox=\"0 0 120 24\" width=\"0\" height=\"0\">\n\t<defs>\n        <polygon id=\"wpgb-star-svg\" points=\"12 2.5 15.1 8.8 22 9.8 17 14.6 18.2 21.5 12 18.3 5.8 21.5 7 14.6 2 9.8 8.9 8.8\"><\/polygon>\n    <\/defs>\n    <symbol id=\"wpgb-rating-stars-svg\">\n        <use xlink:href=\"#wpgb-star-svg\"><\/use>\n        <use xlink:href=\"#wpgb-star-svg\" x=\"24\"><\/use>\n        <use xlink:href=\"#wpgb-star-svg\" x=\"48\"><\/use>\n        <use xlink:href=\"#wpgb-star-svg\" x=\"72\"><\/use>\n        <use xlink:href=\"#wpgb-star-svg\" x=\"96\"><\/use>\n    <\/symbol>\n<\/svg>\n<\/div>\n<div class=\"wpgb-wrapper\">\n\t<div class=\"wpgb-main\">\n\t<div class=\"wpgb-layout\">\n\t<div class=\"wpgb-viewport\">\n\t\t<div class=\"wpgb-masonry\">\n\t\t\t<article class=\"wpgb-card wpgb-card-13 wpgb-post-37999\" data-col=\"1\" data-row=\"1\" data-format=\"standard\" data-fluid><div class=\"wpgb-card-wrapper\"><div class=\"wpgb-card-inner\"><div class=\"wpgb-card-media wpgb-scheme-light\"><svg data-ratio style=\"padding-top:129.11%\" viewBox=\"0 0 560 723\"><\/svg><div class=\"wpgb-card-media-thumbnail\"><a href=\"https:\/\/nivaagaard.dk\/wp-content\/smush-webp\/2023\/07\/Sofonisba-Anguissola-Familieportraettet.-Portraetgruppe-med-kunstnerens-fader-Amilcare-Anguissola-og-hendes-soeskende-Minerva-og-Astrubale-ca.-1559.jpg.webp\" tabindex=\"-1\" class=\"wpgb-handle-lb wpgb-lightbox\" data-type=\"image\" data-rel=\"3\" data-title=\"Sofonisba Anguissola, Familieportr\u00e6ttet. Portr\u00e6tgruppe med kunstnerens fader Amilcare Anguissola og hendes s\u00f8skende Minerva og Astrubale, ca. 1559\" data-desc=\"Sofonisba Anguissola, Familieportr\u00e6ttet. Portr\u00e6tgruppe med kunstnerens fader Amilcare Anguissola og hendes s\u00f8skende Minerva og Astrubale, ca. 1559\" title=\"Enlarge photo\" data-smush-webp-fallback=\"{&quot;href&quot;:&quot;https:\\\/\\\/nivaagaard.dk\\\/wp-content\\\/uploads\\\/2023\\\/07\\\/Sofonisba-Anguissola-Familieportraettet.-Portraetgruppe-med-kunstnerens-fader-Amilcare-Anguissola-og-hendes-soeskende-Minerva-og-Astrubale-ca.-1559.jpg&quot;}\"><div style=\"background-image:inherit\" data-bg-image=\"url(https:\/\/nivaagaard.dk\/wp-content\/smush-webp\/2023\/07\/Sofonisba-Anguissola-Familieportraettet.-Portraetgruppe-med-kunstnerens-fader-Amilcare-Anguissola-og-hendes-soeskende-Minerva-og-Astrubale-ca.-1559.jpg.webp)\" class=\"lazyload\" data-smush-webp-fallback=\"{&quot;data-bg-image&quot;:&quot;url(https:\\\/\\\/nivaagaard.dk\\\/wp-content\\\/uploads\\\/2023\\\/07\\\/Sofonisba-Anguissola-Familieportraettet.-Portraetgruppe-med-kunstnerens-fader-Amilcare-Anguissola-og-hendes-soeskende-Minerva-og-Astrubale-ca.-1559.jpg)&quot;}\"><\/div><noscript><img loading=\"lazy\" decoding=\"async\" class=\"wpgb-noscript-img\" src=\"https:\/\/nivaagaard.dk\/wp-content\/uploads\/2023\/07\/Sofonisba-Anguissola-Familieportraettet.-Portraetgruppe-med-kunstnerens-fader-Amilcare-Anguissola-og-hendes-soeskende-Minerva-og-Astrubale-ca.-1559.jpg\" alt=\"\" height=\"723\" width=\"560\"><\/noscript><\/a><\/div><div class=\"wpgb-card-media-content\" data-action><div class=\"wpgb-card-media-content-center\"><a class=\"wpgb-block-1 wpgb-idle-scheme-1\" href=\"https:\/\/nivaagaard.dk\/en\/the-collection\/anguissola-sofonisba\/\"><p>SOFONISBA ANGUISSOLA<\/p>\n<hr \/>\n<p><em>Portrait Group with the Artist\u2019s Father Amilcare Anguissola\u00a0and her siblings <\/em><em>Minerva and\u00a0Asdrubale<\/em>, c. 1559<\/p><\/a><\/div><a class=\"wpgb-card-layer-link\" href=\"https:\/\/nivaagaard.dk\/en\/the-collection\/anguissola-sofonisba\/\"><\/a><\/div><\/div><\/div><\/div><\/article><article class=\"wpgb-card wpgb-card-13 wpgb-post-37804\" data-col=\"1\" data-row=\"1\" data-format=\"standard\" data-fluid><div class=\"wpgb-card-wrapper\"><div class=\"wpgb-card-inner\"><div class=\"wpgb-card-media wpgb-scheme-light\"><svg data-ratio style=\"padding-top:130.71%\" viewBox=\"0 0 560 732\"><\/svg><div class=\"wpgb-card-media-thumbnail\"><a href=\"https:\/\/nivaagaard.dk\/wp-content\/smush-webp\/2023\/07\/Bellini_Giovanni.jpg.webp\" tabindex=\"-1\" class=\"wpgb-handle-lb wpgb-lightbox\" data-type=\"image\" data-rel=\"3\" data-title=\"Bellini_Giovanni\" title=\"Enlarge photo\" data-smush-webp-fallback=\"{&quot;href&quot;:&quot;https:\\\/\\\/nivaagaard.dk\\\/wp-content\\\/uploads\\\/2023\\\/07\\\/Bellini_Giovanni.jpg&quot;}\"><div style=\"background-image:inherit\" data-bg-image=\"url(https:\/\/nivaagaard.dk\/wp-content\/smush-webp\/2023\/07\/Bellini_Giovanni.jpg.webp)\" class=\"lazyload\" data-smush-webp-fallback=\"{&quot;data-bg-image&quot;:&quot;url(https:\\\/\\\/nivaagaard.dk\\\/wp-content\\\/uploads\\\/2023\\\/07\\\/Bellini_Giovanni.jpg)&quot;}\"><\/div><noscript><img loading=\"lazy\" decoding=\"async\" class=\"wpgb-noscript-img\" src=\"https:\/\/nivaagaard.dk\/wp-content\/uploads\/2023\/07\/Bellini_Giovanni.jpg\" alt=\"\" height=\"732\" width=\"560\"><\/noscript><\/a><\/div><div class=\"wpgb-card-media-content\" data-action><div class=\"wpgb-card-media-content-center\"><a class=\"wpgb-block-1 wpgb-idle-scheme-1\" href=\"https:\/\/nivaagaard.dk\/en\/the-collection\/bellini-giovanni\/\"><p>GIOVANNI BELLINI<\/p>\n<hr \/>\n<p><em>Portrait of a Young Man<\/em>,\u00a0c. 1490<\/p><\/a><\/div><a class=\"wpgb-card-layer-link\" href=\"https:\/\/nivaagaard.dk\/en\/the-collection\/bellini-giovanni\/\"><\/a><\/div><\/div><\/div><\/div><\/article><article class=\"wpgb-card wpgb-card-13 wpgb-post-37981\" data-col=\"1\" data-row=\"1\" data-format=\"standard\" data-fluid><div class=\"wpgb-card-wrapper\"><div class=\"wpgb-card-inner\"><div class=\"wpgb-card-media wpgb-scheme-light\"><svg data-ratio style=\"padding-top:120.89%\" viewBox=\"0 0 560 677\"><\/svg><div class=\"wpgb-card-media-thumbnail\"><a href=\"https:\/\/nivaagaard.dk\/wp-content\/smush-webp\/2023\/07\/Paris-Bordone-Dobbeltportraet-af-veneziansk-kvinde-og-hendes-kavaler-ca.-1560.jpg.webp\" tabindex=\"-1\" class=\"wpgb-handle-lb wpgb-lightbox\" data-type=\"image\" data-rel=\"3\" data-title=\"Paris Bordone, Dobbeltportr\u00e6t af veneziansk kvinde og hendes kavaler, ca. 1560\" title=\"Enlarge photo\" data-smush-webp-fallback=\"{&quot;href&quot;:&quot;https:\\\/\\\/nivaagaard.dk\\\/wp-content\\\/uploads\\\/2023\\\/07\\\/Paris-Bordone-Dobbeltportraet-af-veneziansk-kvinde-og-hendes-kavaler-ca.-1560.jpg&quot;}\"><div style=\"background-image:inherit\" data-bg-image=\"url(https:\/\/nivaagaard.dk\/wp-content\/smush-webp\/2023\/07\/Paris-Bordone-Dobbeltportraet-af-veneziansk-kvinde-og-hendes-kavaler-ca.-1560.jpg.webp)\" class=\"lazyload\" data-smush-webp-fallback=\"{&quot;data-bg-image&quot;:&quot;url(https:\\\/\\\/nivaagaard.dk\\\/wp-content\\\/uploads\\\/2023\\\/07\\\/Paris-Bordone-Dobbeltportraet-af-veneziansk-kvinde-og-hendes-kavaler-ca.-1560.jpg)&quot;}\"><\/div><noscript><img loading=\"lazy\" decoding=\"async\" class=\"wpgb-noscript-img\" src=\"https:\/\/nivaagaard.dk\/wp-content\/uploads\/2023\/07\/Paris-Bordone-Dobbeltportraet-af-veneziansk-kvinde-og-hendes-kavaler-ca.-1560.jpg\" alt=\"\" height=\"677\" width=\"560\"><\/noscript><\/a><\/div><div class=\"wpgb-card-media-content\" data-action><div class=\"wpgb-card-media-content-center\"><a class=\"wpgb-block-1 wpgb-idle-scheme-1\" href=\"https:\/\/nivaagaard.dk\/en\/the-collection\/bordone-paris\/\"><p>PARIS BORDONE<\/p>\n<hr \/>\n<p><em>Double Portrait of a Venetian Woman and her Cavalier<\/em>, c. 1560<\/p><\/a><\/div><a class=\"wpgb-card-layer-link\" href=\"https:\/\/nivaagaard.dk\/en\/the-collection\/bordone-paris\/\"><\/a><\/div><\/div><\/div><\/div><\/article><article class=\"wpgb-card wpgb-card-13 wpgb-post-37980\" data-col=\"1\" data-row=\"1\" data-format=\"standard\" data-fluid><div class=\"wpgb-card-wrapper\"><div class=\"wpgb-card-inner\"><div class=\"wpgb-card-media wpgb-scheme-light\"><svg data-ratio style=\"padding-top:93.93%\" viewBox=\"0 0 560 526\"><\/svg><div class=\"wpgb-card-media-thumbnail\"><a href=\"https:\/\/nivaagaard.dk\/wp-content\/smush-webp\/2023\/07\/Albrecht-Bouts-Kristus-viser-sin-moder-naglegabene-i-sine-haender-ca.-1490.jpg.webp\" tabindex=\"-1\" class=\"wpgb-handle-lb wpgb-lightbox\" data-type=\"image\" data-rel=\"3\" data-title=\"Albrecht Bouts, Kristus viser sin moder naglegabene i sine h\u00e6nder, ca. 1490\" title=\"Enlarge photo\" data-smush-webp-fallback=\"{&quot;href&quot;:&quot;https:\\\/\\\/nivaagaard.dk\\\/wp-content\\\/uploads\\\/2023\\\/07\\\/Albrecht-Bouts-Kristus-viser-sin-moder-naglegabene-i-sine-haender-ca.-1490.jpg&quot;}\"><div style=\"background-image:inherit\" data-bg-image=\"url(https:\/\/nivaagaard.dk\/wp-content\/smush-webp\/2023\/07\/Albrecht-Bouts-Kristus-viser-sin-moder-naglegabene-i-sine-haender-ca.-1490.jpg.webp)\" class=\"lazyload\" data-smush-webp-fallback=\"{&quot;data-bg-image&quot;:&quot;url(https:\\\/\\\/nivaagaard.dk\\\/wp-content\\\/uploads\\\/2023\\\/07\\\/Albrecht-Bouts-Kristus-viser-sin-moder-naglegabene-i-sine-haender-ca.-1490.jpg)&quot;}\"><\/div><noscript><img loading=\"lazy\" decoding=\"async\" class=\"wpgb-noscript-img\" src=\"https:\/\/nivaagaard.dk\/wp-content\/uploads\/2023\/07\/Albrecht-Bouts-Kristus-viser-sin-moder-naglegabene-i-sine-haender-ca.-1490.jpg\" alt=\"\" height=\"526\" width=\"560\"><\/noscript><\/a><\/div><div class=\"wpgb-card-media-content\" data-action><div class=\"wpgb-card-media-content-center\"><a class=\"wpgb-block-1 wpgb-idle-scheme-1\" href=\"https:\/\/nivaagaard.dk\/en\/the-collection\/bouts-albrecht\/\"><p>ALBRECHT BOUTS<\/p>\n<hr \/>\n<p><em>Christ Showing His Mother the Nail Wounds in His Hands<\/em>, c. 1490<\/p><\/a><\/div><a class=\"wpgb-card-layer-link\" href=\"https:\/\/nivaagaard.dk\/en\/the-collection\/bouts-albrecht\/\"><\/a><\/div><\/div><\/div><\/div><\/article><article class=\"wpgb-card wpgb-card-13 wpgb-post-37977\" data-col=\"1\" data-row=\"1\" data-format=\"standard\" data-fluid><div class=\"wpgb-card-wrapper\"><div class=\"wpgb-card-inner\"><div class=\"wpgb-card-media wpgb-scheme-light\"><svg data-ratio style=\"padding-top:68.04%\" viewBox=\"0 0 560 381\"><\/svg><div class=\"wpgb-card-media-thumbnail\"><a href=\"https:\/\/nivaagaard.dk\/wp-content\/smush-webp\/2023\/07\/Giuliano-Bugiardini-Madonna-med-Kristusbarnet-og-den-lille-Johannes-Doeber-u.aa_.jpg.webp\" tabindex=\"-1\" class=\"wpgb-handle-lb wpgb-lightbox\" data-type=\"image\" data-rel=\"3\" data-title=\". Foto: Torben Christensen  K\u00f8benhavn \u00a9\" data-desc=\". Foto: Torben Christensen  K\u00f8benhavn \u00a9\" title=\"Enlarge photo\" data-smush-webp-fallback=\"{&quot;href&quot;:&quot;https:\\\/\\\/nivaagaard.dk\\\/wp-content\\\/uploads\\\/2023\\\/07\\\/Giuliano-Bugiardini-Madonna-med-Kristusbarnet-og-den-lille-Johannes-Doeber-u.aa_.jpg&quot;}\"><div style=\"background-image:inherit\" data-bg-image=\"url(https:\/\/nivaagaard.dk\/wp-content\/smush-webp\/2023\/07\/Giuliano-Bugiardini-Madonna-med-Kristusbarnet-og-den-lille-Johannes-Doeber-u.aa_.jpg.webp)\" class=\"lazyload\" data-smush-webp-fallback=\"{&quot;data-bg-image&quot;:&quot;url(https:\\\/\\\/nivaagaard.dk\\\/wp-content\\\/uploads\\\/2023\\\/07\\\/Giuliano-Bugiardini-Madonna-med-Kristusbarnet-og-den-lille-Johannes-Doeber-u.aa_.jpg)&quot;}\"><\/div><noscript><img loading=\"lazy\" decoding=\"async\" class=\"wpgb-noscript-img\" src=\"https:\/\/nivaagaard.dk\/wp-content\/uploads\/2023\/07\/Giuliano-Bugiardini-Madonna-med-Kristusbarnet-og-den-lille-Johannes-Doeber-u.aa_.jpg\" alt=\"\" height=\"381\" width=\"560\"><\/noscript><\/a><\/div><div class=\"wpgb-card-media-content\" data-action><div class=\"wpgb-card-media-content-center\"><a class=\"wpgb-block-1 wpgb-idle-scheme-1\" href=\"https:\/\/nivaagaard.dk\/en\/the-collection\/bugiardini-giuliano\/\"><p>GIULIANO BUGIARDINI<\/p>\n<hr \/>\n<p><em>Madonna and Child with the Young St John the Baptist<\/em>, n.d.<\/p><\/a><\/div><a class=\"wpgb-card-layer-link\" href=\"https:\/\/nivaagaard.dk\/en\/the-collection\/bugiardini-giuliano\/\"><\/a><\/div><\/div><\/div><\/div><\/article><article class=\"wpgb-card wpgb-card-13 wpgb-post-38022\" data-col=\"1\" data-row=\"1\" data-format=\"standard\" data-fluid><div class=\"wpgb-card-wrapper\"><div class=\"wpgb-card-inner\"><div class=\"wpgb-card-media wpgb-scheme-light\"><svg data-ratio style=\"padding-top:69.46%\" viewBox=\"0 0 560 389\"><\/svg><div class=\"wpgb-card-media-thumbnail\"><a href=\"https:\/\/nivaagaard.dk\/wp-content\/smush-webp\/2023\/07\/Giovanni-Battista-Cima-da-Conegliano-Madonna-med-Kristusbarnet-mellem-to-helgener-ca.-1495.jpg.webp\" tabindex=\"-1\" class=\"wpgb-handle-lb wpgb-lightbox\" data-type=\"image\" data-rel=\"3\" data-title=\"Giovanni Battista Cima da Conegliano, Madonna med Kristusbarnet mellem to helgener, ca. 1495\" title=\"Enlarge photo\" data-smush-webp-fallback=\"{&quot;href&quot;:&quot;https:\\\/\\\/nivaagaard.dk\\\/wp-content\\\/uploads\\\/2023\\\/07\\\/Giovanni-Battista-Cima-da-Conegliano-Madonna-med-Kristusbarnet-mellem-to-helgener-ca.-1495.jpg&quot;}\"><div style=\"background-image:inherit\" data-bg-image=\"url(https:\/\/nivaagaard.dk\/wp-content\/smush-webp\/2023\/07\/Giovanni-Battista-Cima-da-Conegliano-Madonna-med-Kristusbarnet-mellem-to-helgener-ca.-1495.jpg.webp)\" class=\"lazyload\" data-smush-webp-fallback=\"{&quot;data-bg-image&quot;:&quot;url(https:\\\/\\\/nivaagaard.dk\\\/wp-content\\\/uploads\\\/2023\\\/07\\\/Giovanni-Battista-Cima-da-Conegliano-Madonna-med-Kristusbarnet-mellem-to-helgener-ca.-1495.jpg)&quot;}\"><\/div><noscript><img loading=\"lazy\" decoding=\"async\" class=\"wpgb-noscript-img\" src=\"https:\/\/nivaagaard.dk\/wp-content\/uploads\/2023\/07\/Giovanni-Battista-Cima-da-Conegliano-Madonna-med-Kristusbarnet-mellem-to-helgener-ca.-1495.jpg\" alt=\"\" height=\"389\" width=\"560\"><\/noscript><\/a><\/div><div class=\"wpgb-card-media-content\" data-action><div class=\"wpgb-card-media-content-center\"><a class=\"wpgb-block-1 wpgb-idle-scheme-1\" href=\"https:\/\/nivaagaard.dk\/en\/the-collection\/conegliano-giovanni-battista-cima-da\/\"><p>GIOVANNI BATTISTA CIMA DA CONEGLIANO<\/p>\n<hr \/>\n<p><em>Madonna and Child between Two Saints<\/em>, c. 1495<\/p><\/a><\/div><a class=\"wpgb-card-layer-link\" href=\"https:\/\/nivaagaard.dk\/en\/the-collection\/conegliano-giovanni-battista-cima-da\/\"><\/a><\/div><\/div><\/div><\/div><\/article><article class=\"wpgb-card wpgb-card-13 wpgb-post-37974\" data-col=\"1\" data-row=\"1\" data-format=\"standard\" data-fluid><div class=\"wpgb-card-wrapper\"><div class=\"wpgb-card-inner\"><div class=\"wpgb-card-media wpgb-scheme-light\"><svg data-ratio style=\"padding-top:141.67%\" viewBox=\"0 0 768 1088\"><\/svg><div class=\"wpgb-card-media-thumbnail\"><a href=\"https:\/\/nivaagaard.dk\/wp-content\/smush-webp\/2024\/03\/0016NMK-scaled-e1711100894599.jpg.webp\" tabindex=\"-1\" class=\"wpgb-handle-lb wpgb-lightbox\" data-type=\"image\" data-rel=\"3\" data-title=\"Foto \u00a9 Torben  Christensen @ Copenhagen\" data-desc=\"Foto \u00a9 Torben  Christensen @ Copenhagen\" title=\"Enlarge photo\" data-smush-webp-fallback=\"{&quot;href&quot;:&quot;https:\\\/\\\/nivaagaard.dk\\\/wp-content\\\/uploads\\\/2024\\\/03\\\/0016NMK-scaled-e1711100894599.jpg&quot;}\"><div style=\"background-image:inherit\" data-bg-image=\"url(https:\/\/nivaagaard.dk\/wp-content\/smush-webp\/2024\/03\/0016NMK-768x1088.jpg.webp)\" class=\"lazyload\" data-smush-webp-fallback=\"{&quot;data-bg-image&quot;:&quot;url(https:\\\/\\\/nivaagaard.dk\\\/wp-content\\\/uploads\\\/2024\\\/03\\\/0016NMK-768x1088.jpg)&quot;}\"><\/div><noscript><img loading=\"lazy\" decoding=\"async\" class=\"wpgb-noscript-img\" src=\"https:\/\/nivaagaard.dk\/wp-content\/uploads\/2024\/03\/0016NMK-768x1088.jpg\" alt=\"\" height=\"1088\" width=\"768\"><\/noscript><\/a><\/div><div class=\"wpgb-card-media-content\" data-action><div class=\"wpgb-card-media-content-center\"><a class=\"wpgb-block-1 wpgb-idle-scheme-1\" href=\"https:\/\/nivaagaard.dk\/en\/the-collection\/cranach-the-elder-lucas\/\"><p>LUCAS CRANACH THE LEDER<\/p>\n<hr \/>\n<p><em>Madonna and Child with the Young St John the Baptist<\/em>, after 1537<\/p><\/a><\/div><a class=\"wpgb-card-layer-link\" href=\"https:\/\/nivaagaard.dk\/en\/the-collection\/cranach-the-elder-lucas\/\"><\/a><\/div><\/div><\/div><\/div><\/article><article class=\"wpgb-card wpgb-card-13 wpgb-post-37838\" data-col=\"1\" data-row=\"1\" data-format=\"standard\" data-fluid><div class=\"wpgb-card-wrapper\"><div class=\"wpgb-card-inner\"><div class=\"wpgb-card-media wpgb-scheme-light\"><svg data-ratio style=\"padding-top:132.32%\" viewBox=\"0 0 560 741\"><\/svg><div class=\"wpgb-card-media-thumbnail\"><a href=\"https:\/\/nivaagaard.dk\/wp-content\/smush-webp\/2023\/07\/Europa-Anguissola-Portraet-af-kunstnerens-svigermor-1571-1578.jpg.webp\" tabindex=\"-1\" class=\"wpgb-handle-lb wpgb-lightbox\" data-type=\"image\" data-rel=\"3\" data-title=\"Europa Anguissola, Portr\u00e6t af kunstnerens svigermor, 1571-1578\" data-desc=\"Europa Anguissola, Portr\u00e6t af kunstnerens svigermor, 1571-1578\" title=\"Enlarge photo\" data-smush-webp-fallback=\"{&quot;href&quot;:&quot;https:\\\/\\\/nivaagaard.dk\\\/wp-content\\\/uploads\\\/2023\\\/07\\\/Europa-Anguissola-Portraet-af-kunstnerens-svigermor-1571-1578.jpg&quot;}\"><div style=\"background-image:inherit\" data-bg-image=\"url(https:\/\/nivaagaard.dk\/wp-content\/smush-webp\/2023\/07\/Europa-Anguissola-Portraet-af-kunstnerens-svigermor-1571-1578.jpg.webp)\" class=\"lazyload\" data-smush-webp-fallback=\"{&quot;data-bg-image&quot;:&quot;url(https:\\\/\\\/nivaagaard.dk\\\/wp-content\\\/uploads\\\/2023\\\/07\\\/Europa-Anguissola-Portraet-af-kunstnerens-svigermor-1571-1578.jpg)&quot;}\"><\/div><noscript><img loading=\"lazy\" decoding=\"async\" class=\"wpgb-noscript-img\" src=\"https:\/\/nivaagaard.dk\/wp-content\/uploads\/2023\/07\/Europa-Anguissola-Portraet-af-kunstnerens-svigermor-1571-1578.jpg\" alt=\"\" height=\"741\" width=\"560\"><\/noscript><\/a><\/div><div class=\"wpgb-card-media-content\" data-action><div class=\"wpgb-card-media-content-center\"><a class=\"wpgb-block-1 wpgb-idle-scheme-1\" href=\"https:\/\/nivaagaard.dk\/en\/the-collection\/europa-anguissola\/\"><p>THE CIRCLE OF THE ANGUISSOLA SISTERS<\/p>\n<hr \/>\n<p><em>Portrait of an Old Woman<\/em>,\u00a0n.d.<\/p><\/a><\/div><a class=\"wpgb-card-layer-link\" href=\"https:\/\/nivaagaard.dk\/en\/the-collection\/europa-anguissola\/\"><\/a><\/div><\/div><\/div><\/div><\/article><article class=\"wpgb-card wpgb-card-13 wpgb-post-37937\" data-col=\"1\" data-row=\"1\" data-format=\"standard\" data-fluid><div class=\"wpgb-card-wrapper\"><div class=\"wpgb-card-inner\"><div class=\"wpgb-card-media wpgb-scheme-light\"><svg data-ratio style=\"padding-top:113.21%\" viewBox=\"0 0 560 634\"><\/svg><div class=\"wpgb-card-media-thumbnail\"><a href=\"https:\/\/nivaagaard.dk\/wp-content\/smush-webp\/2023\/07\/Luca-Longhi-Den-hellige-familie-med-Skt.-Stefanus-ca.-1560.jpg.webp\" tabindex=\"-1\" class=\"wpgb-handle-lb wpgb-lightbox\" data-type=\"image\" data-rel=\"3\" data-title=\"Luca Longhi, Den hellige familie med Skt. Stefanus, ca. 1560\" title=\"Enlarge photo\" data-smush-webp-fallback=\"{&quot;href&quot;:&quot;https:\\\/\\\/nivaagaard.dk\\\/wp-content\\\/uploads\\\/2023\\\/07\\\/Luca-Longhi-Den-hellige-familie-med-Skt.-Stefanus-ca.-1560.jpg&quot;}\"><div style=\"background-image:inherit\" data-bg-image=\"url(https:\/\/nivaagaard.dk\/wp-content\/smush-webp\/2023\/07\/Luca-Longhi-Den-hellige-familie-med-Skt.-Stefanus-ca.-1560.jpg.webp)\" class=\"lazyload\" data-smush-webp-fallback=\"{&quot;data-bg-image&quot;:&quot;url(https:\\\/\\\/nivaagaard.dk\\\/wp-content\\\/uploads\\\/2023\\\/07\\\/Luca-Longhi-Den-hellige-familie-med-Skt.-Stefanus-ca.-1560.jpg)&quot;}\"><\/div><noscript><img loading=\"lazy\" decoding=\"async\" class=\"wpgb-noscript-img\" src=\"https:\/\/nivaagaard.dk\/wp-content\/uploads\/2023\/07\/Luca-Longhi-Den-hellige-familie-med-Skt.-Stefanus-ca.-1560.jpg\" alt=\"\" height=\"634\" width=\"560\"><\/noscript><\/a><\/div><div class=\"wpgb-card-media-content\" data-action><div class=\"wpgb-card-media-content-center\"><a class=\"wpgb-block-1 wpgb-idle-scheme-1\" href=\"https:\/\/nivaagaard.dk\/en\/the-collection\/longhi-luca\/\"><p>LUCA LONGHI<\/p>\n<hr \/>\n<p><em>The Holy Family and St. Stephen<\/em>, c. 1560<\/p><\/a><\/div><a class=\"wpgb-card-layer-link\" href=\"https:\/\/nivaagaard.dk\/en\/the-collection\/longhi-luca\/\"><\/a><\/div><\/div><\/div><\/div><\/article><article class=\"wpgb-card wpgb-card-13 wpgb-post-37935\" data-col=\"1\" data-row=\"1\" data-format=\"standard\" data-fluid><div class=\"wpgb-card-wrapper\"><div class=\"wpgb-card-inner\"><div class=\"wpgb-card-media wpgb-scheme-light\"><svg data-ratio style=\"padding-top:125.71%\" viewBox=\"0 0 560 704\"><\/svg><div class=\"wpgb-card-media-thumbnail\"><a href=\"https:\/\/nivaagaard.dk\/wp-content\/smush-webp\/2023\/07\/Lorenzo-Lotto-Portraet-af-en-mand-med-rosenkrans-ca.-1520.jpg.webp\" tabindex=\"-1\" class=\"wpgb-handle-lb wpgb-lightbox\" data-type=\"image\" data-rel=\"3\" data-title=\". Foto: Torben Christensen  K\u00f8benhavn \u00a9\" data-desc=\". Foto: Torben Christensen  K\u00f8benhavn \u00a9\" title=\"Enlarge photo\" data-smush-webp-fallback=\"{&quot;href&quot;:&quot;https:\\\/\\\/nivaagaard.dk\\\/wp-content\\\/uploads\\\/2023\\\/07\\\/Lorenzo-Lotto-Portraet-af-en-mand-med-rosenkrans-ca.-1520.jpg&quot;}\"><div style=\"background-image:inherit\" data-bg-image=\"url(https:\/\/nivaagaard.dk\/wp-content\/smush-webp\/2023\/07\/Lorenzo-Lotto-Portraet-af-en-mand-med-rosenkrans-ca.-1520.jpg.webp)\" class=\"lazyload\" data-smush-webp-fallback=\"{&quot;data-bg-image&quot;:&quot;url(https:\\\/\\\/nivaagaard.dk\\\/wp-content\\\/uploads\\\/2023\\\/07\\\/Lorenzo-Lotto-Portraet-af-en-mand-med-rosenkrans-ca.-1520.jpg)&quot;}\"><\/div><noscript><img loading=\"lazy\" decoding=\"async\" class=\"wpgb-noscript-img\" src=\"https:\/\/nivaagaard.dk\/wp-content\/uploads\/2023\/07\/Lorenzo-Lotto-Portraet-af-en-mand-med-rosenkrans-ca.-1520.jpg\" alt=\"\" height=\"704\" width=\"560\"><\/noscript><\/a><\/div><div class=\"wpgb-card-media-content\" data-action><div class=\"wpgb-card-media-content-center\"><a class=\"wpgb-block-1 wpgb-idle-scheme-1\" href=\"https:\/\/nivaagaard.dk\/en\/the-collection\/lotto-lorenzo\/\"><p>LORENZO LOTTO<\/p>\n<hr \/>\n<p><em>Portrait of a Man with a Rosary, <\/em>c. 1520<\/p><\/a><\/div><a class=\"wpgb-card-layer-link\" href=\"https:\/\/nivaagaard.dk\/en\/the-collection\/lotto-lorenzo\/\"><\/a><\/div><\/div><\/div><\/div><\/article><article class=\"wpgb-card wpgb-card-13 wpgb-post-37975\" data-col=\"1\" data-row=\"1\" data-format=\"standard\" data-fluid><div class=\"wpgb-card-wrapper\"><div class=\"wpgb-card-inner\"><div class=\"wpgb-card-media wpgb-scheme-light\"><svg data-ratio style=\"padding-top:153.52%\" viewBox=\"0 0 768 1179\"><\/svg><div class=\"wpgb-card-media-thumbnail\"><a href=\"https:\/\/nivaagaard.dk\/wp-content\/smush-webp\/2024\/03\/0017NMK-scaled-e1711099916208.jpg.webp\" tabindex=\"-1\" class=\"wpgb-handle-lb wpgb-lightbox\" data-type=\"image\" data-rel=\"3\" data-title=\"Foto \u00a9 Torben  Christensen @ Copenhagen\" data-desc=\"Foto \u00a9 Torben  Christensen @ Copenhagen\" title=\"Enlarge photo\" data-smush-webp-fallback=\"{&quot;href&quot;:&quot;https:\\\/\\\/nivaagaard.dk\\\/wp-content\\\/uploads\\\/2024\\\/03\\\/0017NMK-scaled-e1711099916208.jpg&quot;}\"><div style=\"background-image:inherit\" data-bg-image=\"url(https:\/\/nivaagaard.dk\/wp-content\/smush-webp\/2024\/03\/0017NMK-768x1179.jpg.webp)\" class=\"lazyload\" data-smush-webp-fallback=\"{&quot;data-bg-image&quot;:&quot;url(https:\\\/\\\/nivaagaard.dk\\\/wp-content\\\/uploads\\\/2024\\\/03\\\/0017NMK-768x1179.jpg)&quot;}\"><\/div><noscript><img loading=\"lazy\" decoding=\"async\" class=\"wpgb-noscript-img\" src=\"https:\/\/nivaagaard.dk\/wp-content\/uploads\/2024\/03\/0017NMK-768x1179.jpg\" alt=\"\" height=\"1179\" width=\"768\"><\/noscript><\/a><\/div><div class=\"wpgb-card-media-content\" data-action><div class=\"wpgb-card-media-content-center\"><a class=\"wpgb-block-1 wpgb-idle-scheme-1\" href=\"https:\/\/nivaagaard.dk\/en\/the-collection\/lucas-cranach-the-elder\/\"><p>LUCAS CRANACH THE ELDER<\/p>\n<hr \/>\n<p><em>Caritas<\/em>, 1535<\/p><\/a><\/div><a class=\"wpgb-card-layer-link\" href=\"https:\/\/nivaagaard.dk\/en\/the-collection\/lucas-cranach-the-elder\/\"><\/a><\/div><\/div><\/div><\/div><\/article><article class=\"wpgb-card wpgb-card-13 wpgb-post-37934\" data-col=\"1\" data-row=\"1\" data-format=\"standard\" data-fluid><div class=\"wpgb-card-wrapper\"><div class=\"wpgb-card-inner\"><div class=\"wpgb-card-media wpgb-scheme-light\"><svg data-ratio style=\"padding-top:116.43%\" viewBox=\"0 0 560 652\"><\/svg><div class=\"wpgb-card-media-thumbnail\"><a href=\"https:\/\/nivaagaard.dk\/wp-content\/smush-webp\/2023\/07\/Bernardino-Luini-Madonna-med-Kristusbarnet-1515-1525.jpg.webp\" tabindex=\"-1\" class=\"wpgb-handle-lb wpgb-lightbox\" data-type=\"image\" data-rel=\"3\" data-title=\"Bernardino Luini, Madonna med Kristusbarnet, 1515-1525\" title=\"Enlarge photo\" data-smush-webp-fallback=\"{&quot;href&quot;:&quot;https:\\\/\\\/nivaagaard.dk\\\/wp-content\\\/uploads\\\/2023\\\/07\\\/Bernardino-Luini-Madonna-med-Kristusbarnet-1515-1525.jpg&quot;}\"><div style=\"background-image:inherit\" data-bg-image=\"url(https:\/\/nivaagaard.dk\/wp-content\/smush-webp\/2023\/07\/Bernardino-Luini-Madonna-med-Kristusbarnet-1515-1525.jpg.webp)\" class=\"lazyload\" data-smush-webp-fallback=\"{&quot;data-bg-image&quot;:&quot;url(https:\\\/\\\/nivaagaard.dk\\\/wp-content\\\/uploads\\\/2023\\\/07\\\/Bernardino-Luini-Madonna-med-Kristusbarnet-1515-1525.jpg)&quot;}\"><\/div><noscript><img loading=\"lazy\" decoding=\"async\" class=\"wpgb-noscript-img\" src=\"https:\/\/nivaagaard.dk\/wp-content\/uploads\/2023\/07\/Bernardino-Luini-Madonna-med-Kristusbarnet-1515-1525.jpg\" alt=\"\" height=\"652\" width=\"560\"><\/noscript><\/a><\/div><div class=\"wpgb-card-media-content\" data-action><div class=\"wpgb-card-media-content-center\"><a class=\"wpgb-block-1 wpgb-idle-scheme-1\" href=\"https:\/\/nivaagaard.dk\/en\/the-collection\/luini-bernardino\/\"><p>BERNARDINO LUINI<\/p>\n<hr \/>\n<p><em>Madonna with the Christ Child, <\/em>1515-1525<\/p><\/a><\/div><a class=\"wpgb-card-layer-link\" href=\"https:\/\/nivaagaard.dk\/en\/the-collection\/luini-bernardino\/\"><\/a><\/div><\/div><\/div><\/div><\/article><article class=\"wpgb-card wpgb-card-13 wpgb-post-37889\" data-col=\"1\" data-row=\"1\" data-format=\"standard\" data-fluid><div class=\"wpgb-card-wrapper\"><div class=\"wpgb-card-inner\"><div class=\"wpgb-card-media wpgb-scheme-light\"><svg data-ratio style=\"padding-top:110.54%\" viewBox=\"0 0 560 619\"><\/svg><div class=\"wpgb-card-media-thumbnail\"><a href=\"https:\/\/nivaagaard.dk\/wp-content\/smush-webp\/2023\/07\/Francesco-Montemezzano-Portraet-af-en-ung-venezianerinde-u.aa_.jpg.webp\" tabindex=\"-1\" class=\"wpgb-handle-lb wpgb-lightbox\" data-type=\"image\" data-rel=\"3\" data-title=\"Francesco Montemezzano, Portr\u00e6t af en ung venezianerinde, u.\u00e5.\" title=\"Enlarge photo\" data-smush-webp-fallback=\"{&quot;href&quot;:&quot;https:\\\/\\\/nivaagaard.dk\\\/wp-content\\\/uploads\\\/2023\\\/07\\\/Francesco-Montemezzano-Portraet-af-en-ung-venezianerinde-u.aa_.jpg&quot;}\"><div style=\"background-image:inherit\" data-bg-image=\"url(https:\/\/nivaagaard.dk\/wp-content\/smush-webp\/2023\/07\/Francesco-Montemezzano-Portraet-af-en-ung-venezianerinde-u.aa_.jpg.webp)\" class=\"lazyload\" data-smush-webp-fallback=\"{&quot;data-bg-image&quot;:&quot;url(https:\\\/\\\/nivaagaard.dk\\\/wp-content\\\/uploads\\\/2023\\\/07\\\/Francesco-Montemezzano-Portraet-af-en-ung-venezianerinde-u.aa_.jpg)&quot;}\"><\/div><noscript><img loading=\"lazy\" decoding=\"async\" class=\"wpgb-noscript-img\" src=\"https:\/\/nivaagaard.dk\/wp-content\/uploads\/2023\/07\/Francesco-Montemezzano-Portraet-af-en-ung-venezianerinde-u.aa_.jpg\" alt=\"\" height=\"619\" width=\"560\"><\/noscript><\/a><\/div><div class=\"wpgb-card-media-content\" data-action><div class=\"wpgb-card-media-content-center\"><a class=\"wpgb-block-1 wpgb-idle-scheme-1\" href=\"https:\/\/nivaagaard.dk\/en\/the-collection\/montemezzano-francesco\/\"><p>FRANCESCO MONTEMEZZANO<\/p>\n<hr \/>\n<p><em>Portrait of a young Venetian woman<\/em>, n.d.<\/p><\/a><\/div><a class=\"wpgb-card-layer-link\" href=\"https:\/\/nivaagaard.dk\/en\/the-collection\/montemezzano-francesco\/\"><\/a><\/div><\/div><\/div><\/div><\/article><article class=\"wpgb-card wpgb-card-13 wpgb-post-37857\" data-col=\"1\" data-row=\"1\" data-format=\"standard\" data-fluid><div class=\"wpgb-card-wrapper\"><div class=\"wpgb-card-inner\"><div class=\"wpgb-card-media wpgb-scheme-light\"><svg data-ratio style=\"padding-top:114.11%\" viewBox=\"0 0 560 639\"><\/svg><div class=\"wpgb-card-media-thumbnail\"><a href=\"https:\/\/nivaagaard.dk\/wp-content\/smush-webp\/2023\/07\/Francesco-di-Simone-da-Santacroce-Jomfru-Maria-med-Kristusbarnet-og-en-stifter-u.aa_.jpg.webp\" tabindex=\"-1\" class=\"wpgb-handle-lb wpgb-lightbox\" data-type=\"image\" data-rel=\"3\" data-title=\"Francesco di Simone da Santacroce, Jomfru Maria med Kristusbarnet og en stifter, u.\u00e5.\" title=\"Enlarge photo\" data-smush-webp-fallback=\"{&quot;href&quot;:&quot;https:\\\/\\\/nivaagaard.dk\\\/wp-content\\\/uploads\\\/2023\\\/07\\\/Francesco-di-Simone-da-Santacroce-Jomfru-Maria-med-Kristusbarnet-og-en-stifter-u.aa_.jpg&quot;}\"><div style=\"background-image:inherit\" data-bg-image=\"url(https:\/\/nivaagaard.dk\/wp-content\/smush-webp\/2023\/07\/Francesco-di-Simone-da-Santacroce-Jomfru-Maria-med-Kristusbarnet-og-en-stifter-u.aa_.jpg.webp)\" class=\"lazyload\" data-smush-webp-fallback=\"{&quot;data-bg-image&quot;:&quot;url(https:\\\/\\\/nivaagaard.dk\\\/wp-content\\\/uploads\\\/2023\\\/07\\\/Francesco-di-Simone-da-Santacroce-Jomfru-Maria-med-Kristusbarnet-og-en-stifter-u.aa_.jpg)&quot;}\"><\/div><noscript><img loading=\"lazy\" decoding=\"async\" class=\"wpgb-noscript-img\" src=\"https:\/\/nivaagaard.dk\/wp-content\/uploads\/2023\/07\/Francesco-di-Simone-da-Santacroce-Jomfru-Maria-med-Kristusbarnet-og-en-stifter-u.aa_.jpg\" alt=\"\" height=\"639\" width=\"560\"><\/noscript><\/a><\/div><div class=\"wpgb-card-media-content\" data-action><div class=\"wpgb-card-media-content-center\"><a class=\"wpgb-block-1 wpgb-idle-scheme-1\" href=\"https:\/\/nivaagaard.dk\/en\/the-collection\/santacroce-francesco-di-simone-da\/\"><p>FRANCESCO DI SIMONE DA SANTACROCE<\/p>\n<hr \/>\n<p><em>The Virgin with the Christ Child and a donor<\/em>, n.d.<\/p><\/a><\/div><a class=\"wpgb-card-layer-link\" href=\"https:\/\/nivaagaard.dk\/en\/the-collection\/santacroce-francesco-di-simone-da\/\"><\/a><\/div><\/div><\/div><\/div><\/article><article class=\"wpgb-card wpgb-card-13 wpgb-post-37827\" data-col=\"1\" data-row=\"1\" data-format=\"standard\" data-fluid><div class=\"wpgb-card-wrapper\"><div class=\"wpgb-card-inner\"><div class=\"wpgb-card-media wpgb-scheme-light\"><svg data-ratio style=\"padding-top:147.14%\" viewBox=\"0 0 560 824\"><\/svg><div class=\"wpgb-card-media-thumbnail\"><a href=\"https:\/\/nivaagaard.dk\/wp-content\/smush-webp\/2023\/07\/Ubekendt-kunstner-To-alterfloeje-med-portraetter-af-alterets-stiftere-med-deres-navnehelgener-1500-50.-BEGGE.jpg.webp\" tabindex=\"-1\" class=\"wpgb-handle-lb wpgb-lightbox\" data-type=\"image\" data-rel=\"3\" data-title=\"Ubekendt kunstner, To alterfl\u00f8je med portr\u00e6tter af alterets stiftere med deres navnehelgener, 1500-50. BEGGE\" title=\"Enlarge photo\" data-smush-webp-fallback=\"{&quot;href&quot;:&quot;https:\\\/\\\/nivaagaard.dk\\\/wp-content\\\/uploads\\\/2023\\\/07\\\/Ubekendt-kunstner-To-alterfloeje-med-portraetter-af-alterets-stiftere-med-deres-navnehelgener-1500-50.-BEGGE.jpg&quot;}\"><div style=\"background-image:inherit\" data-bg-image=\"url(https:\/\/nivaagaard.dk\/wp-content\/smush-webp\/2023\/07\/Ubekendt-kunstner-To-alterfloeje-med-portraetter-af-alterets-stiftere-med-deres-navnehelgener-1500-50.-BEGGE.jpg.webp)\" class=\"lazyload\" data-smush-webp-fallback=\"{&quot;data-bg-image&quot;:&quot;url(https:\\\/\\\/nivaagaard.dk\\\/wp-content\\\/uploads\\\/2023\\\/07\\\/Ubekendt-kunstner-To-alterfloeje-med-portraetter-af-alterets-stiftere-med-deres-navnehelgener-1500-50.-BEGGE.jpg)&quot;}\"><\/div><noscript><img loading=\"lazy\" decoding=\"async\" class=\"wpgb-noscript-img\" src=\"https:\/\/nivaagaard.dk\/wp-content\/uploads\/2023\/07\/Ubekendt-kunstner-To-alterfloeje-med-portraetter-af-alterets-stiftere-med-deres-navnehelgener-1500-50.-BEGGE.jpg\" alt=\"\" height=\"824\" width=\"560\"><\/noscript><\/a><\/div><div class=\"wpgb-card-media-content\" data-action><div class=\"wpgb-card-media-content-center\"><a class=\"wpgb-block-1 wpgb-idle-scheme-1\" href=\"https:\/\/nivaagaard.dk\/en\/the-collection\/unknown-artist\/\"><p>UNKNOWN ARTIST<\/p>\n<hr \/>\n<p><em>Two altar wings with portraits of the donors, each under the protection of their respective saints<\/em>, 1500-1550<\/p><\/a><\/div><a class=\"wpgb-card-layer-link\" href=\"https:\/\/nivaagaard.dk\/en\/the-collection\/unknown-artist\/\"><\/a><\/div><\/div><\/div><\/div><\/article><article class=\"wpgb-card wpgb-card-13 wpgb-post-37828\" data-col=\"1\" data-row=\"1\" data-format=\"standard\" data-fluid><div class=\"wpgb-card-wrapper\"><div class=\"wpgb-card-inner\"><div class=\"wpgb-card-media wpgb-scheme-light\"><svg data-ratio style=\"padding-top:129.11%\" viewBox=\"0 0 560 723\"><\/svg><div class=\"wpgb-card-media-thumbnail\"><a href=\"https:\/\/nivaagaard.dk\/wp-content\/smush-webp\/2023\/07\/Ubekendt-kunstner-Portraet-af-en-halvvoksen-dreng-1500-tallet.jpg.webp\" tabindex=\"-1\" class=\"wpgb-handle-lb wpgb-lightbox\" data-type=\"image\" data-rel=\"3\" data-title=\"Ubekendt kunstner, Portr\u00e6t af en halvvoksen dreng, 1500-tallet\" title=\"Enlarge photo\" data-smush-webp-fallback=\"{&quot;href&quot;:&quot;https:\\\/\\\/nivaagaard.dk\\\/wp-content\\\/uploads\\\/2023\\\/07\\\/Ubekendt-kunstner-Portraet-af-en-halvvoksen-dreng-1500-tallet.jpg&quot;}\"><div style=\"background-image:inherit\" data-bg-image=\"url(https:\/\/nivaagaard.dk\/wp-content\/smush-webp\/2023\/07\/Ubekendt-kunstner-Portraet-af-en-halvvoksen-dreng-1500-tallet.jpg.webp)\" class=\"lazyload\" data-smush-webp-fallback=\"{&quot;data-bg-image&quot;:&quot;url(https:\\\/\\\/nivaagaard.dk\\\/wp-content\\\/uploads\\\/2023\\\/07\\\/Ubekendt-kunstner-Portraet-af-en-halvvoksen-dreng-1500-tallet.jpg)&quot;}\"><\/div><noscript><img loading=\"lazy\" decoding=\"async\" class=\"wpgb-noscript-img\" src=\"https:\/\/nivaagaard.dk\/wp-content\/uploads\/2023\/07\/Ubekendt-kunstner-Portraet-af-en-halvvoksen-dreng-1500-tallet.jpg\" alt=\"\" height=\"723\" width=\"560\"><\/noscript><\/a><\/div><div class=\"wpgb-card-media-content\" data-action><div class=\"wpgb-card-media-content-center\"><a class=\"wpgb-block-1 wpgb-idle-scheme-1\" href=\"https:\/\/nivaagaard.dk\/en\/the-collection\/unknown-artist-2\/\"><p>UNKNOWN ARTIST<\/p>\n<hr \/>\n<p><em>Portrait of a young man<\/em>,\u00a01500s<\/p><\/a><\/div><a class=\"wpgb-card-layer-link\" href=\"https:\/\/nivaagaard.dk\/en\/the-collection\/unknown-artist-2\/\"><\/a><\/div><\/div><\/div><\/div><\/article><article class=\"wpgb-card wpgb-card-13 wpgb-post-37832\" data-col=\"1\" data-row=\"1\" data-format=\"standard\" data-fluid><div class=\"wpgb-card-wrapper\"><div class=\"wpgb-card-inner\"><div class=\"wpgb-card-media wpgb-scheme-light\"><svg data-ratio style=\"padding-top:152.86%\" viewBox=\"0 0 560 856\"><\/svg><div class=\"wpgb-card-media-thumbnail\"><a href=\"https:\/\/nivaagaard.dk\/wp-content\/smush-webp\/2023\/07\/Ubekendt-kunstner-Madonna-med-Barnet-ca.-1520.jpg.webp\" tabindex=\"-1\" class=\"wpgb-handle-lb wpgb-lightbox\" data-type=\"image\" data-rel=\"3\" data-title=\"Ubekendt kunstner, Madonna med Barnet, ca. 1520\" title=\"Enlarge photo\" data-smush-webp-fallback=\"{&quot;href&quot;:&quot;https:\\\/\\\/nivaagaard.dk\\\/wp-content\\\/uploads\\\/2023\\\/07\\\/Ubekendt-kunstner-Madonna-med-Barnet-ca.-1520.jpg&quot;}\"><div style=\"background-image:inherit\" data-bg-image=\"url(https:\/\/nivaagaard.dk\/wp-content\/smush-webp\/2023\/07\/Ubekendt-kunstner-Madonna-med-Barnet-ca.-1520.jpg.webp)\" class=\"lazyload\" data-smush-webp-fallback=\"{&quot;data-bg-image&quot;:&quot;url(https:\\\/\\\/nivaagaard.dk\\\/wp-content\\\/uploads\\\/2023\\\/07\\\/Ubekendt-kunstner-Madonna-med-Barnet-ca.-1520.jpg)&quot;}\"><\/div><noscript><img loading=\"lazy\" decoding=\"async\" class=\"wpgb-noscript-img\" src=\"https:\/\/nivaagaard.dk\/wp-content\/uploads\/2023\/07\/Ubekendt-kunstner-Madonna-med-Barnet-ca.-1520.jpg\" alt=\"\" height=\"856\" width=\"560\"><\/noscript><\/a><\/div><div class=\"wpgb-card-media-content\" data-action><div class=\"wpgb-card-media-content-center\"><a class=\"wpgb-block-1 wpgb-idle-scheme-1\" href=\"https:\/\/nivaagaard.dk\/en\/the-collection\/unknown-artist-5\/\"><p>UNKNOWN ARTIST<\/p>\n<hr \/>\n<p><em>Madonna and Child<\/em>, c. 1520<\/p><\/a><\/div><a class=\"wpgb-card-layer-link\" href=\"https:\/\/nivaagaard.dk\/en\/the-collection\/unknown-artist-5\/\"><\/a><\/div><\/div><\/div><\/div><\/article><article class=\"wpgb-card wpgb-card-13 wpgb-post-37835\" data-col=\"1\" data-row=\"1\" data-format=\"standard\" data-fluid><div class=\"wpgb-card-wrapper\"><div class=\"wpgb-card-inner\"><div class=\"wpgb-card-media wpgb-scheme-light\"><svg data-ratio style=\"padding-top:58.57%\" viewBox=\"0 0 560 328\"><\/svg><div class=\"wpgb-card-media-thumbnail\"><a href=\"https:\/\/nivaagaard.dk\/wp-content\/smush-webp\/2023\/07\/Ubekendt-kunstner-Kristus-segner-under-korset-u.aa_.jpg.webp\" tabindex=\"-1\" class=\"wpgb-handle-lb wpgb-lightbox\" data-type=\"image\" data-rel=\"3\" data-title=\"Ubekendt kunstner, Kristus segner under korset, u.\u00e5.\" title=\"Enlarge photo\" data-smush-webp-fallback=\"{&quot;href&quot;:&quot;https:\\\/\\\/nivaagaard.dk\\\/wp-content\\\/uploads\\\/2023\\\/07\\\/Ubekendt-kunstner-Kristus-segner-under-korset-u.aa_.jpg&quot;}\"><div style=\"background-image:inherit\" data-bg-image=\"url(https:\/\/nivaagaard.dk\/wp-content\/smush-webp\/2023\/07\/Ubekendt-kunstner-Kristus-segner-under-korset-u.aa_.jpg.webp)\" class=\"lazyload\" data-smush-webp-fallback=\"{&quot;data-bg-image&quot;:&quot;url(https:\\\/\\\/nivaagaard.dk\\\/wp-content\\\/uploads\\\/2023\\\/07\\\/Ubekendt-kunstner-Kristus-segner-under-korset-u.aa_.jpg)&quot;}\"><\/div><noscript><img loading=\"lazy\" decoding=\"async\" class=\"wpgb-noscript-img\" src=\"https:\/\/nivaagaard.dk\/wp-content\/uploads\/2023\/07\/Ubekendt-kunstner-Kristus-segner-under-korset-u.aa_.jpg\" alt=\"\" height=\"328\" width=\"560\"><\/noscript><\/a><\/div><div class=\"wpgb-card-media-content\" data-action><div class=\"wpgb-card-media-content-center\"><a class=\"wpgb-block-1 wpgb-idle-scheme-1\" href=\"https:\/\/nivaagaard.dk\/en\/the-collection\/unknown-artist-7\/\"><p>UNKNOWN ARTIST<\/p>\n<hr \/>\n<p><em>Christ collapsing under the Cross<\/em>, n.d.<\/p><\/a><\/div><a class=\"wpgb-card-layer-link\" href=\"https:\/\/nivaagaard.dk\/en\/the-collection\/unknown-artist-7\/\"><\/a><\/div><\/div><\/div><\/div><\/article><article class=\"wpgb-card wpgb-card-13 wpgb-post-37836\" data-col=\"1\" data-row=\"1\" data-format=\"standard\" data-fluid><div class=\"wpgb-card-wrapper\"><div class=\"wpgb-card-inner\"><div class=\"wpgb-card-media wpgb-scheme-light\"><svg data-ratio style=\"padding-top:84.46%\" viewBox=\"0 0 560 473\"><\/svg><div class=\"wpgb-card-media-thumbnail\"><a href=\"https:\/\/nivaagaard.dk\/wp-content\/smush-webp\/2023\/07\/Ubekendt-kunstner-Dobbeltportraet-af-Georges-dArmagnac-biskop-af-Rodez-fransk-ambassadoer-i-Venezia-og-sekretaeren-Guillaume-Philandrier-KOPI-efter-Titian-Vecellio-efter-1540.jpg.webp\" tabindex=\"-1\" class=\"wpgb-handle-lb wpgb-lightbox\" data-type=\"image\" data-rel=\"3\" data-title=\"Ubekendt  kunstner, Dobbeltportr\u00e6t af Georges d&#8217;Armagnac, biskop af Rodez, fransk ambassad\u00f8r i Venezia, og sekret\u00e6ren Guillaume Philandrier, KOPI efter Titian Vecellio, efter 1540\" title=\"Enlarge photo\" data-smush-webp-fallback=\"{&quot;href&quot;:&quot;https:\\\/\\\/nivaagaard.dk\\\/wp-content\\\/uploads\\\/2023\\\/07\\\/Ubekendt-kunstner-Dobbeltportraet-af-Georges-dArmagnac-biskop-af-Rodez-fransk-ambassadoer-i-Venezia-og-sekretaeren-Guillaume-Philandrier-KOPI-efter-Titian-Vecellio-efter-1540.jpg&quot;}\"><div style=\"background-image:inherit\" data-bg-image=\"url(https:\/\/nivaagaard.dk\/wp-content\/smush-webp\/2023\/07\/Ubekendt-kunstner-Dobbeltportraet-af-Georges-dArmagnac-biskop-af-Rodez-fransk-ambassadoer-i-Venezia-og-sekretaeren-Guillaume-Philandrier-KOPI-efter-Titian-Vecellio-efter-1540.jpg.webp)\" class=\"lazyload\" data-smush-webp-fallback=\"{&quot;data-bg-image&quot;:&quot;url(https:\\\/\\\/nivaagaard.dk\\\/wp-content\\\/uploads\\\/2023\\\/07\\\/Ubekendt-kunstner-Dobbeltportraet-af-Georges-dArmagnac-biskop-af-Rodez-fransk-ambassadoer-i-Venezia-og-sekretaeren-Guillaume-Philandrier-KOPI-efter-Titian-Vecellio-efter-1540.jpg)&quot;}\"><\/div><noscript><img loading=\"lazy\" decoding=\"async\" class=\"wpgb-noscript-img\" src=\"https:\/\/nivaagaard.dk\/wp-content\/uploads\/2023\/07\/Ubekendt-kunstner-Dobbeltportraet-af-Georges-dArmagnac-biskop-af-Rodez-fransk-ambassadoer-i-Venezia-og-sekretaeren-Guillaume-Philandrier-KOPI-efter-Titian-Vecellio-efter-1540.jpg\" alt=\"\" height=\"473\" width=\"560\"><\/noscript><\/a><\/div><div class=\"wpgb-card-media-content\" data-action><div class=\"wpgb-card-media-content-center\"><a class=\"wpgb-block-1 wpgb-idle-scheme-1\" href=\"https:\/\/nivaagaard.dk\/en\/the-collection\/unknown-artist-8\/\"><p>UNKNOWN ARTIST<\/p>\n<hr \/>\n<p>Copy after Tizian<em>: Double Portrait of Georges d\u2019Armagnac, Bishop of Rodez, French Ambassador in Venice, and his Secretary Guillaume Philandrier,<\/em> after 1540<\/p><\/a><\/div><a class=\"wpgb-card-layer-link\" href=\"https:\/\/nivaagaard.dk\/en\/the-collection\/unknown-artist-8\/\"><\/a><\/div><\/div><\/div><\/div><\/article><article class=\"wpgb-card wpgb-card-13 wpgb-post-37817\" data-col=\"1\" data-row=\"1\" data-format=\"standard\" data-fluid><div class=\"wpgb-card-wrapper\"><div class=\"wpgb-card-inner\"><div class=\"wpgb-card-media wpgb-scheme-light\"><svg data-ratio style=\"padding-top:68.57%\" viewBox=\"0 0 560 384\"><\/svg><div class=\"wpgb-card-media-thumbnail\"><a href=\"https:\/\/nivaagaard.dk\/wp-content\/smush-webp\/2023\/07\/Bonifazio-Veronese-Hyrdernes-tilbedelse-u.aa_.jpg.webp\" tabindex=\"-1\" class=\"wpgb-handle-lb wpgb-lightbox\" data-type=\"image\" data-rel=\"3\" data-title=\"Bonifazio Veronese, Hyrdernes tilbedelse, u.\u00e5.\" title=\"Enlarge photo\" data-smush-webp-fallback=\"{&quot;href&quot;:&quot;https:\\\/\\\/nivaagaard.dk\\\/wp-content\\\/uploads\\\/2023\\\/07\\\/Bonifazio-Veronese-Hyrdernes-tilbedelse-u.aa_.jpg&quot;}\"><div style=\"background-image:inherit\" data-bg-image=\"url(https:\/\/nivaagaard.dk\/wp-content\/smush-webp\/2023\/07\/Bonifazio-Veronese-Hyrdernes-tilbedelse-u.aa_.jpg.webp)\" class=\"lazyload\" data-smush-webp-fallback=\"{&quot;data-bg-image&quot;:&quot;url(https:\\\/\\\/nivaagaard.dk\\\/wp-content\\\/uploads\\\/2023\\\/07\\\/Bonifazio-Veronese-Hyrdernes-tilbedelse-u.aa_.jpg)&quot;}\"><\/div><noscript><img loading=\"lazy\" decoding=\"async\" class=\"wpgb-noscript-img\" src=\"https:\/\/nivaagaard.dk\/wp-content\/uploads\/2023\/07\/Bonifazio-Veronese-Hyrdernes-tilbedelse-u.aa_.jpg\" alt=\"\" height=\"384\" width=\"560\"><\/noscript><\/a><\/div><div class=\"wpgb-card-media-content\" data-action><div class=\"wpgb-card-media-content-center\"><a class=\"wpgb-block-1 wpgb-idle-scheme-1\" href=\"https:\/\/nivaagaard.dk\/en\/the-collection\/veronese-bonifazio\/\"><p>BONIFAZIO VERONESE<\/p>\n<hr \/>\n<p><em>The Adoration of the Shepherds<\/em>, n.d.<\/p><\/a><\/div><a class=\"wpgb-card-layer-link\" href=\"https:\/\/nivaagaard.dk\/en\/the-collection\/veronese-bonifazio\/\"><\/a><\/div><\/div><\/div><\/div><\/article><article class=\"wpgb-card wpgb-card-13 wpgb-post-37818\" data-col=\"1\" data-row=\"1\" data-format=\"standard\" data-fluid><div class=\"wpgb-card-wrapper\"><div class=\"wpgb-card-inner\"><div class=\"wpgb-card-media wpgb-scheme-light\"><svg data-ratio style=\"padding-top:60.89%\" viewBox=\"0 0 560 341\"><\/svg><div class=\"wpgb-card-media-thumbnail\"><a href=\"https:\/\/nivaagaard.dk\/wp-content\/smush-webp\/2023\/07\/Bonifazio-Veronese-Den-hellige-familie-omgivet-af-helgener-ca-1530.jpg.webp\" tabindex=\"-1\" class=\"wpgb-handle-lb wpgb-lightbox\" data-type=\"image\" data-rel=\"3\" data-title=\"Bonifazio Veronese, Den hellige familie omgivet af helgener, ca 1530\" title=\"Enlarge photo\" data-smush-webp-fallback=\"{&quot;href&quot;:&quot;https:\\\/\\\/nivaagaard.dk\\\/wp-content\\\/uploads\\\/2023\\\/07\\\/Bonifazio-Veronese-Den-hellige-familie-omgivet-af-helgener-ca-1530.jpg&quot;}\"><div style=\"background-image:inherit\" data-bg-image=\"url(https:\/\/nivaagaard.dk\/wp-content\/smush-webp\/2023\/07\/Bonifazio-Veronese-Den-hellige-familie-omgivet-af-helgener-ca-1530.jpg.webp)\" class=\"lazyload\" data-smush-webp-fallback=\"{&quot;data-bg-image&quot;:&quot;url(https:\\\/\\\/nivaagaard.dk\\\/wp-content\\\/uploads\\\/2023\\\/07\\\/Bonifazio-Veronese-Den-hellige-familie-omgivet-af-helgener-ca-1530.jpg)&quot;}\"><\/div><noscript><img loading=\"lazy\" decoding=\"async\" class=\"wpgb-noscript-img\" src=\"https:\/\/nivaagaard.dk\/wp-content\/uploads\/2023\/07\/Bonifazio-Veronese-Den-hellige-familie-omgivet-af-helgener-ca-1530.jpg\" alt=\"\" height=\"341\" width=\"560\"><\/noscript><\/a><\/div><div class=\"wpgb-card-media-content\" data-action><div class=\"wpgb-card-media-content-center\"><a class=\"wpgb-block-1 wpgb-idle-scheme-1\" href=\"https:\/\/nivaagaard.dk\/en\/the-collection\/veronese-bonifazio-2\/\"><p>BONIFAZIO VERONESE<\/p>\n<hr \/>\n<p><em>The Holy Family surrounded by Saints<\/em>,\u00a0c. 1530<\/p><\/a><\/div><a class=\"wpgb-card-layer-link\" href=\"https:\/\/nivaagaard.dk\/en\/the-collection\/veronese-bonifazio-2\/\"><\/a><\/div><\/div><\/div><\/div><\/article>\t\t<\/div>\n\t<\/div>\n\t<\/div>\n\t<\/div>\n\t<aside class=\"wpgb-sidebar wpgb-sidebar-right\">\n\t<div class=\"wpgb-facet wpgb-loading wpgb-facet-6\" data-facet=\"6\" data-grid=\"3\">\t<fieldset>\n\t\t<legend class=\"wpgb-facet-title wpgb-sr-only\">s\u00f8g<\/legend>\n\t\t<div class=\"wpgb-search-facet\"><label>\n\t\t\t\t<span class=\"wpgb-sr-only\">Search content<\/span>\n\t\t\t\t<input class=\"wpgb-input\" type=\"search\" name=\"sg\" placeholder=\"\" value=\"\" autocomplete=\"off\">\n\t\t\t\t<svg class=\"wpgb-input-icon\" viewBox=\"0 0 24 24\" height=\"16\" width=\"16\" aria-hidden=\"true\" focusable=\"false\"><path fill=\"currentColor\" d=\"M18.932 16.845a10.206 10.206 0 0 0 2.087-6.261A10.5 10.5 0 0 0 10.584 0a10.584 10.584 0 0 0 0 21.168 9.9 9.9 0 0 0 6.261-2.087l4.472 4.472a1.441 1.441 0 0 0 2.087 0 1.441 1.441 0 0 0 0-2.087zm-8.348 1.193a7.508 7.508 0 0 1-7.6-7.453 7.6 7.6 0 0 1 15.2 0 7.508 7.508 0 0 1-7.6 7.452z\"><\/path><\/svg>\n\t\t\t<\/label><button type=\"button\" class=\"wpgb-clear-button\" hidden><span class=\"wpgb-sr-only\">Clear<\/span><svg viewBox=\"0 0 20 20\" height=\"20\" width=\"100%\" aria-hidden=\"true\" focusable=\"false\"><path fill=\"currentColor\" d=\"M12.549 14.737l-2.572-2.958-2.57 2.958a1.2 1.2 0 01-1.812-1.574L8.387 9.95 5.594 6.737a1.2 1.2 0 01.119-1.693 1.2 1.2 0 011.693.119l2.571 2.958 2.571-2.958a1.2 1.2 0 011.693-.119 1.2 1.2 0 01.119 1.693L11.567 9.95l2.793 3.213a1.2 1.2 0 11-1.811 1.574z\"><\/path><\/svg><\/button><\/div>\t<\/fieldset>\n\t<\/div><div class=\"wpgb-facet wpgb-loading wpgb-facet-4\" data-facet=\"4\" data-grid=\"3\">\t<h4 class=\"wpgb-facet-title\">Artist<\/h4>\n\t\t<fieldset>\n\t\t<legend class=\"wpgb-facet-title wpgb-sr-only\">Artist<\/legend>\n\t\t<div class=\"wpgb-checkbox-facet\"><ul class=\"wpgb-hierarchical-list\"><li><div class=\"wpgb-checkbox\" role=\"button\" aria-pressed=\"false\" tabindex=\"0\"><input type=\"hidden\" name=\"kunstner_rene[]\" value=\"luca-longhi-en\"><span class=\"wpgb-checkbox-control\"><\/span><span class=\"wpgb-checkbox-label\">Luca Longhi<\/span><\/div><\/li><li><div class=\"wpgb-checkbox\" role=\"button\" aria-pressed=\"false\" tabindex=\"0\"><input type=\"hidden\" name=\"kunstner_rene[]\" value=\"albrecht-bouts-en\"><span class=\"wpgb-checkbox-control\"><\/span><span class=\"wpgb-checkbox-label\">Albrecht Bouts<\/span><\/div><\/li><li><div class=\"wpgb-checkbox\" role=\"button\" aria-pressed=\"false\" tabindex=\"0\"><input type=\"hidden\" name=\"kunstner_rene[]\" value=\"lucas-cranach-d-ae-en\"><span class=\"wpgb-checkbox-control\"><\/span><span class=\"wpgb-checkbox-label\">Lucas Cranach d.\u00c6.<\/span><\/div><\/li><li><div class=\"wpgb-checkbox\" role=\"button\" aria-pressed=\"false\" tabindex=\"0\"><input type=\"hidden\" name=\"kunstner_rene[]\" value=\"bernardino-luini-en\"><span class=\"wpgb-checkbox-control\"><\/span><span class=\"wpgb-checkbox-label\">Bernardino Luini<\/span><\/div><\/li><li><div class=\"wpgb-checkbox\" role=\"button\" aria-pressed=\"false\" tabindex=\"0\"><input type=\"hidden\" name=\"kunstner_rene[]\" value=\"paris-bordone-en\"><span class=\"wpgb-checkbox-control\"><\/span><span class=\"wpgb-checkbox-label\">Paris Bordone<\/span><\/div><\/li><li><div class=\"wpgb-checkbox\" role=\"button\" aria-pressed=\"false\" tabindex=\"0\"><input type=\"hidden\" name=\"kunstner_rene[]\" value=\"bonifazio-veronese-en\"><span class=\"wpgb-checkbox-control\"><\/span><span class=\"wpgb-checkbox-label\">Bonifazio Veronese<\/span><\/div><\/li><li><div class=\"wpgb-checkbox\" role=\"button\" aria-pressed=\"false\" tabindex=\"0\"><input type=\"hidden\" name=\"kunstner_rene[]\" value=\"sofonisba-anguissola-en\"><span class=\"wpgb-checkbox-control\"><\/span><span class=\"wpgb-checkbox-label\">Sofonisba Anguissola<\/span><\/div><\/li><li><div class=\"wpgb-checkbox\" role=\"button\" aria-pressed=\"false\" tabindex=\"0\"><input type=\"hidden\" name=\"kunstner_rene[]\" value=\"europa-anguissola\"><span class=\"wpgb-checkbox-control\"><\/span><span class=\"wpgb-checkbox-label\">Europa Anguissola<\/span><\/div><\/li><li><div class=\"wpgb-checkbox\" role=\"button\" aria-pressed=\"false\" tabindex=\"0\"><input type=\"hidden\" name=\"kunstner_rene[]\" value=\"ubekendt-kunstner-en-3\"><span class=\"wpgb-checkbox-control\"><\/span><span class=\"wpgb-checkbox-label\">Ubekendt kunstner<\/span><\/div><\/li><li><div class=\"wpgb-checkbox\" role=\"button\" aria-pressed=\"false\" tabindex=\"0\"><input type=\"hidden\" name=\"kunstner_rene[]\" value=\"francesco-di-simone-da-santacroce-en\"><span class=\"wpgb-checkbox-control\"><\/span><span class=\"wpgb-checkbox-label\">Francesco di Simone da Santacroce<\/span><\/div><\/li><li><div class=\"wpgb-checkbox\" role=\"button\" aria-pressed=\"false\" tabindex=\"0\"><input type=\"hidden\" name=\"kunstner_rene[]\" value=\"francesco-montemezzano-en\"><span class=\"wpgb-checkbox-control\"><\/span><span class=\"wpgb-checkbox-label\">Francesco Montemezzano<\/span><\/div><\/li><li><div class=\"wpgb-checkbox\" role=\"button\" aria-pressed=\"false\" tabindex=\"0\"><input type=\"hidden\" name=\"kunstner_rene[]\" value=\"giovanni-battista-cima-da-conegliano-en\"><span class=\"wpgb-checkbox-control\"><\/span><span class=\"wpgb-checkbox-label\">Giovanni Battista Cima da Conegliano<\/span><\/div><\/li><li><div class=\"wpgb-checkbox\" role=\"button\" aria-pressed=\"false\" tabindex=\"0\"><input type=\"hidden\" name=\"kunstner_rene[]\" value=\"giovanni-bellini-en\"><span class=\"wpgb-checkbox-control\"><\/span><span class=\"wpgb-checkbox-label\">Giovanni Bellini<\/span><\/div><\/li><li><div class=\"wpgb-checkbox\" role=\"button\" aria-pressed=\"false\" tabindex=\"0\"><input type=\"hidden\" name=\"kunstner_rene[]\" value=\"giuliano-bugiardini-en\"><span class=\"wpgb-checkbox-control\"><\/span><span class=\"wpgb-checkbox-label\">Giuliano Bugiardini<\/span><\/div><\/li><li><div class=\"wpgb-checkbox\" role=\"button\" aria-pressed=\"false\" tabindex=\"0\"><input type=\"hidden\" name=\"kunstner_rene[]\" value=\"lorenzo-lotto-en\"><span class=\"wpgb-checkbox-control\"><\/span><span class=\"wpgb-checkbox-label\">Lorenzo Lotto<\/span><\/div><\/li><\/ul><\/div>\t<\/fieldset>\n\t<\/div><div class=\"wpgb-facet wpgb-loading wpgb-facet-2\" data-facet=\"2\" data-grid=\"3\">\t<h4 class=\"wpgb-facet-title\">Tags<\/h4>\n\t\t<fieldset>\n\t\t<legend class=\"wpgb-facet-title wpgb-sr-only\">Tags<\/legend>\n\t\t<div class=\"wpgb-checkbox-facet\"><ul class=\"wpgb-hierarchical-list\"><li><div class=\"wpgb-checkbox\" role=\"button\" aria-pressed=\"false\" tabindex=\"0\"><input type=\"hidden\" name=\"tags[]\" value=\"religious-mythological\"><span class=\"wpgb-checkbox-control\"><\/span><span class=\"wpgb-checkbox-label\">Religious\/mythological<\/span><\/div><\/li><li><div class=\"wpgb-checkbox\" role=\"button\" aria-pressed=\"false\" tabindex=\"0\"><input type=\"hidden\" name=\"tags[]\" value=\"portrait\"><span class=\"wpgb-checkbox-control\"><\/span><span class=\"wpgb-checkbox-label\">Portrait<\/span><\/div><\/li><li><div class=\"wpgb-checkbox\" role=\"button\" aria-pressed=\"false\" tabindex=\"0\"><input type=\"hidden\" name=\"tags[]\" value=\"animals\"><span class=\"wpgb-checkbox-control\"><\/span><span class=\"wpgb-checkbox-label\">Animals<\/span><\/div><\/li><\/ul><\/div>\t<\/fieldset>\n\t<\/div><\/aside>\n\t<\/div>\n<\/div>\n<\/div>\n<\/div>\n<\/div>\n<\/div>\n<\/div>\n<\/section>\n<\/div>\n<p>    <!-- version:1731666713 --><\/p>\n","protected":false},"excerpt":{"rendered":"<p>Ren\u00e6ssance<\/p>\n","protected":false},"author":2,"featured_media":0,"parent":0,"menu_order":0,"comment_status":"closed","ping_status":"closed","template":"brizy-blank-template.php","meta":{"_acf_changed":false,"footnotes":""},"class_list":["post-80028","page","type-page","status-publish","hentry"],"blocksy_meta":[],"acf":[],"brizy_media":[],"_links":{"self":[{"href":"https:\/\/nivaagaard.dk\/en\/wp-json\/wp\/v2\/pages\/80028","targetHints":{"allow":["GET"]}}],"collection":[{"href":"https:\/\/nivaagaard.dk\/en\/wp-json\/wp\/v2\/pages"}],"about":[{"href":"https:\/\/nivaagaard.dk\/en\/wp-json\/wp\/v2\/types\/page"}],"author":[{"embeddable":true,"href":"https:\/\/nivaagaard.dk\/en\/wp-json\/wp\/v2\/users\/2"}],"replies":[{"embeddable":true,"href":"https:\/\/nivaagaard.dk\/en\/wp-json\/wp\/v2\/comments?post=80028"}],"version-history":[{"count":0,"href":"https:\/\/nivaagaard.dk\/en\/wp-json\/wp\/v2\/pages\/80028\/revisions"}],"wp:attachment":[{"href":"https:\/\/nivaagaard.dk\/en\/wp-json\/wp\/v2\/media?parent=80028"}],"curies":[{"name":"wp","href":"https:\/\/api.w.org\/{rel}","templated":true}]}}